
{"id":1265,"date":"2020-08-19T15:28:20","date_gmt":"2020-08-19T15:28:20","guid":{"rendered":"http:\/\/demo.ovathemes.com\/egovt\/?page_id=1265"},"modified":"2023-12-14T11:48:33","modified_gmt":"2023-12-14T12:48:33","slug":"historia","status":"publish","type":"page","link":"https:\/\/cmsf.cv\/index.php\/historia\/","title":{"rendered":"A Nossa Cidade"},"content":{"rendered":"\t\t<div data-elementor-type=\"wp-page\" data-elementor-id=\"1265\" class=\"elementor elementor-1265\" data-elementor-settings=\"[]\">\n\t\t\t\t\t\t\t<div class=\"elementor-section-wrap\">\n\t\t\t\t\t\t\t<section class=\"elementor-section elementor-top-section elementor-element elementor-element-fc6ddf8 elementor-section-boxed elementor-section-height-default elementor-section-height-default\" data-id=\"fc6ddf8\" data-element_type=\"section\" data-settings=\"{&quot;jet_parallax_layout_list&quot;:[{&quot;jet_parallax_layout_image&quot;:{&quot;url&quot;:&quot;&quot;,&quot;id&quot;:&quot;&quot;},&quot;_id&quot;:&quot;6b1c8b5&quot;,&quot;jet_parallax_layout_image_tablet&quot;:{&quot;url&quot;:&quot;&quot;,&quot;id&quot;:&quot;&quot;},&quot;jet_parallax_layout_image_mobile&quot;:{&quot;url&quot;:&quot;&quot;,&quot;id&quot;:&quot;&quot;},&quot;jet_parallax_layout_speed&quot;:{&quot;unit&quot;:&quot;%&quot;,&quot;size&quot;:50,&quot;sizes&quot;:[]},&quot;jet_parallax_layout_type&quot;:&quot;scroll&quot;,&quot;jet_parallax_layout_direction&quot;:null,&quot;jet_parallax_layout_fx_direction&quot;:null,&quot;jet_parallax_layout_z_index&quot;:&quot;&quot;,&quot;jet_parallax_layout_bg_x&quot;:50,&quot;jet_parallax_layout_bg_x_tablet&quot;:&quot;&quot;,&quot;jet_parallax_layout_bg_x_mobile&quot;:&quot;&quot;,&quot;jet_parallax_layout_bg_y&quot;:50,&quot;jet_parallax_layout_bg_y_tablet&quot;:&quot;&quot;,&quot;jet_parallax_layout_bg_y_mobile&quot;:&quot;&quot;,&quot;jet_parallax_layout_bg_size&quot;:&quot;auto&quot;,&quot;jet_parallax_layout_bg_size_tablet&quot;:&quot;&quot;,&quot;jet_parallax_layout_bg_size_mobile&quot;:&quot;&quot;,&quot;jet_parallax_layout_animation_prop&quot;:&quot;transform&quot;,&quot;jet_parallax_layout_on&quot;:[&quot;desktop&quot;,&quot;tablet&quot;]}]}\">\n\t\t\t\t\t\t<div class=\"elementor-container elementor-column-gap-default\">\n\t\t\t\t\t<div class=\"elementor-column elementor-col-100 elementor-top-column elementor-element elementor-element-eb63eeb\" data-id=\"eb63eeb\" data-element_type=\"column\">\n\t\t\t<div class=\"elementor-widget-wrap elementor-element-populated\">\n\t\t\t\t\t\t\t\t<section class=\"elementor-section elementor-inner-section elementor-element elementor-element-f7a6e14 elementor-section-boxed elementor-section-height-default elementor-section-height-default\" data-id=\"f7a6e14\" data-element_type=\"section\" data-settings=\"{&quot;jet_parallax_layout_list&quot;:[{&quot;jet_parallax_layout_image&quot;:{&quot;url&quot;:&quot;&quot;,&quot;id&quot;:&quot;&quot;},&quot;_id&quot;:&quot;e4c1d8f&quot;,&quot;jet_parallax_layout_image_tablet&quot;:{&quot;url&quot;:&quot;&quot;,&quot;id&quot;:&quot;&quot;},&quot;jet_parallax_layout_image_mobile&quot;:{&quot;url&quot;:&quot;&quot;,&quot;id&quot;:&quot;&quot;},&quot;jet_parallax_layout_speed&quot;:{&quot;unit&quot;:&quot;%&quot;,&quot;size&quot;:50,&quot;sizes&quot;:[]},&quot;jet_parallax_layout_type&quot;:&quot;scroll&quot;,&quot;jet_parallax_layout_direction&quot;:null,&quot;jet_parallax_layout_fx_direction&quot;:null,&quot;jet_parallax_layout_z_index&quot;:&quot;&quot;,&quot;jet_parallax_layout_bg_x&quot;:50,&quot;jet_parallax_layout_bg_x_tablet&quot;:&quot;&quot;,&quot;jet_parallax_layout_bg_x_mobile&quot;:&quot;&quot;,&quot;jet_parallax_layout_bg_y&quot;:50,&quot;jet_parallax_layout_bg_y_tablet&quot;:&quot;&quot;,&quot;jet_parallax_layout_bg_y_mobile&quot;:&quot;&quot;,&quot;jet_parallax_layout_bg_size&quot;:&quot;auto&quot;,&quot;jet_parallax_layout_bg_size_tablet&quot;:&quot;&quot;,&quot;jet_parallax_layout_bg_size_mobile&quot;:&quot;&quot;,&quot;jet_parallax_layout_animation_prop&quot;:&quot;transform&quot;,&quot;jet_parallax_layout_on&quot;:[&quot;desktop&quot;,&quot;tablet&quot;]}]}\">\n\t\t\t\t\t\t<div class=\"elementor-container elementor-column-gap-default\">\n\t\t\t\t\t<div class=\"elementor-column elementor-col-100 elementor-inner-column elementor-element elementor-element-9460e22\" data-id=\"9460e22\" data-element_type=\"column\">\n\t\t\t<div class=\"elementor-widget-wrap elementor-element-populated\">\n\t\t\t\t\t\t\t\t<div class=\"elementor-element elementor-element-b130545 elementor-widget elementor-widget-ova_heading\" data-id=\"b130545\" data-element_type=\"widget\" data-widget_type=\"ova_heading.default\">\n\t\t\t\t<div class=\"elementor-widget-container\">\n\t\t\t\t\t<div class=\"ova-heading\">\n\t\t\t\n\t\t\t\t\t\t\t<h3 class=\"title second_font\">Hist\u00f3ria<\/h3>\n\t\t\t\n\t\t\t\n\t\t<\/div>\n\t\t\t\t<\/div>\n\t\t\t\t<\/div>\n\t\t\t\t<div class=\"elementor-element elementor-element-dca7149 pull-left elementor-widget elementor-widget-text-editor\" data-id=\"dca7149\" data-element_type=\"widget\" data-widget_type=\"text-editor.default\">\n\t\t\t\t<div class=\"elementor-widget-container\">\n\t\t\t\t\t\t\t\t<p>O munic\u00edpio de S\u00e3o Filipe, cuja cidade com o mesmo nome, \u00e9 a sua sede e capital da Ilha do Fogo. \u00c9 a principal e a \u00fanica porta de entrada e sa\u00edda devido a localiza\u00e7\u00e3o, no seu territ\u00f3rio municipal, das infraestruturas aeroportu\u00e1rias. Mas n\u00e3o \u00e9 s\u00f3, por isso, que tem uma relev\u00e2ncia a n\u00edvel da ilha. O munic\u00edpio de S\u00e3o Filipe, ocupa mais de tr\u00eas quartos da superf\u00edcie de toda a ilha. Dos 476 quil\u00f3metros quadrados da ilha, S\u00e3o Filipe (munic\u00edpio) ocupa uma \u00e1rea de 391 Km2, correspondente a 9% da \u00e1rea total de Cabo Verde.<\/p><p>O munic\u00edpio de S\u00e3o Filipe tem apenas 30 anos (finais de 1991). Nasceu na sequ\u00eancia da \u201cdesagrega\u00e7\u00e3o\u201d do ent\u00e3o Concelho do Fogo, dando origem a tr\u00eas munic\u00edpios, Mosteiros (1991\/92) e Santa Catarina (2005). De 1992 a 2005, o seu territ\u00f3rio era maior, porque integrava tamb\u00e9m a freguesia de Santa Catarina, hoje munic\u00edpio com o mesmo nome.<\/p><p>A cidade de S\u00e3o Filipe, a sede do munic\u00edpio, \u00e9 o n\u00facleo populacional mais antigo da ilha e o segundo de Cabo Verde, depois da Ribeira Grande de Santiago \u201cCidade Velha\u201d, tendo conquistado estatuto de Cidade a 12 de Julho de 1922.<\/p><p>S\u00e3o Filipe era, at\u00e9 bem pouco tempo um munic\u00edpio eminentemente rural com mais de 70% da sua popula\u00e7\u00e3o a viver no campo, dependendo da agricultura (sequeiro e ultimamente de regadio com recurso a gota-gota), pecu\u00e1ria e dos trabalhos p\u00fablicos, mas os \u00faltimos dados do INE indicam que apenas 51,1% da sua popula\u00e7\u00e3o continua a residir no meio rural. Uma parte significativa da sua gente encontra-se emigrada, sobretudo nos Estados Unidos da Am\u00e9rica, Portugal e Angola, contribuindo com remessas, quer em divisas como em esp\u00e9cies, para o seu desenvolvimento. Ultimamente, tem-se registado um frenesim de constru\u00e7\u00e3o, sobretudo de emigrantes que est\u00e3o a investir na constru\u00e7\u00e3o das habita\u00e7\u00f5es, mas tamb\u00e9m de outros tipos de empreendimentos.<\/p><p align=\"justify\">\u00a0<\/p>\t\t\t\t\t\t<\/div>\n\t\t\t\t<\/div>\n\t\t\t\t\t<\/div>\n\t\t<\/div>\n\t\t\t\t\t\t\t<\/div>\n\t\t<\/section>\n\t\t\t\t<section class=\"elementor-section elementor-inner-section elementor-element elementor-element-2604c11 elementor-section-boxed elementor-section-height-default elementor-section-height-default\" data-id=\"2604c11\" data-element_type=\"section\" data-settings=\"{&quot;jet_parallax_layout_list&quot;:[{&quot;jet_parallax_layout_image&quot;:{&quot;url&quot;:&quot;&quot;,&quot;id&quot;:&quot;&quot;},&quot;_id&quot;:&quot;1a108d8&quot;,&quot;jet_parallax_layout_image_tablet&quot;:{&quot;url&quot;:&quot;&quot;,&quot;id&quot;:&quot;&quot;},&quot;jet_parallax_layout_image_mobile&quot;:{&quot;url&quot;:&quot;&quot;,&quot;id&quot;:&quot;&quot;},&quot;jet_parallax_layout_speed&quot;:{&quot;unit&quot;:&quot;%&quot;,&quot;size&quot;:50,&quot;sizes&quot;:[]},&quot;jet_parallax_layout_type&quot;:&quot;scroll&quot;,&quot;jet_parallax_layout_direction&quot;:null,&quot;jet_parallax_layout_fx_direction&quot;:null,&quot;jet_parallax_layout_z_index&quot;:&quot;&quot;,&quot;jet_parallax_layout_bg_x&quot;:50,&quot;jet_parallax_layout_bg_x_tablet&quot;:&quot;&quot;,&quot;jet_parallax_layout_bg_x_mobile&quot;:&quot;&quot;,&quot;jet_parallax_layout_bg_y&quot;:50,&quot;jet_parallax_layout_bg_y_tablet&quot;:&quot;&quot;,&quot;jet_parallax_layout_bg_y_mobile&quot;:&quot;&quot;,&quot;jet_parallax_layout_bg_size&quot;:&quot;auto&quot;,&quot;jet_parallax_layout_bg_size_tablet&quot;:&quot;&quot;,&quot;jet_parallax_layout_bg_size_mobile&quot;:&quot;&quot;,&quot;jet_parallax_layout_animation_prop&quot;:&quot;transform&quot;,&quot;jet_parallax_layout_on&quot;:[&quot;desktop&quot;,&quot;tablet&quot;]}]}\">\n\t\t\t\t\t\t<div class=\"elementor-container elementor-column-gap-default\">\n\t\t\t\t\t<div class=\"elementor-column elementor-col-100 elementor-inner-column elementor-element elementor-element-a524cc7\" data-id=\"a524cc7\" data-element_type=\"column\">\n\t\t\t<div class=\"elementor-widget-wrap elementor-element-populated\">\n\t\t\t\t\t\t\t\t<div class=\"elementor-element elementor-element-f151c12 pull-left elementor-aspect-ratio-169 elementor-widget elementor-widget-video\" data-id=\"f151c12\" data-element_type=\"widget\" data-settings=\"{&quot;youtube_url&quot;:&quot;https:\\\/\\\/www.youtube.com\\\/watch?v=wVLKxcehA_U&quot;,&quot;video_type&quot;:&quot;youtube&quot;,&quot;controls&quot;:&quot;yes&quot;,&quot;aspect_ratio&quot;:&quot;169&quot;}\" data-widget_type=\"video.default\">\n\t\t\t\t<div class=\"elementor-widget-container\">\n\t\t\t\t\t<div class=\"elementor-wrapper elementor-fit-aspect-ratio elementor-open-inline\">\n\t\t\t<div class=\"elementor-video\"><\/div>\t\t<\/div>\n\t\t\t\t<\/div>\n\t\t\t\t<\/div>\n\t\t\t\t<div class=\"elementor-element elementor-element-402bd4b pull-left elementor-widget elementor-widget-text-editor\" data-id=\"402bd4b\" data-element_type=\"widget\" data-widget_type=\"text-editor.default\">\n\t\t\t\t<div class=\"elementor-widget-container\">\n\t\t\t\t\t\t\t\t<p>A popula\u00e7\u00e3o residente \u00e9 de 20.927 habitantes. A popula\u00e7\u00e3o de S\u00e3o Filipe e da ilha, no seu todo, com base nos dados dos \u00faltimos trinta anos, apresenta uma tend\u00eancia para um crescimento lento, mas continuado. Mas dados mais recentes, apontam para uma redu\u00e7\u00e3o da popula\u00e7\u00e3o at\u00e9 2030, se a tend\u00eancia e a din\u00e2mica mantiverem, segundo os dados provis\u00f3rios do \u00faltimo recenseamento geral da popula\u00e7\u00e3o e habita\u00e7\u00e3o, realizado em 2021.<\/p><p>A raz\u00e3o de fundo prende-se com a migra\u00e7\u00e3o para outros polos de desenvolvimento como Sal, Boavista, Santiago, mas tamb\u00e9m com a emigra\u00e7\u00e3o, sobretudo para os Estados Unidos da Am\u00e9rica. A aposta da actual equipa camar\u00e1ria na instala\u00e7\u00e3o do ensino superior na ilha, visa tamb\u00e9m combater o \u201c\u00eaxodo\u201d para outras ilhas, nomeadamente Santiago, fixando assim, na ilha os seus quadros, contribuindo para o seu pr\u00f3prio desenvolvimento.<\/p><p>De entre as actividades econ\u00f3micas mais importantes, destaca-se a agricultura, incluindo silvicultura e pecu\u00e1ria, que ocupa 38,6% da sua popula\u00e7\u00e3o. No entanto, S\u00e3o Filipe disp\u00f5e de grandes potencialidades tur\u00edsticas consubstanciadas na exist\u00eancia de um conjunto arquitect\u00f3nico dos seus sobrados, sua hist\u00f3ria, cultura, praias de areia negra. As festas das bandeiras que constituem um dos maiores atrativos, a sua paisagem natural com v\u00e1rios miradouros e trilhos, sem contar com o vulc\u00e3o, que apesar de fisicamente estar localizado no munic\u00edpio de Santa Catarina do Fogo constitui um patrim\u00f3nio de toda a ilha do Fogo, constituem potencial tur\u00edstico da Ilha.<\/p><p>Para melhor aproveitamento das potencialidades \u00e9 necess\u00e1rio a valoriza\u00e7\u00e3o das oportunidades tur\u00edsticas e aumentar o rendimento da popula\u00e7\u00e3o local e a prote\u00e7\u00e3o e conserva\u00e7\u00e3o dos recursos ambientais, que est\u00e3o na base da atra\u00e7\u00e3o dos turistas, atrav\u00e9s de resolu\u00e7\u00e3o dos constrangimentos ainda existentes, como a quest\u00e3o dos transportes, a\u00e9reos e mar\u00edtimos, de e para a ilha, o saneamento do meio, melhoria de algumas vias rodovi\u00e1rias, mais e melhores unidades tur\u00edsticas, melhoria nos atendimentos, fomento de ind\u00fastrias, sobretudo de transforma\u00e7\u00e3o dos produtos agropecu\u00e1rios.<\/p><p>\u00a0A popula\u00e7\u00e3o residente, segundo dados do censo de 2021, \u00e9 de 20.927 habitantes, representando 62,0 por cento (%) da popula\u00e7\u00e3o residente da ilha do Fogo e 4,3% da popula\u00e7\u00e3o de Cabo Verde. Pouco mais de metade, 50,3% da popula\u00e7\u00e3o residente \u00e9 do sexo masculino e 49,7% do sexo feminino, 51,3% da sua popula\u00e7\u00e3o vive no meio rural e 48,7% no meio urbano, deixando assim de ser considerado um munic\u00edpio eminentemente rural como era no passado recente, altura em que 70% da sua popula\u00e7\u00e3o vivia no meio rural.<\/p><p>Em termos de evolu\u00e7\u00e3o populacional, depois de um crescimento entre 1980 (19.851 habitantes) e 2000 (23.127 habitantes) registou-se uma perda da popula\u00e7\u00e3o e em 2021 o munic\u00edpio contava com 20.927 pessoas.<\/p><p>No sector de educa\u00e7\u00e3o, os \u00faltimos dados estat\u00edsticos apontam para uma taxa de alfabetiza\u00e7\u00e3o na popula\u00e7\u00e3o com mais de 15 anos, de 82,5%, sendo que a taxa \u00e9 maior no sexo masculino (91,3%) e menor no sexo feminino (74,1%). A taxa de alfabetiza\u00e7\u00e3o dos jovens na faixa et\u00e1ria dos 15 a 24 anos, \u00e9 de 93,3%, sendo maior no sexo masculino (99,2%) e menor no sexo feminino (97,2%).<\/p><p>No que se refere ao n\u00edvel de instru\u00e7\u00e3o, os dados do Instituto Nacional de Estat\u00edsticas indicam que 3,4% frequentam pr\u00e9-escolar, 49,4% o ensino b\u00e1sico obrigat\u00f3rio, 40,8% secund\u00e1rio, 3,5% o ensino superior, 1,6% o ensino m\u00e9dio e 1,2% alfabetiza\u00e7\u00e3o.\u00a0 O n\u00famero m\u00e9dio de anos de estudos \u00e9 de 7,1.<\/p><p>J\u00e1 a taxa de ocupa\u00e7\u00e3o da popula\u00e7\u00e3o com idade igual ou superior a 15 anos \u00e9 de 33,3% e a taxa de desemprego \u00e9 de 4,1%. Mais de 70 por cento (70,8%) da popula\u00e7\u00e3o est\u00e1 no emprego informal. J\u00e1 a taxa de desemprego jovem (15 \u2013 24 anos) \u00e9 de 13,9%.<\/p><p>A popula\u00e7\u00e3o residente est\u00e1 distribu\u00edda por 5.965 agregados familiares, sendo que o tamanho m\u00e9dio dos agregados segundo o sexo do representante \u00e9 de 3,7% (feminino), 3,3% (masculino) e de 3,5% (ambos os sexos).<\/p><p>Quanto \u00e0s condi\u00e7\u00f5es de vida, os dados de INE indicam que 84,7% dos agregados t\u00eam acesso \u00e0 eletricidade, 85,0 dos alojamentos familiares tem casos de banho, 79,9% tem acesso \u00e0 \u00e1gua canalizada da rede p\u00fablica, 64,8% usam g\u00e1s para cozinhar, 73,7% usam contentores para evacua\u00e7\u00e3o do lixo e 31,6% usam lenha para cozinhar.<\/p><p>No que se refere ao acesso \u00e0s tecnologias de informa\u00e7\u00e3o e comunica\u00e7\u00e3o, os dados indicam que 77,2% dos agregados disp\u00f5e de internet nos seus alojamentos, 66,8% possui televis\u00e3o, 24,9% um computador (incluindo tablet), 29,9% televis\u00e3o por assinatura e 12,9% telefone fixo.<\/p>\t\t\t\t\t\t<\/div>\n\t\t\t\t<\/div>\n\t\t\t\t\t<\/div>\n\t\t<\/div>\n\t\t\t\t\t\t\t<\/div>\n\t\t<\/section>\n\t\t\t\t\t<\/div>\n\t\t<\/div>\n\t\t\t\t\t\t\t<\/div>\n\t\t<\/section>\n\t\t\t\t<section class=\"elementor-section elementor-top-section elementor-element elementor-element-2ff7eaf elementor-section-boxed elementor-section-height-default elementor-section-height-default\" data-id=\"2ff7eaf\" data-element_type=\"section\" data-settings=\"{&quot;jet_parallax_layout_list&quot;:[{&quot;jet_parallax_layout_image&quot;:{&quot;url&quot;:&quot;&quot;,&quot;id&quot;:&quot;&quot;},&quot;_id&quot;:&quot;7fd486c&quot;,&quot;jet_parallax_layout_image_tablet&quot;:{&quot;url&quot;:&quot;&quot;,&quot;id&quot;:&quot;&quot;},&quot;jet_parallax_layout_image_mobile&quot;:{&quot;url&quot;:&quot;&quot;,&quot;id&quot;:&quot;&quot;},&quot;jet_parallax_layout_speed&quot;:{&quot;unit&quot;:&quot;%&quot;,&quot;size&quot;:50,&quot;sizes&quot;:[]},&quot;jet_parallax_layout_type&quot;:&quot;scroll&quot;,&quot;jet_parallax_layout_direction&quot;:null,&quot;jet_parallax_layout_fx_direction&quot;:null,&quot;jet_parallax_layout_z_index&quot;:&quot;&quot;,&quot;jet_parallax_layout_bg_x&quot;:50,&quot;jet_parallax_layout_bg_x_tablet&quot;:&quot;&quot;,&quot;jet_parallax_layout_bg_x_mobile&quot;:&quot;&quot;,&quot;jet_parallax_layout_bg_y&quot;:50,&quot;jet_parallax_layout_bg_y_tablet&quot;:&quot;&quot;,&quot;jet_parallax_layout_bg_y_mobile&quot;:&quot;&quot;,&quot;jet_parallax_layout_bg_size&quot;:&quot;auto&quot;,&quot;jet_parallax_layout_bg_size_tablet&quot;:&quot;&quot;,&quot;jet_parallax_layout_bg_size_mobile&quot;:&quot;&quot;,&quot;jet_parallax_layout_animation_prop&quot;:&quot;transform&quot;,&quot;jet_parallax_layout_on&quot;:[&quot;desktop&quot;,&quot;tablet&quot;]}]}\">\n\t\t\t\t\t\t<div class=\"elementor-container elementor-column-gap-default\">\n\t\t\t\t\t<div class=\"elementor-column elementor-col-50 elementor-top-column elementor-element elementor-element-0ce4f54\" data-id=\"0ce4f54\" data-element_type=\"column\">\n\t\t\t<div class=\"elementor-widget-wrap elementor-element-populated\">\n\t\t\t\t\t\t\t\t<div class=\"elementor-element elementor-element-a69ae07 elementor-widget elementor-widget-image\" data-id=\"a69ae07\" data-element_type=\"widget\" data-widget_type=\"image.default\">\n\t\t\t\t<div class=\"elementor-widget-container\">\n\t\t\t\t\t\t\t\t\t\t\t\t\t\t\t<img width=\"1024\" height=\"574\" src=\"https:\/\/cmsf.cv\/wp-content\/uploads\/2020\/07\/viberimage6-1024x574.jpg\" class=\"attachment-large size-large\" alt=\"\" loading=\"lazy\" srcset=\"https:\/\/cmsf.cv\/wp-content\/uploads\/2020\/07\/viberimage6-1024x574.jpg 1024w, https:\/\/cmsf.cv\/wp-content\/uploads\/2020\/07\/viberimage6-768x431.jpg 768w\" sizes=\"(max-width: 1024px) 100vw, 1024px\" \/>\t\t\t\t\t\t\t\t\t\t\t\t\t\t\t<\/div>\n\t\t\t\t<\/div>\n\t\t\t\t\t<\/div>\n\t\t<\/div>\n\t\t\t\t<div class=\"elementor-column elementor-col-50 elementor-top-column elementor-element elementor-element-5dfe351\" data-id=\"5dfe351\" data-element_type=\"column\">\n\t\t\t<div class=\"elementor-widget-wrap elementor-element-populated\">\n\t\t\t\t\t\t\t\t<div class=\"elementor-element elementor-element-ced13a4 elementor-widget elementor-widget-image\" data-id=\"ced13a4\" data-element_type=\"widget\" data-widget_type=\"image.default\">\n\t\t\t\t<div class=\"elementor-widget-container\">\n\t\t\t\t\t\t\t\t\t\t\t\t\t\t\t<img width=\"1024\" height=\"574\" src=\"https:\/\/cmsf.cv\/wp-content\/uploads\/2020\/07\/viberimage28-1024x574.jpg\" class=\"attachment-large size-large\" alt=\"\" loading=\"lazy\" srcset=\"https:\/\/cmsf.cv\/wp-content\/uploads\/2020\/07\/viberimage28-1024x574.jpg 1024w, https:\/\/cmsf.cv\/wp-content\/uploads\/2020\/07\/viberimage28-768x431.jpg 768w\" sizes=\"(max-width: 1024px) 100vw, 1024px\" \/>\t\t\t\t\t\t\t\t\t\t\t\t\t\t\t<\/div>\n\t\t\t\t<\/div>\n\t\t\t\t\t<\/div>\n\t\t<\/div>\n\t\t\t\t\t\t\t<\/div>\n\t\t<\/section>\n\t\t\t\t<section class=\"elementor-section elementor-top-section elementor-element elementor-element-fb6b705 elementor-section-boxed elementor-section-height-default elementor-section-height-default\" data-id=\"fb6b705\" data-element_type=\"section\" data-settings=\"{&quot;jet_parallax_layout_list&quot;:[{&quot;jet_parallax_layout_image&quot;:{&quot;url&quot;:&quot;&quot;,&quot;id&quot;:&quot;&quot;},&quot;_id&quot;:&quot;68a4b38&quot;,&quot;jet_parallax_layout_image_tablet&quot;:{&quot;url&quot;:&quot;&quot;,&quot;id&quot;:&quot;&quot;},&quot;jet_parallax_layout_image_mobile&quot;:{&quot;url&quot;:&quot;&quot;,&quot;id&quot;:&quot;&quot;},&quot;jet_parallax_layout_speed&quot;:{&quot;unit&quot;:&quot;%&quot;,&quot;size&quot;:50,&quot;sizes&quot;:[]},&quot;jet_parallax_layout_type&quot;:&quot;scroll&quot;,&quot;jet_parallax_layout_direction&quot;:null,&quot;jet_parallax_layout_fx_direction&quot;:null,&quot;jet_parallax_layout_z_index&quot;:&quot;&quot;,&quot;jet_parallax_layout_bg_x&quot;:50,&quot;jet_parallax_layout_bg_x_tablet&quot;:&quot;&quot;,&quot;jet_parallax_layout_bg_x_mobile&quot;:&quot;&quot;,&quot;jet_parallax_layout_bg_y&quot;:50,&quot;jet_parallax_layout_bg_y_tablet&quot;:&quot;&quot;,&quot;jet_parallax_layout_bg_y_mobile&quot;:&quot;&quot;,&quot;jet_parallax_layout_bg_size&quot;:&quot;auto&quot;,&quot;jet_parallax_layout_bg_size_tablet&quot;:&quot;&quot;,&quot;jet_parallax_layout_bg_size_mobile&quot;:&quot;&quot;,&quot;jet_parallax_layout_animation_prop&quot;:&quot;transform&quot;,&quot;jet_parallax_layout_on&quot;:[&quot;desktop&quot;,&quot;tablet&quot;]}]}\">\n\t\t\t\t\t\t<div class=\"elementor-container elementor-column-gap-default\">\n\t\t\t\t\t<div class=\"elementor-column elementor-col-100 elementor-top-column elementor-element elementor-element-ece7293\" data-id=\"ece7293\" data-element_type=\"column\">\n\t\t\t<div class=\"elementor-widget-wrap elementor-element-populated\">\n\t\t\t\t\t\t\t\t<div class=\"elementor-element elementor-element-d833d54 elementor-widget elementor-widget-ova_heading\" data-id=\"d833d54\" data-element_type=\"widget\" data-widget_type=\"ova_heading.default\">\n\t\t\t\t<div class=\"elementor-widget-container\">\n\t\t\t\t\t<div class=\"ova-heading\">\n\t\t\t\n\t\t\t\t\t\t\t<h3 class=\"title second_font\">Linha do Tempo Hist\u00f3rico<\/h3>\n\t\t\t\n\t\t\t\n\t\t<\/div>\n\t\t\t\t<\/div>\n\t\t\t\t<\/div>\n\t\t\t\t<div class=\"elementor-element elementor-element-2577fde elementor-widget elementor-widget-text-editor\" data-id=\"2577fde\" data-element_type=\"widget\" data-widget_type=\"text-editor.default\">\n\t\t\t\t<div class=\"elementor-widget-container\">\n\t\t\t\t\t\t\t\t<p align=\"justify\">S\u00e3o Filipe, sede do munic\u00edpio, localiza-se na freguesia da Nossa Senhora da Concei\u00e7\u00e3o, oeste da\nilha. \u00c9 a capital da ilha, o n\u00facleo populacional mais antigo e mais importante, onde se encontra\num conjunto de equipamentos utilizados por pessoas de outros munic\u00edpios da ilha, Mosteiros e\nSanta Catarina, e inclusive da vizinha ilha Brava, possuindo um importante papel comercial\npara a regi\u00e3o.<\/p>\n\n<p align=\"justify\">S\u00e3o Filipe desenvolveu-se entre duas ribeiras, a de S\u00e3o Jo\u00e3o (sul) e Trindade (norte) que\nconstitu\u00edram os seus limites naturais. S\u00f3 no final do s\u00e9culo XX ultrapassou estes acidentes\nnaturais para expandir, quer em dire\u00e7\u00e3o ao norte como ao sul. A oeste \u00e9 limitada pelo mar que\nconstitui uma presen\u00e7a paisag\u00edstica constante. \u00c0 frente divisa-se a ilha Brava e um pouco mais a\nnorte, os Ilh\u00e9us Rombos.<\/p>\t\t\t\t\t\t<\/div>\n\t\t\t\t<\/div>\n\t\t\t\t<div class=\"elementor-element elementor-element-e228250 elementor-widget elementor-widget-ova_history\" data-id=\"e228250\" data-element_type=\"widget\" data-widget_type=\"ova_history.default\">\n\t\t\t\t<div class=\"elementor-widget-container\">\n\t\t\t\t\t<div class=\"ova-history \">\n\t\t\t\t\t\t\t\t\t\t\t\t<div class=\"wp-item\">\n\t\t\t\t\t\t<div class=\"wp-content\">\n\t\t\t\t\t\t\t\n\t\t\t\t\t\t\t<div class=\"content\">\n\t\t\t\t\t\t\t\t<div class=\"ova-media\">\n\t\t\t\t\t\t\t\t\t<img src=\"https:\/\/cmsf.cv\/wp-content\/uploads\/2022\/07\/4.jpg\" alt=\"\">\n\t\t\t\t\t\t\t\t<\/div>\n\t\t\t\t\t\t\t<\/div>\n\t\t\t\t\t\t<\/div>\n\t\t\t\t\t\t<div class=\"wp-year\">\n\t\t\t\t\t\t\t<span class=\"dot\">\n\t\t\t\t\t\t\t\t<span class=\"dot1\"><\/span>\n\t\t\t\t\t\t\t\t<span  class=\"dot2\"><\/span>\n\t\t\t\t\t\t\t\t<span  class=\"dot3\"><\/span>\n\t\t\t\t\t\t\t\t<span  class=\"dot4\"><\/span>\n\t\t\t\t\t\t\t<\/span>\n\n\t\t\t\t\t\t\t<p class=\"year second_font\">2022<\/p>\n\n\t\t\t\t\t\t\t<div class=\"title\">\n\t\t\t\t\t\t\t\t\t\t\t\t\t\t\t\t\t<h3>Inaugura\u00e7\u00e3o do Novo Aterro Controlado Intermunicipal <\/h3>\n\t\t\t\t\t\t\t\t\t\t\t\t\t\t\t<\/div>\n\n\t\t\t\t\t\t\t<div class=\"desc\">\n\t\t\t\t\t\t\t\t<p>A primeira fase do Aterro Controlado Intermunicipal, foi inaugurada no dia 11 de julho de 2022, pelo Ministro da Agricultura e Ambiente, Dr. Gilberto Silva e pelo PCMSF, Eng.\u00ba Nuias Silva, comportando a veda\u00e7\u00e3o de espa\u00e7o do aterro, a constru\u00e7\u00e3o da casa de controlo e estrada de acesso, com mais de 600 metros incluindo a constru\u00e7\u00e3o de uma passagem hidr\u00e1ulica (ph). \nAl\u00e9m da desativa\u00e7\u00e3o da Lixeira Municipal de S\u00e3o Filipe, prev\u00ea-se tamb\u00e9m a melhoria do tro\u00e7o de estrada entre o Hospital Regional e da praia balnear de Nossa Senhora da Encarna\u00e7\u00e3o e a retirada e cobertura do lixo, entre outros.\nA constru\u00e7\u00e3o do Aterro Intermunicipal Controlado do Fogo ir\u00e1 servir os tr\u00eas munic\u00edpios da ilha, est\u00e1 localizado a sul do per\u00edmetro irrigado de Monte Genebra, no munic\u00edpio de S\u00e3o Filipe, e contou com o cofinanciamento do Governo, atrav\u00e9s do protocolo celebrado entre Associa\u00e7\u00e3o dos Munic\u00edpios do Fogo e da Brava e a Ag\u00eancia Nacional de \u00c1guas e Saneamento (ANAS)\/Fundo do Ambiente, e representa um investimento de 40 mil contos. Esta infraestrutura foi desenhada para receber os res\u00edduos s\u00f3lidos urbanos dos tr\u00eas munic\u00edpios para um per\u00edodo de 10 a 15 anos. O aterro controlado intermunicipal ocupa uma \u00e1rea de quatro mil metros quadrados e com possibilidade de extens\u00e3o para seis e mesmo para a sua duplica\u00e7\u00e3o.\n\n<\/p>\n\t\t\t\t\t\t\t<\/div>\n\n\t\t\t\t\t\t<\/div>\n\t\t\t\t\t<\/div>\n\t\t\t\t\t\t\t\t\t<div class=\"wp-item\">\n\t\t\t\t\t\t<div class=\"wp-content\">\n\t\t\t\t\t\t\t\n\t\t\t\t\t\t\t<div class=\"content\">\n\t\t\t\t\t\t\t\t<div class=\"ova-media\">\n\t\t\t\t\t\t\t\t\t<img src=\"https:\/\/cmsf.cv\/wp-content\/uploads\/2022\/07\/site-3-scaled.jpg\" alt=\"\">\n\t\t\t\t\t\t\t\t<\/div>\n\t\t\t\t\t\t\t<\/div>\n\t\t\t\t\t\t<\/div>\n\t\t\t\t\t\t<div class=\"wp-year\">\n\t\t\t\t\t\t\t<span class=\"dot\">\n\t\t\t\t\t\t\t\t<span class=\"dot1\"><\/span>\n\t\t\t\t\t\t\t\t<span  class=\"dot2\"><\/span>\n\t\t\t\t\t\t\t\t<span  class=\"dot3\"><\/span>\n\t\t\t\t\t\t\t\t<span  class=\"dot4\"><\/span>\n\t\t\t\t\t\t\t<\/span>\n\n\t\t\t\t\t\t\t<p class=\"year second_font\">2016<\/p>\n\n\t\t\t\t\t\t\t<div class=\"title\">\n\t\t\t\t\t\t\t\t\t\t\t\t\t\t\t\t\t<h3>Inaugura\u00e7\u00e3o da Central \u00danica da ilha do Fogo. <\/h3>\n\t\t\t\t\t\t\t\t\t\t\t\t\t\t\t<\/div>\n\n\t\t\t\t\t\t\t<div class=\"desc\">\n\t\t\t\t\t\t\t\t<p>A Central \u00danica do Fogo foi inaugurada no dia 15 de janeiro de 2016, por Sua Excel\u00eancia, Sr. Primeiro Ministro, Dr. Jos\u00e9 Maria Neves, a terceira no pa\u00eds, com um investimento de 5,8 milh\u00f5es de euros para refor\u00e7ar a capacidade de distribui\u00e7\u00e3o de energia na ilha.\nA Central \u00danica do Fogo, situada no concelho de S\u00e3o Filipe, o maior centro urbano da ilha, foi constru\u00edda de raiz, no \u00e2mbito do Projeto de Refor\u00e7o dos Sistemas de Produ\u00e7\u00e3o, do Transporte e Distribui\u00e7\u00e3o de Energia, implementado pelo Minist\u00e9rio do Turismo, Investimento de Desenvolvimento Empresarial.\nEsta Central dota a ilha de novos equipamentos, entre os quais dois novos grupos eletrog\u00e9neos, que totalizam 3.200 KW de pot\u00eancia e que vem acrescentar aos 2.600 KW de pot\u00eancia de outros dois grupos eletrog\u00e9neos existentes no concelho, totalizando 5.800 kilowatts de pot\u00eancia.\n\n<\/p>\n\t\t\t\t\t\t\t<\/div>\n\n\t\t\t\t\t\t<\/div>\n\t\t\t\t\t<\/div>\n\t\t\t\t\t\t\t\t\t<div class=\"wp-item\">\n\t\t\t\t\t\t<div class=\"wp-content\">\n\t\t\t\t\t\t\t\n\t\t\t\t\t\t\t<div class=\"content\">\n\t\t\t\t\t\t\t\t<div class=\"ova-media\">\n\t\t\t\t\t\t\t\t\t<img src=\"https:\/\/cmsf.cv\/wp-content\/uploads\/2022\/07\/5.jpg\" alt=\"\">\n\t\t\t\t\t\t\t\t<\/div>\n\t\t\t\t\t\t\t<\/div>\n\t\t\t\t\t\t<\/div>\n\t\t\t\t\t\t<div class=\"wp-year\">\n\t\t\t\t\t\t\t<span class=\"dot\">\n\t\t\t\t\t\t\t\t<span class=\"dot1\"><\/span>\n\t\t\t\t\t\t\t\t<span  class=\"dot2\"><\/span>\n\t\t\t\t\t\t\t\t<span  class=\"dot3\"><\/span>\n\t\t\t\t\t\t\t\t<span  class=\"dot4\"><\/span>\n\t\t\t\t\t\t\t<\/span>\n\n\t\t\t\t\t\t\t<p class=\"year second_font\">2016<\/p>\n\n\t\t\t\t\t\t\t<div class=\"title\">\n\t\t\t\t\t\t\t\t\t\t\t\t\t\t\t\t\t<h3> Inaugurado o Hospital Regional Fogo\/Brava batizado com o nome de S\u00e3o Francisco de Assis<\/h3>\n\t\t\t\t\t\t\t\t\t\t\t\t\t\t\t<\/div>\n\n\t\t\t\t\t\t\t<div class=\"desc\">\n\t\t\t\t\t\t\t\t<p>O hospital regional Fogo\/Brava batizado com o nome de S\u00e3o Francisco de Assis, o mesmo do centro sociosanit\u00e1rio  constru\u00eddo no in\u00edcio dos anos 2000 pelos Capuchinhos e que mais tarde foi cedido ao Governo de Cabo Verde para a sua amplia\u00e7\u00e3o e transforma\u00e7\u00e3o num hospital regional de refer\u00eancia. Aquando da sua inaugura\u00e7\u00e3o estava devidamente equipado.<\/p>\n\t\t\t\t\t\t\t<\/div>\n\n\t\t\t\t\t\t<\/div>\n\t\t\t\t\t<\/div>\n\t\t\t\t\t\t\t\t\t<div class=\"wp-item\">\n\t\t\t\t\t\t<div class=\"wp-content\">\n\t\t\t\t\t\t\t\n\t\t\t\t\t\t\t<div class=\"content\">\n\t\t\t\t\t\t\t\t<div class=\"ova-media\">\n\t\t\t\t\t\t\t\t\t<img src=\"https:\/\/cmsf.cv\/wp-content\/uploads\/2022\/08\/DJI_0293-scaled.jpg\" alt=\"\">\n\t\t\t\t\t\t\t\t<\/div>\n\t\t\t\t\t\t\t<\/div>\n\t\t\t\t\t\t<\/div>\n\t\t\t\t\t\t<div class=\"wp-year\">\n\t\t\t\t\t\t\t<span class=\"dot\">\n\t\t\t\t\t\t\t\t<span class=\"dot1\"><\/span>\n\t\t\t\t\t\t\t\t<span  class=\"dot2\"><\/span>\n\t\t\t\t\t\t\t\t<span  class=\"dot3\"><\/span>\n\t\t\t\t\t\t\t\t<span  class=\"dot4\"><\/span>\n\t\t\t\t\t\t\t<\/span>\n\n\t\t\t\t\t\t\t<p class=\"year second_font\">2015<\/p>\n\n\t\t\t\t\t\t\t<div class=\"title\">\n\t\t\t\t\t\t\t\t\t\t\t\t\t\t\t\t\t<h3>Eleva\u00e7\u00e3o de Ponta Verde \u00e0 Categoria de Vila (Decreto-lei n.\u00ba 47\/2015 de 21 de Setembro)<\/h3>\n\t\t\t\t\t\t\t\t\t\t\t\t\t\t\t<\/div>\n\n\t\t\t\t\t\t\t<div class=\"desc\">\n\t\t\t\t\t\t\t\t<p>Na sequ\u00eancia da publica\u00e7\u00e3o da Lei n.\u00ba 77\/VII\/2010, de 23 de agosto, que estabelece o regime de designa\u00e7\u00e3o e determina\u00e7\u00e3o das categorias das povoa\u00e7\u00f5es, representa\u00e7\u00f5es \u00e0 Assembleia Nacional ou ao Governo, tem sido feitas quer pelas popula\u00e7\u00f5es quer pelos \u00f3rg\u00e3os deliberativos e executivos municipais, propostas no sentido de eleva\u00e7\u00e3o de povoa\u00e7\u00f5es previamente identificadas e integrantes da respetiva \u00e1rea de jurisdi\u00e7\u00e3o \u00e0 categoria de vila.\nA comunidade de Ponta Verde, situado a pouco mais de 10 quil\u00f3metros a norte da cidade de S\u00e3o Filipe, dispunha, na altura, de 627 eleitores, Posto Sanit\u00e1rio, Centro de Extens\u00e3o Rural, P\u00f3lo do Ensino B\u00e1sico Integrado, um dos mais moderno Liceu de Cabo Verde (Escola Secund\u00e1ria Pedro Verona Pires), Jardim-de-inf\u00e2ncia, Centro de Forma\u00e7\u00e3o Profissional, Igrejas, C\u00e9lula de Pol\u00edcia Nacional, Campo de Futebol em constru\u00e7\u00e3o, meios de comunica\u00e7\u00e3o, servi\u00e7os de abastecimento de \u00e1gua e energia, estabelecimentos comerciais, de entre outras.\nCom a aprova\u00e7\u00e3o por unanimidade da proposta de eleva\u00e7\u00e3o de Ponta Verde \u00e0 categoria de vila, o documento foi encaminhado ao MAHOT e foi homologado e publicado, em conformidade com o Decreto-lei n.\u00ba 47\/2015 de 21 de Setembro.\n<\/p>\n\t\t\t\t\t\t\t<\/div>\n\n\t\t\t\t\t\t<\/div>\n\t\t\t\t\t<\/div>\n\t\t\t\t\t\t\t\t\t<div class=\"wp-item\">\n\t\t\t\t\t\t<div class=\"wp-content\">\n\t\t\t\t\t\t\t\n\t\t\t\t\t\t\t<div class=\"content\">\n\t\t\t\t\t\t\t\t<div class=\"ova-media\">\n\t\t\t\t\t\t\t\t\t<img src=\"https:\/\/cmsf.cv\/wp-content\/uploads\/2022\/07\/1.jpg\" alt=\"\">\n\t\t\t\t\t\t\t\t<\/div>\n\t\t\t\t\t\t\t<\/div>\n\t\t\t\t\t\t<\/div>\n\t\t\t\t\t\t<div class=\"wp-year\">\n\t\t\t\t\t\t\t<span class=\"dot\">\n\t\t\t\t\t\t\t\t<span class=\"dot1\"><\/span>\n\t\t\t\t\t\t\t\t<span  class=\"dot2\"><\/span>\n\t\t\t\t\t\t\t\t<span  class=\"dot3\"><\/span>\n\t\t\t\t\t\t\t\t<span  class=\"dot4\"><\/span>\n\t\t\t\t\t\t\t<\/span>\n\n\t\t\t\t\t\t\t<p class=\"year second_font\">2015<\/p>\n\n\t\t\t\t\t\t\t<div class=\"title\">\n\t\t\t\t\t\t\t\t\t\t\t\t\t\t\t\t\t<h3>Eleva\u00e7\u00e3o de Patim \u00e0 Categoria de Vila (Decreto-lei n.\u00ba 47\/2015 de 21 de Setembro)<\/h3>\n\t\t\t\t\t\t\t\t\t\t\t\t\t\t\t<\/div>\n\n\t\t\t\t\t\t\t<div class=\"desc\">\n\t\t\t\t\t\t\t\t<p>\nA comunidade de Patim est\u00e1 localizada a menos de 10 quil\u00f3metros a sul da cidade de S\u00e3o Filipe, conta com 440 eleitores na altura, meios de comunica\u00e7\u00e3o que a ligam a outras localidades, servi\u00e7os de telecomunica\u00e7\u00f5es, estabelecimento de ensino, Delega\u00e7\u00e3o Municipal, infraestruturas religiosas, Centro de Extens\u00e3o Rural, estabelecimentos comerciais, servi\u00e7o de abastecimento de \u00e1gua e energia, unidade sanit\u00e1ria de base, placa desportiva, campo de futebol, arruamentos.\nCom a aprova\u00e7\u00e3o por unanimidade da proposta de eleva\u00e7\u00e3o de Patim \u00e0 categoria de vila, o documento foi encaminhado ao MAHOT e foi homologado e publicado, em conformidade com o Decreto-lei n.\u00ba 47\/2015 de 21 de setembro.\n<\/p>\n\t\t\t\t\t\t\t<\/div>\n\n\t\t\t\t\t\t<\/div>\n\t\t\t\t\t<\/div>\n\t\t\t\t\t\t\t\t\t<div class=\"wp-item\">\n\t\t\t\t\t\t<div class=\"wp-content\">\n\t\t\t\t\t\t\t\n\t\t\t\t\t\t\t<div class=\"content\">\n\t\t\t\t\t\t\t\t<div class=\"ova-media\">\n\t\t\t\t\t\t\t\t\t<img src=\"https:\/\/cmsf.cv\/wp-content\/uploads\/2022\/08\/DJI_0273-scaled.jpg\" alt=\"\">\n\t\t\t\t\t\t\t\t<\/div>\n\t\t\t\t\t\t\t<\/div>\n\t\t\t\t\t\t<\/div>\n\t\t\t\t\t\t<div class=\"wp-year\">\n\t\t\t\t\t\t\t<span class=\"dot\">\n\t\t\t\t\t\t\t\t<span class=\"dot1\"><\/span>\n\t\t\t\t\t\t\t\t<span  class=\"dot2\"><\/span>\n\t\t\t\t\t\t\t\t<span  class=\"dot3\"><\/span>\n\t\t\t\t\t\t\t\t<span  class=\"dot4\"><\/span>\n\t\t\t\t\t\t\t<\/span>\n\n\t\t\t\t\t\t\t<p class=\"year second_font\">2014<\/p>\n\n\t\t\t\t\t\t\t<div class=\"title\">\n\t\t\t\t\t\t\t\t\t\t\t\t\t\t\t\t\t<h3>Inaugurada a Escola Secund\u00e1ria Pedro Verona Pires (Ponta Verde) <\/h3>\n\t\t\t\t\t\t\t\t\t\t\t\t\t\t\t<\/div>\n\n\t\t\t\t\t\t\t<div class=\"desc\">\n\t\t\t\t\t\t\t\t<p>Inaugurada a escola secund\u00e1ria Pedro Verona Pires (Ponta Verde) pelos primeiros-ministros do Luxemburgo e de Cabo Verde Xavier Bettel e Jos\u00e9 Maria Neves.<\/p>\n\t\t\t\t\t\t\t<\/div>\n\n\t\t\t\t\t\t<\/div>\n\t\t\t\t\t<\/div>\n\t\t\t\t\t\t\t\t\t<div class=\"wp-item\">\n\t\t\t\t\t\t<div class=\"wp-content\">\n\t\t\t\t\t\t\t\n\t\t\t\t\t\t\t<div class=\"content\">\n\t\t\t\t\t\t\t\t<div class=\"ova-media\">\n\t\t\t\t\t\t\t\t\t<img src=\"https:\/\/cmsf.cv\/wp-content\/uploads\/2022\/07\/asfalto-scaled.jpg\" alt=\"\">\n\t\t\t\t\t\t\t\t<\/div>\n\t\t\t\t\t\t\t<\/div>\n\t\t\t\t\t\t<\/div>\n\t\t\t\t\t\t<div class=\"wp-year\">\n\t\t\t\t\t\t\t<span class=\"dot\">\n\t\t\t\t\t\t\t\t<span class=\"dot1\"><\/span>\n\t\t\t\t\t\t\t\t<span  class=\"dot2\"><\/span>\n\t\t\t\t\t\t\t\t<span  class=\"dot3\"><\/span>\n\t\t\t\t\t\t\t\t<span  class=\"dot4\"><\/span>\n\t\t\t\t\t\t\t<\/span>\n\n\t\t\t\t\t\t\t<p class=\"year second_font\">2014<\/p>\n\n\t\t\t\t\t\t\t<div class=\"title\">\n\t\t\t\t\t\t\t\t\t\t\t\t\t\t\t\t\t<h3>Inaugura\u00e7\u00e3o da 1\u00aa fase da Asfaltagem do Anel Rodovi\u00e1rio do Fogo<\/h3>\n\t\t\t\t\t\t\t\t\t\t\t\t\t\t\t<\/div>\n\n\t\t\t\t\t\t\t<div class=\"desc\">\n\t\t\t\t\t\t\t\t<p>Inaugura\u00e7\u00e3o da 1\u00aa fase da asfaltagem do anel rodovi\u00e1rio do Fogo, numa extens\u00e3o de 31 quil\u00f3metros de asfalto, nos tro\u00e7os Xaguate\/Campanas de Baixo (21 KM) e Congresso\/Patim (cerca de 10 KM), por Sua Excel\u00eancia, Sr. Primeiro Ministro, Dr. Jos\u00e9 Maria Neves.<\/p>\n\t\t\t\t\t\t\t<\/div>\n\n\t\t\t\t\t\t<\/div>\n\t\t\t\t\t<\/div>\n\t\t\t\t\t\t\t\t\t<div class=\"wp-item\">\n\t\t\t\t\t\t<div class=\"wp-content\">\n\t\t\t\t\t\t\t\n\t\t\t\t\t\t\t<div class=\"content\">\n\t\t\t\t\t\t\t\t<div class=\"ova-media\">\n\t\t\t\t\t\t\t\t\t<img src=\"https:\/\/cmsf.cv\/wp-content\/uploads\/2022\/07\/CEFP-FOGO-scaled-e1657211379755.jpg\" alt=\"\">\n\t\t\t\t\t\t\t\t<\/div>\n\t\t\t\t\t\t\t<\/div>\n\t\t\t\t\t\t<\/div>\n\t\t\t\t\t\t<div class=\"wp-year\">\n\t\t\t\t\t\t\t<span class=\"dot\">\n\t\t\t\t\t\t\t\t<span class=\"dot1\"><\/span>\n\t\t\t\t\t\t\t\t<span  class=\"dot2\"><\/span>\n\t\t\t\t\t\t\t\t<span  class=\"dot3\"><\/span>\n\t\t\t\t\t\t\t\t<span  class=\"dot4\"><\/span>\n\t\t\t\t\t\t\t<\/span>\n\n\t\t\t\t\t\t\t<p class=\"year second_font\">2010<\/p>\n\n\t\t\t\t\t\t\t<div class=\"title\">\n\t\t\t\t\t\t\t\t\t\t\t\t\t\t\t\t\t<h3>Inaugurado o Centro de Emprego e Forma\u00e7\u00e3o Profissional<\/h3>\n\t\t\t\t\t\t\t\t\t\t\t\t\t\t\t<\/div>\n\n\t\t\t\t\t\t\t<div class=\"desc\">\n\t\t\t\t\t\t\t\t<p>Cerim\u00f3nia presidida por Sua Excel\u00eancia, Sr. Primeiro Ministro, Dr. Jos\u00e9 Maria Neves e pelo Secret\u00e1rio de Estado de Neg\u00f3cios Estrangeiros e da Coopera\u00e7\u00e3o de Portugal, Jo\u00e3o Gomes Cravinho. A constru\u00e7\u00e3o foi financiada pelo Governo Portugu\u00eas, atrav\u00e9s do Instituto de Apoio ao Desenvolvimento (IPAD) e pelo Governo de Cabo Verde.<\/p>\n\t\t\t\t\t\t\t<\/div>\n\n\t\t\t\t\t\t<\/div>\n\t\t\t\t\t<\/div>\n\t\t\t\t\t\t\t\t\t<div class=\"wp-item\">\n\t\t\t\t\t\t<div class=\"wp-content\">\n\t\t\t\t\t\t\t\n\t\t\t\t\t\t\t<div class=\"content\">\n\t\t\t\t\t\t\t\t<div class=\"ova-media\">\n\t\t\t\t\t\t\t\t\t<img src=\"https:\/\/cmsffogo.mobilecv.net\/wp-content\/uploads\/2020\/07\/viberimage26.jpg\" alt=\"\">\n\t\t\t\t\t\t\t\t<\/div>\n\t\t\t\t\t\t\t<\/div>\n\t\t\t\t\t\t<\/div>\n\t\t\t\t\t\t<div class=\"wp-year\">\n\t\t\t\t\t\t\t<span class=\"dot\">\n\t\t\t\t\t\t\t\t<span class=\"dot1\"><\/span>\n\t\t\t\t\t\t\t\t<span  class=\"dot2\"><\/span>\n\t\t\t\t\t\t\t\t<span  class=\"dot3\"><\/span>\n\t\t\t\t\t\t\t\t<span  class=\"dot4\"><\/span>\n\t\t\t\t\t\t\t<\/span>\n\n\t\t\t\t\t\t\t<p class=\"year second_font\">2010<\/p>\n\n\t\t\t\t\t\t\t<div class=\"title\">\n\t\t\t\t\t\t\t\t\t\t\t\t\t\t\t\t\t<h3>Popula\u00e7\u00e3o<\/h3>\n\t\t\t\t\t\t\t\t\t\t\t\t\t\t\t<\/div>\n\n\t\t\t\t\t\t\t<div class=\"desc\">\n\t\t\t\t\t\t\t\t<p>No que se refere a sua popula\u00e7\u00e3o, h\u00e1 um not\u00f3rio crescimento demogr\u00e1fico da cidade de S\u00e3o Filipe nas \u00faltimas tr\u00eas d\u00e9cadas, de longe superior \u00e0 taxa de crescimento natural, o que se deve ao fen\u00f3meno das migra\u00e7\u00f5es internas (\u00eaxodo rural) e entre 1970 e 2000, a popula\u00e7\u00e3o mais do que quintuplicou, mas h\u00e1 uma tend\u00eancia para perda da popula\u00e7\u00e3o devido a migra\u00e7\u00e3o para ilhas como Santiago, Sal e Boavista, e emigra\u00e7\u00e3o para Estados Unidos, e dados estat\u00edsticos de 2010 apontam para uma diminui\u00e7\u00e3o de menos 0,4% da sua popula\u00e7\u00e3o.<\/p>\n\t\t\t\t\t\t\t<\/div>\n\n\t\t\t\t\t\t<\/div>\n\t\t\t\t\t<\/div>\n\t\t\t\t\t\t\t\t\t<div class=\"wp-item\">\n\t\t\t\t\t\t<div class=\"wp-content\">\n\t\t\t\t\t\t\t\n\t\t\t\t\t\t\t<div class=\"content\">\n\t\t\t\t\t\t\t\t<div class=\"ova-media\">\n\t\t\t\t\t\t\t\t\t<img src=\"https:\/\/cmsf.cv\/wp-content\/uploads\/2022\/07\/site-2-scaled.jpg\" alt=\"\">\n\t\t\t\t\t\t\t\t<\/div>\n\t\t\t\t\t\t\t<\/div>\n\t\t\t\t\t\t<\/div>\n\t\t\t\t\t\t<div class=\"wp-year\">\n\t\t\t\t\t\t\t<span class=\"dot\">\n\t\t\t\t\t\t\t\t<span class=\"dot1\"><\/span>\n\t\t\t\t\t\t\t\t<span  class=\"dot2\"><\/span>\n\t\t\t\t\t\t\t\t<span  class=\"dot3\"><\/span>\n\t\t\t\t\t\t\t\t<span  class=\"dot4\"><\/span>\n\t\t\t\t\t\t\t<\/span>\n\n\t\t\t\t\t\t\t<p class=\"year second_font\">2009<\/p>\n\n\t\t\t\t\t\t\t<div class=\"title\">\n\t\t\t\t\t\t\t\t\t\t\t\t\t\t\t\t\t<h3>Adega Maria Chaves - Monte Barro <\/h3>\n\t\t\t\t\t\t\t\t\t\t\t\t\t\t\t<\/div>\n\n\t\t\t\t\t\t\t<div class=\"desc\">\n\t\t\t\t\t\t\t\t<p>A Adega Maria Chaves \u00e9 uma unidade industrial localizada em Monte Barro, Concelho de S\u00e3o Filipe, ilha do Fogo e foi criada em 2009 com o prop\u00f3sito de servir todos os produtores de vinho da ilha em refer\u00eancia.\nA unidade tem uma capacidade de produ\u00e7\u00e3o de cerca de um milh\u00e3o de garrafas\/ano e \u00e9 dotada da mais alta tecnologia italiana de produ\u00e7\u00e3o e controlo de vinho e tem implementado o sistema de controlo da qualidade da produ\u00e7\u00e3o.\nEm 2018 dois dos seus vinhos, O Pico do Fogo e Santa Luzia ganharam medalhas de ouro em concurso internacional no Vale d\u2019Aosta em It\u00e1lia.\n<\/p>\n\t\t\t\t\t\t\t<\/div>\n\n\t\t\t\t\t\t<\/div>\n\t\t\t\t\t<\/div>\n\t\t\t\t\t\t\t\t\t<div class=\"wp-item\">\n\t\t\t\t\t\t<div class=\"wp-content\">\n\t\t\t\t\t\t\t\n\t\t\t\t\t\t\t<div class=\"content\">\n\t\t\t\t\t\t\t\t<div class=\"ova-media\">\n\t\t\t\t\t\t\t\t\t<img src=\"https:\/\/cmsf.cv\/wp-content\/uploads\/2022\/07\/Anotacao-2022-06-30-164113.jpg\" alt=\"\">\n\t\t\t\t\t\t\t\t<\/div>\n\t\t\t\t\t\t\t<\/div>\n\t\t\t\t\t\t<\/div>\n\t\t\t\t\t\t<div class=\"wp-year\">\n\t\t\t\t\t\t\t<span class=\"dot\">\n\t\t\t\t\t\t\t\t<span class=\"dot1\"><\/span>\n\t\t\t\t\t\t\t\t<span  class=\"dot2\"><\/span>\n\t\t\t\t\t\t\t\t<span  class=\"dot3\"><\/span>\n\t\t\t\t\t\t\t\t<span  class=\"dot4\"><\/span>\n\t\t\t\t\t\t\t<\/span>\n\n\t\t\t\t\t\t\t<p class=\"year second_font\">1997<\/p>\n\n\t\t\t\t\t\t\t<div class=\"title\">\n\t\t\t\t\t\t\t\t\t\t\t\t\t\t\t\t\t<h3>Aeroporto de S\u00e3o Filipe <\/h3>\n\t\t\t\t\t\t\t\t\t\t\t\t\t\t\t<\/div>\n\n\t\t\t\t\t\t\t<div class=\"desc\">\n\t\t\t\t\t\t\t\t<p>\nO aer\u00f3dromo de S\u00e3o Filipe \u00e9 a quinta infraestrutura aeroportu\u00e1ria mais utilizado de Cabo Verde. Est\u00e1 localizada na ilha do Fogo e a aproximadamente 2 km a sudeste da cidade de S\u00e3o Filipe. \u00c9 usado apenas para voos dom\u00e9sticos.\n\nO aer\u00f3dromo foi conclu\u00eddo em 1997, substituindo um aer\u00f3dromo de menor dimens\u00e3o no mesmo local, e que servia toda a ilha. A sua pista mede 1.350 metros por 30 metros de largura. A carga m\u00e1xima de roda \u00fanica \u00e9 de 20 toneladas.\n\n<\/p>\n\t\t\t\t\t\t\t<\/div>\n\n\t\t\t\t\t\t<\/div>\n\t\t\t\t\t<\/div>\n\t\t\t\t\t\t\t\t\t<div class=\"wp-item\">\n\t\t\t\t\t\t<div class=\"wp-content\">\n\t\t\t\t\t\t\t\n\t\t\t\t\t\t\t<div class=\"content\">\n\t\t\t\t\t\t\t\t<div class=\"ova-media\">\n\t\t\t\t\t\t\t\t\t<img src=\"https:\/\/cmsf.cv\/wp-content\/uploads\/2022\/07\/3.jpg\" alt=\"\">\n\t\t\t\t\t\t\t\t<\/div>\n\t\t\t\t\t\t\t<\/div>\n\t\t\t\t\t\t<\/div>\n\t\t\t\t\t\t<div class=\"wp-year\">\n\t\t\t\t\t\t\t<span class=\"dot\">\n\t\t\t\t\t\t\t\t<span class=\"dot1\"><\/span>\n\t\t\t\t\t\t\t\t<span  class=\"dot2\"><\/span>\n\t\t\t\t\t\t\t\t<span  class=\"dot3\"><\/span>\n\t\t\t\t\t\t\t\t<span  class=\"dot4\"><\/span>\n\t\t\t\t\t\t\t<\/span>\n\n\t\t\t\t\t\t\t<p class=\"year second_font\">1993<\/p>\n\n\t\t\t\t\t\t\t<div class=\"title\">\n\t\t\t\t\t\t\t\t\t\t\t\t\t\t\t\t\t<h3>Inaugura\u00e7\u00e3o da Escola Secund\u00e1ria Dr. Teixeira de Sousa<\/h3>\n\t\t\t\t\t\t\t\t\t\t\t\t\t\t\t<\/div>\n\n\t\t\t\t\t\t\t<div class=\"desc\">\n\t\t\t\t\t\t\t\t<p>Inaugurada a primeira escola secund\u00e1ria constru\u00edda de raiz na ilha do Fogo que mais tarde, em 28 de setembro de 2005, foi batizada com o nome de Dr. Teixeira de Sousa, em homenagem ao escritor e m\u00e9dico foguense. Desde o in\u00edcio da sua constru\u00e7\u00e3o revelou-se insuficiente para a demanda e em 1999 foi constru\u00eddo o chamado anexo do Meio. Por\u00e9m, antes da constru\u00e7\u00e3o do edif\u00edcio, o liceu come\u00e7ou a funcionar no ano de 1990 no espa\u00e7o conhecido como anexo \u00e0 oficina Central.<\/p>\n\t\t\t\t\t\t\t<\/div>\n\n\t\t\t\t\t\t<\/div>\n\t\t\t\t\t<\/div>\n\t\t\t\t\t\t\t\t\t<div class=\"wp-item\">\n\t\t\t\t\t\t<div class=\"wp-content\">\n\t\t\t\t\t\t\t\n\t\t\t\t\t\t\t<div class=\"content\">\n\t\t\t\t\t\t\t\t<div class=\"ova-media\">\n\t\t\t\t\t\t\t\t\t<img src=\"https:\/\/cmsf.cv\/wp-content\/uploads\/2022\/07\/WhatsApp-Image-2022-01-18-at-00.07.15-1.jpeg\" alt=\"\">\n\t\t\t\t\t\t\t\t<\/div>\n\t\t\t\t\t\t\t<\/div>\n\t\t\t\t\t\t<\/div>\n\t\t\t\t\t\t<div class=\"wp-year\">\n\t\t\t\t\t\t\t<span class=\"dot\">\n\t\t\t\t\t\t\t\t<span class=\"dot1\"><\/span>\n\t\t\t\t\t\t\t\t<span  class=\"dot2\"><\/span>\n\t\t\t\t\t\t\t\t<span  class=\"dot3\"><\/span>\n\t\t\t\t\t\t\t\t<span  class=\"dot4\"><\/span>\n\t\t\t\t\t\t\t<\/span>\n\n\t\t\t\t\t\t\t<p class=\"year second_font\">1991<\/p>\n\n\t\t\t\t\t\t\t<div class=\"title\">\n\t\t\t\t\t\t\t\t\t\t\t\t\t\t\t\t\t<h3>Eleva\u00e7\u00e3o de S\u00e3o Filipe \u00e0 Categoria de Munic\u00edpio<\/h3>\n\t\t\t\t\t\t\t\t\t\t\t\t\t\t\t<\/div>\n\n\t\t\t\t\t\t\t<div class=\"desc\">\n\t\t\t\t\t\t\t\t<p>O munic\u00edpio de S\u00e3o Filipe tem apenas 31 anos (finais de 1991 a 2022). Nasceu na sequ\u00eancia da \u201cdesagrega\u00e7\u00e3o\u201d do ent\u00e3o Concelho do Fogo, dando origem a tr\u00eas munic\u00edpios, Mosteiros (1991\/92) e Santa Catarina (2005). De 1992 a 2005, o seu territ\u00f3rio era maior, porque integrava tamb\u00e9m a freguesia de Santa Catarina, hoje munic\u00edpio com o mesmo nome.<\/p>\n\t\t\t\t\t\t\t<\/div>\n\n\t\t\t\t\t\t<\/div>\n\t\t\t\t\t<\/div>\n\t\t\t\t\t\t\t\t\t<div class=\"wp-item\">\n\t\t\t\t\t\t<div class=\"wp-content\">\n\t\t\t\t\t\t\t\n\t\t\t\t\t\t\t<div class=\"content\">\n\t\t\t\t\t\t\t\t<div class=\"ova-media\">\n\t\t\t\t\t\t\t\t\t<img src=\"https:\/\/cmsf.cv\/wp-content\/uploads\/2022\/08\/cais-antigo-1.jpg\" alt=\"\">\n\t\t\t\t\t\t\t\t<\/div>\n\t\t\t\t\t\t\t<\/div>\n\t\t\t\t\t\t<\/div>\n\t\t\t\t\t\t<div class=\"wp-year\">\n\t\t\t\t\t\t\t<span class=\"dot\">\n\t\t\t\t\t\t\t\t<span class=\"dot1\"><\/span>\n\t\t\t\t\t\t\t\t<span  class=\"dot2\"><\/span>\n\t\t\t\t\t\t\t\t<span  class=\"dot3\"><\/span>\n\t\t\t\t\t\t\t\t<span  class=\"dot4\"><\/span>\n\t\t\t\t\t\t\t<\/span>\n\n\t\t\t\t\t\t\t<p class=\"year second_font\">1968<\/p>\n\n\t\t\t\t\t\t\t<div class=\"title\">\n\t\t\t\t\t\t\t\t\t\t\t\t\t\t\t\t\t<h3>Inaugura\u00e7\u00e3o do Porto de Vale Dos Cavaleiros  <\/h3>\n\t\t\t\t\t\t\t\t\t\t\t\t\t\t\t<\/div>\n\n\t\t\t\t\t\t\t<div class=\"desc\">\n\t\t\t\t\t\t\t\t<p>Porto de Vale dos Cavaleiros inaugurado em 1968, depois destru\u00eddo em 1977, reconstru\u00e7\u00e3o na d\u00e9cada de 90 do s\u00e9culo passado e ampliado na primeira d\u00e9cada do s\u00e9culo XXI, sendo inaugurado o novo Porto de Vale dos Cavaleiros em mar\u00e7o de 2014.<\/p>\n\t\t\t\t\t\t\t<\/div>\n\n\t\t\t\t\t\t<\/div>\n\t\t\t\t\t<\/div>\n\t\t\t\t\t\t\t\t\t<div class=\"wp-item\">\n\t\t\t\t\t\t<div class=\"wp-content\">\n\t\t\t\t\t\t\t\n\t\t\t\t\t\t\t<div class=\"content\">\n\t\t\t\t\t\t\t\t<div class=\"ova-media\">\n\t\t\t\t\t\t\t\t\t<img src=\"https:\/\/cmsf.cv\/wp-content\/uploads\/2022\/07\/maternidade-Henrrique-T.-Sousa-scaled.jpg\" alt=\"\">\n\t\t\t\t\t\t\t\t<\/div>\n\t\t\t\t\t\t\t<\/div>\n\t\t\t\t\t\t<\/div>\n\t\t\t\t\t\t<div class=\"wp-year\">\n\t\t\t\t\t\t\t<span class=\"dot\">\n\t\t\t\t\t\t\t\t<span class=\"dot1\"><\/span>\n\t\t\t\t\t\t\t\t<span  class=\"dot2\"><\/span>\n\t\t\t\t\t\t\t\t<span  class=\"dot3\"><\/span>\n\t\t\t\t\t\t\t\t<span  class=\"dot4\"><\/span>\n\t\t\t\t\t\t\t<\/span>\n\n\t\t\t\t\t\t\t<p class=\"year second_font\">1948<\/p>\n\n\t\t\t\t\t\t\t<div class=\"title\">\n\t\t\t\t\t\t\t\t\t\t\t\t\t\t\t\t\t<h3>Constru\u00e7\u00e3o da Primeira Maternidade<\/h3>\n\t\t\t\t\t\t\t\t\t\t\t\t\t\t\t<\/div>\n\n\t\t\t\t\t\t\t<div class=\"desc\">\n\t\t\t\t\t\t\t\t<p>A Maternidade foi constru\u00edda entre 1948 e 1951, por decis\u00e3o do Delegado de Sa\u00fade de ent\u00e3o, m\u00e9dico e escritor Henrique Teixeira de Sousa e pelo administrador do concelho, Lu\u00eds Silva Rendall.\n \nA maternidade foi inaugurada em 1951 pelo Governador de Cabo Verde, o major e m\u00e9dico Carlos Alberto Alves Ro\u00e7adas.\n \nO hospital s\u00f3 entrou em funcionamento depois de 10 anos. Na \u00e9poca de crise nos anos de 1940, serviu como asilo de numerosos famintos do interior da Ilha do Fogo. \n<\/p>\n\t\t\t\t\t\t\t<\/div>\n\n\t\t\t\t\t\t<\/div>\n\t\t\t\t\t<\/div>\n\t\t\t\t\t\t\t\t\t<div class=\"wp-item\">\n\t\t\t\t\t\t<div class=\"wp-content\">\n\t\t\t\t\t\t\t\n\t\t\t\t\t\t\t<div class=\"content\">\n\t\t\t\t\t\t\t\t<div class=\"ova-media\">\n\t\t\t\t\t\t\t\t\t<img src=\"https:\/\/cmsf.cv\/wp-content\/uploads\/2022\/07\/DJI_0414-scaled.jpg\" alt=\"\">\n\t\t\t\t\t\t\t\t<\/div>\n\t\t\t\t\t\t\t<\/div>\n\t\t\t\t\t\t<\/div>\n\t\t\t\t\t\t<div class=\"wp-year\">\n\t\t\t\t\t\t\t<span class=\"dot\">\n\t\t\t\t\t\t\t\t<span class=\"dot1\"><\/span>\n\t\t\t\t\t\t\t\t<span  class=\"dot2\"><\/span>\n\t\t\t\t\t\t\t\t<span  class=\"dot3\"><\/span>\n\t\t\t\t\t\t\t\t<span  class=\"dot4\"><\/span>\n\t\t\t\t\t\t\t<\/span>\n\n\t\t\t\t\t\t\t<p class=\"year second_font\">1936<\/p>\n\n\t\t\t\t\t\t\t<div class=\"title\">\n\t\t\t\t\t\t\t\t\t\t\t\t\t\t\t\t\t<h3>Constru\u00e7\u00e3o da Pra\u00e7a de Pres\u00eddio\n<\/h3>\n\t\t\t\t\t\t\t\t\t\t\t\t\t\t\t<\/div>\n\n\t\t\t\t\t\t\t<div class=\"desc\">\n\t\t\t\t\t\t\t\t<p>\nAtual Pra\u00e7a de Pres\u00eddio foi mandada a construir pelo administrador do Concelho Lu\u00eds Silva Rendall. Anteriormente e at\u00e9 1940, o lugar era extens\u00e3o da pra\u00e7a militar (pres\u00eddio), onde as tropas se aquartelavam. O Forte de S\u00e3o Sebasti\u00e3o, como se chamava, foi constru\u00eddo, juntamente com o Fortim D. Joaquina Carlota em defesa dos piratas, em 1667 pelo Capit\u00e3o-mor, Christovam de Gouveia Miranda. \n \n  O Pres\u00eddio constru\u00eddo na d\u00e9cada era de formato triangular e pavimentado em pedra, com bancos e dispunha de ilumina\u00e7\u00e3o. \nCom uma superf\u00edcie de mil e 470 metros quadrados foi ampliada em 2006 tendo sido a cal\u00e7ada substitu\u00edda por piso com cimenta\u00e7\u00e3o. \nNo centro existe uma fonte de \u00e1gua (repuxo) e um busto dedicado ao governador Serpa Pinto (1894 \u2013 1897) e foi colocado em homenagem ao trabalho de canaliza\u00e7\u00e3o de \u00e1gua de Aguadinha (nascente na Serra) para o dep\u00f3sito de Aguadinha (Cidade S\u00e3o Filipe).\n\n\n<\/p>\n\t\t\t\t\t\t\t<\/div>\n\n\t\t\t\t\t\t<\/div>\n\t\t\t\t\t<\/div>\n\t\t\t\t\t\t\t\t\t<div class=\"wp-item\">\n\t\t\t\t\t\t<div class=\"wp-content\">\n\t\t\t\t\t\t\t\n\t\t\t\t\t\t\t<div class=\"content\">\n\t\t\t\t\t\t\t\t<div class=\"ova-media\">\n\t\t\t\t\t\t\t\t\t<img src=\"https:\/\/cmsffogo.mobilecv.net\/wp-content\/uploads\/2020\/07\/viberimage25.jpg\" alt=\"\">\n\t\t\t\t\t\t\t\t<\/div>\n\t\t\t\t\t\t\t<\/div>\n\t\t\t\t\t\t<\/div>\n\t\t\t\t\t\t<div class=\"wp-year\">\n\t\t\t\t\t\t\t<span class=\"dot\">\n\t\t\t\t\t\t\t\t<span class=\"dot1\"><\/span>\n\t\t\t\t\t\t\t\t<span  class=\"dot2\"><\/span>\n\t\t\t\t\t\t\t\t<span  class=\"dot3\"><\/span>\n\t\t\t\t\t\t\t\t<span  class=\"dot4\"><\/span>\n\t\t\t\t\t\t\t<\/span>\n\n\t\t\t\t\t\t\t<p class=\"year second_font\">1922<\/p>\n\n\t\t\t\t\t\t\t<div class=\"title\">\n\t\t\t\t\t\t\t\t\t\t\t\t\t\t\t\t\t<h3> Eleva\u00e7\u00e3o \u00e0 Categoria de Cidade<\/h3>\n\t\t\t\t\t\t\t\t\t\t\t\t\t\t\t<\/div>\n\n\t\t\t\t\t\t\t<div class=\"desc\">\n\t\t\t\t\t\t\t\t<p>Foi elevada \u00e0 categoria de cidade em 12 de Julho de 1922, sendo que o diploma legal n\u00famero 2 de 12 de Julho, publicado no Boletim Oficial n\u00famero 28 de 1922, aprovado pelo Conselho Legislativo Colonial, aponta um conjunto de raz\u00f5es para a sua eleva\u00e7\u00e3o \u00e0 categoria de Cidade, nomeadamente o facto de a Vila ter sido contemplada nos \u00faltimos tempos com algumas obras, isto depois de ter jazido, longos anos, no mais censur\u00e1vel esquecimento.<\/p>\n\t\t\t\t\t\t\t<\/div>\n\n\t\t\t\t\t\t<\/div>\n\t\t\t\t\t<\/div>\n\t\t\t\t\t\t\t\t\t<div class=\"wp-item\">\n\t\t\t\t\t\t<div class=\"wp-content\">\n\t\t\t\t\t\t\t\n\t\t\t\t\t\t\t<div class=\"content\">\n\t\t\t\t\t\t\t\t<div class=\"ova-media\">\n\t\t\t\t\t\t\t\t\t<img src=\"https:\/\/cmsf.cv\/wp-content\/uploads\/2022\/08\/Cavalhadas7_large.jpg\" alt=\"\">\n\t\t\t\t\t\t\t\t<\/div>\n\t\t\t\t\t\t\t<\/div>\n\t\t\t\t\t\t<\/div>\n\t\t\t\t\t\t<div class=\"wp-year\">\n\t\t\t\t\t\t\t<span class=\"dot\">\n\t\t\t\t\t\t\t\t<span class=\"dot1\"><\/span>\n\t\t\t\t\t\t\t\t<span  class=\"dot2\"><\/span>\n\t\t\t\t\t\t\t\t<span  class=\"dot3\"><\/span>\n\t\t\t\t\t\t\t\t<span  class=\"dot4\"><\/span>\n\t\t\t\t\t\t\t<\/span>\n\n\t\t\t\t\t\t\t<p class=\"year second_font\">1917<\/p>\n\n\t\t\t\t\t\t\t<div class=\"title\">\n\t\t\t\t\t\t\t\t\t\t\t\t\t\t\t\t\t<h3>Desenterro das Bandeiras de S\u00e3o  Filipe Pelo Grupo de Sete Estelos<\/h3>\n\t\t\t\t\t\t\t\t\t\t\t\t\t\t\t<\/div>\n\n\t\t\t\t\t\t\t<div class=\"desc\">\n\t\t\t\t\t\t\t\t<p>Sete jovens: An\u00edbal Henriques, Alberto Gomes Barbosa, Ant\u00f3nio Henriques, Jo\u00e3o de Sousa Macedo, Jos\u00e9 Em\u00edlio Leite, Manuel Ribeiro de Almeida e Pedro Gomes Barbosa que resolveram enfrentar a lenda que dizia que a bandeira de S\u00e3o Filipe se encontrava enterrada na Igreja. An\u00edbal Henriques, na qualidade de cavaleiro daqueles tempos, uniu-se a mais seis cavaleiros e decididamente resolveram tomar a bandeira, isto \u00e9, resolveram desenterr\u00e1-la. Corria o ano de 1917, quando ele veio de Lisboa, onde tinha acabado de tirar o seu curso comercial. Segundo a referida lenda, quem tomasse a bandeira, morreria. Anibal disse: Se \u00e9 verdade o que diz a lenda, seremos sete homens a morrer; e escolheu logo o nome para o grupo - \u201cSETE ESTRELO\u201d.\nFoi assim que o grupo resolveu enfrentar as prescri\u00e7\u00f5es da lenda. E tomou a bandeira no dia 1 de Maio, dia das Festas de S. Filipe e dia do achamento da ilha que inicialmente se chamava Ilha de S. Filipe (com as sucessivas erup\u00e7\u00f5es vulc\u00e2nicas, a ilha passa a chamar-se, j\u00e1 pelos primeiros povoadores, ilha do Fogo).\n\nUma coisa, por\u00e9m, \u00e9 certa: de 1917 para c\u00e1 a bandeira n\u00e3o mais foi enterrada. H\u00e1 sempre algu\u00e9m que se prontifica para erguer ao alto a bandeira, sempre que esta estiver na imin\u00eancia de ser enterrada na Igreja Matriz. \n\n<\/p>\n\t\t\t\t\t\t\t<\/div>\n\n\t\t\t\t\t\t<\/div>\n\t\t\t\t\t<\/div>\n\t\t\t\t\t\t\t\t\t<div class=\"wp-item\">\n\t\t\t\t\t\t<div class=\"wp-content\">\n\t\t\t\t\t\t\t\n\t\t\t\t\t\t\t<div class=\"content\">\n\t\t\t\t\t\t\t\t<div class=\"ova-media\">\n\t\t\t\t\t\t\t\t\t<img src=\"https:\/\/cmsf.cv\/wp-content\/uploads\/2022\/07\/cemiteria-de-axada-sao-filipe--scaled-e1657129080893.jpg\" alt=\"\">\n\t\t\t\t\t\t\t\t<\/div>\n\t\t\t\t\t\t\t<\/div>\n\t\t\t\t\t\t<\/div>\n\t\t\t\t\t\t<div class=\"wp-year\">\n\t\t\t\t\t\t\t<span class=\"dot\">\n\t\t\t\t\t\t\t\t<span class=\"dot1\"><\/span>\n\t\t\t\t\t\t\t\t<span  class=\"dot2\"><\/span>\n\t\t\t\t\t\t\t\t<span  class=\"dot3\"><\/span>\n\t\t\t\t\t\t\t\t<span  class=\"dot4\"><\/span>\n\t\t\t\t\t\t\t<\/span>\n\n\t\t\t\t\t\t\t<p class=\"year second_font\">1845<\/p>\n\n\t\t\t\t\t\t\t<div class=\"title\">\n\t\t\t\t\t\t\t\t\t\t\t\t\t\t\t\t\t<h3>Cemit\u00e9rio de Branco\/Baixo\/Privado<\/h3>\n\t\t\t\t\t\t\t\t\t\t\t\t\t\t\t<\/div>\n\n\t\t\t\t\t\t\t<div class=\"desc\">\n\t\t\t\t\t\t\t\t<p>Constru\u00eddo depois de 1845, pela fam\u00edlia Monteiro, j\u00e1 que antes os defuntos eram sepultados dentro e\/ou nos \u00e1trios das Igrejas, uma pr\u00e1tica que foi proibida em 1845. Assim, Francisco Jos\u00e9 Sacramento Monteiro, mandou construir um pequeno cerco sobranceiro ao mar para enterrar os mortos da fam\u00edlia. \u00danico cemit\u00e9rio privado de toda a Costa Ocidental Africana. A campa do lado de fora \u00e9 de Leonarda Barbosa Monteiro, que faleceu aos 68 anos, casada com Tadeu Jos\u00e9 do Sacramento Monteiro, que segundo os dados ter\u00e1 falecido a 07 de Mar\u00e7o de 1893. Relacionada com rdts localiza\u00e7\u00e3o h\u00e1 v\u00e1rias teses e coment\u00e1rios.\nA sepultura mais antiga deste cemit\u00e9rio \u00e9 de 1853, o que leva a crer que a sua constru\u00e7\u00e3o foi conclu\u00edda em 1849. No livro de \u00f3bitos se l\u00ea que a 14 de Setembro de 1850 o bispo de Cabo Verde declarou que nos registos de \u00f3bitos fosse dito \u201csepultado no cemit\u00e9rio p\u00fablico desta cidade\u201d.\nAinda hoje \u00e9 conhecido como cemit\u00e9rio dos brancos, talvez por causa das pedras de m\u00e1rmore, um quarto das campas do cemit\u00e9rio era de m\u00e1rmore branco, ou porque, era para as pessoas com mais posse, embora nascida em Cabo Verde.\nEnigmas relacionadas com o cemit\u00e9rio de baixo  - todas as campas est\u00e3o viradas para a porta de entrada porque o enterro era assim, mas h\u00e1 uma campa que esta direccionada para a igreja, a de Monteiro de Macedo, a campa do  Padre Ambr\u00f3sio Fonseca , que faleceu em 1923 est\u00e1 virada ao contr\u00e1rio.\n\n<\/p>\n\t\t\t\t\t\t\t<\/div>\n\n\t\t\t\t\t\t<\/div>\n\t\t\t\t\t<\/div>\n\t\t\t\t\t\t\t\t\t<div class=\"wp-item\">\n\t\t\t\t\t\t<div class=\"wp-content\">\n\t\t\t\t\t\t\t\n\t\t\t\t\t\t\t<div class=\"content\">\n\t\t\t\t\t\t\t\t<div class=\"ova-media\">\n\t\t\t\t\t\t\t\t\t<img src=\"https:\/\/cmsf.cv\/wp-content\/uploads\/2022\/07\/antiga-cadeia--scaled.jpg\" alt=\"\">\n\t\t\t\t\t\t\t\t<\/div>\n\t\t\t\t\t\t\t<\/div>\n\t\t\t\t\t\t<\/div>\n\t\t\t\t\t\t<div class=\"wp-year\">\n\t\t\t\t\t\t\t<span class=\"dot\">\n\t\t\t\t\t\t\t\t<span class=\"dot1\"><\/span>\n\t\t\t\t\t\t\t\t<span  class=\"dot2\"><\/span>\n\t\t\t\t\t\t\t\t<span  class=\"dot3\"><\/span>\n\t\t\t\t\t\t\t\t<span  class=\"dot4\"><\/span>\n\t\t\t\t\t\t\t<\/span>\n\n\t\t\t\t\t\t\t<p class=\"year second_font\">1667 <\/p>\n\n\t\t\t\t\t\t\t<div class=\"title\">\n\t\t\t\t\t\t\t\t\t\t\t\t\t\t\t\t\t<h3>Fortim Carlota Joaquina<\/h3>\n\t\t\t\t\t\t\t\t\t\t\t\t\t\t\t<\/div>\n\n\t\t\t\t\t\t\t<div class=\"desc\">\n\t\t\t\t\t\t\t\t<p>O Fortim Carlota Joaquina foi mandado construir a partir de 1667 pelo Capit\u00e3o-mor Christovam de Gouveia Miranda, em homenagem \u00e0 rainha D. Carlota Joaquina, esposa de D. Jo\u00e3o VI, Rei de Portugal. Gouveia Miranda, nomeado em 29 de Setembro de 1667 por um per\u00edodo de tr\u00eas anos, veio substituir o capit\u00e3o-mor, Ornelas. Mandou construir os dois fortes de S\u00e3o Filipe: Fortim Carlota e S\u00e3o Sebasti\u00e3o (pres\u00eddio) em defesa dos piratas.\n \nNas proximidades do Fortim Carlota existem pe\u00e7as de artilharia pesada (canh\u00f5es) que demonstravam que serviu como ponto de defesa da Vila dos ataques dos cors\u00e1rios.\n \nEm 1764 o capit\u00e3o-mor Marcelino Jos\u00e9 Jorge Henriques, informa no seu relat\u00f3rio que as fortalezas estavam em mau estado, sem seguran\u00e7a, com falta de armas e pe\u00e7as e o forte S\u00e3o Sebasti\u00e3o arruinado. \n \nEm 1870 funcionou como posto aduaneiro, alf\u00e2ndega, mais tarde Botica (hospital), posto policial (depois de 1975) e Cadeia Civil (at\u00e9 2004). No tempo da crise (1940), o administrador Miliciano utilizou como albergue para acolher crian\u00e7as \u00f3rf\u00e3s e abandonadas. Atualmente nas suas instala\u00e7\u00f5es existe um farol para navega\u00e7\u00e3o mar\u00edtima.\n<\/p>\n\t\t\t\t\t\t\t<\/div>\n\n\t\t\t\t\t\t<\/div>\n\t\t\t\t\t<\/div>\n\t\t\t\t\t\t\t\t\t<div class=\"wp-item\">\n\t\t\t\t\t\t<div class=\"wp-content\">\n\t\t\t\t\t\t\t\n\t\t\t\t\t\t\t<div class=\"content\">\n\t\t\t\t\t\t\t\t<div class=\"ova-media\">\n\t\t\t\t\t\t\t\t\t<img src=\"https:\/\/cmsf.cv\/wp-content\/uploads\/2022\/04\/Evolucao-populacional-e1649431883981.jpeg\" alt=\"\">\n\t\t\t\t\t\t\t\t<\/div>\n\t\t\t\t\t\t\t<\/div>\n\t\t\t\t\t\t<\/div>\n\t\t\t\t\t\t<div class=\"wp-year\">\n\t\t\t\t\t\t\t<span class=\"dot\">\n\t\t\t\t\t\t\t\t<span class=\"dot1\"><\/span>\n\t\t\t\t\t\t\t\t<span  class=\"dot2\"><\/span>\n\t\t\t\t\t\t\t\t<span  class=\"dot3\"><\/span>\n\t\t\t\t\t\t\t\t<span  class=\"dot4\"><\/span>\n\t\t\t\t\t\t\t<\/span>\n\n\t\t\t\t\t\t\t<p class=\"year second_font\">1572<\/p>\n\n\t\t\t\t\t\t\t<div class=\"title\">\n\t\t\t\t\t\t\t\t\t\t\t\t\t\t\t\t\t<h3>Evolu\u00e7\u00e3o populacional<\/h3>\n\t\t\t\t\t\t\t\t\t\t\t\t\t\t\t<\/div>\n\n\t\t\t\t\t\t\t<div class=\"desc\">\n\t\t\t\t\t\t\t\t<p>Por volta de 1572, S\u00e3o Filipe tinha cerca de 200 fogos, e S\u00e3o Louren\u00e7o \u00e0 volta de 90 fogos, sendo que em cada um dos fogos ou agregado familiar podiam existir em m\u00e9dia 9 pessoas.<\/p>\n\t\t\t\t\t\t\t<\/div>\n\n\t\t\t\t\t\t<\/div>\n\t\t\t\t\t<\/div>\n\t\t\t\t\t\t\t\t\t<div class=\"wp-item\">\n\t\t\t\t\t\t<div class=\"wp-content\">\n\t\t\t\t\t\t\t\n\t\t\t\t\t\t\t<div class=\"content\">\n\t\t\t\t\t\t\t\t<div class=\"ova-media\">\n\t\t\t\t\t\t\t\t\t<img src=\"https:\/\/cmsffogo.mobilecv.net\/wp-content\/uploads\/2021\/11\/vulcao.jpg\" alt=\"\">\n\t\t\t\t\t\t\t\t<\/div>\n\t\t\t\t\t\t\t<\/div>\n\t\t\t\t\t\t<\/div>\n\t\t\t\t\t\t<div class=\"wp-year\">\n\t\t\t\t\t\t\t<span class=\"dot\">\n\t\t\t\t\t\t\t\t<span class=\"dot1\"><\/span>\n\t\t\t\t\t\t\t\t<span  class=\"dot2\"><\/span>\n\t\t\t\t\t\t\t\t<span  class=\"dot3\"><\/span>\n\t\t\t\t\t\t\t\t<span  class=\"dot4\"><\/span>\n\t\t\t\t\t\t\t<\/span>\n\n\t\t\t\t\t\t\t<p class=\"year second_font\">1500<\/p>\n\n\t\t\t\t\t\t\t<div class=\"title\">\n\t\t\t\t\t\t\t\t\t\t\t\t\t\t\t\t\t<h3>Erup\u00e7\u00e3o Vulc\u00e2nica<\/h3>\n\t\t\t\t\t\t\t\t\t\t\t\t\t\t\t<\/div>\n\n\t\t\t\t\t\t\t<div class=\"desc\">\n\t\t\t\t\t\t\t\t<p>A primeira de que h\u00e1 not\u00edcia.<\/p>\n\t\t\t\t\t\t\t<\/div>\n\n\t\t\t\t\t\t<\/div>\n\t\t\t\t\t<\/div>\n\t\t\t\t\t\t\t\t\t<div class=\"wp-item\">\n\t\t\t\t\t\t<div class=\"wp-content\">\n\t\t\t\t\t\t\t\n\t\t\t\t\t\t\t<div class=\"content\">\n\t\t\t\t\t\t\t\t<div class=\"ova-media\">\n\t\t\t\t\t\t\t\t\t<img src=\"https:\/\/cmsf.cv\/wp-content\/uploads\/2022\/04\/Fundacao-e-povoamento-e1649431828464.jpeg\" alt=\"\">\n\t\t\t\t\t\t\t\t<\/div>\n\t\t\t\t\t\t\t<\/div>\n\t\t\t\t\t\t<\/div>\n\t\t\t\t\t\t<div class=\"wp-year\">\n\t\t\t\t\t\t\t<span class=\"dot\">\n\t\t\t\t\t\t\t\t<span class=\"dot1\"><\/span>\n\t\t\t\t\t\t\t\t<span  class=\"dot2\"><\/span>\n\t\t\t\t\t\t\t\t<span  class=\"dot3\"><\/span>\n\t\t\t\t\t\t\t\t<span  class=\"dot4\"><\/span>\n\t\t\t\t\t\t\t<\/span>\n\n\t\t\t\t\t\t\t<p class=\"year second_font\">1462<\/p>\n\n\t\t\t\t\t\t\t<div class=\"title\">\n\t\t\t\t\t\t\t\t\t\t\t\t\t\t\t\t\t<h3>Funda\u00e7\u00e3o e Povoamento<\/h3>\n\t\t\t\t\t\t\t\t\t\t\t\t\t\t\t<\/div>\n\n\t\t\t\t\t\t\t<div class=\"desc\">\n\t\t\t\t\t\t\t\t<p>S\u00e3o Filipe, capital da ilha, constitui o aglomerado populacional mais antigo de Cabo Verde depois da Ribeira Grande, actual Cidade Velha na ilha de Santiago. A sua funda\u00e7\u00e3o e povoamento ocorreram um quarto de s\u00e9culo ap\u00f3s o descobrimento de Cabo Verde pelos Portugueses em 1460\/62, e ter-se-ia verificado ainda antes de 1493, pois a rela\u00e7\u00e3o de entrega de alguns objectos de culto divino a essa ilha assim deixa pressupor.<\/p>\n\t\t\t\t\t\t\t<\/div>\n\n\t\t\t\t\t\t<\/div>\n\t\t\t\t\t<\/div>\n\t\t\t\t\t\t\t\t\t<\/div>\n\t\t\t\t<\/div>\n\t\t\t\t<\/div>\n\t\t\t\t\t<\/div>\n\t\t<\/div>\n\t\t\t\t\t\t\t<\/div>\n\t\t<\/section>\n\t\t\t\t\t\t<\/div>\n\t\t\t\t\t<\/div>\n\t\t","protected":false},"excerpt":{"rendered":"<p>Hist\u00f3ria O munic\u00edpio de S\u00e3o Filipe, cuja cidade com o mesmo nome, \u00e9 a sua sede e capital da Ilha do Fogo. \u00c9 a principal e a \u00fanica porta de entrada e sa\u00edda devido a localiza\u00e7\u00e3o, no seu territ\u00f3rio municipal, das infraestruturas aeroportu\u00e1rias. Mas n\u00e3o \u00e9 s\u00f3, por isso, que tem uma relev\u00e2ncia a n\u00edvel [&hellip;]<\/p>\n","protected":false},"author":1,"featured_media":8913,"parent":0,"menu_order":102,"comment_status":"closed","ping_status":"closed","template":"elementor_header_footer","meta":[],"acf":[],"wpcf_dashboard":"<div class=\"woocommerce\"><div class=\"woocommerce-info\">Please log in first? <a class=\"wpneoShowLogin\" href=\"#\">Click here to login<\/a><\/div><div class=\"wpneo_login_form_div\" style=\"display: none;\">\n\t\t<form name=\"loginform\" id=\"loginform\" action=\"https:\/\/cmsf.cv\/wp-login.php\" method=\"post\">\n\t\t\t\n\t\t\t<p class=\"login-username\">\n\t\t\t\t<label for=\"user_login\">Nome de utilizador ou endere\u00e7o de email<\/label>\n\t\t\t\t<input type=\"text\" name=\"log\" id=\"user_login\" class=\"input\" value=\"\" size=\"20\" \/>\n\t\t\t<\/p>\n\t\t\t<p class=\"login-password\">\n\t\t\t\t<label for=\"user_pass\">Senha<\/label>\n\t\t\t\t<input type=\"password\" name=\"pwd\" id=\"user_pass\" class=\"input\" value=\"\" size=\"20\" \/>\n\t\t\t<\/p>\n\t\t\t\n\t\t\t<p class=\"login-remember\"><label><input name=\"rememberme\" type=\"checkbox\" id=\"rememberme\" value=\"forever\" \/> Lembrar-me<\/label><\/p>\n\t\t\t<p class=\"login-submit\">\n\t\t\t\t<input type=\"submit\" name=\"wp-submit\" id=\"wp-submit\" class=\"button button-primary\" value=\"Iniciar sess\u00e3o\" \/>\n\t\t\t\t<input type=\"hidden\" name=\"redirect_to\" value=\"https:\/\/cmsf.cv\/index.php\/wp-json\/wp\/v2\/pages\/1265\" \/>\n\t\t\t<\/p>\n\t\t\t\n\t\t<\/form><\/div><\/div>","_links":{"self":[{"href":"https:\/\/cmsf.cv\/index.php\/wp-json\/wp\/v2\/pages\/1265"}],"collection":[{"href":"https:\/\/cmsf.cv\/index.php\/wp-json\/wp\/v2\/pages"}],"about":[{"href":"https:\/\/cmsf.cv\/index.php\/wp-json\/wp\/v2\/types\/page"}],"author":[{"embeddable":true,"href":"https:\/\/cmsf.cv\/index.php\/wp-json\/wp\/v2\/users\/1"}],"replies":[{"embeddable":true,"href":"https:\/\/cmsf.cv\/index.php\/wp-json\/wp\/v2\/comments?post=1265"}],"version-history":[{"count":614,"href":"https:\/\/cmsf.cv\/index.php\/wp-json\/wp\/v2\/pages\/1265\/revisions"}],"predecessor-version":[{"id":16202,"href":"https:\/\/cmsf.cv\/index.php\/wp-json\/wp\/v2\/pages\/1265\/revisions\/16202"}],"wp:featuredmedia":[{"embeddable":true,"href":"https:\/\/cmsf.cv\/index.php\/wp-json\/wp\/v2\/media\/8913"}],"wp:attachment":[{"href":"https:\/\/cmsf.cv\/index.php\/wp-json\/wp\/v2\/media?parent=1265"}],"curies":[{"name":"wp","href":"https:\/\/api.w.org\/{rel}","templated":true}]}}