
{"id":408,"date":"2020-07-22T01:33:54","date_gmt":"2020-07-22T01:33:54","guid":{"rendered":"http:\/\/demo.ovathemes.com\/egovt\/?page_id=408"},"modified":"2025-03-28T13:48:42","modified_gmt":"2025-03-28T14:48:42","slug":"assembleia","status":"publish","type":"page","link":"https:\/\/cmsf.cv\/index.php\/assembleia\/","title":{"rendered":"Assembleia Municipal"},"content":{"rendered":"\t\t<div data-elementor-type=\"wp-page\" data-elementor-id=\"408\" class=\"elementor elementor-408\" data-elementor-settings=\"[]\">\n\t\t\t\t\t\t\t<div class=\"elementor-section-wrap\">\n\t\t\t\t\t\t\t<section class=\"elementor-section elementor-top-section elementor-element elementor-element-1027777 elementor-section-boxed elementor-section-height-default elementor-section-height-default\" data-id=\"1027777\" data-element_type=\"section\" data-settings=\"{&quot;jet_parallax_layout_list&quot;:[{&quot;jet_parallax_layout_image&quot;:{&quot;url&quot;:&quot;&quot;,&quot;id&quot;:&quot;&quot;},&quot;_id&quot;:&quot;126f34d&quot;,&quot;jet_parallax_layout_image_tablet&quot;:{&quot;url&quot;:&quot;&quot;,&quot;id&quot;:&quot;&quot;},&quot;jet_parallax_layout_image_mobile&quot;:{&quot;url&quot;:&quot;&quot;,&quot;id&quot;:&quot;&quot;},&quot;jet_parallax_layout_speed&quot;:{&quot;unit&quot;:&quot;%&quot;,&quot;size&quot;:50,&quot;sizes&quot;:[]},&quot;jet_parallax_layout_type&quot;:&quot;scroll&quot;,&quot;jet_parallax_layout_direction&quot;:null,&quot;jet_parallax_layout_fx_direction&quot;:null,&quot;jet_parallax_layout_z_index&quot;:&quot;&quot;,&quot;jet_parallax_layout_bg_x&quot;:50,&quot;jet_parallax_layout_bg_x_tablet&quot;:&quot;&quot;,&quot;jet_parallax_layout_bg_x_mobile&quot;:&quot;&quot;,&quot;jet_parallax_layout_bg_y&quot;:50,&quot;jet_parallax_layout_bg_y_tablet&quot;:&quot;&quot;,&quot;jet_parallax_layout_bg_y_mobile&quot;:&quot;&quot;,&quot;jet_parallax_layout_bg_size&quot;:&quot;auto&quot;,&quot;jet_parallax_layout_bg_size_tablet&quot;:&quot;&quot;,&quot;jet_parallax_layout_bg_size_mobile&quot;:&quot;&quot;,&quot;jet_parallax_layout_animation_prop&quot;:&quot;transform&quot;,&quot;jet_parallax_layout_on&quot;:[&quot;desktop&quot;,&quot;tablet&quot;]}]}\">\n\t\t\t\t\t\t<div class=\"elementor-container elementor-column-gap-default\">\n\t\t\t\t\t<div class=\"elementor-column elementor-col-100 elementor-top-column elementor-element elementor-element-54f8987\" data-id=\"54f8987\" data-element_type=\"column\">\n\t\t\t<div class=\"elementor-widget-wrap elementor-element-populated\">\n\t\t\t\t\t\t\t\t<div class=\"elementor-element elementor-element-f3aa93b elementor-widget elementor-widget-ova_heading\" data-id=\"f3aa93b\" data-element_type=\"widget\" data-widget_type=\"ova_heading.default\">\n\t\t\t\t<div class=\"elementor-widget-container\">\n\t\t\t\t\t<div class=\"ova-heading\">\n\t\t\t\n\t\t\t\t\t\t\t<h3 class=\"title second_font\">Assembleia Municipal<\/h3>\n\t\t\t\n\t\t\t\t\t\t\t<p class=\"sub-title \">Composi\u00e7\u00e3o da Assembleia Municipal de S\u00e3o Filipe<\/p>\n\t\t\t\n\t\t<\/div>\n\t\t\t\t<\/div>\n\t\t\t\t<\/div>\n\t\t\t\t<div class=\"elementor-element elementor-element-3ee5188 elementor-widget-divider--view-line_icon elementor-view-default elementor-widget-divider--element-align-center elementor-widget elementor-widget-divider\" data-id=\"3ee5188\" data-element_type=\"widget\" data-widget_type=\"divider.default\">\n\t\t\t\t<div class=\"elementor-widget-container\">\n\t\t\t\t\t<div class=\"elementor-divider\">\n\t\t\t<span class=\"elementor-divider-separator\">\n\t\t\t\t\t\t\t<div class=\"elementor-icon elementor-divider__element\">\n\t\t\t\t\t<i aria-hidden=\"true\" class=\"fas fa-users\"><\/i><\/div>\n\t\t\t\t\t\t<\/span>\n\t\t<\/div>\n\t\t\t\t<\/div>\n\t\t\t\t<\/div>\n\t\t\t\t\t<\/div>\n\t\t<\/div>\n\t\t\t\t\t\t\t<\/div>\n\t\t<\/section>\n\t\t\t\t<section class=\"elementor-section elementor-top-section elementor-element elementor-element-5609945 elementor-section-boxed elementor-section-height-default elementor-section-height-default\" data-id=\"5609945\" data-element_type=\"section\" data-settings=\"{&quot;jet_parallax_layout_list&quot;:[{&quot;jet_parallax_layout_image&quot;:{&quot;url&quot;:&quot;&quot;,&quot;id&quot;:&quot;&quot;},&quot;_id&quot;:&quot;b2261d6&quot;,&quot;jet_parallax_layout_image_tablet&quot;:{&quot;url&quot;:&quot;&quot;,&quot;id&quot;:&quot;&quot;},&quot;jet_parallax_layout_image_mobile&quot;:{&quot;url&quot;:&quot;&quot;,&quot;id&quot;:&quot;&quot;},&quot;jet_parallax_layout_speed&quot;:{&quot;unit&quot;:&quot;%&quot;,&quot;size&quot;:50,&quot;sizes&quot;:[]},&quot;jet_parallax_layout_type&quot;:&quot;scroll&quot;,&quot;jet_parallax_layout_direction&quot;:null,&quot;jet_parallax_layout_fx_direction&quot;:null,&quot;jet_parallax_layout_z_index&quot;:&quot;&quot;,&quot;jet_parallax_layout_bg_x&quot;:50,&quot;jet_parallax_layout_bg_x_tablet&quot;:&quot;&quot;,&quot;jet_parallax_layout_bg_x_mobile&quot;:&quot;&quot;,&quot;jet_parallax_layout_bg_y&quot;:50,&quot;jet_parallax_layout_bg_y_tablet&quot;:&quot;&quot;,&quot;jet_parallax_layout_bg_y_mobile&quot;:&quot;&quot;,&quot;jet_parallax_layout_bg_size&quot;:&quot;auto&quot;,&quot;jet_parallax_layout_bg_size_tablet&quot;:&quot;&quot;,&quot;jet_parallax_layout_bg_size_mobile&quot;:&quot;&quot;,&quot;jet_parallax_layout_animation_prop&quot;:&quot;transform&quot;,&quot;jet_parallax_layout_on&quot;:[&quot;desktop&quot;,&quot;tablet&quot;]}]}\">\n\t\t\t\t\t\t<div class=\"elementor-container elementor-column-gap-default\">\n\t\t\t\t\t<div class=\"elementor-column elementor-col-33 elementor-top-column elementor-element elementor-element-92aa0b7\" data-id=\"92aa0b7\" data-element_type=\"column\">\n\t\t\t<div class=\"elementor-widget-wrap elementor-element-populated\">\n\t\t\t\t\t\t\t\t<div class=\"elementor-element elementor-element-ed5141f elementor-widget elementor-widget-image\" data-id=\"ed5141f\" data-element_type=\"widget\" data-widget_type=\"image.default\">\n\t\t\t\t<div class=\"elementor-widget-container\">\n\t\t\t\t\t\t\t\t\t\t\t\t\t\t\t\t<a href=\"https:\/\/cmsf.cv\/index.php\/team\/luis-antonio-nunes-de-pina\/\">\n\t\t\t\t\t\t\t<img width=\"683\" height=\"688\" src=\"https:\/\/cmsf.cv\/wp-content\/uploads\/2025\/03\/IMG_1477-1.png\" class=\"attachment-large size-large\" alt=\"\" loading=\"lazy\" srcset=\"https:\/\/cmsf.cv\/wp-content\/uploads\/2025\/03\/IMG_1477-1.png 683w, https:\/\/cmsf.cv\/wp-content\/uploads\/2025\/03\/IMG_1477-1-298x300.png 298w, https:\/\/cmsf.cv\/wp-content\/uploads\/2025\/03\/IMG_1477-1-150x150.png 150w, https:\/\/cmsf.cv\/wp-content\/uploads\/2025\/03\/IMG_1477-1-596x600.png 596w, https:\/\/cmsf.cv\/wp-content\/uploads\/2025\/03\/IMG_1477-1-556x560.png 556w, https:\/\/cmsf.cv\/wp-content\/uploads\/2025\/03\/IMG_1477-1-300x302.png 300w, https:\/\/cmsf.cv\/wp-content\/uploads\/2025\/03\/IMG_1477-1-600x604.png 600w, https:\/\/cmsf.cv\/wp-content\/uploads\/2025\/03\/IMG_1477-1-100x100.png 100w\" sizes=\"(max-width: 683px) 100vw, 683px\" \/>\t\t\t\t\t\t\t\t<\/a>\n\t\t\t\t\t\t\t\t\t\t\t\t\t\t\t<\/div>\n\t\t\t\t<\/div>\n\t\t\t\t<div class=\"elementor-element elementor-element-b0a0ab2 elementor-widget elementor-widget-ova_heading\" data-id=\"b0a0ab2\" data-element_type=\"widget\" data-widget_type=\"ova_heading.default\">\n\t\t\t\t<div class=\"elementor-widget-container\">\n\t\t\t\t\t<div class=\"ova-heading\">\n\t\t\t\n\t\t\t\t\t\t\t<h3 class=\"title second_font\">Luis Ant\u00f3nio Nunes de Pina <\/h3>\n\t\t\t\n\t\t\t\t\t\t\t<h2 class=\"sub-title \">Presidente<\/h2>\n\t\t\t\n\t\t<\/div>\n\t\t\t\t<\/div>\n\t\t\t\t<\/div>\n\t\t\t\t<div class=\"elementor-element elementor-element-ed6dfe1 elementor-widget elementor-widget-text-editor\" data-id=\"ed6dfe1\" data-element_type=\"widget\" data-widget_type=\"text-editor.default\">\n\t\t\t\t<div class=\"elementor-widget-container\">\n\t\t\t\t\t\t\t\t<p><label>Email: <\/label> <a href=\"mailto:luisnunes16@hotmail.com\">luisnunes16@hotmail.com<\/a><\/p>\t\t\t\t\t\t<\/div>\n\t\t\t\t<\/div>\n\t\t\t\t\t<\/div>\n\t\t<\/div>\n\t\t\t\t<div class=\"elementor-column elementor-col-66 elementor-top-column elementor-element elementor-element-5708ad2\" data-id=\"5708ad2\" data-element_type=\"column\">\n\t\t\t<div class=\"elementor-widget-wrap elementor-element-populated\">\n\t\t\t\t\t\t\t\t<div class=\"elementor-element elementor-element-46d14d0 elementor-widget elementor-widget-text-editor\" data-id=\"46d14d0\" data-element_type=\"widget\" data-widget_type=\"text-editor.default\">\n\t\t\t\t<div class=\"elementor-widget-container\">\n\t\t\t\t\t\t\t\t<p><strong>Lu\u00eds Nunes<\/strong> \u00e9 licenciado em Supervis\u00e3o e Desenvolvimento Curricular pelo Instituto Polit\u00e9cnico de Leiria \u2013 Portugal, Professor na Escola Secund\u00e1ria Dr. Teixeira de Sousa desde 1992, foi tamb\u00e9m Delegado do Minist\u00e9rio da Educa\u00e7\u00e3o e Desporto nos Concelhos de S\u00e3o Filipe e Santa Catarina do Fogo (2011 a 2016), Diretor da Escola Secund\u00e1ria \u201cDr. Teixeira de Sousa\u201d (2002 a 2011), atualmente Presidente da Assembleia Municipal de S\u00e3o Filipe depois das elei\u00e7\u00f5es aut\u00e1rquicas de 2020.<\/p>\t\t\t\t\t\t<\/div>\n\t\t\t\t<\/div>\n\t\t\t\t\t<\/div>\n\t\t<\/div>\n\t\t\t\t\t\t\t<\/div>\n\t\t<\/section>\n\t\t\t\t<section class=\"elementor-section elementor-top-section elementor-element elementor-element-9b70712 elementor-section-boxed elementor-section-height-default elementor-section-height-default\" data-id=\"9b70712\" data-element_type=\"section\" data-settings=\"{&quot;background_background&quot;:&quot;gradient&quot;,&quot;jet_parallax_layout_list&quot;:[{&quot;jet_parallax_layout_image&quot;:{&quot;url&quot;:&quot;&quot;,&quot;id&quot;:&quot;&quot;},&quot;_id&quot;:&quot;31015ea&quot;,&quot;jet_parallax_layout_image_tablet&quot;:{&quot;url&quot;:&quot;&quot;,&quot;id&quot;:&quot;&quot;},&quot;jet_parallax_layout_image_mobile&quot;:{&quot;url&quot;:&quot;&quot;,&quot;id&quot;:&quot;&quot;},&quot;jet_parallax_layout_speed&quot;:{&quot;unit&quot;:&quot;%&quot;,&quot;size&quot;:50,&quot;sizes&quot;:[]},&quot;jet_parallax_layout_type&quot;:&quot;scroll&quot;,&quot;jet_parallax_layout_direction&quot;:null,&quot;jet_parallax_layout_fx_direction&quot;:null,&quot;jet_parallax_layout_z_index&quot;:&quot;&quot;,&quot;jet_parallax_layout_bg_x&quot;:50,&quot;jet_parallax_layout_bg_x_tablet&quot;:&quot;&quot;,&quot;jet_parallax_layout_bg_x_mobile&quot;:&quot;&quot;,&quot;jet_parallax_layout_bg_y&quot;:50,&quot;jet_parallax_layout_bg_y_tablet&quot;:&quot;&quot;,&quot;jet_parallax_layout_bg_y_mobile&quot;:&quot;&quot;,&quot;jet_parallax_layout_bg_size&quot;:&quot;auto&quot;,&quot;jet_parallax_layout_bg_size_tablet&quot;:&quot;&quot;,&quot;jet_parallax_layout_bg_size_mobile&quot;:&quot;&quot;,&quot;jet_parallax_layout_animation_prop&quot;:&quot;transform&quot;,&quot;jet_parallax_layout_on&quot;:[&quot;desktop&quot;,&quot;tablet&quot;]}]}\">\n\t\t\t\t\t\t\t<div class=\"elementor-background-overlay\"><\/div>\n\t\t\t\t\t\t\t<div class=\"elementor-container elementor-column-gap-default\">\n\t\t\t\t\t<div class=\"elementor-column elementor-col-100 elementor-top-column elementor-element elementor-element-183c5c1\" data-id=\"183c5c1\" data-element_type=\"column\">\n\t\t\t<div class=\"elementor-widget-wrap elementor-element-populated\">\n\t\t\t\t\t\t\t\t<div class=\"elementor-element elementor-element-6d7d70e elementor-widget elementor-widget-heading\" data-id=\"6d7d70e\" data-element_type=\"widget\" data-widget_type=\"heading.default\">\n\t\t\t\t<div class=\"elementor-widget-container\">\n\t\t\t<h2 class=\"elementor-heading-title elementor-size-default\">Deputados  do PAICV<\/h2>\t\t<\/div>\n\t\t\t\t<\/div>\n\t\t\t\t<div class=\"elementor-element elementor-element-b63f762 elementor-widget elementor-widget-ova_team\" data-id=\"b63f762\" data-element_type=\"widget\" data-widget_type=\"ova_team.default\">\n\t\t\t\t<div class=\"elementor-widget-container\">\n\t\t\t\n\n\t\t<div class=\"archive_team elementor-team three_column\">\n\t\t\t<div class=\"content\">\n\t\t\t\t\n\t\t\t\t\t<div class=\"items elementor-items\">\n\t\t\t\t\t\t\n\t\t\t\t\t\t<div class=\"content_info\">\n\t\t\t\t\t\t\t<div class=\"ova-media\">\n\t\t\t\t\t\t\t\t\t\t\t\t\t\t\t\t\t<a href=\"https:\/\/cmsf.cv\/index.php\/team\/henriqueta-goncalves-mendes-cardoso\/\">\n\t\t\t\t\t\t\t\t\t\t<img src=\"https:\/\/cmsf.cv\/wp-content\/uploads\/2021\/08\/Henriqueta-Cardoso.jpg\" class=\"img-responsive\" alt=\"Henriqueta Gon\u00e7alves Mendes Cardoso\">\n\t\t\t\t\t\t\t\t\t<\/a>\n\t\t\t\t\t\t\t\t\t\t\t\t\t\t\t<\/div>\n\t\t\t\t\t\t\t<div class=\"ova-info-content\">\n\n\t\t\t\t\t\t\t\t\t\t\t\t\t\t\t\t\t\t\t\t\t\t\t\t<a href=\"https:\/\/cmsf.cv\/index.php\/team\/henriqueta-goncalves-mendes-cardoso\/\" class=\"name second_font\" >\n\t\t\t\t\t\t\t\t\tHenriqueta Gon\u00e7alves Mendes Cardoso\t\t\t\t\t\t\t\t<\/a>\n\t\t\t\t\t\t\t\t\n\t\t\t\t\t\t\t\t\t\t\t\t\t\t\t\t\t<p class=\"job\">\n\t\t\t\t\t\t\t\t\t\tSecretaria da Mesa\t\t\t\t\t\t\t\t\t<\/p>\n\t\t\t\t\t\t\t\t\n\t\t\t\t\t\t\t\t\t\t\t\t\t\t\t\t\t<div class=\"ova-email\">\n\t\t\t\t\t\t\t\t\t\t<i class=\"fa fa-envelope-o\"><\/i>\n\t\t\t\t\t\t\t\t\t\t<a href=\"mailto:vagalumeturismo78@gmail.com\" >vagalumeturismo78@gmail.com<\/a>\n\t\t\t\t\t\t\t\t\t<\/div>\n\t\t\t\t\t\t\t\t\t\t\t\t\t\t\t\t\n\t\t\t\t\t\t\t\t\n\n\t\t\t\t\t\t\t<\/div>\n\t\t\t\t\t\t<\/div>\n\n\t\t\t\t\t<\/div>\n\n\t\t\t\t\n\t\t\t\t\t<div class=\"items elementor-items\">\n\t\t\t\t\t\t\n\t\t\t\t\t\t<div class=\"content_info\">\n\t\t\t\t\t\t\t<div class=\"ova-media\">\n\t\t\t\t\t\t\t\t\t\t\t\t\t\t\t\t\t<a href=\"https:\/\/cmsf.cv\/index.php\/team\/ilidio-barros-de-pina-silva\/\">\n\t\t\t\t\t\t\t\t\t\t<img src=\"https:\/\/cmsf.cv\/wp-content\/uploads\/2021\/08\/Ilidio-Pina.jpg\" class=\"img-responsive\" alt=\"Ilidio Barros de Pina Silva\">\n\t\t\t\t\t\t\t\t\t<\/a>\n\t\t\t\t\t\t\t\t\t\t\t\t\t\t\t<\/div>\n\t\t\t\t\t\t\t<div class=\"ova-info-content\">\n\n\t\t\t\t\t\t\t\t\t\t\t\t\t\t\t\t\t\t\t\t\t\t\t\t<a href=\"https:\/\/cmsf.cv\/index.php\/team\/ilidio-barros-de-pina-silva\/\" class=\"name second_font\" >\n\t\t\t\t\t\t\t\t\tIlidio Barros de Pina Silva\t\t\t\t\t\t\t\t<\/a>\n\t\t\t\t\t\t\t\t\n\t\t\t\t\t\t\t\t\t\t\t\t\t\t\t\t\t<p class=\"job\">\n\t\t\t\t\t\t\t\t\t\tDeputado\t\t\t\t\t\t\t\t\t<\/p>\n\t\t\t\t\t\t\t\t\n\t\t\t\t\t\t\t\t\t\t\t\t\t\t\t\t\t<div class=\"ova-email\">\n\t\t\t\t\t\t\t\t\t\t<i class=\"fa fa-envelope-o\"><\/i>\n\t\t\t\t\t\t\t\t\t\t<a href=\"mailto:ilidio.cv@hotmail.com\" >ilidio.cv@hotmail.com<\/a>\n\t\t\t\t\t\t\t\t\t<\/div>\n\t\t\t\t\t\t\t\t\t\t\t\t\t\t\t\t\n\t\t\t\t\t\t\t\t\n\n\t\t\t\t\t\t\t<\/div>\n\t\t\t\t\t\t<\/div>\n\n\t\t\t\t\t<\/div>\n\n\t\t\t\t\n\t\t\t\t\t<div class=\"items elementor-items\">\n\t\t\t\t\t\t\n\t\t\t\t\t\t<div class=\"content_info\">\n\t\t\t\t\t\t\t<div class=\"ova-media\">\n\t\t\t\t\t\t\t\t\t\t\t\t\t\t\t\t\t<a href=\"https:\/\/cmsf.cv\/index.php\/team\/neusa-mariza-pires-lopes-de-pina\/\">\n\t\t\t\t\t\t\t\t\t\t<img src=\"https:\/\/cmsf.cv\/wp-content\/uploads\/2021\/08\/Neusa-Pina.jpg\" class=\"img-responsive\" alt=\"Neusa Mariza Pires Lopes de Pina\">\n\t\t\t\t\t\t\t\t\t<\/a>\n\t\t\t\t\t\t\t\t\t\t\t\t\t\t\t<\/div>\n\t\t\t\t\t\t\t<div class=\"ova-info-content\">\n\n\t\t\t\t\t\t\t\t\t\t\t\t\t\t\t\t\t\t\t\t\t\t\t\t<a href=\"https:\/\/cmsf.cv\/index.php\/team\/neusa-mariza-pires-lopes-de-pina\/\" class=\"name second_font\" >\n\t\t\t\t\t\t\t\t\tNeusa Mariza Pires Lopes de Pina\t\t\t\t\t\t\t\t<\/a>\n\t\t\t\t\t\t\t\t\n\t\t\t\t\t\t\t\t\t\t\t\t\t\t\t\t\t<p class=\"job\">\n\t\t\t\t\t\t\t\t\t\tDeputada\t\t\t\t\t\t\t\t\t<\/p>\n\t\t\t\t\t\t\t\t\n\t\t\t\t\t\t\t\t\t\t\t\t\t\t\t\t\t<div class=\"ova-email\">\n\t\t\t\t\t\t\t\t\t\t<i class=\"fa fa-envelope-o\"><\/i>\n\t\t\t\t\t\t\t\t\t\t<a href=\"mailto:neusa.pina@me.gov.cv\" >neusa.pina@me.gov.cv<\/a>\n\t\t\t\t\t\t\t\t\t<\/div>\n\t\t\t\t\t\t\t\t\t\t\t\t\t\t\t\t\n\t\t\t\t\t\t\t\t\n\n\t\t\t\t\t\t\t<\/div>\n\t\t\t\t\t\t<\/div>\n\n\t\t\t\t\t<\/div>\n\n\t\t\t\t\n\t\t\t\t\t<div class=\"items elementor-items\">\n\t\t\t\t\t\t\n\t\t\t\t\t\t<div class=\"content_info\">\n\t\t\t\t\t\t\t<div class=\"ova-media\">\n\t\t\t\t\t\t\t\t\t\t\t\t\t\t\t\t\t<a href=\"https:\/\/cmsf.cv\/index.php\/team\/nilton-sebastiao-mendes-lopes\/\">\n\t\t\t\t\t\t\t\t\t\t<img src=\"https:\/\/cmsf.cv\/wp-content\/uploads\/2021\/08\/Nilton-Lopes.jpg\" class=\"img-responsive\" alt=\"Nilton Sebasti\u00e3o Mendes Lopes\">\n\t\t\t\t\t\t\t\t\t<\/a>\n\t\t\t\t\t\t\t\t\t\t\t\t\t\t\t<\/div>\n\t\t\t\t\t\t\t<div class=\"ova-info-content\">\n\n\t\t\t\t\t\t\t\t\t\t\t\t\t\t\t\t\t\t\t\t\t\t\t\t<a href=\"https:\/\/cmsf.cv\/index.php\/team\/nilton-sebastiao-mendes-lopes\/\" class=\"name second_font\" >\n\t\t\t\t\t\t\t\t\tNilton Sebasti\u00e3o Mendes Lopes\t\t\t\t\t\t\t\t<\/a>\n\t\t\t\t\t\t\t\t\n\t\t\t\t\t\t\t\t\t\t\t\t\t\t\t\t\t<p class=\"job\">\n\t\t\t\t\t\t\t\t\t\tLider da Bancada do PAICV\t\t\t\t\t\t\t\t\t<\/p>\n\t\t\t\t\t\t\t\t\n\t\t\t\t\t\t\t\t\t\t\t\t\t\t\t\t\t<div class=\"ova-email\">\n\t\t\t\t\t\t\t\t\t\t<i class=\"fa fa-envelope-o\"><\/i>\n\t\t\t\t\t\t\t\t\t\t<a href=\"mailto:nilton.s.lopes@me.gov.cv\" >nilton.s.lopes@me.gov.cv<\/a>\n\t\t\t\t\t\t\t\t\t<\/div>\n\t\t\t\t\t\t\t\t\t\t\t\t\t\t\t\t\n\t\t\t\t\t\t\t\t\n\n\t\t\t\t\t\t\t<\/div>\n\t\t\t\t\t\t<\/div>\n\n\t\t\t\t\t<\/div>\n\n\t\t\t\t\n\t\t\t\t\t<div class=\"items elementor-items\">\n\t\t\t\t\t\t\n\t\t\t\t\t\t<div class=\"content_info\">\n\t\t\t\t\t\t\t<div class=\"ova-media\">\n\t\t\t\t\t\t\t\t\t\t\t\t\t\t\t\t\t<a href=\"https:\/\/cmsf.cv\/index.php\/team\/joao-antonio-silva-de-pina\/\">\n\t\t\t\t\t\t\t\t\t\t<img src=\"https:\/\/cmsf.cv\/wp-content\/uploads\/2021\/08\/Almeida-Louro.jpg\" class=\"img-responsive\" alt=\"Almeida Alberto dos Santos Gon\u00e7alves Louro\">\n\t\t\t\t\t\t\t\t\t<\/a>\n\t\t\t\t\t\t\t\t\t\t\t\t\t\t\t<\/div>\n\t\t\t\t\t\t\t<div class=\"ova-info-content\">\n\n\t\t\t\t\t\t\t\t\t\t\t\t\t\t\t\t\t\t\t\t\t\t\t\t<a href=\"https:\/\/cmsf.cv\/index.php\/team\/joao-antonio-silva-de-pina\/\" class=\"name second_font\" >\n\t\t\t\t\t\t\t\t\tAlmeida Alberto dos Santos Gon\u00e7alves Louro\t\t\t\t\t\t\t\t<\/a>\n\t\t\t\t\t\t\t\t\n\t\t\t\t\t\t\t\t\t\t\t\t\t\t\t\t\t<p class=\"job\">\n\t\t\t\t\t\t\t\t\t\tVice - Presidente\t\t\t\t\t\t\t\t\t<\/p>\n\t\t\t\t\t\t\t\t\n\t\t\t\t\t\t\t\t\t\t\t\t\t\t\t\t\n\t\t\t\t\t\t\t\t\n\n\t\t\t\t\t\t\t<\/div>\n\t\t\t\t\t\t<\/div>\n\n\t\t\t\t\t<\/div>\n\n\t\t\t\t\n\t\t\t\t\t<div class=\"items elementor-items\">\n\t\t\t\t\t\t\n\t\t\t\t\t\t<div class=\"content_info\">\n\t\t\t\t\t\t\t<div class=\"ova-media\">\n\t\t\t\t\t\t\t\t\t\t\t\t\t\t\t\t\t<a href=\"https:\/\/cmsf.cv\/index.php\/team\/joanilda-lucia-silva-alves\/\">\n\t\t\t\t\t\t\t\t\t\t<img src=\"https:\/\/cmsf.cv\/wp-content\/uploads\/2021\/08\/Lila-Pires.jpg\" class=\"img-responsive\" alt=\"Lila Cristina Cardoso Pires\">\n\t\t\t\t\t\t\t\t\t<\/a>\n\t\t\t\t\t\t\t\t\t\t\t\t\t\t\t<\/div>\n\t\t\t\t\t\t\t<div class=\"ova-info-content\">\n\n\t\t\t\t\t\t\t\t\t\t\t\t\t\t\t\t\t\t\t\t\t\t\t\t<a href=\"https:\/\/cmsf.cv\/index.php\/team\/joanilda-lucia-silva-alves\/\" class=\"name second_font\" >\n\t\t\t\t\t\t\t\t\tLila Cristina Cardoso Pires\t\t\t\t\t\t\t\t<\/a>\n\t\t\t\t\t\t\t\t\n\t\t\t\t\t\t\t\t\t\t\t\t\t\t\t\t\t<p class=\"job\">\n\t\t\t\t\t\t\t\t\t\tDeputada\t\t\t\t\t\t\t\t\t<\/p>\n\t\t\t\t\t\t\t\t\n\t\t\t\t\t\t\t\t\t\t\t\t\t\t\t\t\n\t\t\t\t\t\t\t\t\n\n\t\t\t\t\t\t\t<\/div>\n\t\t\t\t\t\t<\/div>\n\n\t\t\t\t\t<\/div>\n\n\t\t\t\t\n\t\t\t\t\t<div class=\"items elementor-items\">\n\t\t\t\t\t\t\n\t\t\t\t\t\t<div class=\"content_info\">\n\t\t\t\t\t\t\t<div class=\"ova-media\">\n\t\t\t\t\t\t\t\t\t\t\t\t\t\t\t\t\t<a href=\"https:\/\/cmsf.cv\/index.php\/team\/amilcar-silva-brandao-lopes\/\">\n\t\t\t\t\t\t\t\t\t\t<img src=\"https:\/\/cmsf.cv\/wp-content\/uploads\/2021\/08\/Joao-Pedro-Barbosa.jpg\" class=\"img-responsive\" alt=\"Jo\u00e3o Pedro Rodrigues Barbosa\">\n\t\t\t\t\t\t\t\t\t<\/a>\n\t\t\t\t\t\t\t\t\t\t\t\t\t\t\t<\/div>\n\t\t\t\t\t\t\t<div class=\"ova-info-content\">\n\n\t\t\t\t\t\t\t\t\t\t\t\t\t\t\t\t\t\t\t\t\t\t\t\t<a href=\"https:\/\/cmsf.cv\/index.php\/team\/amilcar-silva-brandao-lopes\/\" class=\"name second_font\" >\n\t\t\t\t\t\t\t\t\tJo\u00e3o Pedro Rodrigues Barbosa\t\t\t\t\t\t\t\t<\/a>\n\t\t\t\t\t\t\t\t\n\t\t\t\t\t\t\t\t\t\t\t\t\t\t\t\t\t<p class=\"job\">\n\t\t\t\t\t\t\t\t\t\tDeputado\t\t\t\t\t\t\t\t\t<\/p>\n\t\t\t\t\t\t\t\t\n\t\t\t\t\t\t\t\t\t\t\t\t\t\t\t\t\n\t\t\t\t\t\t\t\t\n\n\t\t\t\t\t\t\t<\/div>\n\t\t\t\t\t\t<\/div>\n\n\t\t\t\t\t<\/div>\n\n\t\t\t\t\n\t\t\t\t\t<div class=\"items elementor-items\">\n\t\t\t\t\t\t\n\t\t\t\t\t\t<div class=\"content_info\">\n\t\t\t\t\t\t\t<div class=\"ova-media\">\n\t\t\t\t\t\t\t\t\t\t\t\t\t\t\t\t\t<a href=\"https:\/\/cmsf.cv\/index.php\/team\/eduardo-bernardino-monteiro-brandao\/\">\n\t\t\t\t\t\t\t\t\t\t<img src=\"https:\/\/cmsf.cv\/wp-content\/uploads\/2021\/08\/Sofia-Gomes.jpg\" class=\"img-responsive\" alt=\"Sofia J\u00f3nia Silva Andrade Gomes\">\n\t\t\t\t\t\t\t\t\t<\/a>\n\t\t\t\t\t\t\t\t\t\t\t\t\t\t\t<\/div>\n\t\t\t\t\t\t\t<div class=\"ova-info-content\">\n\n\t\t\t\t\t\t\t\t\t\t\t\t\t\t\t\t\t\t\t\t\t\t\t\t<a href=\"https:\/\/cmsf.cv\/index.php\/team\/eduardo-bernardino-monteiro-brandao\/\" class=\"name second_font\" >\n\t\t\t\t\t\t\t\t\tSofia J\u00f3nia Silva Andrade Gomes\t\t\t\t\t\t\t\t<\/a>\n\t\t\t\t\t\t\t\t\n\t\t\t\t\t\t\t\t\t\t\t\t\t\t\t\t\t<p class=\"job\">\n\t\t\t\t\t\t\t\t\t\tDeputada\t\t\t\t\t\t\t\t\t<\/p>\n\t\t\t\t\t\t\t\t\n\t\t\t\t\t\t\t\t\t\t\t\t\t\t\t\t\n\t\t\t\t\t\t\t\t\n\n\t\t\t\t\t\t\t<\/div>\n\t\t\t\t\t\t<\/div>\n\n\t\t\t\t\t<\/div>\n\n\t\t\t\t\n\t\t\t\t\t<div class=\"items elementor-items\">\n\t\t\t\t\t\t\n\t\t\t\t\t\t<div class=\"content_info\">\n\t\t\t\t\t\t\t<div class=\"ova-media\">\n\t\t\t\t\t\t\t\t\t\t\t\t\t\t\t\t\t<a href=\"https:\/\/cmsf.cv\/index.php\/team\/suplentes\/\">\n\t\t\t\t\t\t\t\t\t\t<img src=\"https:\/\/cmsf.cv\/wp-content\/uploads\/2022\/07\/Carlos-Santos.jpg\" class=\"img-responsive\" alt=\"Carlos Aldino Cardoso da Silva dos Santos\">\n\t\t\t\t\t\t\t\t\t<\/a>\n\t\t\t\t\t\t\t\t\t\t\t\t\t\t\t<\/div>\n\t\t\t\t\t\t\t<div class=\"ova-info-content\">\n\n\t\t\t\t\t\t\t\t\t\t\t\t\t\t\t\t\t\t\t\t\t\t\t\t<a href=\"https:\/\/cmsf.cv\/index.php\/team\/suplentes\/\" class=\"name second_font\" >\n\t\t\t\t\t\t\t\t\tCarlos Aldino Cardoso da Silva dos Santos\t\t\t\t\t\t\t\t<\/a>\n\t\t\t\t\t\t\t\t\n\t\t\t\t\t\t\t\t\t\t\t\t\t\t\t\t\t<p class=\"job\">\n\t\t\t\t\t\t\t\t\t\tDeputado\t\t\t\t\t\t\t\t\t<\/p>\n\t\t\t\t\t\t\t\t\n\t\t\t\t\t\t\t\t\t\t\t\t\t\t\t\t\n\t\t\t\t\t\t\t\t\n\n\t\t\t\t\t\t\t<\/div>\n\t\t\t\t\t\t<\/div>\n\n\t\t\t\t\t<\/div>\n\n\t\t\t\t\n\t\t\t\t\t<div class=\"items elementor-items\">\n\t\t\t\t\t\t\n\t\t\t\t\t\t<div class=\"content_info\">\n\t\t\t\t\t\t\t<div class=\"ova-media\">\n\t\t\t\t\t\t\t\t\t\t\t\t\t\t\t\t\t<a href=\"https:\/\/cmsf.cv\/index.php\/team\/venulda-helena-ines-barbosa\/\">\n\t\t\t\t\t\t\t\t\t\t<img src=\"https:\/\/cmsf.cv\/wp-content\/uploads\/2025\/03\/Venulda-Barbosa.jpg\" class=\"img-responsive\" alt=\"Venulda Helena In\u00eas Barbosa\">\n\t\t\t\t\t\t\t\t\t<\/a>\n\t\t\t\t\t\t\t\t\t\t\t\t\t\t\t<\/div>\n\t\t\t\t\t\t\t<div class=\"ova-info-content\">\n\n\t\t\t\t\t\t\t\t\t\t\t\t\t\t\t\t\t\t\t\t\t\t\t\t<a href=\"https:\/\/cmsf.cv\/index.php\/team\/venulda-helena-ines-barbosa\/\" class=\"name second_font\" >\n\t\t\t\t\t\t\t\t\tVenulda Helena In\u00eas Barbosa\t\t\t\t\t\t\t\t<\/a>\n\t\t\t\t\t\t\t\t\n\t\t\t\t\t\t\t\t\t\t\t\t\t\t\t\t\t<p class=\"job\">\n\t\t\t\t\t\t\t\t\t\tDeputada\t\t\t\t\t\t\t\t\t<\/p>\n\t\t\t\t\t\t\t\t\n\t\t\t\t\t\t\t\t\t\t\t\t\t\t\t\t\n\t\t\t\t\t\t\t\t\n\n\t\t\t\t\t\t\t<\/div>\n\t\t\t\t\t\t<\/div>\n\n\t\t\t\t\t<\/div>\n\n\t\t\t\t\n\t\t\t\t\t<div class=\"items elementor-items\">\n\t\t\t\t\t\t\n\t\t\t\t\t\t<div class=\"content_info\">\n\t\t\t\t\t\t\t<div class=\"ova-media\">\n\t\t\t\t\t\t\t\t\t\t\t\t\t\t\t\t\t<a href=\"https:\/\/cmsf.cv\/index.php\/team\/jose-carlos-andrade-de-pina\/\">\n\t\t\t\t\t\t\t\t\t\t<img src=\"https:\/\/cmsf.cv\/wp-content\/uploads\/2025\/03\/Jose-Pina.jpg\" class=\"img-responsive\" alt=\"Jos\u00e9 Carlos Andrade de Pina\">\n\t\t\t\t\t\t\t\t\t<\/a>\n\t\t\t\t\t\t\t\t\t\t\t\t\t\t\t<\/div>\n\t\t\t\t\t\t\t<div class=\"ova-info-content\">\n\n\t\t\t\t\t\t\t\t\t\t\t\t\t\t\t\t\t\t\t\t\t\t\t\t<a href=\"https:\/\/cmsf.cv\/index.php\/team\/jose-carlos-andrade-de-pina\/\" class=\"name second_font\" >\n\t\t\t\t\t\t\t\t\tJos\u00e9 Carlos Andrade de Pina\t\t\t\t\t\t\t\t<\/a>\n\t\t\t\t\t\t\t\t\n\t\t\t\t\t\t\t\t\t\t\t\t\t\t\t\t\t<p class=\"job\">\n\t\t\t\t\t\t\t\t\t\tDeputado\t\t\t\t\t\t\t\t\t<\/p>\n\t\t\t\t\t\t\t\t\n\t\t\t\t\t\t\t\t\t\t\t\t\t\t\t\t\n\t\t\t\t\t\t\t\t\n\n\t\t\t\t\t\t\t<\/div>\n\t\t\t\t\t\t<\/div>\n\n\t\t\t\t\t<\/div>\n\n\t\t\t\t\n\t\t\t\t\t<div class=\"items elementor-items\">\n\t\t\t\t\t\t\n\t\t\t\t\t\t<div class=\"content_info\">\n\t\t\t\t\t\t\t<div class=\"ova-media\">\n\t\t\t\t\t\t\t\t\t\t\t\t\t\t\t\t\t<a href=\"https:\/\/cmsf.cv\/index.php\/team\/suplentes-paicv\/\">\n\t\t\t\t\t\t\t\t\t\t<img src=\"https:\/\/cmsf.cv\/wp-content\/uploads\/2025\/03\/suplentes-1.png\" class=\"img-responsive\" alt=\"Suplentes PAICV:\">\n\t\t\t\t\t\t\t\t\t<\/a>\n\t\t\t\t\t\t\t\t\t\t\t\t\t\t\t<\/div>\n\t\t\t\t\t\t\t<div class=\"ova-info-content\">\n\n\t\t\t\t\t\t\t\t\t\t\t\t\t\t\t\t\t\t\t\t\t\t\t\t<a href=\"https:\/\/cmsf.cv\/index.php\/team\/suplentes-paicv\/\" class=\"name second_font\" >\n\t\t\t\t\t\t\t\t\tSuplentes PAICV:\t\t\t\t\t\t\t\t<\/a>\n\t\t\t\t\t\t\t\t\n\t\t\t\t\t\t\t\t\t\t\t\t\t\t\t\t\t<p class=\"job\">\n\t\t\t\t\t\t\t\t\t\tDeputados PAICV\t\t\t\t\t\t\t\t\t<\/p>\n\t\t\t\t\t\t\t\t\n\t\t\t\t\t\t\t\t\t\t\t\t\t\t\t\t\n\t\t\t\t\t\t\t\t\n\n\t\t\t\t\t\t\t<\/div>\n\t\t\t\t\t\t<\/div>\n\n\t\t\t\t\t<\/div>\n\n\t\t\t\t\t\t\t<\/div>\n\n\t\t<\/div>\n\n\t\t<\/div>\n\t\t\t\t<\/div>\n\t\t\t\t\t<\/div>\n\t\t<\/div>\n\t\t\t\t\t\t\t<\/div>\n\t\t<\/section>\n\t\t\t\t<section class=\"elementor-section elementor-top-section elementor-element elementor-element-6100cb9 elementor-section-boxed elementor-section-height-default elementor-section-height-default\" data-id=\"6100cb9\" data-element_type=\"section\" data-settings=\"{&quot;background_background&quot;:&quot;gradient&quot;,&quot;jet_parallax_layout_list&quot;:[{&quot;jet_parallax_layout_image&quot;:{&quot;url&quot;:&quot;&quot;,&quot;id&quot;:&quot;&quot;},&quot;_id&quot;:&quot;9158849&quot;,&quot;jet_parallax_layout_image_tablet&quot;:{&quot;url&quot;:&quot;&quot;,&quot;id&quot;:&quot;&quot;},&quot;jet_parallax_layout_image_mobile&quot;:{&quot;url&quot;:&quot;&quot;,&quot;id&quot;:&quot;&quot;},&quot;jet_parallax_layout_speed&quot;:{&quot;unit&quot;:&quot;%&quot;,&quot;size&quot;:50,&quot;sizes&quot;:[]},&quot;jet_parallax_layout_type&quot;:&quot;scroll&quot;,&quot;jet_parallax_layout_direction&quot;:null,&quot;jet_parallax_layout_fx_direction&quot;:null,&quot;jet_parallax_layout_z_index&quot;:&quot;&quot;,&quot;jet_parallax_layout_bg_x&quot;:50,&quot;jet_parallax_layout_bg_x_tablet&quot;:&quot;&quot;,&quot;jet_parallax_layout_bg_x_mobile&quot;:&quot;&quot;,&quot;jet_parallax_layout_bg_y&quot;:50,&quot;jet_parallax_layout_bg_y_tablet&quot;:&quot;&quot;,&quot;jet_parallax_layout_bg_y_mobile&quot;:&quot;&quot;,&quot;jet_parallax_layout_bg_size&quot;:&quot;auto&quot;,&quot;jet_parallax_layout_bg_size_tablet&quot;:&quot;&quot;,&quot;jet_parallax_layout_bg_size_mobile&quot;:&quot;&quot;,&quot;jet_parallax_layout_animation_prop&quot;:&quot;transform&quot;,&quot;jet_parallax_layout_on&quot;:[&quot;desktop&quot;,&quot;tablet&quot;]}]}\">\n\t\t\t\t\t\t\t<div class=\"elementor-background-overlay\"><\/div>\n\t\t\t\t\t\t\t<div class=\"elementor-container elementor-column-gap-default\">\n\t\t\t\t\t<div class=\"elementor-column elementor-col-100 elementor-top-column elementor-element elementor-element-e92a678\" data-id=\"e92a678\" data-element_type=\"column\">\n\t\t\t<div class=\"elementor-widget-wrap elementor-element-populated\">\n\t\t\t\t\t\t\t\t<div class=\"elementor-element elementor-element-2e28dd4 elementor-widget-divider--view-line_icon elementor-view-default elementor-widget-divider--element-align-center elementor-widget elementor-widget-divider\" data-id=\"2e28dd4\" data-element_type=\"widget\" data-widget_type=\"divider.default\">\n\t\t\t\t<div class=\"elementor-widget-container\">\n\t\t\t\t\t<div class=\"elementor-divider\">\n\t\t\t<span class=\"elementor-divider-separator\">\n\t\t\t\t\t\t\t<div class=\"elementor-icon elementor-divider__element\">\n\t\t\t\t\t<i aria-hidden=\"true\" class=\"fas fa-users\"><\/i><\/div>\n\t\t\t\t\t\t<\/span>\n\t\t<\/div>\n\t\t\t\t<\/div>\n\t\t\t\t<\/div>\n\t\t\t\t<div class=\"elementor-element elementor-element-5f86bed elementor-widget elementor-widget-heading\" data-id=\"5f86bed\" data-element_type=\"widget\" data-widget_type=\"heading.default\">\n\t\t\t\t<div class=\"elementor-widget-container\">\n\t\t\t<h2 class=\"elementor-heading-title elementor-size-default\">Deputados  do MPD<\/h2>\t\t<\/div>\n\t\t\t\t<\/div>\n\t\t\t\t<div class=\"elementor-element elementor-element-da5efe4 elementor-widget elementor-widget-ova_team\" data-id=\"da5efe4\" data-element_type=\"widget\" data-widget_type=\"ova_team.default\">\n\t\t\t\t<div class=\"elementor-widget-container\">\n\t\t\t\n\n\t\t<div class=\"archive_team elementor-team three_column\">\n\t\t\t<div class=\"content\">\n\t\t\t\t\n\t\t\t\t\t<div class=\"items elementor-items\">\n\t\t\t\t\t\t\n\t\t\t\t\t\t<div class=\"content_info\">\n\t\t\t\t\t\t\t<div class=\"ova-media\">\n\t\t\t\t\t\t\t\t\t\t\t\t\t\t\t\t\t<a href=\"https:\/\/cmsf.cv\/index.php\/team\/adolfo-jose-rodrigues\/\">\n\t\t\t\t\t\t\t\t\t\t<img src=\"https:\/\/cmsf.cv\/wp-content\/uploads\/2021\/08\/vanusa.jpg\" class=\"img-responsive\" alt=\"Vanuza Francisca Correia Teixeira Barbosa\">\n\t\t\t\t\t\t\t\t\t<\/a>\n\t\t\t\t\t\t\t\t\t\t\t\t\t\t\t<\/div>\n\t\t\t\t\t\t\t<div class=\"ova-info-content\">\n\n\t\t\t\t\t\t\t\t\t\t\t\t\t\t\t\t\t\t\t\t\t\t\t\t<a href=\"https:\/\/cmsf.cv\/index.php\/team\/adolfo-jose-rodrigues\/\" class=\"name second_font\" >\n\t\t\t\t\t\t\t\t\tVanuza Francisca Correia Teixeira Barbosa\t\t\t\t\t\t\t\t<\/a>\n\t\t\t\t\t\t\t\t\n\t\t\t\t\t\t\t\t\t\t\t\t\t\t\t\t\t<p class=\"job\">\n\t\t\t\t\t\t\t\t\t\tDeputada\t\t\t\t\t\t\t\t\t<\/p>\n\t\t\t\t\t\t\t\t\n\t\t\t\t\t\t\t\t\t\t\t\t\t\t\t\t\n\t\t\t\t\t\t\t\t\n\n\t\t\t\t\t\t\t<\/div>\n\t\t\t\t\t\t<\/div>\n\n\t\t\t\t\t<\/div>\n\n\t\t\t\t\n\t\t\t\t\t<div class=\"items elementor-items\">\n\t\t\t\t\t\t\n\t\t\t\t\t\t<div class=\"content_info\">\n\t\t\t\t\t\t\t<div class=\"ova-media\">\n\t\t\t\t\t\t\t\t\t\t\t\t\t\t\t\t\t<a href=\"https:\/\/cmsf.cv\/index.php\/team\/jelson-emanuel-gomes-da-silva\/\">\n\t\t\t\t\t\t\t\t\t\t<img src=\"https:\/\/cmsf.cv\/wp-content\/uploads\/2021\/08\/gelson.jpg\" class=\"img-responsive\" alt=\"Jelson Emanuel Gomes da Silva\">\n\t\t\t\t\t\t\t\t\t<\/a>\n\t\t\t\t\t\t\t\t\t\t\t\t\t\t\t<\/div>\n\t\t\t\t\t\t\t<div class=\"ova-info-content\">\n\n\t\t\t\t\t\t\t\t\t\t\t\t\t\t\t\t\t\t\t\t\t\t\t\t<a href=\"https:\/\/cmsf.cv\/index.php\/team\/jelson-emanuel-gomes-da-silva\/\" class=\"name second_font\" >\n\t\t\t\t\t\t\t\t\tJelson Emanuel Gomes da Silva\t\t\t\t\t\t\t\t<\/a>\n\t\t\t\t\t\t\t\t\n\t\t\t\t\t\t\t\t\t\t\t\t\t\t\t\t\t<p class=\"job\">\n\t\t\t\t\t\t\t\t\t\tLider da bancada do MPD\t\t\t\t\t\t\t\t\t<\/p>\n\t\t\t\t\t\t\t\t\n\t\t\t\t\t\t\t\t\t\t\t\t\t\t\t\t\t<div class=\"ova-email\">\n\t\t\t\t\t\t\t\t\t\t<i class=\"fa fa-envelope-o\"><\/i>\n\t\t\t\t\t\t\t\t\t\t<a href=\"mailto:9588659@gmail.com\" >9588659@gmail.com<\/a>\n\t\t\t\t\t\t\t\t\t<\/div>\n\t\t\t\t\t\t\t\t\t\t\t\t\t\t\t\t\n\t\t\t\t\t\t\t\t\n\n\t\t\t\t\t\t\t<\/div>\n\t\t\t\t\t\t<\/div>\n\n\t\t\t\t\t<\/div>\n\n\t\t\t\t\n\t\t\t\t\t<div class=\"items elementor-items\">\n\t\t\t\t\t\t\n\t\t\t\t\t\t<div class=\"content_info\">\n\t\t\t\t\t\t\t<div class=\"ova-media\">\n\t\t\t\t\t\t\t\t\t\t\t\t\t\t\t\t\t<a href=\"https:\/\/cmsf.cv\/index.php\/team\/leida-maria-dias-alves\/\">\n\t\t\t\t\t\t\t\t\t\t<img src=\"https:\/\/cmsf.cv\/wp-content\/uploads\/2021\/08\/joao-Domingos.jpg\" class=\"img-responsive\" alt=\"Jo\u00e3o Domingos Mendes Gon\u00e7alves\">\n\t\t\t\t\t\t\t\t\t<\/a>\n\t\t\t\t\t\t\t\t\t\t\t\t\t\t\t<\/div>\n\t\t\t\t\t\t\t<div class=\"ova-info-content\">\n\n\t\t\t\t\t\t\t\t\t\t\t\t\t\t\t\t\t\t\t\t\t\t\t\t<a href=\"https:\/\/cmsf.cv\/index.php\/team\/leida-maria-dias-alves\/\" class=\"name second_font\" >\n\t\t\t\t\t\t\t\t\tJo\u00e3o Domingos Mendes Gon\u00e7alves\t\t\t\t\t\t\t\t<\/a>\n\t\t\t\t\t\t\t\t\n\t\t\t\t\t\t\t\t\t\t\t\t\t\t\t\t\t<p class=\"job\">\n\t\t\t\t\t\t\t\t\t\tDeputado\t\t\t\t\t\t\t\t\t<\/p>\n\t\t\t\t\t\t\t\t\n\t\t\t\t\t\t\t\t\t\t\t\t\t\t\t\t\n\t\t\t\t\t\t\t\t\n\n\t\t\t\t\t\t\t<\/div>\n\t\t\t\t\t\t<\/div>\n\n\t\t\t\t\t<\/div>\n\n\t\t\t\t\n\t\t\t\t\t<div class=\"items elementor-items\">\n\t\t\t\t\t\t\n\t\t\t\t\t\t<div class=\"content_info\">\n\t\t\t\t\t\t\t<div class=\"ova-media\">\n\t\t\t\t\t\t\t\t\t\t\t\t\t\t\t\t\t<a href=\"https:\/\/cmsf.cv\/index.php\/team\/daniela-gomes-correia-rendal\/\">\n\t\t\t\t\t\t\t\t\t\t<img src=\"https:\/\/cmsf.cv\/wp-content\/uploads\/2021\/08\/vania.jpg\" class=\"img-responsive\" alt=\"Vania Cristina Mendes Fernandes Rodrigues\">\n\t\t\t\t\t\t\t\t\t<\/a>\n\t\t\t\t\t\t\t\t\t\t\t\t\t\t\t<\/div>\n\t\t\t\t\t\t\t<div class=\"ova-info-content\">\n\n\t\t\t\t\t\t\t\t\t\t\t\t\t\t\t\t\t\t\t\t\t\t\t\t<a href=\"https:\/\/cmsf.cv\/index.php\/team\/daniela-gomes-correia-rendal\/\" class=\"name second_font\" >\n\t\t\t\t\t\t\t\t\tVania Cristina Mendes Fernandes Rodrigues\t\t\t\t\t\t\t\t<\/a>\n\t\t\t\t\t\t\t\t\n\t\t\t\t\t\t\t\t\t\t\t\t\t\t\t\t\t<p class=\"job\">\n\t\t\t\t\t\t\t\t\t\tDeputada\t\t\t\t\t\t\t\t\t<\/p>\n\t\t\t\t\t\t\t\t\n\t\t\t\t\t\t\t\t\t\t\t\t\t\t\t\t\n\t\t\t\t\t\t\t\t\n\n\t\t\t\t\t\t\t<\/div>\n\t\t\t\t\t\t<\/div>\n\n\t\t\t\t\t<\/div>\n\n\t\t\t\t\n\t\t\t\t\t<div class=\"items elementor-items\">\n\t\t\t\t\t\t\n\t\t\t\t\t\t<div class=\"content_info\">\n\t\t\t\t\t\t\t<div class=\"ova-media\">\n\t\t\t\t\t\t\t\t\t\t\t\t\t\t\t\t\t<a href=\"https:\/\/cmsf.cv\/index.php\/team\/antonio-carlos-jesus-pina-veiga-pires\/\">\n\t\t\t\t\t\t\t\t\t\t<img src=\"https:\/\/cmsf.cv\/wp-content\/uploads\/2021\/08\/IMG_0825-scaled-e1645532958406.jpg\" class=\"img-responsive\" alt=\"Antonio Carlos Jesus Pina Veiga Pires\">\n\t\t\t\t\t\t\t\t\t<\/a>\n\t\t\t\t\t\t\t\t\t\t\t\t\t\t\t<\/div>\n\t\t\t\t\t\t\t<div class=\"ova-info-content\">\n\n\t\t\t\t\t\t\t\t\t\t\t\t\t\t\t\t\t\t\t\t\t\t\t\t<a href=\"https:\/\/cmsf.cv\/index.php\/team\/antonio-carlos-jesus-pina-veiga-pires\/\" class=\"name second_font\" >\n\t\t\t\t\t\t\t\t\tAntonio Carlos Jesus Pina Veiga Pires\t\t\t\t\t\t\t\t<\/a>\n\t\t\t\t\t\t\t\t\n\t\t\t\t\t\t\t\t\t\t\t\t\t\t\t\t\t<p class=\"job\">\n\t\t\t\t\t\t\t\t\t\tDeputado\t\t\t\t\t\t\t\t\t<\/p>\n\t\t\t\t\t\t\t\t\n\t\t\t\t\t\t\t\t\t\t\t\t\t\t\t\t\n\t\t\t\t\t\t\t\t\n\n\t\t\t\t\t\t\t<\/div>\n\t\t\t\t\t\t<\/div>\n\n\t\t\t\t\t<\/div>\n\n\t\t\t\t\n\t\t\t\t\t<div class=\"items elementor-items\">\n\t\t\t\t\t\t\n\t\t\t\t\t\t<div class=\"content_info\">\n\t\t\t\t\t\t\t<div class=\"ova-media\">\n\t\t\t\t\t\t\t\t\t\t\t\t\t\t\t\t\t<a href=\"https:\/\/cmsf.cv\/index.php\/team\/suplentes-mdp\/\">\n\t\t\t\t\t\t\t\t\t\t<img src=\"https:\/\/cmsf.cv\/wp-content\/uploads\/2022\/07\/suplentesMPD-1.png\" class=\"img-responsive\" alt=\"Suplentes MDP:\">\n\t\t\t\t\t\t\t\t\t<\/a>\n\t\t\t\t\t\t\t\t\t\t\t\t\t\t\t<\/div>\n\t\t\t\t\t\t\t<div class=\"ova-info-content\">\n\n\t\t\t\t\t\t\t\t\t\t\t\t\t\t\t\t\t\t\t\t\t\t\t\t<a href=\"https:\/\/cmsf.cv\/index.php\/team\/suplentes-mdp\/\" class=\"name second_font\" >\n\t\t\t\t\t\t\t\t\tSuplentes MDP:\t\t\t\t\t\t\t\t<\/a>\n\t\t\t\t\t\t\t\t\n\t\t\t\t\t\t\t\t\t\t\t\t\t\t\t\t\t<p class=\"job\">\n\t\t\t\t\t\t\t\t\t\tDeputados do MPD\t\t\t\t\t\t\t\t\t<\/p>\n\t\t\t\t\t\t\t\t\n\t\t\t\t\t\t\t\t\t\t\t\t\t\t\t\t\n\t\t\t\t\t\t\t\t\n\n\t\t\t\t\t\t\t<\/div>\n\t\t\t\t\t\t<\/div>\n\n\t\t\t\t\t<\/div>\n\n\t\t\t\t\t\t\t<\/div>\n\n\t\t<\/div>\n\n\t\t<\/div>\n\t\t\t\t<\/div>\n\t\t\t\t\t<\/div>\n\t\t<\/div>\n\t\t\t\t\t\t\t<\/div>\n\t\t<\/section>\n\t\t\t\t<section class=\"elementor-section elementor-top-section elementor-element elementor-element-ce99c93 elementor-section-boxed elementor-section-height-default elementor-section-height-default\" data-id=\"ce99c93\" data-element_type=\"section\" data-settings=\"{&quot;jet_parallax_layout_list&quot;:[{&quot;jet_parallax_layout_image&quot;:{&quot;url&quot;:&quot;&quot;,&quot;id&quot;:&quot;&quot;},&quot;_id&quot;:&quot;4183e50&quot;,&quot;jet_parallax_layout_image_tablet&quot;:{&quot;url&quot;:&quot;&quot;,&quot;id&quot;:&quot;&quot;},&quot;jet_parallax_layout_image_mobile&quot;:{&quot;url&quot;:&quot;&quot;,&quot;id&quot;:&quot;&quot;},&quot;jet_parallax_layout_speed&quot;:{&quot;unit&quot;:&quot;%&quot;,&quot;size&quot;:50,&quot;sizes&quot;:[]},&quot;jet_parallax_layout_type&quot;:&quot;scroll&quot;,&quot;jet_parallax_layout_direction&quot;:null,&quot;jet_parallax_layout_fx_direction&quot;:null,&quot;jet_parallax_layout_z_index&quot;:&quot;&quot;,&quot;jet_parallax_layout_bg_x&quot;:50,&quot;jet_parallax_layout_bg_x_tablet&quot;:&quot;&quot;,&quot;jet_parallax_layout_bg_x_mobile&quot;:&quot;&quot;,&quot;jet_parallax_layout_bg_y&quot;:50,&quot;jet_parallax_layout_bg_y_tablet&quot;:&quot;&quot;,&quot;jet_parallax_layout_bg_y_mobile&quot;:&quot;&quot;,&quot;jet_parallax_layout_bg_size&quot;:&quot;auto&quot;,&quot;jet_parallax_layout_bg_size_tablet&quot;:&quot;&quot;,&quot;jet_parallax_layout_bg_size_mobile&quot;:&quot;&quot;,&quot;jet_parallax_layout_animation_prop&quot;:&quot;transform&quot;,&quot;jet_parallax_layout_on&quot;:[&quot;desktop&quot;,&quot;tablet&quot;]}],&quot;background_background&quot;:&quot;gradient&quot;}\">\n\t\t\t\t\t\t\t<div class=\"elementor-background-overlay\"><\/div>\n\t\t\t\t\t\t\t<div class=\"elementor-container elementor-column-gap-default\">\n\t\t\t\t\t<div class=\"elementor-column elementor-col-100 elementor-top-column elementor-element elementor-element-f7af834\" data-id=\"f7af834\" data-element_type=\"column\">\n\t\t\t<div class=\"elementor-widget-wrap elementor-element-populated\">\n\t\t\t\t\t\t\t\t<div class=\"elementor-element elementor-element-10257ec elementor-widget-divider--view-line_text elementor-widget-divider--element-align-center elementor-widget elementor-widget-divider\" data-id=\"10257ec\" data-element_type=\"widget\" data-widget_type=\"divider.default\">\n\t\t\t\t<div class=\"elementor-widget-container\">\n\t\t\t\t\t<div class=\"elementor-divider\">\n\t\t\t<span class=\"elementor-divider-separator\">\n\t\t\t\t\t\t\t<span class=\"elementor-divider__text elementor-divider__element\">Antigos Presidentes da Assembleia Municipal<\/span>\n\t\t\t\t\t\t<\/span>\n\t\t<\/div>\n\t\t\t\t<\/div>\n\t\t\t\t<\/div>\n\t\t\t\t<div class=\"elementor-element elementor-element-9b0523a elementor-widget-divider--view-line_icon elementor-view-default elementor-widget-divider--element-align-center elementor-widget elementor-widget-divider\" data-id=\"9b0523a\" data-element_type=\"widget\" data-widget_type=\"divider.default\">\n\t\t\t\t<div class=\"elementor-widget-container\">\n\t\t\t\t\t<div class=\"elementor-divider\">\n\t\t\t<span class=\"elementor-divider-separator\">\n\t\t\t\t\t\t\t<div class=\"elementor-icon elementor-divider__element\">\n\t\t\t\t\t<i aria-hidden=\"true\" class=\"fas fa-star\"><\/i><\/div>\n\t\t\t\t\t\t<\/span>\n\t\t<\/div>\n\t\t\t\t<\/div>\n\t\t\t\t<\/div>\n\t\t\t\t<div class=\"elementor-element elementor-element-389fda9 elementor-widget elementor-widget-bdt-accordion\" data-id=\"389fda9\" data-element_type=\"widget\" data-widget_type=\"bdt-accordion.default\">\n\t\t\t\t<div class=\"elementor-widget-container\">\n\t\t\t      <div class=\"bdt-accordion-container\">\r\n        <div id=\"bdt-accordion-389fda9\" class=\"bdt-accordion\" data-bdt-accordion=\"{&quot;collapsible&quot;:true,&quot;multiple&quot;:false,&quot;transition&quot;:&quot;ease-in-out&quot;}\" data-settings=\"{&quot;id&quot;:&quot;bdt-accordion-389fda9&quot;,&quot;activeHash&quot;:&quot;no&quot;,&quot;activeScrollspy&quot;:null,&quot;hashTopOffset&quot;:false,&quot;hashScrollspyTime&quot;:false}\">\r\n                      <div class=\"bdt-accordion-item\">\r\n            <div                class=\"bdt-accordion-title bdt-flex bdt-flex-middle bdt-flex-between\"                id=\"bdt-accordion-dr-luis-nunes\"\r\n                data-accordion-index=\"0\"\r\n                data-title=\"dr-luis-nunes\" role=\"heading\">\r\n\r\n                                    <span class=\"bdt-accordion-icon bdt-flex-align-right\"\r\n                        aria-hidden=\"true\">\r\n\r\n                                            <span class=\"bdt-accordion-icon-closed\">\r\n                        <i aria-hidden=\"true\" class=\"fa-fw fas fa-plus\"><\/i>                        <\/span>\r\n                    \r\n                                                <span class=\"bdt-accordion-icon-opened\">\r\n                            <i aria-hidden=\"true\" class=\"fa-fw fas fa-minus\"><\/i>                            <\/span>\r\n                        \r\n                    <\/span>\r\n                \r\n                <span class=\"bdt-title bdt-flex bdt-flex-middle\">\r\n\r\n                                        Dr. Luis Nunes                <\/span>\r\n\r\n                <\/div>\r\n          <div class=\"bdt-accordion-content\">\r\n              Accordion Content          <\/div>\r\n        <\/div>\r\n                    <div class=\"bdt-accordion-item\">\r\n            <div                class=\"bdt-accordion-title bdt-flex bdt-flex-middle bdt-flex-between\"                id=\"bdt-accordion-dr-adolfo-jos-rodrigues-2016-a-2020\"\r\n                data-accordion-index=\"1\"\r\n                data-title=\"dr-adolfo-jos-rodrigues-2016-a-2020\" role=\"heading\">\r\n\r\n                                    <span class=\"bdt-accordion-icon bdt-flex-align-right\"\r\n                        aria-hidden=\"true\">\r\n\r\n                                            <span class=\"bdt-accordion-icon-closed\">\r\n                        <i aria-hidden=\"true\" class=\"fa-fw fas fa-plus\"><\/i>                        <\/span>\r\n                    \r\n                                                <span class=\"bdt-accordion-icon-opened\">\r\n                            <i aria-hidden=\"true\" class=\"fa-fw fas fa-minus\"><\/i>                            <\/span>\r\n                        \r\n                    <\/span>\r\n                \r\n                <span class=\"bdt-title bdt-flex bdt-flex-middle\">\r\n\r\n                                        Dr. Adolfo Jos\u00e9 Rodrigues (2016 a 2020)                <\/span>\r\n\r\n                <\/div>\r\n          <div class=\"bdt-accordion-content\">\r\n              <p><img loading=\"lazy\" class=\"alignnone size-full wp-image-11571\" src=\"https:\/\/cmsf.cv\/wp-content\/uploads\/2020\/07\/adolfo-rodrigues.png\" alt=\"\" width=\"254\" height=\"292\" \/><\/p>          <\/div>\r\n        <\/div>\r\n                    <div class=\"bdt-accordion-item\">\r\n            <div                class=\"bdt-accordion-title bdt-flex bdt-flex-middle bdt-flex-between\"                id=\"bdt-accordion-eng-eva-verona-ortet-2012-a-2016\"\r\n                data-accordion-index=\"2\"\r\n                data-title=\"eng-eva-verona-ortet-2012-a-2016\" role=\"heading\">\r\n\r\n                                    <span class=\"bdt-accordion-icon bdt-flex-align-right\"\r\n                        aria-hidden=\"true\">\r\n\r\n                                            <span class=\"bdt-accordion-icon-closed\">\r\n                        <i aria-hidden=\"true\" class=\"fa-fw fas fa-plus\"><\/i>                        <\/span>\r\n                    \r\n                                                <span class=\"bdt-accordion-icon-opened\">\r\n                            <i aria-hidden=\"true\" class=\"fa-fw fas fa-minus\"><\/i>                            <\/span>\r\n                        \r\n                    <\/span>\r\n                \r\n                <span class=\"bdt-title bdt-flex bdt-flex-middle\">\r\n\r\n                                        Eng\u00aa Eva Verona Ortet (2012 a 2016)                <\/span>\r\n\r\n                <\/div>\r\n          <div class=\"bdt-accordion-content\">\r\n              <p><img loading=\"lazy\" class=\"alignnone size-medium wp-image-11570\" src=\"https:\/\/cmsf.cv\/wp-content\/uploads\/2020\/07\/eva-orte-261x300.png\" alt=\"\" width=\"261\" height=\"300\" srcset=\"https:\/\/cmsf.cv\/wp-content\/uploads\/2020\/07\/eva-orte-261x300.png 261w, https:\/\/cmsf.cv\/wp-content\/uploads\/2020\/07\/eva-orte.png 266w\" sizes=\"(max-width: 261px) 100vw, 261px\" \/><\/p>          <\/div>\r\n        <\/div>\r\n                    <div class=\"bdt-accordion-item\">\r\n            <div                class=\"bdt-accordion-title bdt-flex bdt-flex-middle bdt-flex-between\"                id=\"bdt-accordion-eng-nuas-silva-2008-a-2012\"\r\n                data-accordion-index=\"3\"\r\n                data-title=\"eng-nu-as-silva-2008-a-2012\" role=\"heading\">\r\n\r\n                                    <span class=\"bdt-accordion-icon bdt-flex-align-right\"\r\n                        aria-hidden=\"true\">\r\n\r\n                                            <span class=\"bdt-accordion-icon-closed\">\r\n                        <i aria-hidden=\"true\" class=\"fa-fw fas fa-plus\"><\/i>                        <\/span>\r\n                    \r\n                                                <span class=\"bdt-accordion-icon-opened\">\r\n                            <i aria-hidden=\"true\" class=\"fa-fw fas fa-minus\"><\/i>                            <\/span>\r\n                        \r\n                    <\/span>\r\n                \r\n                <span class=\"bdt-title bdt-flex bdt-flex-middle\">\r\n\r\n                                        Eng\u00ba Nu\u00edas Silva (2008 a 2012)                <\/span>\r\n\r\n                <\/div>\r\n          <div class=\"bdt-accordion-content\">\r\n              <p><img loading=\"lazy\" class=\"alignnone size-medium wp-image-11569\" src=\"https:\/\/cmsf.cv\/wp-content\/uploads\/2020\/07\/nuias-silva-254x300.png\" alt=\"\" width=\"254\" height=\"300\" srcset=\"https:\/\/cmsf.cv\/wp-content\/uploads\/2020\/07\/nuias-silva-254x300.png 254w, https:\/\/cmsf.cv\/wp-content\/uploads\/2020\/07\/nuias-silva.png 266w\" sizes=\"(max-width: 254px) 100vw, 254px\" \/><\/p>          <\/div>\r\n        <\/div>\r\n                    <div class=\"bdt-accordion-item\">\r\n            <div                class=\"bdt-accordion-title bdt-flex bdt-flex-middle bdt-flex-between\"                id=\"bdt-accordion-dr-lus-joaquim-pires-2004-a-2008\"\r\n                data-accordion-index=\"4\"\r\n                data-title=\"dr-lu-s-joaquim-pires-2004-a-2008\" role=\"heading\">\r\n\r\n                                    <span class=\"bdt-accordion-icon bdt-flex-align-right\"\r\n                        aria-hidden=\"true\">\r\n\r\n                                            <span class=\"bdt-accordion-icon-closed\">\r\n                        <i aria-hidden=\"true\" class=\"fa-fw fas fa-plus\"><\/i>                        <\/span>\r\n                    \r\n                                                <span class=\"bdt-accordion-icon-opened\">\r\n                            <i aria-hidden=\"true\" class=\"fa-fw fas fa-minus\"><\/i>                            <\/span>\r\n                        \r\n                    <\/span>\r\n                \r\n                <span class=\"bdt-title bdt-flex bdt-flex-middle\">\r\n\r\n                                        Dr. Lu\u00eds Joaquim Pires (2004 a 2008)                <\/span>\r\n\r\n                <\/div>\r\n          <div class=\"bdt-accordion-content\">\r\n              <p><img loading=\"lazy\" class=\"alignnone size-medium wp-image-11568\" src=\"https:\/\/cmsf.cv\/wp-content\/uploads\/2020\/07\/luis-pires-254x300.png\" alt=\"\" width=\"254\" height=\"300\" srcset=\"https:\/\/cmsf.cv\/wp-content\/uploads\/2020\/07\/luis-pires-254x300.png 254w, https:\/\/cmsf.cv\/wp-content\/uploads\/2020\/07\/luis-pires.png 269w\" sizes=\"(max-width: 254px) 100vw, 254px\" \/><\/p>          <\/div>\r\n        <\/div>\r\n                    <div class=\"bdt-accordion-item\">\r\n            <div                class=\"bdt-accordion-title bdt-flex bdt-flex-middle bdt-flex-between\"                id=\"bdt-accordion-dr-ubaldo-lopes-2000-a-2004\"\r\n                data-accordion-index=\"5\"\r\n                data-title=\"dr-ubaldo-lopes-2000-a-2004\" role=\"heading\">\r\n\r\n                                    <span class=\"bdt-accordion-icon bdt-flex-align-right\"\r\n                        aria-hidden=\"true\">\r\n\r\n                                            <span class=\"bdt-accordion-icon-closed\">\r\n                        <i aria-hidden=\"true\" class=\"fa-fw fas fa-plus\"><\/i>                        <\/span>\r\n                    \r\n                                                <span class=\"bdt-accordion-icon-opened\">\r\n                            <i aria-hidden=\"true\" class=\"fa-fw fas fa-minus\"><\/i>                            <\/span>\r\n                        \r\n                    <\/span>\r\n                \r\n                <span class=\"bdt-title bdt-flex bdt-flex-middle\">\r\n\r\n                                        Dr. Ubaldo Lopes (2000 a 2004)                <\/span>\r\n\r\n                <\/div>\r\n          <div class=\"bdt-accordion-content\">\r\n              <p><img loading=\"lazy\" class=\"alignnone size-medium wp-image-11567\" src=\"https:\/\/cmsf.cv\/wp-content\/uploads\/2020\/07\/ubaldo-lopes-258x300.png\" alt=\"\" width=\"258\" height=\"300\" srcset=\"https:\/\/cmsf.cv\/wp-content\/uploads\/2020\/07\/ubaldo-lopes-258x300.png 258w, https:\/\/cmsf.cv\/wp-content\/uploads\/2020\/07\/ubaldo-lopes.png 262w\" sizes=\"(max-width: 258px) 100vw, 258px\" \/><\/p>          <\/div>\r\n        <\/div>\r\n                    <div class=\"bdt-accordion-item\">\r\n            <div                class=\"bdt-accordion-title bdt-flex bdt-flex-middle bdt-flex-between\"                id=\"bdt-accordion-dr-atelano-fonceca-1992-a-2000\"\r\n                data-accordion-index=\"6\"\r\n                data-title=\"dr-atelano-fonceca-1992-a-2000\" role=\"heading\">\r\n\r\n                                    <span class=\"bdt-accordion-icon bdt-flex-align-right\"\r\n                        aria-hidden=\"true\">\r\n\r\n                                            <span class=\"bdt-accordion-icon-closed\">\r\n                        <i aria-hidden=\"true\" class=\"fa-fw fas fa-plus\"><\/i>                        <\/span>\r\n                    \r\n                                                <span class=\"bdt-accordion-icon-opened\">\r\n                            <i aria-hidden=\"true\" class=\"fa-fw fas fa-minus\"><\/i>                            <\/span>\r\n                        \r\n                    <\/span>\r\n                \r\n                <span class=\"bdt-title bdt-flex bdt-flex-middle\">\r\n\r\n                                        Dr. Atelano Fonceca (1992 a 2000)                <\/span>\r\n\r\n                <\/div>\r\n          <div class=\"bdt-accordion-content\">\r\n              <div style=\"text-align: justify;\"><p><img loading=\"lazy\" class=\"alignnone size-full wp-image-11566\" src=\"https:\/\/cmsf.cv\/wp-content\/uploads\/2020\/07\/atelano-fonceca.png\" alt=\"\" width=\"261\" height=\"300\" \/><\/p><\/div>          <\/div>\r\n        <\/div>\r\n                <\/div>\r\n      <\/div>\r\n        \t\t<\/div>\n\t\t\t\t<\/div>\n\t\t\t\t\t<\/div>\n\t\t<\/div>\n\t\t\t\t\t\t\t<\/div>\n\t\t<\/section>\n\t\t\t\t\t\t<\/div>\n\t\t\t\t\t<\/div>\n\t\t","protected":false},"excerpt":{"rendered":"<p>Assembleia Municipal Composi\u00e7\u00e3o da Assembleia Municipal de S\u00e3o Filipe Luis Ant\u00f3nio Nunes de Pina Presidente Email: luisnunes16@hotmail.com Lu\u00eds Nunes \u00e9 licenciado em Supervis\u00e3o e Desenvolvimento Curricular pelo Instituto Polit\u00e9cnico de Leiria \u2013 Portugal, Professor na Escola Secund\u00e1ria Dr. Teixeira de Sousa desde 1992, foi tamb\u00e9m Delegado do Minist\u00e9rio da Educa\u00e7\u00e3o e Desporto nos Concelhos de [&hellip;]<\/p>\n","protected":false},"author":1,"featured_media":10877,"parent":0,"menu_order":117,"comment_status":"closed","ping_status":"closed","template":"elementor_header_footer","meta":[],"acf":[],"wpcf_dashboard":"<div class=\"woocommerce\"><div class=\"woocommerce-info\">Please log in first? <a class=\"wpneoShowLogin\" href=\"#\">Click here to login<\/a><\/div><div class=\"wpneo_login_form_div\" style=\"display: none;\">\n\t\t<form name=\"loginform\" id=\"loginform\" action=\"https:\/\/cmsf.cv\/wp-login.php\" method=\"post\">\n\t\t\t\n\t\t\t<p class=\"login-username\">\n\t\t\t\t<label for=\"user_login\">Nome de utilizador ou endere\u00e7o de email<\/label>\n\t\t\t\t<input type=\"text\" name=\"log\" id=\"user_login\" class=\"input\" value=\"\" size=\"20\" \/>\n\t\t\t<\/p>\n\t\t\t<p class=\"login-password\">\n\t\t\t\t<label for=\"user_pass\">Senha<\/label>\n\t\t\t\t<input type=\"password\" name=\"pwd\" id=\"user_pass\" class=\"input\" value=\"\" size=\"20\" \/>\n\t\t\t<\/p>\n\t\t\t\n\t\t\t<p class=\"login-remember\"><label><input name=\"rememberme\" type=\"checkbox\" id=\"rememberme\" value=\"forever\" \/> Lembrar-me<\/label><\/p>\n\t\t\t<p class=\"login-submit\">\n\t\t\t\t<input type=\"submit\" name=\"wp-submit\" id=\"wp-submit\" class=\"button button-primary\" value=\"Iniciar sess\u00e3o\" \/>\n\t\t\t\t<input type=\"hidden\" name=\"redirect_to\" value=\"https:\/\/cmsf.cv\/index.php\/wp-json\/wp\/v2\/pages\/408\" \/>\n\t\t\t<\/p>\n\t\t\t\n\t\t<\/form><\/div><\/div>","_links":{"self":[{"href":"https:\/\/cmsf.cv\/index.php\/wp-json\/wp\/v2\/pages\/408"}],"collection":[{"href":"https:\/\/cmsf.cv\/index.php\/wp-json\/wp\/v2\/pages"}],"about":[{"href":"https:\/\/cmsf.cv\/index.php\/wp-json\/wp\/v2\/types\/page"}],"author":[{"embeddable":true,"href":"https:\/\/cmsf.cv\/index.php\/wp-json\/wp\/v2\/users\/1"}],"replies":[{"embeddable":true,"href":"https:\/\/cmsf.cv\/index.php\/wp-json\/wp\/v2\/comments?post=408"}],"version-history":[{"count":183,"href":"https:\/\/cmsf.cv\/index.php\/wp-json\/wp\/v2\/pages\/408\/revisions"}],"predecessor-version":[{"id":17460,"href":"https:\/\/cmsf.cv\/index.php\/wp-json\/wp\/v2\/pages\/408\/revisions\/17460"}],"wp:featuredmedia":[{"embeddable":true,"href":"https:\/\/cmsf.cv\/index.php\/wp-json\/wp\/v2\/media\/10877"}],"wp:attachment":[{"href":"https:\/\/cmsf.cv\/index.php\/wp-json\/wp\/v2\/media?parent=408"}],"curies":[{"name":"wp","href":"https:\/\/api.w.org\/{rel}","templated":true}]}}