
{"id":6703,"date":"2021-08-20T13:19:41","date_gmt":"2021-08-20T14:19:41","guid":{"rendered":"https:\/\/cmsf.cv\/?page_id=6703"},"modified":"2025-01-07T14:01:47","modified_gmt":"2025-01-07T15:01:47","slug":"pelouros","status":"publish","type":"page","link":"https:\/\/cmsf.cv\/index.php\/pelouros\/","title":{"rendered":"C\u00e2mara Municipal de S\u00e3o Filipe"},"content":{"rendered":"\t\t<div data-elementor-type=\"wp-page\" data-elementor-id=\"6703\" class=\"elementor elementor-6703\" data-elementor-settings=\"[]\">\n\t\t\t\t\t\t\t<div class=\"elementor-section-wrap\">\n\t\t\t\t\t\t\t<section class=\"elementor-section elementor-top-section elementor-element elementor-element-86897d9 elementor-section-boxed elementor-section-height-default elementor-section-height-default\" data-id=\"86897d9\" data-element_type=\"section\" data-settings=\"{&quot;jet_parallax_layout_list&quot;:[{&quot;jet_parallax_layout_image&quot;:{&quot;url&quot;:&quot;&quot;,&quot;id&quot;:&quot;&quot;},&quot;_id&quot;:&quot;3e02649&quot;,&quot;jet_parallax_layout_image_tablet&quot;:{&quot;url&quot;:&quot;&quot;,&quot;id&quot;:&quot;&quot;},&quot;jet_parallax_layout_image_mobile&quot;:{&quot;url&quot;:&quot;&quot;,&quot;id&quot;:&quot;&quot;},&quot;jet_parallax_layout_speed&quot;:{&quot;unit&quot;:&quot;%&quot;,&quot;size&quot;:50,&quot;sizes&quot;:[]},&quot;jet_parallax_layout_type&quot;:&quot;scroll&quot;,&quot;jet_parallax_layout_direction&quot;:null,&quot;jet_parallax_layout_fx_direction&quot;:null,&quot;jet_parallax_layout_z_index&quot;:&quot;&quot;,&quot;jet_parallax_layout_bg_x&quot;:50,&quot;jet_parallax_layout_bg_x_tablet&quot;:&quot;&quot;,&quot;jet_parallax_layout_bg_x_mobile&quot;:&quot;&quot;,&quot;jet_parallax_layout_bg_y&quot;:50,&quot;jet_parallax_layout_bg_y_tablet&quot;:&quot;&quot;,&quot;jet_parallax_layout_bg_y_mobile&quot;:&quot;&quot;,&quot;jet_parallax_layout_bg_size&quot;:&quot;auto&quot;,&quot;jet_parallax_layout_bg_size_tablet&quot;:&quot;&quot;,&quot;jet_parallax_layout_bg_size_mobile&quot;:&quot;&quot;,&quot;jet_parallax_layout_animation_prop&quot;:&quot;transform&quot;,&quot;jet_parallax_layout_on&quot;:[&quot;desktop&quot;,&quot;tablet&quot;]}]}\">\n\t\t\t\t\t\t<div class=\"elementor-container elementor-column-gap-default\">\n\t\t\t\t\t<div class=\"elementor-column elementor-col-50 elementor-top-column elementor-element elementor-element-3e98665\" data-id=\"3e98665\" data-element_type=\"column\">\n\t\t\t<div class=\"elementor-widget-wrap elementor-element-populated\">\n\t\t\t\t\t\t\t\t<div class=\"elementor-element elementor-element-e314c8e elementor-widget elementor-widget-heading\" data-id=\"e314c8e\" data-element_type=\"widget\" data-widget_type=\"heading.default\">\n\t\t\t\t<div class=\"elementor-widget-container\">\n\t\t\t<h2 class=\"elementor-heading-title elementor-size-default\">C\u00e2mara Municipal de S\u00e3o Filipe<\/h2>\t\t<\/div>\n\t\t\t\t<\/div>\n\t\t\t\t<div class=\"elementor-element elementor-element-f2ac070 elementor-widget elementor-widget-heading\" data-id=\"f2ac070\" data-element_type=\"widget\" data-widget_type=\"heading.default\">\n\t\t\t\t<div class=\"elementor-widget-container\">\n\t\t\t<h3 class=\"elementor-heading-title elementor-size-default\">MISS\u00c3O DO MUNIC\u00cdPIO<\/h3>\t\t<\/div>\n\t\t\t\t<\/div>\n\t\t\t\t<div class=\"elementor-element elementor-element-8293c25 elementor-widget elementor-widget-text-editor\" data-id=\"8293c25\" data-element_type=\"widget\" data-widget_type=\"text-editor.default\">\n\t\t\t\t<div class=\"elementor-widget-container\">\n\t\t\t\t\t\t\t\t<p class=\"western\" align=\"justify\"><span style=\"font-family: Arial, serif\"><span style=\"font-size: medium\">A C\u00e2mara Municipal de S\u00e3o Filipe tem por miss\u00e3o, defender os superiores interesses do munic\u00edpio, promovendo a coes\u00e3o e o sentido de servir com transpar\u00eancia, rigor e legalidade <\/span><\/span><\/p>\t\t\t\t\t\t<\/div>\n\t\t\t\t<\/div>\n\t\t\t\t<div class=\"elementor-element elementor-element-11074be elementor-widget elementor-widget-heading\" data-id=\"11074be\" data-element_type=\"widget\" data-widget_type=\"heading.default\">\n\t\t\t\t<div class=\"elementor-widget-container\">\n\t\t\t<h3 class=\"elementor-heading-title elementor-size-default\">VIS\u00c3O DO MUNIC\u00cdPIO<\/h3>\t\t<\/div>\n\t\t\t\t<\/div>\n\t\t\t\t<div class=\"elementor-element elementor-element-bd8cf09 elementor-widget elementor-widget-text-editor\" data-id=\"bd8cf09\" data-element_type=\"widget\" data-widget_type=\"text-editor.default\">\n\t\t\t\t<div class=\"elementor-widget-container\">\n\t\t\t\t\t\t\t\t<p class=\"western\" align=\"justify\"><span style=\"font-family: Arial, serif;\"><span style=\"font-size: medium;\">Ser um Munic\u00edpio de Excel\u00eancia, transparente, aut\u00f3nomo financeiramente, respeitado pelos cidad\u00e3os e pelas institui\u00e7\u00f5es nacionais e organismos internacionais, um munic\u00edpio que coloca as pessoas no centro das decis\u00f5es pol\u00edticas.<\/span><\/span><\/p>\t\t\t\t\t\t<\/div>\n\t\t\t\t<\/div>\n\t\t\t\t<div class=\"elementor-element elementor-element-b1c9f62 elementor-widget elementor-widget-heading\" data-id=\"b1c9f62\" data-element_type=\"widget\" data-widget_type=\"heading.default\">\n\t\t\t\t<div class=\"elementor-widget-container\">\n\t\t\t<h3 class=\"elementor-heading-title elementor-size-default\">VALORES DO MUNIC\u00cdPIO<\/h3>\t\t<\/div>\n\t\t\t\t<\/div>\n\t\t\t\t<div class=\"elementor-element elementor-element-4060c97 elementor-widget elementor-widget-toggle\" data-id=\"4060c97\" data-element_type=\"widget\" data-widget_type=\"toggle.default\">\n\t\t\t\t<div class=\"elementor-widget-container\">\n\t\t\t\t\t<div class=\"elementor-toggle\" role=\"tablist\">\n\t\t\t\t\t\t\t<div class=\"elementor-toggle-item\">\n\t\t\t\t\t<div id=\"elementor-tab-title-6751\" class=\"elementor-tab-title\" data-tab=\"1\" role=\"tab\" aria-controls=\"elementor-tab-content-6751\" aria-expanded=\"false\">\n\t\t\t\t\t\t\t\t\t\t\t\t<span class=\"elementor-toggle-icon elementor-toggle-icon-left\" aria-hidden=\"true\">\n\t\t\t\t\t\t\t\t\t\t\t\t\t\t\t<span class=\"elementor-toggle-icon-closed\"><i class=\"fas fa-caret-right\"><\/i><\/span>\n\t\t\t\t\t\t\t\t<span class=\"elementor-toggle-icon-opened\"><i class=\"elementor-toggle-icon-opened fas fa-caret-up\"><\/i><\/span>\n\t\t\t\t\t\t\t\t\t\t\t\t\t<\/span>\n\t\t\t\t\t\t\t\t\t\t\t\t<a href=\"\" class=\"elementor-toggle-title\">Efici\u00eancia na Gest\u00e3o <\/a>\n\t\t\t\t\t<\/div>\n\t\t\t\t\t<div id=\"elementor-tab-content-6751\" class=\"elementor-tab-content elementor-clearfix\" data-tab=\"1\" role=\"tabpanel\" aria-labelledby=\"elementor-tab-title-6751\"><p class=\"western\" align=\"justify\"><span style=\"font-family: Arial, serif\"><span style=\"font-size: medium\">A CMSF prop\u00f5e-se cumprir as suas responsabilidades e alcan\u00e7ar os seus objetivos estrat\u00e9gicos, orientadas para a maximiza\u00e7\u00e3o dos recursos dispon\u00edveis, controlo da despesa p\u00fablica, no quadro de uma gest\u00e3o por resultados e o aumento da produtividade dos servi\u00e7os, mantendo um servi\u00e7o p\u00fablico de qualidade.<\/span><\/span><\/p><\/div>\n\t\t\t\t<\/div>\n\t\t\t\t\t\t\t<div class=\"elementor-toggle-item\">\n\t\t\t\t\t<div id=\"elementor-tab-title-6752\" class=\"elementor-tab-title\" data-tab=\"2\" role=\"tab\" aria-controls=\"elementor-tab-content-6752\" aria-expanded=\"false\">\n\t\t\t\t\t\t\t\t\t\t\t\t<span class=\"elementor-toggle-icon elementor-toggle-icon-left\" aria-hidden=\"true\">\n\t\t\t\t\t\t\t\t\t\t\t\t\t\t\t<span class=\"elementor-toggle-icon-closed\"><i class=\"fas fa-caret-right\"><\/i><\/span>\n\t\t\t\t\t\t\t\t<span class=\"elementor-toggle-icon-opened\"><i class=\"elementor-toggle-icon-opened fas fa-caret-up\"><\/i><\/span>\n\t\t\t\t\t\t\t\t\t\t\t\t\t<\/span>\n\t\t\t\t\t\t\t\t\t\t\t\t<a href=\"\" class=\"elementor-toggle-title\">Integridade<\/a>\n\t\t\t\t\t<\/div>\n\t\t\t\t\t<div id=\"elementor-tab-content-6752\" class=\"elementor-tab-content elementor-clearfix\" data-tab=\"2\" role=\"tabpanel\" aria-labelledby=\"elementor-tab-title-6752\"><p class=\"western\" align=\"justify\"><span style=\"font-family: Arial, serif\"><span style=\"font-size: medium\">Promover uma pol\u00edtica de honestidade, equidade, rigor e a escr\u00fapulosa gest\u00e3o do patrim\u00f3nio p\u00fablico, alicer\u00e7ada no respeito pelos mun\u00edcipes.<\/span><\/span><\/p><\/div>\n\t\t\t\t<\/div>\n\t\t\t\t\t\t\t<div class=\"elementor-toggle-item\">\n\t\t\t\t\t<div id=\"elementor-tab-title-6753\" class=\"elementor-tab-title\" data-tab=\"3\" role=\"tab\" aria-controls=\"elementor-tab-content-6753\" aria-expanded=\"false\">\n\t\t\t\t\t\t\t\t\t\t\t\t<span class=\"elementor-toggle-icon elementor-toggle-icon-left\" aria-hidden=\"true\">\n\t\t\t\t\t\t\t\t\t\t\t\t\t\t\t<span class=\"elementor-toggle-icon-closed\"><i class=\"fas fa-caret-right\"><\/i><\/span>\n\t\t\t\t\t\t\t\t<span class=\"elementor-toggle-icon-opened\"><i class=\"elementor-toggle-icon-opened fas fa-caret-up\"><\/i><\/span>\n\t\t\t\t\t\t\t\t\t\t\t\t\t<\/span>\n\t\t\t\t\t\t\t\t\t\t\t\t<a href=\"\" class=\"elementor-toggle-title\">Equidade<\/a>\n\t\t\t\t\t<\/div>\n\t\t\t\t\t<div id=\"elementor-tab-content-6753\" class=\"elementor-tab-content elementor-clearfix\" data-tab=\"3\" role=\"tabpanel\" aria-labelledby=\"elementor-tab-title-6753\"><p class=\"western\" align=\"justify\"><span style=\"font-family: Arial, serif\"><span style=\"font-size: medium\">Sustentar a gest\u00e3o da CMSF em princ\u00edpios de isen\u00e7\u00e3o, igualdade e justi\u00e7a, nunca ignorando os efeitos decorrentes das medidas como o seu fim \u00faltimo.<\/span><\/span><\/p><\/div>\n\t\t\t\t<\/div>\n\t\t\t\t\t\t\t<div class=\"elementor-toggle-item\">\n\t\t\t\t\t<div id=\"elementor-tab-title-6754\" class=\"elementor-tab-title\" data-tab=\"4\" role=\"tab\" aria-controls=\"elementor-tab-content-6754\" aria-expanded=\"false\">\n\t\t\t\t\t\t\t\t\t\t\t\t<span class=\"elementor-toggle-icon elementor-toggle-icon-left\" aria-hidden=\"true\">\n\t\t\t\t\t\t\t\t\t\t\t\t\t\t\t<span class=\"elementor-toggle-icon-closed\"><i class=\"fas fa-caret-right\"><\/i><\/span>\n\t\t\t\t\t\t\t\t<span class=\"elementor-toggle-icon-opened\"><i class=\"elementor-toggle-icon-opened fas fa-caret-up\"><\/i><\/span>\n\t\t\t\t\t\t\t\t\t\t\t\t\t<\/span>\n\t\t\t\t\t\t\t\t\t\t\t\t<a href=\"\" class=\"elementor-toggle-title\">Responsabilidade<\/a>\n\t\t\t\t\t<\/div>\n\t\t\t\t\t<div id=\"elementor-tab-content-6754\" class=\"elementor-tab-content elementor-clearfix\" data-tab=\"4\" role=\"tabpanel\" aria-labelledby=\"elementor-tab-title-6754\"><p class=\"western\" align=\"justify\"><span style=\"font-family: Arial, serif\"><span style=\"font-size: medium\">O servi\u00e7o p\u00fablico da CMSF dever\u00e1 acontecer num quadro de esp\u00edrito de miss\u00e3o e de servi\u00e7o, dedica\u00e7\u00e3o e lealdade, dando vez e voz a cidadania e o servi\u00e7o p\u00fablico.<\/span><\/span><\/p><\/div>\n\t\t\t\t<\/div>\n\t\t\t\t\t\t\t<div class=\"elementor-toggle-item\">\n\t\t\t\t\t<div id=\"elementor-tab-title-6755\" class=\"elementor-tab-title\" data-tab=\"5\" role=\"tab\" aria-controls=\"elementor-tab-content-6755\" aria-expanded=\"false\">\n\t\t\t\t\t\t\t\t\t\t\t\t<span class=\"elementor-toggle-icon elementor-toggle-icon-left\" aria-hidden=\"true\">\n\t\t\t\t\t\t\t\t\t\t\t\t\t\t\t<span class=\"elementor-toggle-icon-closed\"><i class=\"fas fa-caret-right\"><\/i><\/span>\n\t\t\t\t\t\t\t\t<span class=\"elementor-toggle-icon-opened\"><i class=\"elementor-toggle-icon-opened fas fa-caret-up\"><\/i><\/span>\n\t\t\t\t\t\t\t\t\t\t\t\t\t<\/span>\n\t\t\t\t\t\t\t\t\t\t\t\t<a href=\"\" class=\"elementor-toggle-title\">Transpar\u00eancia<\/a>\n\t\t\t\t\t<\/div>\n\t\t\t\t\t<div id=\"elementor-tab-content-6755\" class=\"elementor-tab-content elementor-clearfix\" data-tab=\"5\" role=\"tabpanel\" aria-labelledby=\"elementor-tab-title-6755\"><p class=\"western\" align=\"justify\"><span style=\"font-family: Arial, serif\"><span style=\"font-size: medium\">A CMSF dever\u00e1 promover as boas pr\u00e1ticas organizacionais com processos transparentes e rela\u00e7\u00f5es de reporte (accountability) claras e operativas. Em estrito cumprimento da legalidade e prestar contas da sua atividade, monitorizar e avaliar o seu desempenho, submetendo \u00e0 aprecia\u00e7\u00e3o das entidades fiscalizadoras e dos cidad\u00e3os.<\/span><\/span><\/p><\/div>\n\t\t\t\t<\/div>\n\t\t\t\t\t\t\t<div class=\"elementor-toggle-item\">\n\t\t\t\t\t<div id=\"elementor-tab-title-6756\" class=\"elementor-tab-title\" data-tab=\"6\" role=\"tab\" aria-controls=\"elementor-tab-content-6756\" aria-expanded=\"false\">\n\t\t\t\t\t\t\t\t\t\t\t\t<span class=\"elementor-toggle-icon elementor-toggle-icon-left\" aria-hidden=\"true\">\n\t\t\t\t\t\t\t\t\t\t\t\t\t\t\t<span class=\"elementor-toggle-icon-closed\"><i class=\"fas fa-caret-right\"><\/i><\/span>\n\t\t\t\t\t\t\t\t<span class=\"elementor-toggle-icon-opened\"><i class=\"elementor-toggle-icon-opened fas fa-caret-up\"><\/i><\/span>\n\t\t\t\t\t\t\t\t\t\t\t\t\t<\/span>\n\t\t\t\t\t\t\t\t\t\t\t\t<a href=\"\" class=\"elementor-toggle-title\">Participa\u00e7\u00e3o<\/a>\n\t\t\t\t\t<\/div>\n\t\t\t\t\t<div id=\"elementor-tab-content-6756\" class=\"elementor-tab-content elementor-clearfix\" data-tab=\"6\" role=\"tabpanel\" aria-labelledby=\"elementor-tab-title-6756\"><p class=\"western\" align=\"justify\"><span style=\"font-family: Arial, serif\"><span style=\"font-size: medium\">A CMSF ir\u00e1 apostar na mobiliza\u00e7\u00e3o de todas as pessoas do concelho, numa l\u00f3gica de democracia participativa e inclusiva. Promover e potenciar a constitui\u00e7\u00e3o de parcerias com agentes p\u00fablicos e privados numa l\u00f3gica de rede que permita rentabiliza\u00e7\u00e3o de recursos e optimiza\u00e7\u00e3o de resultados.<\/span><\/span><\/p><\/div>\n\t\t\t\t<\/div>\n\t\t\t\t\t\t\t\t<\/div>\n\t\t\t\t<\/div>\n\t\t\t\t<\/div>\n\t\t\t\t\t<\/div>\n\t\t<\/div>\n\t\t\t\t<div class=\"elementor-column elementor-col-50 elementor-top-column elementor-element elementor-element-f38b4a9\" data-id=\"f38b4a9\" data-element_type=\"column\">\n\t\t\t<div class=\"elementor-widget-wrap elementor-element-populated\">\n\t\t\t\t\t\t\t\t<div class=\"elementor-element elementor-element-0d9a8a8 elementor-widget elementor-widget-image\" data-id=\"0d9a8a8\" data-element_type=\"widget\" data-widget_type=\"image.default\">\n\t\t\t\t<div class=\"elementor-widget-container\">\n\t\t\t\t\t\t\t\t\t\t\t\t\t\t\t<img width=\"1024\" height=\"378\" src=\"https:\/\/cmsf.cv\/wp-content\/uploads\/2022\/03\/magno771-scaled-e1648732898261-1024x378.jpg\" class=\"attachment-large size-large\" alt=\"\" loading=\"lazy\" srcset=\"https:\/\/cmsf.cv\/wp-content\/uploads\/2022\/03\/magno771-scaled-e1648732898261-1024x378.jpg 1024w, https:\/\/cmsf.cv\/wp-content\/uploads\/2022\/03\/magno771-scaled-e1648732898261-300x111.jpg 300w, https:\/\/cmsf.cv\/wp-content\/uploads\/2022\/03\/magno771-scaled-e1648732898261-768x283.jpg 768w, https:\/\/cmsf.cv\/wp-content\/uploads\/2022\/03\/magno771-scaled-e1648732898261-1536x567.jpg 1536w, https:\/\/cmsf.cv\/wp-content\/uploads\/2022\/03\/magno771-scaled-e1648732898261-2048x756.jpg 2048w, https:\/\/cmsf.cv\/wp-content\/uploads\/2022\/03\/magno771-scaled-e1648732898261-600x221.jpg 600w, https:\/\/cmsf.cv\/wp-content\/uploads\/2022\/03\/magno771-scaled-e1648732898261-560x207.jpg 560w\" sizes=\"(max-width: 1024px) 100vw, 1024px\" \/>\t\t\t\t\t\t\t\t\t\t\t\t\t\t\t<\/div>\n\t\t\t\t<\/div>\n\t\t\t\t<div class=\"elementor-element elementor-element-86f95ce elementor-widget elementor-widget-image\" data-id=\"86f95ce\" data-element_type=\"widget\" data-widget_type=\"image.default\">\n\t\t\t\t<div class=\"elementor-widget-container\">\n\t\t\t\t\t\t\t\t\t\t\t\t\t\t\t<img width=\"1024\" height=\"683\" src=\"https:\/\/cmsf.cv\/wp-content\/uploads\/2021\/11\/PRACA-E-CAMARA-2-1024x683.jpg\" class=\"attachment-large size-large\" alt=\"\" loading=\"lazy\" srcset=\"https:\/\/cmsf.cv\/wp-content\/uploads\/2021\/11\/PRACA-E-CAMARA-2-1024x683.jpg 1024w, https:\/\/cmsf.cv\/wp-content\/uploads\/2021\/11\/PRACA-E-CAMARA-2-300x200.jpg 300w, https:\/\/cmsf.cv\/wp-content\/uploads\/2021\/11\/PRACA-E-CAMARA-2-768x512.jpg 768w, https:\/\/cmsf.cv\/wp-content\/uploads\/2021\/11\/PRACA-E-CAMARA-2-1536x1024.jpg 1536w, https:\/\/cmsf.cv\/wp-content\/uploads\/2021\/11\/PRACA-E-CAMARA-2-2048x1365.jpg 2048w, https:\/\/cmsf.cv\/wp-content\/uploads\/2021\/11\/PRACA-E-CAMARA-2-600x400.jpg 600w, https:\/\/cmsf.cv\/wp-content\/uploads\/2021\/11\/PRACA-E-CAMARA-2-560x373.jpg 560w\" sizes=\"(max-width: 1024px) 100vw, 1024px\" \/>\t\t\t\t\t\t\t\t\t\t\t\t\t\t\t<\/div>\n\t\t\t\t<\/div>\n\t\t\t\t\t<\/div>\n\t\t<\/div>\n\t\t\t\t\t\t\t<\/div>\n\t\t<\/section>\n\t\t\t\t<section class=\"elementor-section elementor-top-section elementor-element elementor-element-36e880d elementor-section-boxed elementor-section-height-default elementor-section-height-default\" data-id=\"36e880d\" data-element_type=\"section\" data-settings=\"{&quot;jet_parallax_layout_list&quot;:[{&quot;jet_parallax_layout_image&quot;:{&quot;url&quot;:&quot;&quot;,&quot;id&quot;:&quot;&quot;},&quot;_id&quot;:&quot;cbaff3f&quot;,&quot;jet_parallax_layout_image_tablet&quot;:{&quot;url&quot;:&quot;&quot;,&quot;id&quot;:&quot;&quot;},&quot;jet_parallax_layout_image_mobile&quot;:{&quot;url&quot;:&quot;&quot;,&quot;id&quot;:&quot;&quot;},&quot;jet_parallax_layout_speed&quot;:{&quot;unit&quot;:&quot;%&quot;,&quot;size&quot;:50,&quot;sizes&quot;:[]},&quot;jet_parallax_layout_type&quot;:&quot;scroll&quot;,&quot;jet_parallax_layout_direction&quot;:null,&quot;jet_parallax_layout_fx_direction&quot;:null,&quot;jet_parallax_layout_z_index&quot;:&quot;&quot;,&quot;jet_parallax_layout_bg_x&quot;:50,&quot;jet_parallax_layout_bg_x_tablet&quot;:&quot;&quot;,&quot;jet_parallax_layout_bg_x_mobile&quot;:&quot;&quot;,&quot;jet_parallax_layout_bg_y&quot;:50,&quot;jet_parallax_layout_bg_y_tablet&quot;:&quot;&quot;,&quot;jet_parallax_layout_bg_y_mobile&quot;:&quot;&quot;,&quot;jet_parallax_layout_bg_size&quot;:&quot;auto&quot;,&quot;jet_parallax_layout_bg_size_tablet&quot;:&quot;&quot;,&quot;jet_parallax_layout_bg_size_mobile&quot;:&quot;&quot;,&quot;jet_parallax_layout_animation_prop&quot;:&quot;transform&quot;,&quot;jet_parallax_layout_on&quot;:[&quot;desktop&quot;,&quot;tablet&quot;]}]}\">\n\t\t\t\t\t\t<div class=\"elementor-container elementor-column-gap-default\">\n\t\t\t\t\t<div class=\"elementor-column elementor-col-100 elementor-top-column elementor-element elementor-element-8359f6f\" data-id=\"8359f6f\" data-element_type=\"column\">\n\t\t\t<div class=\"elementor-widget-wrap elementor-element-populated\">\n\t\t\t\t\t\t\t\t<div class=\"elementor-element elementor-element-5c85dbd elementor-widget-divider--view-line_text elementor-widget-divider--element-align-center elementor-widget elementor-widget-divider\" data-id=\"5c85dbd\" data-element_type=\"widget\" data-widget_type=\"divider.default\">\n\t\t\t\t<div class=\"elementor-widget-container\">\n\t\t\t\t\t<div class=\"elementor-divider\">\n\t\t\t<span class=\"elementor-divider-separator\">\n\t\t\t\t\t\t\t<h1 class=\"elementor-divider__text elementor-divider__element\">Elenco Governativo<\/h1>\n\t\t\t\t\t\t<\/span>\n\t\t<\/div>\n\t\t\t\t<\/div>\n\t\t\t\t<\/div>\n\t\t\t\t<div class=\"elementor-element elementor-element-113b2e1 elementor-widget elementor-widget-image\" data-id=\"113b2e1\" data-element_type=\"widget\" data-widget_type=\"image.default\">\n\t\t\t\t<div class=\"elementor-widget-container\">\n\t\t\t\t\t\t\t\t\t\t\t\t\t\t\t\t<a href=\"https:\/\/cmsf.cv\/index.php\/team\/presidente-nuias-mendes-barbosa-da-silva\/\">\n\t\t\t\t\t\t\t<img width=\"400\" height=\"400\" src=\"https:\/\/cmsf.cv\/wp-content\/uploads\/2021\/08\/Nuias.jpg\" class=\"attachment-large size-large\" alt=\"\" loading=\"lazy\" srcset=\"https:\/\/cmsf.cv\/wp-content\/uploads\/2021\/08\/Nuias.jpg 400w, https:\/\/cmsf.cv\/wp-content\/uploads\/2021\/08\/Nuias-300x300.jpg 300w, https:\/\/cmsf.cv\/wp-content\/uploads\/2021\/08\/Nuias-150x150.jpg 150w, https:\/\/cmsf.cv\/wp-content\/uploads\/2021\/08\/Nuias-100x100.jpg 100w\" sizes=\"(max-width: 400px) 100vw, 400px\" \/>\t\t\t\t\t\t\t\t<\/a>\n\t\t\t\t\t\t\t\t\t\t\t\t\t\t\t<\/div>\n\t\t\t\t<\/div>\n\t\t\t\t<div class=\"elementor-element elementor-element-cc173b9 elementor-widget elementor-widget-heading\" data-id=\"cc173b9\" data-element_type=\"widget\" data-widget_type=\"heading.default\">\n\t\t\t\t<div class=\"elementor-widget-container\">\n\t\t\t<h2 class=\"elementor-heading-title elementor-size-default\"><a href=\"https:\/\/cmsf.cv\/index.php\/team\/presidente-nuias-mendes-barbosa-da-silva\/\">Eng.\u00ba Nuias Mendes Barbosa da Silva<\/a><\/h2>\t\t<\/div>\n\t\t\t\t<\/div>\n\t\t\t\t<div class=\"elementor-element elementor-element-9f80940 elementor-widget elementor-widget-ova_heading\" data-id=\"9f80940\" data-element_type=\"widget\" data-widget_type=\"ova_heading.default\">\n\t\t\t\t<div class=\"elementor-widget-container\">\n\t\t\t\t\t<div class=\"ova-heading\">\n\t\t\t\n\t\t\t\t\t\t\t<h4 class=\"title second_font\">Presidente<\/h4>\n\t\t\t\n\t\t\t\t\t\t\t<p class=\"sub-title \">Pelouros: Planeamento Estrat\u00e9gico e Desenvolvimento Sustent\u00e1vel 2030, Coopera\u00e7\u00e3o e Rela\u00e7\u00f5es Institucionais, Empreendedorismo e Inova\u00e7\u00e3o <\/p>\n\t\t\t\n\t\t<\/div>\n\t\t\t\t<\/div>\n\t\t\t\t<\/div>\n\t\t\t\t<div class=\"elementor-element elementor-element-83ffaba elementor-widget-divider--view-line_text elementor-widget-divider--element-align-center elementor-widget elementor-widget-divider\" data-id=\"83ffaba\" data-element_type=\"widget\" data-widget_type=\"divider.default\">\n\t\t\t\t<div class=\"elementor-widget-container\">\n\t\t\t\t\t<div class=\"elementor-divider\">\n\t\t\t<span class=\"elementor-divider-separator\">\n\t\t\t\t\t\t\t<h1 class=\"elementor-divider__text elementor-divider__element\">Vereadores<\/h1>\n\t\t\t\t\t\t<\/span>\n\t\t<\/div>\n\t\t\t\t<\/div>\n\t\t\t\t<\/div>\n\t\t\t\t\t<\/div>\n\t\t<\/div>\n\t\t\t\t\t\t\t<\/div>\n\t\t<\/section>\n\t\t\t\t<section class=\"elementor-section elementor-top-section elementor-element elementor-element-86100b3 elementor-section-boxed elementor-section-height-default elementor-section-height-default\" data-id=\"86100b3\" data-element_type=\"section\" data-settings=\"{&quot;jet_parallax_layout_list&quot;:[{&quot;jet_parallax_layout_image&quot;:{&quot;url&quot;:&quot;&quot;,&quot;id&quot;:&quot;&quot;},&quot;_id&quot;:&quot;8597719&quot;,&quot;jet_parallax_layout_image_tablet&quot;:{&quot;url&quot;:&quot;&quot;,&quot;id&quot;:&quot;&quot;},&quot;jet_parallax_layout_image_mobile&quot;:{&quot;url&quot;:&quot;&quot;,&quot;id&quot;:&quot;&quot;},&quot;jet_parallax_layout_speed&quot;:{&quot;unit&quot;:&quot;%&quot;,&quot;size&quot;:50,&quot;sizes&quot;:[]},&quot;jet_parallax_layout_type&quot;:&quot;scroll&quot;,&quot;jet_parallax_layout_direction&quot;:null,&quot;jet_parallax_layout_fx_direction&quot;:null,&quot;jet_parallax_layout_z_index&quot;:&quot;&quot;,&quot;jet_parallax_layout_bg_x&quot;:50,&quot;jet_parallax_layout_bg_x_tablet&quot;:&quot;&quot;,&quot;jet_parallax_layout_bg_x_mobile&quot;:&quot;&quot;,&quot;jet_parallax_layout_bg_y&quot;:50,&quot;jet_parallax_layout_bg_y_tablet&quot;:&quot;&quot;,&quot;jet_parallax_layout_bg_y_mobile&quot;:&quot;&quot;,&quot;jet_parallax_layout_bg_size&quot;:&quot;auto&quot;,&quot;jet_parallax_layout_bg_size_tablet&quot;:&quot;&quot;,&quot;jet_parallax_layout_bg_size_mobile&quot;:&quot;&quot;,&quot;jet_parallax_layout_animation_prop&quot;:&quot;transform&quot;,&quot;jet_parallax_layout_on&quot;:[&quot;desktop&quot;,&quot;tablet&quot;]}]}\">\n\t\t\t\t\t\t<div class=\"elementor-container elementor-column-gap-default\">\n\t\t\t\t\t<div class=\"elementor-column elementor-col-100 elementor-top-column elementor-element elementor-element-538be9c\" data-id=\"538be9c\" data-element_type=\"column\">\n\t\t\t<div class=\"elementor-widget-wrap elementor-element-populated\">\n\t\t\t\t\t\t\t\t<div class=\"elementor-element elementor-element-6c715a9 elementor-widget elementor-widget-ova_team\" data-id=\"6c715a9\" data-element_type=\"widget\" data-widget_type=\"ova_team.default\">\n\t\t\t\t<div class=\"elementor-widget-container\">\n\t\t\t\n\n\t\t<div class=\"archive_team elementor-team three_column\">\n\t\t\t<div class=\"content\">\n\t\t\t\t\n\t\t\t\t\t<div class=\"items elementor-items\">\n\t\t\t\t\t\t\n\t\t\t\t\t\t<div class=\"content_info\">\n\t\t\t\t\t\t\t<div class=\"ova-media\">\n\t\t\t\t\t\t\t\t\t\t\t\t\t\t\t\t\t<a href=\"https:\/\/cmsf.cv\/index.php\/team\/vereadora-vanilda-filomena-silva-correia\/\">\n\t\t\t\t\t\t\t\t\t\t<img src=\"https:\/\/cmsf.cv\/wp-content\/uploads\/2021\/08\/Vanilda-2.jpg\" class=\"img-responsive\" alt=\"Vereadora: Vanilda Filomena Silva Correia\">\n\t\t\t\t\t\t\t\t\t<\/a>\n\t\t\t\t\t\t\t\t\t\t\t\t\t\t\t<\/div>\n\t\t\t\t\t\t\t<div class=\"ova-info-content\">\n\n\t\t\t\t\t\t\t\t\t\t\t\t\t\t\t\t\t\t\t\t\t\t\t\t<a href=\"https:\/\/cmsf.cv\/index.php\/team\/vereadora-vanilda-filomena-silva-correia\/\" class=\"name second_font\" >\n\t\t\t\t\t\t\t\t\tVereadora: Vanilda Filomena Silva Correia\t\t\t\t\t\t\t\t<\/a>\n\t\t\t\t\t\t\t\t\n\t\t\t\t\t\t\t\t\t\t\t\t\t\t\t\t\t<p class=\"job\">\n\t\t\t\t\t\t\t\t\t\tPelouros: A\u00e7\u00e3o social, Sa\u00fade, Fam\u00edlia e Habita\u00e7\u00e3o\t\t\t\t\t\t\t\t\t<\/p>\n\t\t\t\t\t\t\t\t\n\t\t\t\t\t\t\t\t\t\t\t\t\t\t\t\t\t\t\t\t\t\t\t\t\t<div class=\"ova-phone\">\n\t\t\t\t\t\t\t\t\t\t<i class=\"fa fa-phone\"><\/i>\n\t\t\t\t\t\t\t\t\t\t<a href=\"tel:2811313\" >2811313<\/a>\n\t\t\t\t\t\t\t\t\t<\/div>\n\t\t\t\t\t\t\t\t\n\t\t\t\t\t\t\t\t\n\n\t\t\t\t\t\t\t<\/div>\n\t\t\t\t\t\t<\/div>\n\n\t\t\t\t\t<\/div>\n\n\t\t\t\t\n\t\t\t\t\t<div class=\"items elementor-items\">\n\t\t\t\t\t\t\n\t\t\t\t\t\t<div class=\"content_info\">\n\t\t\t\t\t\t\t<div class=\"ova-media\">\n\t\t\t\t\t\t\t\t\t\t\t\t\t\t\t\t\t<a href=\"https:\/\/cmsf.cv\/index.php\/team\/vereador-euclides-dos-santos-fernandes\/\">\n\t\t\t\t\t\t\t\t\t\t<img src=\"https:\/\/cmsf.cv\/wp-content\/uploads\/2021\/08\/Euclides-3.jpg\" class=\"img-responsive\" alt=\"Vereador: Euclides dos Santos Fernandes\">\n\t\t\t\t\t\t\t\t\t<\/a>\n\t\t\t\t\t\t\t\t\t\t\t\t\t\t\t<\/div>\n\t\t\t\t\t\t\t<div class=\"ova-info-content\">\n\n\t\t\t\t\t\t\t\t\t\t\t\t\t\t\t\t\t\t\t\t\t\t\t\t<a href=\"https:\/\/cmsf.cv\/index.php\/team\/vereador-euclides-dos-santos-fernandes\/\" class=\"name second_font\" >\n\t\t\t\t\t\t\t\t\tVereador: Euclides dos Santos Fernandes\t\t\t\t\t\t\t\t<\/a>\n\t\t\t\t\t\t\t\t\n\t\t\t\t\t\t\t\t\t\t\t\t\t\t\t\t\t<p class=\"job\">\n\t\t\t\t\t\t\t\t\t\tPelouros: Infraestruturas, Urbanismo e Transportes\t\t\t\t\t\t\t\t\t<\/p>\n\t\t\t\t\t\t\t\t\n\t\t\t\t\t\t\t\t\t\t\t\t\t\t\t\t\t\t\t\t\t\t\t\t\t<div class=\"ova-phone\">\n\t\t\t\t\t\t\t\t\t\t<i class=\"fa fa-phone\"><\/i>\n\t\t\t\t\t\t\t\t\t\t<a href=\"tel:2811313\" >2811313<\/a>\n\t\t\t\t\t\t\t\t\t<\/div>\n\t\t\t\t\t\t\t\t\n\t\t\t\t\t\t\t\t\n\n\t\t\t\t\t\t\t<\/div>\n\t\t\t\t\t\t<\/div>\n\n\t\t\t\t\t<\/div>\n\n\t\t\t\t\n\t\t\t\t\t<div class=\"items elementor-items\">\n\t\t\t\t\t\t\n\t\t\t\t\t\t<div class=\"content_info\">\n\t\t\t\t\t\t\t<div class=\"ova-media\">\n\t\t\t\t\t\t\t\t\t\t\t\t\t\t\t\t\t<a href=\"https:\/\/cmsf.cv\/index.php\/team\/vereadora-lia-andrade-monteiro-barbosa-teixeira\/\">\n\t\t\t\t\t\t\t\t\t\t<img src=\"https:\/\/cmsf.cv\/wp-content\/uploads\/2021\/08\/Lia.jpg\" class=\"img-responsive\" alt=\"Vereadora: Lia Andrade Monteiro Barbosa Teixeira\">\n\t\t\t\t\t\t\t\t\t<\/a>\n\t\t\t\t\t\t\t\t\t\t\t\t\t\t\t<\/div>\n\t\t\t\t\t\t\t<div class=\"ova-info-content\">\n\n\t\t\t\t\t\t\t\t\t\t\t\t\t\t\t\t\t\t\t\t\t\t\t\t<a href=\"https:\/\/cmsf.cv\/index.php\/team\/vereadora-lia-andrade-monteiro-barbosa-teixeira\/\" class=\"name second_font\" >\n\t\t\t\t\t\t\t\t\tVereadora: Lia Andrade Monteiro Barbosa Teixeira\t\t\t\t\t\t\t\t<\/a>\n\t\t\t\t\t\t\t\t\n\t\t\t\t\t\t\t\t\t\t\t\t\t\t\t\t\t<p class=\"job\">\n\t\t\t\t\t\t\t\t\t\tPelouros: Cultura, Turismo, Pescas e Comunica\u00e7\u00e3o\t\t\t\t\t\t\t\t\t<\/p>\n\t\t\t\t\t\t\t\t\n\t\t\t\t\t\t\t\t\t\t\t\t\t\t\t\t\t\t\t\t\t\t\t\t\t<div class=\"ova-phone\">\n\t\t\t\t\t\t\t\t\t\t<i class=\"fa fa-phone\"><\/i>\n\t\t\t\t\t\t\t\t\t\t<a href=\"tel:2811313\" >2811313<\/a>\n\t\t\t\t\t\t\t\t\t<\/div>\n\t\t\t\t\t\t\t\t\n\t\t\t\t\t\t\t\t\n\n\t\t\t\t\t\t\t<\/div>\n\t\t\t\t\t\t<\/div>\n\n\t\t\t\t\t<\/div>\n\n\t\t\t\t\n\t\t\t\t\t<div class=\"items elementor-items\">\n\t\t\t\t\t\t\n\t\t\t\t\t\t<div class=\"content_info\">\n\t\t\t\t\t\t\t<div class=\"ova-media\">\n\t\t\t\t\t\t\t\t\t\t\t\t\t\t\t\t\t<a href=\"https:\/\/cmsf.cv\/index.php\/team\/vereador-antonio-jorge-cula-monteiro\/\">\n\t\t\t\t\t\t\t\t\t\t<img src=\"https:\/\/cmsf.cv\/wp-content\/uploads\/2021\/08\/Cula.jpg\" class=\"img-responsive\" alt=\"Vereador: Ant\u00f3nio Jorge Cula Monteiro\">\n\t\t\t\t\t\t\t\t\t<\/a>\n\t\t\t\t\t\t\t\t\t\t\t\t\t\t\t<\/div>\n\t\t\t\t\t\t\t<div class=\"ova-info-content\">\n\n\t\t\t\t\t\t\t\t\t\t\t\t\t\t\t\t\t\t\t\t\t\t\t\t<a href=\"https:\/\/cmsf.cv\/index.php\/team\/vereador-antonio-jorge-cula-monteiro\/\" class=\"name second_font\" >\n\t\t\t\t\t\t\t\t\tVereador: Ant\u00f3nio Jorge Cula Monteiro\t\t\t\t\t\t\t\t<\/a>\n\t\t\t\t\t\t\t\t\n\t\t\t\t\t\t\t\t\t\t\t\t\t\t\t\t\t<p class=\"job\">\n\t\t\t\t\t\t\t\t\t\tPelouros: Administra\u00e7\u00e3o &amp; Finan\u00e7as, Descentraliza\u00e7\u00e3o, Economia e Desenvolvimento Rural\t\t\t\t\t\t\t\t\t<\/p>\n\t\t\t\t\t\t\t\t\n\t\t\t\t\t\t\t\t\t\t\t\t\t\t\t\t\t\t\t\t\t\t\t\t\t<div class=\"ova-phone\">\n\t\t\t\t\t\t\t\t\t\t<i class=\"fa fa-phone\"><\/i>\n\t\t\t\t\t\t\t\t\t\t<a href=\"tel:2811313\" >2811313<\/a>\n\t\t\t\t\t\t\t\t\t<\/div>\n\t\t\t\t\t\t\t\t\n\t\t\t\t\t\t\t\t\n\n\t\t\t\t\t\t\t<\/div>\n\t\t\t\t\t\t<\/div>\n\n\t\t\t\t\t<\/div>\n\n\t\t\t\t\n\t\t\t\t\t<div class=\"items elementor-items\">\n\t\t\t\t\t\t\n\t\t\t\t\t\t<div class=\"content_info\">\n\t\t\t\t\t\t\t<div class=\"ova-media\">\n\t\t\t\t\t\t\t\t\t\t\t\t\t\t\t\t\t<a href=\"https:\/\/cmsf.cv\/index.php\/team\/vereadora-eva-indira-alves-spinola-andrade-2\/\">\n\t\t\t\t\t\t\t\t\t\t<img src=\"https:\/\/cmsf.cv\/wp-content\/uploads\/2021\/08\/Eva-2.jpg\" class=\"img-responsive\" alt=\"Vereadora: Eva Indira Alves Sp\u00ednola Andrade\">\n\t\t\t\t\t\t\t\t\t<\/a>\n\t\t\t\t\t\t\t\t\t\t\t\t\t\t\t<\/div>\n\t\t\t\t\t\t\t<div class=\"ova-info-content\">\n\n\t\t\t\t\t\t\t\t\t\t\t\t\t\t\t\t\t\t\t\t\t\t\t\t<a href=\"https:\/\/cmsf.cv\/index.php\/team\/vereadora-eva-indira-alves-spinola-andrade-2\/\" class=\"name second_font\" >\n\t\t\t\t\t\t\t\t\tVereadora: Eva Indira Alves Sp\u00ednola Andrade\t\t\t\t\t\t\t\t<\/a>\n\t\t\t\t\t\t\t\t\n\t\t\t\t\t\t\t\t\t\t\t\t\t\t\t\t\t<p class=\"job\">\n\t\t\t\t\t\t\t\t\t\tPelouros: Educa\u00e7\u00e3o, Forma\u00e7\u00e3o Profissional, Ensino Superior e Juventude\t\t\t\t\t\t\t\t\t<\/p>\n\t\t\t\t\t\t\t\t\n\t\t\t\t\t\t\t\t\t\t\t\t\t\t\t\t\t\t\t\t\t\t\t\t\t<div class=\"ova-phone\">\n\t\t\t\t\t\t\t\t\t\t<i class=\"fa fa-phone\"><\/i>\n\t\t\t\t\t\t\t\t\t\t<a href=\"tel:2811313\" >2811313<\/a>\n\t\t\t\t\t\t\t\t\t<\/div>\n\t\t\t\t\t\t\t\t\n\t\t\t\t\t\t\t\t\n\n\t\t\t\t\t\t\t<\/div>\n\t\t\t\t\t\t<\/div>\n\n\t\t\t\t\t<\/div>\n\n\t\t\t\t\n\t\t\t\t\t<div class=\"items elementor-items\">\n\t\t\t\t\t\t\n\t\t\t\t\t\t<div class=\"content_info\">\n\t\t\t\t\t\t\t<div class=\"ova-media\">\n\t\t\t\t\t\t\t\t\t\t\t\t\t\t\t\t\t<a href=\"https:\/\/cmsf.cv\/index.php\/team\/vereador-joao-jose-do-livramento-rodrigues-pires-canuto\/\">\n\t\t\t\t\t\t\t\t\t\t<img src=\"https:\/\/cmsf.cv\/wp-content\/uploads\/2021\/08\/Lalau.jpg\" class=\"img-responsive\" alt=\"Vereador: Jo\u00e3o Jos\u00e9 do Livramento Rodrigues Pires Canuto\">\n\t\t\t\t\t\t\t\t\t<\/a>\n\t\t\t\t\t\t\t\t\t\t\t\t\t\t\t<\/div>\n\t\t\t\t\t\t\t<div class=\"ova-info-content\">\n\n\t\t\t\t\t\t\t\t\t\t\t\t\t\t\t\t\t\t\t\t\t\t\t\t<a href=\"https:\/\/cmsf.cv\/index.php\/team\/vereador-joao-jose-do-livramento-rodrigues-pires-canuto\/\" class=\"name second_font\" >\n\t\t\t\t\t\t\t\t\tVereador: Jo\u00e3o Jos\u00e9 do Livramento Rodrigues Pires Canuto\t\t\t\t\t\t\t\t<\/a>\n\t\t\t\t\t\t\t\t\n\t\t\t\t\t\t\t\t\t\t\t\t\t\t\t\t\t<p class=\"job\">\n\t\t\t\t\t\t\t\t\t\tPelouros: Ambiente, Desporto e Prote\u00e7\u00e3o Civil\t\t\t\t\t\t\t\t\t<\/p>\n\t\t\t\t\t\t\t\t\n\t\t\t\t\t\t\t\t\t\t\t\t\t\t\t\t\t\t\t\t\t\t\t\t\t<div class=\"ova-phone\">\n\t\t\t\t\t\t\t\t\t\t<i class=\"fa fa-phone\"><\/i>\n\t\t\t\t\t\t\t\t\t\t<a href=\"tel:2811313\" >2811313<\/a>\n\t\t\t\t\t\t\t\t\t<\/div>\n\t\t\t\t\t\t\t\t\n\t\t\t\t\t\t\t\t\n\n\t\t\t\t\t\t\t<\/div>\n\t\t\t\t\t\t<\/div>\n\n\t\t\t\t\t<\/div>\n\n\t\t\t\t\t\t\t<\/div>\n\n\t\t<\/div>\n\n\t\t<\/div>\n\t\t\t\t<\/div>\n\t\t\t\t\t<\/div>\n\t\t<\/div>\n\t\t\t\t\t\t\t<\/div>\n\t\t<\/section>\n\t\t\t\t<section class=\"elementor-section elementor-top-section elementor-element elementor-element-b4cd44c elementor-section-boxed elementor-section-height-default elementor-section-height-default\" data-id=\"b4cd44c\" data-element_type=\"section\" data-settings=\"{&quot;jet_parallax_layout_list&quot;:[{&quot;jet_parallax_layout_image&quot;:{&quot;url&quot;:&quot;&quot;,&quot;id&quot;:&quot;&quot;},&quot;_id&quot;:&quot;8597719&quot;,&quot;jet_parallax_layout_image_tablet&quot;:{&quot;url&quot;:&quot;&quot;,&quot;id&quot;:&quot;&quot;},&quot;jet_parallax_layout_image_mobile&quot;:{&quot;url&quot;:&quot;&quot;,&quot;id&quot;:&quot;&quot;},&quot;jet_parallax_layout_speed&quot;:{&quot;unit&quot;:&quot;%&quot;,&quot;size&quot;:50,&quot;sizes&quot;:[]},&quot;jet_parallax_layout_type&quot;:&quot;scroll&quot;,&quot;jet_parallax_layout_direction&quot;:null,&quot;jet_parallax_layout_fx_direction&quot;:null,&quot;jet_parallax_layout_z_index&quot;:&quot;&quot;,&quot;jet_parallax_layout_bg_x&quot;:50,&quot;jet_parallax_layout_bg_x_tablet&quot;:&quot;&quot;,&quot;jet_parallax_layout_bg_x_mobile&quot;:&quot;&quot;,&quot;jet_parallax_layout_bg_y&quot;:50,&quot;jet_parallax_layout_bg_y_tablet&quot;:&quot;&quot;,&quot;jet_parallax_layout_bg_y_mobile&quot;:&quot;&quot;,&quot;jet_parallax_layout_bg_size&quot;:&quot;auto&quot;,&quot;jet_parallax_layout_bg_size_tablet&quot;:&quot;&quot;,&quot;jet_parallax_layout_bg_size_mobile&quot;:&quot;&quot;,&quot;jet_parallax_layout_animation_prop&quot;:&quot;transform&quot;,&quot;jet_parallax_layout_on&quot;:[&quot;desktop&quot;,&quot;tablet&quot;]}]}\">\n\t\t\t\t\t\t<div class=\"elementor-container elementor-column-gap-default\">\n\t\t\t\t\t<div class=\"elementor-column elementor-col-100 elementor-top-column elementor-element elementor-element-1923b79\" data-id=\"1923b79\" data-element_type=\"column\">\n\t\t\t<div class=\"elementor-widget-wrap elementor-element-populated\">\n\t\t\t\t\t\t\t\t<div class=\"elementor-element elementor-element-be54421 elementor-widget-divider--view-line_text elementor-widget-divider--element-align-center elementor-widget elementor-widget-divider\" data-id=\"be54421\" data-element_type=\"widget\" data-widget_type=\"divider.default\">\n\t\t\t\t<div class=\"elementor-widget-container\">\n\t\t\t\t\t<div class=\"elementor-divider\">\n\t\t\t<span class=\"elementor-divider-separator\">\n\t\t\t\t\t\t\t<h1 class=\"elementor-divider__text elementor-divider__element\">Estruturas Diretivas<\/h1>\n\t\t\t\t\t\t<\/span>\n\t\t<\/div>\n\t\t\t\t<\/div>\n\t\t\t\t<\/div>\n\t\t\t\t<div class=\"elementor-element elementor-element-623df81 elementor-widget elementor-widget-ova_team\" data-id=\"623df81\" data-element_type=\"widget\" data-widget_type=\"ova_team.default\">\n\t\t\t\t<div class=\"elementor-widget-container\">\n\t\t\t\n\n\t\t<div class=\"archive_team elementor-team three_column\">\n\t\t\t<div class=\"content\">\n\t\t\t\t\n\t\t\t\t\t<div class=\"items elementor-items\">\n\t\t\t\t\t\t\n\t\t\t\t\t\t<div class=\"content_info\">\n\t\t\t\t\t\t\t<div class=\"ova-media\">\n\t\t\t\t\t\t\t\t\t\t\t\t\t\t\t\t\t<a href=\"https:\/\/cmsf.cv\/index.php\/team\/diretora-de-gabinete\/\">\n\t\t\t\t\t\t\t\t\t\t<img src=\"https:\/\/cmsf.cv\/wp-content\/uploads\/2022\/07\/ANA-.jpg\" class=\"img-responsive\" alt=\"Diretora de Gabinete do Presidente: Ana Pereira\">\n\t\t\t\t\t\t\t\t\t<\/a>\n\t\t\t\t\t\t\t\t\t\t\t\t\t\t\t<\/div>\n\t\t\t\t\t\t\t<div class=\"ova-info-content\">\n\n\t\t\t\t\t\t\t\t\t\t\t\t\t\t\t\t\t\t\t\t\t\t\t\t<a href=\"https:\/\/cmsf.cv\/index.php\/team\/diretora-de-gabinete\/\" class=\"name second_font\" >\n\t\t\t\t\t\t\t\t\tDiretora de Gabinete do Presidente: Ana Pereira\t\t\t\t\t\t\t\t<\/a>\n\t\t\t\t\t\t\t\t\n\t\t\t\t\t\t\t\t\n\t\t\t\t\t\t\t\t\t\t\t\t\t\t\t\t\n\t\t\t\t\t\t\t\t\n\n\t\t\t\t\t\t\t<\/div>\n\t\t\t\t\t\t<\/div>\n\n\t\t\t\t\t<\/div>\n\n\t\t\t\t\n\t\t\t\t\t<div class=\"items elementor-items\">\n\t\t\t\t\t\t\n\t\t\t\t\t\t<div class=\"content_info\">\n\t\t\t\t\t\t\t<div class=\"ova-media\">\n\t\t\t\t\t\t\t\t\t\t\t\t\t\t\t<\/div>\n\t\t\t\t\t\t\t<div class=\"ova-info-content\">\n\n\t\t\t\t\t\t\t\t\t\t\t\t\t\t\t\t\t\t\t\t\t\t\t\t<a href=\"https:\/\/cmsf.cv\/index.php\/team\/assessor-renanto-delgado\/\" class=\"name second_font\" >\n\t\t\t\t\t\t\t\t\tAssessor:\t\t\t\t\t\t\t\t<\/a>\n\t\t\t\t\t\t\t\t\n\t\t\t\t\t\t\t\t\n\t\t\t\t\t\t\t\t\t\t\t\t\t\t\t\t\n\t\t\t\t\t\t\t\t\n\n\t\t\t\t\t\t\t<\/div>\n\t\t\t\t\t\t<\/div>\n\n\t\t\t\t\t<\/div>\n\n\t\t\t\t\n\t\t\t\t\t<div class=\"items elementor-items\">\n\t\t\t\t\t\t\n\t\t\t\t\t\t<div class=\"content_info\">\n\t\t\t\t\t\t\t<div class=\"ova-media\">\n\t\t\t\t\t\t\t\t\t\t\t\t\t\t\t<\/div>\n\t\t\t\t\t\t\t<div class=\"ova-info-content\">\n\n\t\t\t\t\t\t\t\t\t\t\t\t\t\t\t\t\t\t\t\t\t\t\t\t<a href=\"https:\/\/cmsf.cv\/index.php\/team\/assessor-artur-cardoso\/\" class=\"name second_font\" >\n\t\t\t\t\t\t\t\t\tAssessor:\t\t\t\t\t\t\t\t<\/a>\n\t\t\t\t\t\t\t\t\n\t\t\t\t\t\t\t\t\n\t\t\t\t\t\t\t\t\t\t\t\t\t\t\t\t\n\t\t\t\t\t\t\t\t\n\n\t\t\t\t\t\t\t<\/div>\n\t\t\t\t\t\t<\/div>\n\n\t\t\t\t\t<\/div>\n\n\t\t\t\t\n\t\t\t\t\t<div class=\"items elementor-items\">\n\t\t\t\t\t\t\n\t\t\t\t\t\t<div class=\"content_info\">\n\t\t\t\t\t\t\t<div class=\"ova-media\">\n\t\t\t\t\t\t\t\t\t\t\t\t\t\t\t\t\t<a href=\"https:\/\/cmsf.cv\/index.php\/team\/secretario-municipal\/\">\n\t\t\t\t\t\t\t\t\t\t<img src=\"https:\/\/cmsf.cv\/wp-content\/uploads\/2022\/07\/ulisses08.png\" class=\"img-responsive\" alt=\"Secret\u00e1rio Municipal: Ulisses Andrade\">\n\t\t\t\t\t\t\t\t\t<\/a>\n\t\t\t\t\t\t\t\t\t\t\t\t\t\t\t<\/div>\n\t\t\t\t\t\t\t<div class=\"ova-info-content\">\n\n\t\t\t\t\t\t\t\t\t\t\t\t\t\t\t\t\t\t\t\t\t\t\t\t<a href=\"https:\/\/cmsf.cv\/index.php\/team\/secretario-municipal\/\" class=\"name second_font\" >\n\t\t\t\t\t\t\t\t\tSecret\u00e1rio Municipal: Ulisses Andrade\t\t\t\t\t\t\t\t<\/a>\n\t\t\t\t\t\t\t\t\n\t\t\t\t\t\t\t\t\n\t\t\t\t\t\t\t\t\t\t\t\t\t\t\t\t\n\t\t\t\t\t\t\t\t\n\n\t\t\t\t\t\t\t<\/div>\n\t\t\t\t\t\t<\/div>\n\n\t\t\t\t\t<\/div>\n\n\t\t\t\t\n\t\t\t\t\t<div class=\"items elementor-items\">\n\t\t\t\t\t\t\n\t\t\t\t\t\t<div class=\"content_info\">\n\t\t\t\t\t\t\t<div class=\"ova-media\">\n\t\t\t\t\t\t\t\t\t\t\t\t\t\t\t\t\t<a href=\"https:\/\/cmsf.cv\/index.php\/team\/dgisdh-neusa-pina\/\">\n\t\t\t\t\t\t\t\t\t\t<img src=\"https:\/\/cmsf.cv\/wp-content\/uploads\/2022\/07\/Neusa.jpg\" class=\"img-responsive\" alt=\"Diretora GISDH (Gabinete de Inclus\u00e3o Social e Desenvolvimento Humano): Neusa Pina\">\n\t\t\t\t\t\t\t\t\t<\/a>\n\t\t\t\t\t\t\t\t\t\t\t\t\t\t\t<\/div>\n\t\t\t\t\t\t\t<div class=\"ova-info-content\">\n\n\t\t\t\t\t\t\t\t\t\t\t\t\t\t\t\t\t\t\t\t\t\t\t\t<a href=\"https:\/\/cmsf.cv\/index.php\/team\/dgisdh-neusa-pina\/\" class=\"name second_font\" >\n\t\t\t\t\t\t\t\t\tDiretora GISDH (Gabinete de Inclus\u00e3o Social e Desenvolvimento Humano): Neusa Pina\t\t\t\t\t\t\t\t<\/a>\n\t\t\t\t\t\t\t\t\n\t\t\t\t\t\t\t\t\n\t\t\t\t\t\t\t\t\t\t\t\t\t\t\t\t\n\t\t\t\t\t\t\t\t\n\n\t\t\t\t\t\t\t<\/div>\n\t\t\t\t\t\t<\/div>\n\n\t\t\t\t\t<\/div>\n\n\t\t\t\t\n\t\t\t\t\t<div class=\"items elementor-items\">\n\t\t\t\t\t\t\n\t\t\t\t\t\t<div class=\"content_info\">\n\t\t\t\t\t\t\t<div class=\"ova-media\">\n\t\t\t\t\t\t\t\t\t\t\t\t\t\t\t\t\t<a href=\"https:\/\/cmsf.cv\/index.php\/team\/dma-diretor-amilcar-lopes\/\">\n\t\t\t\t\t\t\t\t\t\t<img src=\"https:\/\/cmsf.cv\/wp-content\/uploads\/2022\/07\/ilido-1-1.jpg\" class=\"img-responsive\" alt=\"Diretor DMA(Dire\u00e7\u00e3o Municipal do Ambiente): Ilidio Silva\">\n\t\t\t\t\t\t\t\t\t<\/a>\n\t\t\t\t\t\t\t\t\t\t\t\t\t\t\t<\/div>\n\t\t\t\t\t\t\t<div class=\"ova-info-content\">\n\n\t\t\t\t\t\t\t\t\t\t\t\t\t\t\t\t\t\t\t\t\t\t\t\t<a href=\"https:\/\/cmsf.cv\/index.php\/team\/dma-diretor-amilcar-lopes\/\" class=\"name second_font\" >\n\t\t\t\t\t\t\t\t\tDiretor DMA(Dire\u00e7\u00e3o Municipal do Ambiente): Ilidio Silva\t\t\t\t\t\t\t\t<\/a>\n\t\t\t\t\t\t\t\t\n\t\t\t\t\t\t\t\t\n\t\t\t\t\t\t\t\t\t\t\t\t\t\t\t\t\n\t\t\t\t\t\t\t\t\n\n\t\t\t\t\t\t\t<\/div>\n\t\t\t\t\t\t<\/div>\n\n\t\t\t\t\t<\/div>\n\n\t\t\t\t\n\t\t\t\t\t<div class=\"items elementor-items\">\n\t\t\t\t\t\t\n\t\t\t\t\t\t<div class=\"content_info\">\n\t\t\t\t\t\t\t<div class=\"ova-media\">\n\t\t\t\t\t\t\t\t\t\t\t\t\t\t\t<\/div>\n\t\t\t\t\t\t\t<div class=\"ova-info-content\">\n\n\t\t\t\t\t\t\t\t\t\t\t\t\t\t\t\t\t\t\t\t\t\t\t\t<a href=\"https:\/\/cmsf.cv\/index.php\/team\/direcao-administrativa-e-financeira-jose-pedro-goncalves\/\" class=\"name second_font\" >\n\t\t\t\t\t\t\t\t\tDiretor Administrativo e Financeiro:\t\t\t\t\t\t\t\t<\/a>\n\t\t\t\t\t\t\t\t\n\t\t\t\t\t\t\t\t\n\t\t\t\t\t\t\t\t\t\t\t\t\t\t\t\t\n\t\t\t\t\t\t\t\t\n\n\t\t\t\t\t\t\t<\/div>\n\t\t\t\t\t\t<\/div>\n\n\t\t\t\t\t<\/div>\n\n\t\t\t\t\n\t\t\t\t\t<div class=\"items elementor-items\">\n\t\t\t\t\t\t\n\t\t\t\t\t\t<div class=\"content_info\">\n\t\t\t\t\t\t\t<div class=\"ova-media\">\n\t\t\t\t\t\t\t\t\t\t\t\t\t\t\t\t\t<a href=\"https:\/\/cmsf.cv\/index.php\/team\/diretor-do-gabinete-e-apoio-tecnico-gat-isaac-sena\/\">\n\t\t\t\t\t\t\t\t\t\t<img src=\"https:\/\/cmsf.cv\/wp-content\/uploads\/2025\/11\/Issac-Sena-TAMANHO-SITE.jpg\" class=\"img-responsive\" alt=\"Diretor do Gabinete e Apoio T\u00e9cnico (GAT): Isaac Sena\">\n\t\t\t\t\t\t\t\t\t<\/a>\n\t\t\t\t\t\t\t\t\t\t\t\t\t\t\t<\/div>\n\t\t\t\t\t\t\t<div class=\"ova-info-content\">\n\n\t\t\t\t\t\t\t\t\t\t\t\t\t\t\t\t\t\t\t\t\t\t\t\t<a href=\"https:\/\/cmsf.cv\/index.php\/team\/diretor-do-gabinete-e-apoio-tecnico-gat-isaac-sena\/\" class=\"name second_font\" >\n\t\t\t\t\t\t\t\t\tDiretor do Gabinete e Apoio T\u00e9cnico (GAT): Isaac Sena\t\t\t\t\t\t\t\t<\/a>\n\t\t\t\t\t\t\t\t\n\t\t\t\t\t\t\t\t\n\t\t\t\t\t\t\t\t\t\t\t\t\t\t\t\t\n\t\t\t\t\t\t\t\t\n\n\t\t\t\t\t\t\t<\/div>\n\t\t\t\t\t\t<\/div>\n\n\t\t\t\t\t<\/div>\n\n\t\t\t\t\n\t\t\t\t\t<div class=\"items elementor-items\">\n\t\t\t\t\t\t\n\t\t\t\t\t\t<div class=\"content_info\">\n\t\t\t\t\t\t\t<div class=\"ova-media\">\n\t\t\t\t\t\t\t\t\t\t\t\t\t\t\t\t\t<a href=\"https:\/\/cmsf.cv\/index.php\/team\/diretor-da-imigracao-e-protecao-civil-amilcar-lopes\/\">\n\t\t\t\t\t\t\t\t\t\t<img src=\"https:\/\/cmsf.cv\/wp-content\/uploads\/2025\/11\/Miki-TAMANHO-SITE.jpg\" class=\"img-responsive\" alt=\"Diretor da Imigra\u00e7\u00e3o e Prote\u00e7\u00e3o Civil: Am\u00edlcar Lopes\">\n\t\t\t\t\t\t\t\t\t<\/a>\n\t\t\t\t\t\t\t\t\t\t\t\t\t\t\t<\/div>\n\t\t\t\t\t\t\t<div class=\"ova-info-content\">\n\n\t\t\t\t\t\t\t\t\t\t\t\t\t\t\t\t\t\t\t\t\t\t\t\t<a href=\"https:\/\/cmsf.cv\/index.php\/team\/diretor-da-imigracao-e-protecao-civil-amilcar-lopes\/\" class=\"name second_font\" >\n\t\t\t\t\t\t\t\t\tDiretor da Imigra\u00e7\u00e3o e Prote\u00e7\u00e3o Civil: Am\u00edlcar Lopes\t\t\t\t\t\t\t\t<\/a>\n\t\t\t\t\t\t\t\t\n\t\t\t\t\t\t\t\t\n\t\t\t\t\t\t\t\t\t\t\t\t\t\t\t\t\n\t\t\t\t\t\t\t\t\n\n\t\t\t\t\t\t\t<\/div>\n\t\t\t\t\t\t<\/div>\n\n\t\t\t\t\t<\/div>\n\n\t\t\t\t\n\t\t\t\t\t<div class=\"items elementor-items\">\n\t\t\t\t\t\t\n\t\t\t\t\t\t<div class=\"content_info\">\n\t\t\t\t\t\t\t<div class=\"ova-media\">\n\t\t\t\t\t\t\t\t\t\t\t\t\t\t\t\t\t<a href=\"https:\/\/cmsf.cv\/index.php\/team\/secretaria-gabinete-do-presidente-soriana-andrade\/\">\n\t\t\t\t\t\t\t\t\t\t<img src=\"https:\/\/cmsf.cv\/wp-content\/uploads\/2022\/07\/suzy-1.jpg\" class=\"img-responsive\" alt=\"Secret\u00e1ria de Gabinete do Presidente: Soriana Andrade\">\n\t\t\t\t\t\t\t\t\t<\/a>\n\t\t\t\t\t\t\t\t\t\t\t\t\t\t\t<\/div>\n\t\t\t\t\t\t\t<div class=\"ova-info-content\">\n\n\t\t\t\t\t\t\t\t\t\t\t\t\t\t\t\t\t\t\t\t\t\t\t\t<a href=\"https:\/\/cmsf.cv\/index.php\/team\/secretaria-gabinete-do-presidente-soriana-andrade\/\" class=\"name second_font\" >\n\t\t\t\t\t\t\t\t\tSecret\u00e1ria de Gabinete do Presidente: Soriana Andrade\t\t\t\t\t\t\t\t<\/a>\n\t\t\t\t\t\t\t\t\n\t\t\t\t\t\t\t\t\n\t\t\t\t\t\t\t\t\t\t\t\t\t\t\t\t\n\t\t\t\t\t\t\t\t\n\n\t\t\t\t\t\t\t<\/div>\n\t\t\t\t\t\t<\/div>\n\n\t\t\t\t\t<\/div>\n\n\t\t\t\t\n\t\t\t\t\t<div class=\"items elementor-items\">\n\t\t\t\t\t\t\n\t\t\t\t\t\t<div class=\"content_info\">\n\t\t\t\t\t\t\t<div class=\"ova-media\">\n\t\t\t\t\t\t\t\t\t\t\t\t\t\t\t\t\t<a href=\"https:\/\/cmsf.cv\/index.php\/team\/responsavel-bu-balcao-unico-de-atendimento-maria-raquel-pires\/\">\n\t\t\t\t\t\t\t\t\t\t<img src=\"https:\/\/cmsf.cv\/wp-content\/uploads\/2022\/07\/raquel.jpg\" class=\"img-responsive\" alt=\"Respons\u00e1vel do BU (Balc\u00e3o \u00danico de Atendimento): Maria Raquel Pires\">\n\t\t\t\t\t\t\t\t\t<\/a>\n\t\t\t\t\t\t\t\t\t\t\t\t\t\t\t<\/div>\n\t\t\t\t\t\t\t<div class=\"ova-info-content\">\n\n\t\t\t\t\t\t\t\t\t\t\t\t\t\t\t\t\t\t\t\t\t\t\t\t<a href=\"https:\/\/cmsf.cv\/index.php\/team\/responsavel-bu-balcao-unico-de-atendimento-maria-raquel-pires\/\" class=\"name second_font\" >\n\t\t\t\t\t\t\t\t\tRespons\u00e1vel do BU (Balc\u00e3o \u00danico de Atendimento): Maria Raquel Pires\t\t\t\t\t\t\t\t<\/a>\n\t\t\t\t\t\t\t\t\n\t\t\t\t\t\t\t\t\n\t\t\t\t\t\t\t\t\t\t\t\t\t\t\t\t\n\t\t\t\t\t\t\t\t\n\n\t\t\t\t\t\t\t<\/div>\n\t\t\t\t\t\t<\/div>\n\n\t\t\t\t\t<\/div>\n\n\t\t\t\t\n\t\t\t\t\t<div class=\"items elementor-items\">\n\t\t\t\t\t\t\n\t\t\t\t\t\t<div class=\"content_info\">\n\t\t\t\t\t\t\t<div class=\"ova-media\">\n\t\t\t\t\t\t\t\t\t\t\t\t\t\t\t\t\t<a href=\"https:\/\/cmsf.cv\/index.php\/team\/responsavel-comercio-benur-cardoso\/\">\n\t\t\t\t\t\t\t\t\t\t<img src=\"https:\/\/cmsf.cv\/wp-content\/uploads\/2022\/07\/benur-2.jpg\" class=\"img-responsive\" alt=\"Respons\u00e1vel do Com\u00e9rcio e Tesoureiro Municipal &#8211; Benur Cardoso\">\n\t\t\t\t\t\t\t\t\t<\/a>\n\t\t\t\t\t\t\t\t\t\t\t\t\t\t\t<\/div>\n\t\t\t\t\t\t\t<div class=\"ova-info-content\">\n\n\t\t\t\t\t\t\t\t\t\t\t\t\t\t\t\t\t\t\t\t\t\t\t\t<a href=\"https:\/\/cmsf.cv\/index.php\/team\/responsavel-comercio-benur-cardoso\/\" class=\"name second_font\" >\n\t\t\t\t\t\t\t\t\tRespons\u00e1vel do Com\u00e9rcio e Tesoureiro Municipal &#8211; Benur Cardoso\t\t\t\t\t\t\t\t<\/a>\n\t\t\t\t\t\t\t\t\n\t\t\t\t\t\t\t\t\n\t\t\t\t\t\t\t\t\t\t\t\t\t\t\t\t\n\t\t\t\t\t\t\t\t\n\n\t\t\t\t\t\t\t<\/div>\n\t\t\t\t\t\t<\/div>\n\n\t\t\t\t\t<\/div>\n\n\t\t\t\t\n\t\t\t\t\t<div class=\"items elementor-items\">\n\t\t\t\t\t\t\n\t\t\t\t\t\t<div class=\"content_info\">\n\t\t\t\t\t\t\t<div class=\"ova-media\">\n\t\t\t\t\t\t\t\t\t\t\t\t\t\t\t\t\t<a href=\"https:\/\/cmsf.cv\/index.php\/team\/responsavel-it-informacao-e-tecnologia-magno-tavares\/\">\n\t\t\t\t\t\t\t\t\t\t<img src=\"https:\/\/cmsf.cv\/wp-content\/uploads\/2022\/07\/WhatsApp-Image-2025-03-31-at-3.26.37-PM.jpeg\" class=\"img-responsive\" alt=\"Respons\u00e1vel da IT (Informa\u00e7\u00e3o e Tecnologia): Magno Tavares\">\n\t\t\t\t\t\t\t\t\t<\/a>\n\t\t\t\t\t\t\t\t\t\t\t\t\t\t\t<\/div>\n\t\t\t\t\t\t\t<div class=\"ova-info-content\">\n\n\t\t\t\t\t\t\t\t\t\t\t\t\t\t\t\t\t\t\t\t\t\t\t\t<a href=\"https:\/\/cmsf.cv\/index.php\/team\/responsavel-it-informacao-e-tecnologia-magno-tavares\/\" class=\"name second_font\" >\n\t\t\t\t\t\t\t\t\tRespons\u00e1vel da IT (Informa\u00e7\u00e3o e Tecnologia): Magno Tavares\t\t\t\t\t\t\t\t<\/a>\n\t\t\t\t\t\t\t\t\n\t\t\t\t\t\t\t\t\n\t\t\t\t\t\t\t\t\t\t\t\t\t\t\t\t\n\t\t\t\t\t\t\t\t\n\n\t\t\t\t\t\t\t<\/div>\n\t\t\t\t\t\t<\/div>\n\n\t\t\t\t\t<\/div>\n\n\t\t\t\t\n\t\t\t\t\t<div class=\"items elementor-items\">\n\t\t\t\t\t\t\n\t\t\t\t\t\t<div class=\"content_info\">\n\t\t\t\t\t\t\t<div class=\"ova-media\">\n\t\t\t\t\t\t\t\t\t\t\t\t\t\t\t\t\t<a href=\"https:\/\/cmsf.cv\/index.php\/team\/responsavel-rh-recursos-humanos-carlos-pina\/\">\n\t\t\t\t\t\t\t\t\t\t<img src=\"https:\/\/cmsf.cv\/wp-content\/uploads\/2022\/07\/lucio.jpg\" class=\"img-responsive\" alt=\"Respons\u00e1vel dos  Recursos Humanos (RH): Carlos Pina\">\n\t\t\t\t\t\t\t\t\t<\/a>\n\t\t\t\t\t\t\t\t\t\t\t\t\t\t\t<\/div>\n\t\t\t\t\t\t\t<div class=\"ova-info-content\">\n\n\t\t\t\t\t\t\t\t\t\t\t\t\t\t\t\t\t\t\t\t\t\t\t\t<a href=\"https:\/\/cmsf.cv\/index.php\/team\/responsavel-rh-recursos-humanos-carlos-pina\/\" class=\"name second_font\" >\n\t\t\t\t\t\t\t\t\tRespons\u00e1vel dos  Recursos Humanos (RH): Carlos Pina\t\t\t\t\t\t\t\t<\/a>\n\t\t\t\t\t\t\t\t\n\t\t\t\t\t\t\t\t\n\t\t\t\t\t\t\t\t\t\t\t\t\t\t\t\t\n\t\t\t\t\t\t\t\t\n\n\t\t\t\t\t\t\t<\/div>\n\t\t\t\t\t\t<\/div>\n\n\t\t\t\t\t<\/div>\n\n\t\t\t\t\n\t\t\t\t\t<div class=\"items elementor-items\">\n\t\t\t\t\t\t\n\t\t\t\t\t\t<div class=\"content_info\">\n\t\t\t\t\t\t\t<div class=\"ova-media\">\n\t\t\t\t\t\t\t\t\t\t\t\t\t\t\t\t\t<a href=\"https:\/\/cmsf.cv\/index.php\/team\/responsavel-museu-municipal-aide-conceicao\/\">\n\t\t\t\t\t\t\t\t\t\t<img src=\"https:\/\/cmsf.cv\/wp-content\/uploads\/2022\/07\/Aide-site.jpg\" class=\"img-responsive\" alt=\"Respons\u00e1vel do Museu Municipal &#8211; Aid\u00e9 Pires da Concei\u00e7\u00e3o\">\n\t\t\t\t\t\t\t\t\t<\/a>\n\t\t\t\t\t\t\t\t\t\t\t\t\t\t\t<\/div>\n\t\t\t\t\t\t\t<div class=\"ova-info-content\">\n\n\t\t\t\t\t\t\t\t\t\t\t\t\t\t\t\t\t\t\t\t\t\t\t\t<a href=\"https:\/\/cmsf.cv\/index.php\/team\/responsavel-museu-municipal-aide-conceicao\/\" class=\"name second_font\" >\n\t\t\t\t\t\t\t\t\tRespons\u00e1vel do Museu Municipal &#8211; Aid\u00e9 Pires da Concei\u00e7\u00e3o\t\t\t\t\t\t\t\t<\/a>\n\t\t\t\t\t\t\t\t\n\t\t\t\t\t\t\t\t\n\t\t\t\t\t\t\t\t\t\t\t\t\t\t\t\t\n\t\t\t\t\t\t\t\t\n\n\t\t\t\t\t\t\t<\/div>\n\t\t\t\t\t\t<\/div>\n\n\t\t\t\t\t<\/div>\n\n\t\t\t\t\t\t\t<\/div>\n\n\t\t<\/div>\n\n\t\t<\/div>\n\t\t\t\t<\/div>\n\t\t\t\t\t<\/div>\n\t\t<\/div>\n\t\t\t\t\t\t\t<\/div>\n\t\t<\/section>\n\t\t\t\t\t\t<\/div>\n\t\t\t\t\t<\/div>\n\t\t","protected":false},"excerpt":{"rendered":"<p>C\u00e2mara Municipal de S\u00e3o Filipe MISS\u00c3O DO MUNIC\u00cdPIO A C\u00e2mara Municipal de S\u00e3o Filipe tem por miss\u00e3o, defender os superiores interesses do munic\u00edpio, promovendo a coes\u00e3o e o sentido de servir com transpar\u00eancia, rigor e legalidade VIS\u00c3O DO MUNIC\u00cdPIO Ser um Munic\u00edpio de Excel\u00eancia, transparente, aut\u00f3nomo financeiramente, respeitado pelos cidad\u00e3os e pelas institui\u00e7\u00f5es nacionais e [&hellip;]<\/p>\n","protected":false},"author":1,"featured_media":8636,"parent":0,"menu_order":48,"comment_status":"closed","ping_status":"closed","template":"elementor_header_footer","meta":[],"acf":[],"wpcf_dashboard":"<div class=\"woocommerce\"><div class=\"woocommerce-info\">Please log in first? <a class=\"wpneoShowLogin\" href=\"#\">Click here to login<\/a><\/div><div class=\"wpneo_login_form_div\" style=\"display: none;\">\n\t\t<form name=\"loginform\" id=\"loginform\" action=\"https:\/\/cmsf.cv\/wp-login.php\" method=\"post\">\n\t\t\t\n\t\t\t<p class=\"login-username\">\n\t\t\t\t<label for=\"user_login\">Nome de utilizador ou endere\u00e7o de email<\/label>\n\t\t\t\t<input type=\"text\" name=\"log\" id=\"user_login\" class=\"input\" value=\"\" size=\"20\" \/>\n\t\t\t<\/p>\n\t\t\t<p class=\"login-password\">\n\t\t\t\t<label for=\"user_pass\">Senha<\/label>\n\t\t\t\t<input type=\"password\" name=\"pwd\" id=\"user_pass\" class=\"input\" value=\"\" size=\"20\" \/>\n\t\t\t<\/p>\n\t\t\t\n\t\t\t<p class=\"login-remember\"><label><input name=\"rememberme\" type=\"checkbox\" id=\"rememberme\" value=\"forever\" \/> Lembrar-me<\/label><\/p>\n\t\t\t<p class=\"login-submit\">\n\t\t\t\t<input type=\"submit\" name=\"wp-submit\" id=\"wp-submit\" class=\"button button-primary\" value=\"Iniciar sess\u00e3o\" \/>\n\t\t\t\t<input type=\"hidden\" name=\"redirect_to\" value=\"https:\/\/cmsf.cv\/index.php\/wp-json\/wp\/v2\/pages\/6703\" \/>\n\t\t\t<\/p>\n\t\t\t\n\t\t<\/form><\/div><\/div>","_links":{"self":[{"href":"https:\/\/cmsf.cv\/index.php\/wp-json\/wp\/v2\/pages\/6703"}],"collection":[{"href":"https:\/\/cmsf.cv\/index.php\/wp-json\/wp\/v2\/pages"}],"about":[{"href":"https:\/\/cmsf.cv\/index.php\/wp-json\/wp\/v2\/types\/page"}],"author":[{"embeddable":true,"href":"https:\/\/cmsf.cv\/index.php\/wp-json\/wp\/v2\/users\/1"}],"replies":[{"embeddable":true,"href":"https:\/\/cmsf.cv\/index.php\/wp-json\/wp\/v2\/comments?post=6703"}],"version-history":[{"count":156,"href":"https:\/\/cmsf.cv\/index.php\/wp-json\/wp\/v2\/pages\/6703\/revisions"}],"predecessor-version":[{"id":17247,"href":"https:\/\/cmsf.cv\/index.php\/wp-json\/wp\/v2\/pages\/6703\/revisions\/17247"}],"wp:featuredmedia":[{"embeddable":true,"href":"https:\/\/cmsf.cv\/index.php\/wp-json\/wp\/v2\/media\/8636"}],"wp:attachment":[{"href":"https:\/\/cmsf.cv\/index.php\/wp-json\/wp\/v2\/media?parent=6703"}],"curies":[{"name":"wp","href":"https:\/\/api.w.org\/{rel}","templated":true}]}}