
{"id":6871,"date":"2021-08-24T12:32:51","date_gmt":"2021-08-24T13:32:51","guid":{"rendered":"https:\/\/cmsf.cv\/?page_id=6871"},"modified":"2022-09-13T15:52:15","modified_gmt":"2022-09-13T16:52:15","slug":"noticias","status":"publish","type":"page","link":"https:\/\/cmsf.cv\/index.php\/noticias\/","title":{"rendered":"Not\u00edcias"},"content":{"rendered":"\t\t<div data-elementor-type=\"wp-page\" data-elementor-id=\"6871\" class=\"elementor elementor-6871\" data-elementor-settings=\"[]\">\n\t\t\t\t\t\t\t<div class=\"elementor-section-wrap\">\n\t\t\t\t\t\t\t<section class=\"elementor-section elementor-top-section elementor-element elementor-element-543252e elementor-section-boxed elementor-section-height-default elementor-section-height-default\" data-id=\"543252e\" data-element_type=\"section\" data-settings=\"{&quot;jet_parallax_layout_list&quot;:[{&quot;jet_parallax_layout_image&quot;:{&quot;url&quot;:&quot;&quot;,&quot;id&quot;:&quot;&quot;},&quot;_id&quot;:&quot;&quot;,&quot;jet_parallax_layout_image_tablet&quot;:{&quot;url&quot;:&quot;&quot;,&quot;id&quot;:&quot;&quot;},&quot;jet_parallax_layout_image_mobile&quot;:{&quot;url&quot;:&quot;&quot;,&quot;id&quot;:&quot;&quot;},&quot;jet_parallax_layout_speed&quot;:{&quot;unit&quot;:&quot;%&quot;,&quot;size&quot;:50,&quot;sizes&quot;:[]},&quot;jet_parallax_layout_type&quot;:&quot;scroll&quot;,&quot;jet_parallax_layout_direction&quot;:null,&quot;jet_parallax_layout_fx_direction&quot;:null,&quot;jet_parallax_layout_z_index&quot;:&quot;&quot;,&quot;jet_parallax_layout_bg_x&quot;:50,&quot;jet_parallax_layout_bg_x_tablet&quot;:&quot;&quot;,&quot;jet_parallax_layout_bg_x_mobile&quot;:&quot;&quot;,&quot;jet_parallax_layout_bg_y&quot;:50,&quot;jet_parallax_layout_bg_y_tablet&quot;:&quot;&quot;,&quot;jet_parallax_layout_bg_y_mobile&quot;:&quot;&quot;,&quot;jet_parallax_layout_bg_size&quot;:&quot;auto&quot;,&quot;jet_parallax_layout_bg_size_tablet&quot;:&quot;&quot;,&quot;jet_parallax_layout_bg_size_mobile&quot;:&quot;&quot;,&quot;jet_parallax_layout_animation_prop&quot;:&quot;transform&quot;,&quot;jet_parallax_layout_on&quot;:[&quot;desktop&quot;,&quot;tablet&quot;]}]}\">\n\t\t\t\t\t\t<div class=\"elementor-container elementor-column-gap-default\">\n\t\t\t\t\t<div class=\"elementor-column elementor-col-100 elementor-top-column elementor-element elementor-element-d3d74ac\" data-id=\"d3d74ac\" data-element_type=\"column\">\n\t\t\t<div class=\"elementor-widget-wrap elementor-element-populated\">\n\t\t\t\t\t\t\t\t<div class=\"elementor-element elementor-element-f1bb3b1 elementor-widget elementor-widget-ova_blog\" data-id=\"f1bb3b1\" data-element_type=\"widget\" data-widget_type=\"ova_blog.default\">\n\t\t\t\t<div class=\"elementor-widget-container\">\n\t\t\t\n\t\t<div class=\"ova-blog blog-grid grid_small\">\n\t\t\t<div class=\"ova-wrap-grid\">\n\t\t\t\t\t\t\t<article class=\"post-wrap\">\n\t\t\t\t\t<div class=\"wrap-article\">\n\t\t\t\t\t\t<div class=\"post-media\">\n\t\t\t\t\t\t\t<a href=\"https:\/\/cmsf.cv\/index.php\/2026\/04\/14\/festa-sao-filipe-2026-programa-109a-edicao\/\">\n\n\t\t\t\t\t\t\t\t<img alt=\"Festa S\u00e3o Filipe 2026 &#8211; Programa 109\u00aa Edi\u00e7\u00e3o\" src=\"https:\/\/cmsf.cv\/wp-content\/uploads\/2026\/04\/0-396x560.jpg\" \n\t\t\t\t\t\t\t\t\t\t\n\t\t\t\t\t\t\t\t\t\tsrcset=\"https:\/\/cmsf.cv\/wp-content\/uploads\/2026\/04\/0-396x560.jpg 560w,\n\t\t\t\t\t\t\t\t\t\thttps:\/\/cmsf.cv\/wp-content\/uploads\/2026\/04\/0-212x300.jpg 300w\" \n\t\t\t\t\t\t\t\t\t\tsizes=\"(max-width: 767px) 100vw, 560px\" >\n\t\t\t\t\t\t\t<\/a>\n\t\t\t\t\t\t<\/div>\n\t\t\t\t\t\t<div class=\"evgovt-content\">\n\t\t\t\t\t\t\t\t\t\t\t\t\t\t<div class=\"post-meta-date\">\n\t\t\t\t\t\t\t\t<span class=\"post-meta-content-date\">\n\t\t\t\t\t\t\t\t    <span class=\" post-date\">\n\t\t\t\t\t\t\t\t        <span class=\"right second_font\">14 de Abril, 2026<\/span>\n\t\t\t\t\t\t\t\t    <\/span>\n\t\t\t\t\t\t\t\t<\/span>\n\t\t\t\t\t\t\t<\/div>\n\t\t\t\t\t\t\t\n\t\t\t\t\t\t\t\t\t\t\t\t\t\t\t\t\t\t\t\t\t<div class=\"post-title\">\n\t\t\t\t\t\t\t\t<h2 class=\"post-title\">\n\t\t\t\t\t\t\t        <a href=\"https:\/\/cmsf.cv\/index.php\/2026\/04\/14\/festa-sao-filipe-2026-programa-109a-edicao\/\" rel=\"bookmark\" title=\"Festa S\u00e3o Filipe 2026 &#8211; Programa 109\u00aa Edi\u00e7\u00e3o\">\n\t\t\t\t\t\t\t          Festa S\u00e3o Filipe 2026 &#8211; Programa 109\u00aa Edi\u00e7\u00e3o\t\t\t\t\t\t\t        <\/a>\n\t\t\t\t\t\t\t      <\/h2>\n\t\t\t\t\t\t\t<\/div>\n\t\t\t\t\t\t\t\t\t\t\t\t\t\t\t\t\t\t\t\t\t<div class=\"post-footer\">\n\t\t\t\t\t\t\t\t<div class=\"egovt-post-readmore\">\n\t\t\t\t\t\t\t\t    <a class=\"btn-readmore second_font\" href=\"https:\/\/cmsf.cv\/index.php\/2026\/04\/14\/festa-sao-filipe-2026-programa-109a-edicao\/\">\n\t\t\t\t\t\t\t\t    \tContinue Lendo\t\t\t\t\t\t\t\t    \t<i data-feather=\"arrow-right\"><\/i>\n\t\t\t\t\t\t\t\t    <\/a>\n\t\t\t\t\t\t\t\t<\/div>\n\t\t\t\t\t\t\t<\/div>\n\t\t\t\t\t\t\t\t\t\t\t\t\t<\/div>\n\t\t\t\t\t<\/div>\n\t\t\t\t<\/article>\n\t\t\t\t\t\t\t<article class=\"post-wrap\">\n\t\t\t\t\t<div class=\"wrap-article\">\n\t\t\t\t\t\t<div class=\"post-media\">\n\t\t\t\t\t\t\t<a href=\"https:\/\/cmsf.cv\/index.php\/2026\/04\/09\/festa-sao-filipe-2026-neyna-confirmado\/\">\n\n\t\t\t\t\t\t\t\t<img alt=\"Festa S\u00e3o Filipe 2026 &#8211; Neyna Confirmado\" src=\"https:\/\/cmsf.cv\/wp-content\/uploads\/2026\/04\/Neyna2-455x560.jpg\" \n\t\t\t\t\t\t\t\t\t\t\n\t\t\t\t\t\t\t\t\t\tsrcset=\"https:\/\/cmsf.cv\/wp-content\/uploads\/2026\/04\/Neyna2-455x560.jpg 560w,\n\t\t\t\t\t\t\t\t\t\thttps:\/\/cmsf.cv\/wp-content\/uploads\/2026\/04\/Neyna2-244x300.jpg 300w\" \n\t\t\t\t\t\t\t\t\t\tsizes=\"(max-width: 767px) 100vw, 560px\" >\n\t\t\t\t\t\t\t<\/a>\n\t\t\t\t\t\t<\/div>\n\t\t\t\t\t\t<div class=\"evgovt-content\">\n\t\t\t\t\t\t\t\t\t\t\t\t\t\t<div class=\"post-meta-date\">\n\t\t\t\t\t\t\t\t<span class=\"post-meta-content-date\">\n\t\t\t\t\t\t\t\t    <span class=\" post-date\">\n\t\t\t\t\t\t\t\t        <span class=\"right second_font\">9 de Abril, 2026<\/span>\n\t\t\t\t\t\t\t\t    <\/span>\n\t\t\t\t\t\t\t\t<\/span>\n\t\t\t\t\t\t\t<\/div>\n\t\t\t\t\t\t\t\n\t\t\t\t\t\t\t\t\t\t\t\t\t\t\t\t\t\t\t\t\t<div class=\"post-title\">\n\t\t\t\t\t\t\t\t<h2 class=\"post-title\">\n\t\t\t\t\t\t\t        <a href=\"https:\/\/cmsf.cv\/index.php\/2026\/04\/09\/festa-sao-filipe-2026-neyna-confirmado\/\" rel=\"bookmark\" title=\"Festa S\u00e3o Filipe 2026 &#8211; Neyna Confirmado\">\n\t\t\t\t\t\t\t          Festa S\u00e3o Filipe 2026 &#8211; Neyna Confirmado\t\t\t\t\t\t\t        <\/a>\n\t\t\t\t\t\t\t      <\/h2>\n\t\t\t\t\t\t\t<\/div>\n\t\t\t\t\t\t\t\t\t\t\t\t\t\t\t\t\t\t\t\t\t<div class=\"post-footer\">\n\t\t\t\t\t\t\t\t<div class=\"egovt-post-readmore\">\n\t\t\t\t\t\t\t\t    <a class=\"btn-readmore second_font\" href=\"https:\/\/cmsf.cv\/index.php\/2026\/04\/09\/festa-sao-filipe-2026-neyna-confirmado\/\">\n\t\t\t\t\t\t\t\t    \tContinue Lendo\t\t\t\t\t\t\t\t    \t<i data-feather=\"arrow-right\"><\/i>\n\t\t\t\t\t\t\t\t    <\/a>\n\t\t\t\t\t\t\t\t<\/div>\n\t\t\t\t\t\t\t<\/div>\n\t\t\t\t\t\t\t\t\t\t\t\t\t<\/div>\n\t\t\t\t\t<\/div>\n\t\t\t\t<\/article>\n\t\t\t\t\t\t\t<article class=\"post-wrap\">\n\t\t\t\t\t<div class=\"wrap-article\">\n\t\t\t\t\t\t<div class=\"post-media\">\n\t\t\t\t\t\t\t<a href=\"https:\/\/cmsf.cv\/index.php\/2026\/04\/09\/festa-sao-filipe-2026-big-rasta-confirmado\/\">\n\n\t\t\t\t\t\t\t\t<img alt=\"Festa S\u00e3o Filipe 2026 &#8211; Big Rasta Confirmado\" src=\"https:\/\/cmsf.cv\/wp-content\/uploads\/2026\/04\/big-rast-455x560.jpg\" \n\t\t\t\t\t\t\t\t\t\t\n\t\t\t\t\t\t\t\t\t\tsrcset=\"https:\/\/cmsf.cv\/wp-content\/uploads\/2026\/04\/big-rast-455x560.jpg 560w,\n\t\t\t\t\t\t\t\t\t\thttps:\/\/cmsf.cv\/wp-content\/uploads\/2026\/04\/big-rast-244x300.jpg 300w\" \n\t\t\t\t\t\t\t\t\t\tsizes=\"(max-width: 767px) 100vw, 560px\" >\n\t\t\t\t\t\t\t<\/a>\n\t\t\t\t\t\t<\/div>\n\t\t\t\t\t\t<div class=\"evgovt-content\">\n\t\t\t\t\t\t\t\t\t\t\t\t\t\t<div class=\"post-meta-date\">\n\t\t\t\t\t\t\t\t<span class=\"post-meta-content-date\">\n\t\t\t\t\t\t\t\t    <span class=\" post-date\">\n\t\t\t\t\t\t\t\t        <span class=\"right second_font\">9 de Abril, 2026<\/span>\n\t\t\t\t\t\t\t\t    <\/span>\n\t\t\t\t\t\t\t\t<\/span>\n\t\t\t\t\t\t\t<\/div>\n\t\t\t\t\t\t\t\n\t\t\t\t\t\t\t\t\t\t\t\t\t\t\t\t\t\t\t\t\t<div class=\"post-title\">\n\t\t\t\t\t\t\t\t<h2 class=\"post-title\">\n\t\t\t\t\t\t\t        <a href=\"https:\/\/cmsf.cv\/index.php\/2026\/04\/09\/festa-sao-filipe-2026-big-rasta-confirmado\/\" rel=\"bookmark\" title=\"Festa S\u00e3o Filipe 2026 &#8211; Big Rasta Confirmado\">\n\t\t\t\t\t\t\t          Festa S\u00e3o Filipe 2026 &#8211; Big Rasta Confirmado\t\t\t\t\t\t\t        <\/a>\n\t\t\t\t\t\t\t      <\/h2>\n\t\t\t\t\t\t\t<\/div>\n\t\t\t\t\t\t\t\t\t\t\t\t\t\t\t\t\t\t\t\t\t<div class=\"post-footer\">\n\t\t\t\t\t\t\t\t<div class=\"egovt-post-readmore\">\n\t\t\t\t\t\t\t\t    <a class=\"btn-readmore second_font\" href=\"https:\/\/cmsf.cv\/index.php\/2026\/04\/09\/festa-sao-filipe-2026-big-rasta-confirmado\/\">\n\t\t\t\t\t\t\t\t    \tContinue Lendo\t\t\t\t\t\t\t\t    \t<i data-feather=\"arrow-right\"><\/i>\n\t\t\t\t\t\t\t\t    <\/a>\n\t\t\t\t\t\t\t\t<\/div>\n\t\t\t\t\t\t\t<\/div>\n\t\t\t\t\t\t\t\t\t\t\t\t\t<\/div>\n\t\t\t\t\t<\/div>\n\t\t\t\t<\/article>\n\t\t\t\t\t\t\t<article class=\"post-wrap\">\n\t\t\t\t\t<div class=\"wrap-article\">\n\t\t\t\t\t\t<div class=\"post-media\">\n\t\t\t\t\t\t\t<a href=\"https:\/\/cmsf.cv\/index.php\/2026\/04\/09\/festa-sao-filipe-2026-festival-no-presidio-pulseiras-ja-disponiveis\/\">\n\n\t\t\t\t\t\t\t\t<img alt=\"Festa S\u00e3o Filipe 2026 &#8211; Festival No Pres\u00eddio &#8211; Pulseiras J\u00e1 Dispon\u00edveis\" src=\"https:\/\/cmsf.cv\/wp-content\/uploads\/2026\/04\/venda-bilhetes-455x560.jpg\" \n\t\t\t\t\t\t\t\t\t\t\n\t\t\t\t\t\t\t\t\t\tsrcset=\"https:\/\/cmsf.cv\/wp-content\/uploads\/2026\/04\/venda-bilhetes-455x560.jpg 560w,\n\t\t\t\t\t\t\t\t\t\thttps:\/\/cmsf.cv\/wp-content\/uploads\/2026\/04\/venda-bilhetes-244x300.jpg 300w\" \n\t\t\t\t\t\t\t\t\t\tsizes=\"(max-width: 767px) 100vw, 560px\" >\n\t\t\t\t\t\t\t<\/a>\n\t\t\t\t\t\t<\/div>\n\t\t\t\t\t\t<div class=\"evgovt-content\">\n\t\t\t\t\t\t\t\t\t\t\t\t\t\t<div class=\"post-meta-date\">\n\t\t\t\t\t\t\t\t<span class=\"post-meta-content-date\">\n\t\t\t\t\t\t\t\t    <span class=\" post-date\">\n\t\t\t\t\t\t\t\t        <span class=\"right second_font\">9 de Abril, 2026<\/span>\n\t\t\t\t\t\t\t\t    <\/span>\n\t\t\t\t\t\t\t\t<\/span>\n\t\t\t\t\t\t\t<\/div>\n\t\t\t\t\t\t\t\n\t\t\t\t\t\t\t\t\t\t\t\t\t\t\t\t\t\t\t\t\t<div class=\"post-title\">\n\t\t\t\t\t\t\t\t<h2 class=\"post-title\">\n\t\t\t\t\t\t\t        <a href=\"https:\/\/cmsf.cv\/index.php\/2026\/04\/09\/festa-sao-filipe-2026-festival-no-presidio-pulseiras-ja-disponiveis\/\" rel=\"bookmark\" title=\"Festa S\u00e3o Filipe 2026 &#8211; Festival No Pres\u00eddio &#8211; Pulseiras J\u00e1 Dispon\u00edveis\">\n\t\t\t\t\t\t\t          Festa S\u00e3o Filipe 2026 &#8211; Festival No Pres\u00eddio &#8211; Pulseiras J\u00e1 Dispon\u00edveis\t\t\t\t\t\t\t        <\/a>\n\t\t\t\t\t\t\t      <\/h2>\n\t\t\t\t\t\t\t<\/div>\n\t\t\t\t\t\t\t\t\t\t\t\t\t\t\t\t\t\t\t\t\t<div class=\"post-footer\">\n\t\t\t\t\t\t\t\t<div class=\"egovt-post-readmore\">\n\t\t\t\t\t\t\t\t    <a class=\"btn-readmore second_font\" href=\"https:\/\/cmsf.cv\/index.php\/2026\/04\/09\/festa-sao-filipe-2026-festival-no-presidio-pulseiras-ja-disponiveis\/\">\n\t\t\t\t\t\t\t\t    \tContinue Lendo\t\t\t\t\t\t\t\t    \t<i data-feather=\"arrow-right\"><\/i>\n\t\t\t\t\t\t\t\t    <\/a>\n\t\t\t\t\t\t\t\t<\/div>\n\t\t\t\t\t\t\t<\/div>\n\t\t\t\t\t\t\t\t\t\t\t\t\t<\/div>\n\t\t\t\t\t<\/div>\n\t\t\t\t<\/article>\n\t\t\t\t\t\t\t<article class=\"post-wrap\">\n\t\t\t\t\t<div class=\"wrap-article\">\n\t\t\t\t\t\t<div class=\"post-media\">\n\t\t\t\t\t\t\t<a href=\"https:\/\/cmsf.cv\/index.php\/2026\/03\/04\/festa-sao-filipe-2026-quem-e-o-bob-confirmado\/\">\n\n\t\t\t\t\t\t\t\t<img alt=\"Festa S\u00e3o Filipe 2026 \u2013 Quem \u00e8 o Bob &#8211; Confirmado\" src=\"https:\/\/cmsf.cv\/wp-content\/uploads\/2026\/03\/quem-e-o-bob-1-455x560.jpg\" \n\t\t\t\t\t\t\t\t\t\t\n\t\t\t\t\t\t\t\t\t\tsrcset=\"https:\/\/cmsf.cv\/wp-content\/uploads\/2026\/03\/quem-e-o-bob-1-455x560.jpg 560w,\n\t\t\t\t\t\t\t\t\t\thttps:\/\/cmsf.cv\/wp-content\/uploads\/2026\/03\/quem-e-o-bob-1-244x300.jpg 300w\" \n\t\t\t\t\t\t\t\t\t\tsizes=\"(max-width: 767px) 100vw, 560px\" >\n\t\t\t\t\t\t\t<\/a>\n\t\t\t\t\t\t<\/div>\n\t\t\t\t\t\t<div class=\"evgovt-content\">\n\t\t\t\t\t\t\t\t\t\t\t\t\t\t<div class=\"post-meta-date\">\n\t\t\t\t\t\t\t\t<span class=\"post-meta-content-date\">\n\t\t\t\t\t\t\t\t    <span class=\" post-date\">\n\t\t\t\t\t\t\t\t        <span class=\"right second_font\">4 de Mar\u00e7o, 2026<\/span>\n\t\t\t\t\t\t\t\t    <\/span>\n\t\t\t\t\t\t\t\t<\/span>\n\t\t\t\t\t\t\t<\/div>\n\t\t\t\t\t\t\t\n\t\t\t\t\t\t\t\t\t\t\t\t\t\t\t\t\t\t\t\t\t<div class=\"post-title\">\n\t\t\t\t\t\t\t\t<h2 class=\"post-title\">\n\t\t\t\t\t\t\t        <a href=\"https:\/\/cmsf.cv\/index.php\/2026\/03\/04\/festa-sao-filipe-2026-quem-e-o-bob-confirmado\/\" rel=\"bookmark\" title=\"Festa S\u00e3o Filipe 2026 \u2013 Quem \u00e8 o Bob &#8211; Confirmado\">\n\t\t\t\t\t\t\t          Festa S\u00e3o Filipe 2026 \u2013 Quem \u00e8 o Bob &#8211; Confirmado\t\t\t\t\t\t\t        <\/a>\n\t\t\t\t\t\t\t      <\/h2>\n\t\t\t\t\t\t\t<\/div>\n\t\t\t\t\t\t\t\t\t\t\t\t\t\t\t\t\t\t\t\t\t<div class=\"post-footer\">\n\t\t\t\t\t\t\t\t<div class=\"egovt-post-readmore\">\n\t\t\t\t\t\t\t\t    <a class=\"btn-readmore second_font\" href=\"https:\/\/cmsf.cv\/index.php\/2026\/03\/04\/festa-sao-filipe-2026-quem-e-o-bob-confirmado\/\">\n\t\t\t\t\t\t\t\t    \tContinue Lendo\t\t\t\t\t\t\t\t    \t<i data-feather=\"arrow-right\"><\/i>\n\t\t\t\t\t\t\t\t    <\/a>\n\t\t\t\t\t\t\t\t<\/div>\n\t\t\t\t\t\t\t<\/div>\n\t\t\t\t\t\t\t\t\t\t\t\t\t<\/div>\n\t\t\t\t\t<\/div>\n\t\t\t\t<\/article>\n\t\t\t\t\t\t\t<article class=\"post-wrap\">\n\t\t\t\t\t<div class=\"wrap-article\">\n\t\t\t\t\t\t<div class=\"post-media\">\n\t\t\t\t\t\t\t<a href=\"https:\/\/cmsf.cv\/index.php\/2026\/03\/04\/festa-sao-filipe-2026-helio-batalha-confirmado\/\">\n\n\t\t\t\t\t\t\t\t<img alt=\"Festa S\u00e3o Filipe 2026 \u2013 H\u00e9lio Batalha &#8211; Confirmado\" src=\"https:\/\/cmsf.cv\/wp-content\/uploads\/2026\/03\/helio-455x560.jpg\" \n\t\t\t\t\t\t\t\t\t\t\n\t\t\t\t\t\t\t\t\t\tsrcset=\"https:\/\/cmsf.cv\/wp-content\/uploads\/2026\/03\/helio-455x560.jpg 560w,\n\t\t\t\t\t\t\t\t\t\thttps:\/\/cmsf.cv\/wp-content\/uploads\/2026\/03\/helio-244x300.jpg 300w\" \n\t\t\t\t\t\t\t\t\t\tsizes=\"(max-width: 767px) 100vw, 560px\" >\n\t\t\t\t\t\t\t<\/a>\n\t\t\t\t\t\t<\/div>\n\t\t\t\t\t\t<div class=\"evgovt-content\">\n\t\t\t\t\t\t\t\t\t\t\t\t\t\t<div class=\"post-meta-date\">\n\t\t\t\t\t\t\t\t<span class=\"post-meta-content-date\">\n\t\t\t\t\t\t\t\t    <span class=\" post-date\">\n\t\t\t\t\t\t\t\t        <span class=\"right second_font\">4 de Mar\u00e7o, 2026<\/span>\n\t\t\t\t\t\t\t\t    <\/span>\n\t\t\t\t\t\t\t\t<\/span>\n\t\t\t\t\t\t\t<\/div>\n\t\t\t\t\t\t\t\n\t\t\t\t\t\t\t\t\t\t\t\t\t\t\t\t\t\t\t\t\t<div class=\"post-title\">\n\t\t\t\t\t\t\t\t<h2 class=\"post-title\">\n\t\t\t\t\t\t\t        <a href=\"https:\/\/cmsf.cv\/index.php\/2026\/03\/04\/festa-sao-filipe-2026-helio-batalha-confirmado\/\" rel=\"bookmark\" title=\"Festa S\u00e3o Filipe 2026 \u2013 H\u00e9lio Batalha &#8211; Confirmado\">\n\t\t\t\t\t\t\t          Festa S\u00e3o Filipe 2026 \u2013 H\u00e9lio Batalha &#8211; Confirmado\t\t\t\t\t\t\t        <\/a>\n\t\t\t\t\t\t\t      <\/h2>\n\t\t\t\t\t\t\t<\/div>\n\t\t\t\t\t\t\t\t\t\t\t\t\t\t\t\t\t\t\t\t\t<div class=\"post-footer\">\n\t\t\t\t\t\t\t\t<div class=\"egovt-post-readmore\">\n\t\t\t\t\t\t\t\t    <a class=\"btn-readmore second_font\" href=\"https:\/\/cmsf.cv\/index.php\/2026\/03\/04\/festa-sao-filipe-2026-helio-batalha-confirmado\/\">\n\t\t\t\t\t\t\t\t    \tContinue Lendo\t\t\t\t\t\t\t\t    \t<i data-feather=\"arrow-right\"><\/i>\n\t\t\t\t\t\t\t\t    <\/a>\n\t\t\t\t\t\t\t\t<\/div>\n\t\t\t\t\t\t\t<\/div>\n\t\t\t\t\t\t\t\t\t\t\t\t\t<\/div>\n\t\t\t\t\t<\/div>\n\t\t\t\t<\/article>\n\t\t\t\t\t\t\t<article class=\"post-wrap\">\n\t\t\t\t\t<div class=\"wrap-article\">\n\t\t\t\t\t\t<div class=\"post-media\">\n\t\t\t\t\t\t\t<a href=\"https:\/\/cmsf.cv\/index.php\/2026\/02\/28\/festa-sao-filipe-2026-garry-confirmado\/\">\n\n\t\t\t\t\t\t\t\t<img alt=\"Festa S\u00e3o Filipe 2026 \u2013 Garry &#8211; Confirmado\" src=\"https:\/\/cmsf.cv\/wp-content\/uploads\/2026\/02\/gari-455x560.jpg\" \n\t\t\t\t\t\t\t\t\t\t\n\t\t\t\t\t\t\t\t\t\tsrcset=\"https:\/\/cmsf.cv\/wp-content\/uploads\/2026\/02\/gari-455x560.jpg 560w,\n\t\t\t\t\t\t\t\t\t\thttps:\/\/cmsf.cv\/wp-content\/uploads\/2026\/02\/gari-244x300.jpg 300w\" \n\t\t\t\t\t\t\t\t\t\tsizes=\"(max-width: 767px) 100vw, 560px\" >\n\t\t\t\t\t\t\t<\/a>\n\t\t\t\t\t\t<\/div>\n\t\t\t\t\t\t<div class=\"evgovt-content\">\n\t\t\t\t\t\t\t\t\t\t\t\t\t\t<div class=\"post-meta-date\">\n\t\t\t\t\t\t\t\t<span class=\"post-meta-content-date\">\n\t\t\t\t\t\t\t\t    <span class=\" post-date\">\n\t\t\t\t\t\t\t\t        <span class=\"right second_font\">28 de Fevereiro, 2026<\/span>\n\t\t\t\t\t\t\t\t    <\/span>\n\t\t\t\t\t\t\t\t<\/span>\n\t\t\t\t\t\t\t<\/div>\n\t\t\t\t\t\t\t\n\t\t\t\t\t\t\t\t\t\t\t\t\t\t\t\t\t\t\t\t\t<div class=\"post-title\">\n\t\t\t\t\t\t\t\t<h2 class=\"post-title\">\n\t\t\t\t\t\t\t        <a href=\"https:\/\/cmsf.cv\/index.php\/2026\/02\/28\/festa-sao-filipe-2026-garry-confirmado\/\" rel=\"bookmark\" title=\"Festa S\u00e3o Filipe 2026 \u2013 Garry &#8211; Confirmado\">\n\t\t\t\t\t\t\t          Festa S\u00e3o Filipe 2026 \u2013 Garry &#8211; Confirmado\t\t\t\t\t\t\t        <\/a>\n\t\t\t\t\t\t\t      <\/h2>\n\t\t\t\t\t\t\t<\/div>\n\t\t\t\t\t\t\t\t\t\t\t\t\t\t\t\t\t\t\t\t\t<div class=\"post-footer\">\n\t\t\t\t\t\t\t\t<div class=\"egovt-post-readmore\">\n\t\t\t\t\t\t\t\t    <a class=\"btn-readmore second_font\" href=\"https:\/\/cmsf.cv\/index.php\/2026\/02\/28\/festa-sao-filipe-2026-garry-confirmado\/\">\n\t\t\t\t\t\t\t\t    \tContinue Lendo\t\t\t\t\t\t\t\t    \t<i data-feather=\"arrow-right\"><\/i>\n\t\t\t\t\t\t\t\t    <\/a>\n\t\t\t\t\t\t\t\t<\/div>\n\t\t\t\t\t\t\t<\/div>\n\t\t\t\t\t\t\t\t\t\t\t\t\t<\/div>\n\t\t\t\t\t<\/div>\n\t\t\t\t<\/article>\n\t\t\t\t\t\t\t<article class=\"post-wrap\">\n\t\t\t\t\t<div class=\"wrap-article\">\n\t\t\t\t\t\t<div class=\"post-media\">\n\t\t\t\t\t\t\t<a href=\"https:\/\/cmsf.cv\/index.php\/2026\/02\/10\/sao-filipe-assumiu-oficialmente-o-titulo-de-cidade-capital-cabo-verdiana-da-juventude\/\">\n\n\t\t\t\t\t\t\t\t<img alt=\"S\u00e3o Filipe assumiu oficialmente o t\u00edtulo de Cidade Capital Cabo-Verdiana da Juventude\" src=\"https:\/\/cmsf.cv\/wp-content\/uploads\/2026\/02\/2-560x315.jpg\" \n\t\t\t\t\t\t\t\t\t\t\n\t\t\t\t\t\t\t\t\t\tsrcset=\"https:\/\/cmsf.cv\/wp-content\/uploads\/2026\/02\/2-560x315.jpg 560w,\n\t\t\t\t\t\t\t\t\t\thttps:\/\/cmsf.cv\/wp-content\/uploads\/2026\/02\/2-300x169.jpg 300w\" \n\t\t\t\t\t\t\t\t\t\tsizes=\"(max-width: 767px) 100vw, 560px\" >\n\t\t\t\t\t\t\t<\/a>\n\t\t\t\t\t\t<\/div>\n\t\t\t\t\t\t<div class=\"evgovt-content\">\n\t\t\t\t\t\t\t\t\t\t\t\t\t\t<div class=\"post-meta-date\">\n\t\t\t\t\t\t\t\t<span class=\"post-meta-content-date\">\n\t\t\t\t\t\t\t\t    <span class=\" post-date\">\n\t\t\t\t\t\t\t\t        <span class=\"right second_font\">10 de Fevereiro, 2026<\/span>\n\t\t\t\t\t\t\t\t    <\/span>\n\t\t\t\t\t\t\t\t<\/span>\n\t\t\t\t\t\t\t<\/div>\n\t\t\t\t\t\t\t\n\t\t\t\t\t\t\t\t\t\t\t\t\t\t\t\t\t\t\t\t\t<div class=\"post-title\">\n\t\t\t\t\t\t\t\t<h2 class=\"post-title\">\n\t\t\t\t\t\t\t        <a href=\"https:\/\/cmsf.cv\/index.php\/2026\/02\/10\/sao-filipe-assumiu-oficialmente-o-titulo-de-cidade-capital-cabo-verdiana-da-juventude\/\" rel=\"bookmark\" title=\"S\u00e3o Filipe assumiu oficialmente o t\u00edtulo de Cidade Capital Cabo-Verdiana da Juventude\">\n\t\t\t\t\t\t\t          S\u00e3o Filipe assumiu oficialmente o t\u00edtulo de Cidade Capital Cabo-Verdiana da Juventude\t\t\t\t\t\t\t        <\/a>\n\t\t\t\t\t\t\t      <\/h2>\n\t\t\t\t\t\t\t<\/div>\n\t\t\t\t\t\t\t\t\t\t\t\t\t\t\t\t\t\t\t\t\t<div class=\"post-footer\">\n\t\t\t\t\t\t\t\t<div class=\"egovt-post-readmore\">\n\t\t\t\t\t\t\t\t    <a class=\"btn-readmore second_font\" href=\"https:\/\/cmsf.cv\/index.php\/2026\/02\/10\/sao-filipe-assumiu-oficialmente-o-titulo-de-cidade-capital-cabo-verdiana-da-juventude\/\">\n\t\t\t\t\t\t\t\t    \tContinue Lendo\t\t\t\t\t\t\t\t    \t<i data-feather=\"arrow-right\"><\/i>\n\t\t\t\t\t\t\t\t    <\/a>\n\t\t\t\t\t\t\t\t<\/div>\n\t\t\t\t\t\t\t<\/div>\n\t\t\t\t\t\t\t\t\t\t\t\t\t<\/div>\n\t\t\t\t\t<\/div>\n\t\t\t\t<\/article>\n\t\t\t\t\t\t<\/div>\n\t\t<\/div>\n\t\t\t\t<\/div>\n\t\t\t\t<\/div>\n\t\t\t\t\t<\/div>\n\t\t<\/div>\n\t\t\t\t\t\t\t<\/div>\n\t\t<\/section>\n\t\t\t\t\t\t<\/div>\n\t\t\t\t\t<\/div>\n\t\t","protected":false},"excerpt":{"rendered":"<p>30 de Julho, 2021 Parcerias &amp; Oportunidades Continue Lendo 30 de Julho, 2021 Pre\u0301-Escolar: Ceremo\u0301nia de imposic\u0327a\u0303o de Fitas Continue Lendo 30 de Julho, 2021 Visita de Cortesia do Jovem Artista June Freedom Continue Lendo 2 de Julho, 2021 Pre\u0301-Escolar: Ceremo\u0301nia de imposic\u0327a\u0303o de Fitas Continue Lendo 24 de Julho, 2020 Protocolo de Parceria Institucional. [&hellip;]<\/p>\n","protected":false},"author":1,"featured_media":13813,"parent":0,"menu_order":47,"comment_status":"closed","ping_status":"closed","template":"elementor_header_footer","meta":[],"acf":[],"wpcf_dashboard":"<div class=\"woocommerce\"><div class=\"woocommerce-info\">Please log in first? <a class=\"wpneoShowLogin\" href=\"#\">Click here to login<\/a><\/div><div class=\"wpneo_login_form_div\" style=\"display: none;\">\n\t\t<form name=\"loginform\" id=\"loginform\" action=\"https:\/\/cmsf.cv\/wp-login.php\" method=\"post\">\n\t\t\t\n\t\t\t<p class=\"login-username\">\n\t\t\t\t<label for=\"user_login\">Nome de utilizador ou endere\u00e7o de email<\/label>\n\t\t\t\t<input type=\"text\" name=\"log\" id=\"user_login\" class=\"input\" value=\"\" size=\"20\" \/>\n\t\t\t<\/p>\n\t\t\t<p class=\"login-password\">\n\t\t\t\t<label for=\"user_pass\">Senha<\/label>\n\t\t\t\t<input type=\"password\" name=\"pwd\" id=\"user_pass\" class=\"input\" value=\"\" size=\"20\" \/>\n\t\t\t<\/p>\n\t\t\t\n\t\t\t<p class=\"login-remember\"><label><input name=\"rememberme\" type=\"checkbox\" id=\"rememberme\" value=\"forever\" \/> Lembrar-me<\/label><\/p>\n\t\t\t<p class=\"login-submit\">\n\t\t\t\t<input type=\"submit\" name=\"wp-submit\" id=\"wp-submit\" class=\"button button-primary\" value=\"Iniciar sess\u00e3o\" \/>\n\t\t\t\t<input type=\"hidden\" name=\"redirect_to\" value=\"https:\/\/cmsf.cv\/index.php\/wp-json\/wp\/v2\/pages\/6871\" \/>\n\t\t\t<\/p>\n\t\t\t\n\t\t<\/form><\/div><\/div>","_links":{"self":[{"href":"https:\/\/cmsf.cv\/index.php\/wp-json\/wp\/v2\/pages\/6871"}],"collection":[{"href":"https:\/\/cmsf.cv\/index.php\/wp-json\/wp\/v2\/pages"}],"about":[{"href":"https:\/\/cmsf.cv\/index.php\/wp-json\/wp\/v2\/types\/page"}],"author":[{"embeddable":true,"href":"https:\/\/cmsf.cv\/index.php\/wp-json\/wp\/v2\/users\/1"}],"replies":[{"embeddable":true,"href":"https:\/\/cmsf.cv\/index.php\/wp-json\/wp\/v2\/comments?post=6871"}],"version-history":[{"count":17,"href":"https:\/\/cmsf.cv\/index.php\/wp-json\/wp\/v2\/pages\/6871\/revisions"}],"predecessor-version":[{"id":13811,"href":"https:\/\/cmsf.cv\/index.php\/wp-json\/wp\/v2\/pages\/6871\/revisions\/13811"}],"wp:featuredmedia":[{"embeddable":true,"href":"https:\/\/cmsf.cv\/index.php\/wp-json\/wp\/v2\/media\/13813"}],"wp:attachment":[{"href":"https:\/\/cmsf.cv\/index.php\/wp-json\/wp\/v2\/media?parent=6871"}],"curies":[{"name":"wp","href":"https:\/\/api.w.org\/{rel}","templated":true}]}}