
{"id":7055,"date":"2020-08-19T15:28:20","date_gmt":"2020-08-19T16:28:20","guid":{"rendered":"https:\/\/cmsf.cv\/?page_id=7055"},"modified":"2025-01-09T11:40:06","modified_gmt":"2025-01-09T12:40:06","slug":"presidente","status":"publish","type":"page","link":"https:\/\/cmsf.cv\/index.php\/presidente\/","title":{"rendered":"Presidente"},"content":{"rendered":"\t\t<div data-elementor-type=\"wp-page\" data-elementor-id=\"7055\" class=\"elementor elementor-7055\" data-elementor-settings=\"[]\">\n\t\t\t\t\t\t\t<div class=\"elementor-section-wrap\">\n\t\t\t\t\t\t\t<section class=\"elementor-section elementor-top-section elementor-element elementor-element-fc95c56 elementor-section-boxed elementor-section-height-default elementor-section-height-default\" data-id=\"fc95c56\" data-element_type=\"section\" data-settings=\"{&quot;jet_parallax_layout_list&quot;:[{&quot;jet_parallax_layout_image&quot;:{&quot;url&quot;:&quot;&quot;,&quot;id&quot;:&quot;&quot;},&quot;_id&quot;:&quot;7c589ee&quot;,&quot;jet_parallax_layout_image_tablet&quot;:{&quot;url&quot;:&quot;&quot;,&quot;id&quot;:&quot;&quot;},&quot;jet_parallax_layout_image_mobile&quot;:{&quot;url&quot;:&quot;&quot;,&quot;id&quot;:&quot;&quot;},&quot;jet_parallax_layout_speed&quot;:{&quot;unit&quot;:&quot;%&quot;,&quot;size&quot;:50,&quot;sizes&quot;:[]},&quot;jet_parallax_layout_type&quot;:&quot;scroll&quot;,&quot;jet_parallax_layout_direction&quot;:null,&quot;jet_parallax_layout_fx_direction&quot;:null,&quot;jet_parallax_layout_z_index&quot;:&quot;&quot;,&quot;jet_parallax_layout_bg_x&quot;:50,&quot;jet_parallax_layout_bg_x_tablet&quot;:&quot;&quot;,&quot;jet_parallax_layout_bg_x_mobile&quot;:&quot;&quot;,&quot;jet_parallax_layout_bg_y&quot;:50,&quot;jet_parallax_layout_bg_y_tablet&quot;:&quot;&quot;,&quot;jet_parallax_layout_bg_y_mobile&quot;:&quot;&quot;,&quot;jet_parallax_layout_bg_size&quot;:&quot;auto&quot;,&quot;jet_parallax_layout_bg_size_tablet&quot;:&quot;&quot;,&quot;jet_parallax_layout_bg_size_mobile&quot;:&quot;&quot;,&quot;jet_parallax_layout_animation_prop&quot;:&quot;transform&quot;,&quot;jet_parallax_layout_on&quot;:[&quot;desktop&quot;,&quot;tablet&quot;]}]}\">\n\t\t\t\t\t\t<div class=\"elementor-container elementor-column-gap-default\">\n\t\t\t\t\t<div class=\"elementor-column elementor-col-33 elementor-top-column elementor-element elementor-element-c95b7db\" data-id=\"c95b7db\" data-element_type=\"column\">\n\t\t\t<div class=\"elementor-widget-wrap elementor-element-populated\">\n\t\t\t\t\t\t\t\t<section class=\"elementor-section elementor-inner-section elementor-element elementor-element-dfe5432 elementor-section-boxed elementor-section-height-default elementor-section-height-default\" data-id=\"dfe5432\" data-element_type=\"section\" data-settings=\"{&quot;jet_parallax_layout_list&quot;:[{&quot;jet_parallax_layout_image&quot;:{&quot;url&quot;:&quot;&quot;,&quot;id&quot;:&quot;&quot;},&quot;_id&quot;:&quot;3571062&quot;,&quot;jet_parallax_layout_image_tablet&quot;:{&quot;url&quot;:&quot;&quot;,&quot;id&quot;:&quot;&quot;},&quot;jet_parallax_layout_image_mobile&quot;:{&quot;url&quot;:&quot;&quot;,&quot;id&quot;:&quot;&quot;},&quot;jet_parallax_layout_speed&quot;:{&quot;unit&quot;:&quot;%&quot;,&quot;size&quot;:50,&quot;sizes&quot;:[]},&quot;jet_parallax_layout_type&quot;:&quot;scroll&quot;,&quot;jet_parallax_layout_direction&quot;:null,&quot;jet_parallax_layout_fx_direction&quot;:null,&quot;jet_parallax_layout_z_index&quot;:&quot;&quot;,&quot;jet_parallax_layout_bg_x&quot;:50,&quot;jet_parallax_layout_bg_x_tablet&quot;:&quot;&quot;,&quot;jet_parallax_layout_bg_x_mobile&quot;:&quot;&quot;,&quot;jet_parallax_layout_bg_y&quot;:50,&quot;jet_parallax_layout_bg_y_tablet&quot;:&quot;&quot;,&quot;jet_parallax_layout_bg_y_mobile&quot;:&quot;&quot;,&quot;jet_parallax_layout_bg_size&quot;:&quot;auto&quot;,&quot;jet_parallax_layout_bg_size_tablet&quot;:&quot;&quot;,&quot;jet_parallax_layout_bg_size_mobile&quot;:&quot;&quot;,&quot;jet_parallax_layout_animation_prop&quot;:&quot;transform&quot;,&quot;jet_parallax_layout_on&quot;:[&quot;desktop&quot;,&quot;tablet&quot;]}]}\">\n\t\t\t\t\t\t<div class=\"elementor-container elementor-column-gap-default\">\n\t\t\t\t\t<div class=\"elementor-column elementor-col-100 elementor-inner-column elementor-element elementor-element-b38a86f\" data-id=\"b38a86f\" data-element_type=\"column\">\n\t\t\t<div class=\"elementor-widget-wrap elementor-element-populated\">\n\t\t\t\t\t\t\t\t<div class=\"elementor-element elementor-element-3ba8ff0 elementor-widget elementor-widget-image\" data-id=\"3ba8ff0\" data-element_type=\"widget\" data-widget_type=\"image.default\">\n\t\t\t\t<div class=\"elementor-widget-container\">\n\t\t\t\t\t\t\t\t\t\t\t\t\t\t\t\t<a href=\"https:\/\/cmsf.cv\/index.php\/team\/presidente-nuias-mendes-barbosa-da-silva\/\">\n\t\t\t\t\t\t\t<img width=\"400\" height=\"400\" src=\"https:\/\/cmsf.cv\/wp-content\/uploads\/2021\/08\/Nuias.jpg\" class=\"attachment-large size-large\" alt=\"\" loading=\"lazy\" srcset=\"https:\/\/cmsf.cv\/wp-content\/uploads\/2021\/08\/Nuias.jpg 400w, https:\/\/cmsf.cv\/wp-content\/uploads\/2021\/08\/Nuias-300x300.jpg 300w, https:\/\/cmsf.cv\/wp-content\/uploads\/2021\/08\/Nuias-150x150.jpg 150w, https:\/\/cmsf.cv\/wp-content\/uploads\/2021\/08\/Nuias-100x100.jpg 100w\" sizes=\"(max-width: 400px) 100vw, 400px\" \/>\t\t\t\t\t\t\t\t<\/a>\n\t\t\t\t\t\t\t\t\t\t\t\t\t\t\t<\/div>\n\t\t\t\t<\/div>\n\t\t\t\t<div class=\"elementor-element elementor-element-596ecba elementor-widget elementor-widget-heading\" data-id=\"596ecba\" data-element_type=\"widget\" data-widget_type=\"heading.default\">\n\t\t\t\t<div class=\"elementor-widget-container\">\n\t\t\t<h3 class=\"elementor-heading-title elementor-size-default\">Eng.\u00ba Nuias Mendes Barbosa da Silva<\/h3>\t\t<\/div>\n\t\t\t\t<\/div>\n\t\t\t\t<div class=\"elementor-element elementor-element-a42fc47 elementor-widget elementor-widget-heading\" data-id=\"a42fc47\" data-element_type=\"widget\" data-widget_type=\"heading.default\">\n\t\t\t\t<div class=\"elementor-widget-container\">\n\t\t\t<h4 class=\"elementor-heading-title elementor-size-default\">(Presidente Atual)<\/h4>\t\t<\/div>\n\t\t\t\t<\/div>\n\t\t\t\t\t<\/div>\n\t\t<\/div>\n\t\t\t\t\t\t\t<\/div>\n\t\t<\/section>\n\t\t\t\t\t<\/div>\n\t\t<\/div>\n\t\t\t\t<div class=\"elementor-column elementor-col-66 elementor-top-column elementor-element elementor-element-59bda2a\" data-id=\"59bda2a\" data-element_type=\"column\">\n\t\t\t<div class=\"elementor-widget-wrap elementor-element-populated\">\n\t\t\t\t\t\t\t\t<div class=\"elementor-element elementor-element-e162171 elementor-tabs-view-horizontal elementor-widget elementor-widget-tabs\" data-id=\"e162171\" data-element_type=\"widget\" data-widget_type=\"tabs.default\">\n\t\t\t\t<div class=\"elementor-widget-container\">\n\t\t\t\t\t<div class=\"elementor-tabs\">\n\t\t\t<div class=\"elementor-tabs-wrapper\" role=\"tablist\" >\n\t\t\t\t\t\t\t\t\t<div id=\"elementor-tab-title-2361\" class=\"elementor-tab-title elementor-tab-desktop-title\" aria-selected=\"true\" data-tab=\"1\" role=\"tab\" tabindex=\"0\" aria-controls=\"elementor-tab-content-2361\" aria-expanded=\"false\">Biografia<\/div>\n\t\t\t\t\t\t\t<\/div>\n\t\t\t<div class=\"elementor-tabs-content-wrapper\" role=\"tablist\" aria-orientation=\"vertical\">\n\t\t\t\t\t\t\t\t\t<div class=\"elementor-tab-title elementor-tab-mobile-title\" aria-selected=\"true\" data-tab=\"1\" role=\"tab\" tabindex=\"0\" aria-controls=\"elementor-tab-content-2361\" aria-expanded=\"false\">Biografia<\/div>\n\t\t\t\t\t<div id=\"elementor-tab-content-2361\" class=\"elementor-tab-content elementor-clearfix\" data-tab=\"1\" role=\"tabpanel\" aria-labelledby=\"elementor-tab-title-2361\" tabindex=\"0\" hidden=\"false\"><p>Depois das elei\u00e7\u00f5es aut\u00e1rquicas de finais do ano 2020 e com a tomada de posse no dia 19 de Novembro de 2020, a atual C\u00e2mara passou-se a ser Liderada pelo novo Presidente, o <strong>Eng.\u00ba Nu\u00edas Mendes Barbosa da Silva. <\/strong>\u00c9 licenciado em Engenharia e Gest\u00e3o Industrial pela Universidade de Aveiro, Mestre em Sistemas de Informa\u00e7\u00e3o na Universidade T\u00e9cnica de Lisboa\/Instituto Superior da Economia e Gest\u00e3o (UTL\/ISEG) e p\u00f3s-graduado em Sistemas e Tecnologias de Informa\u00e7\u00e3o pela mesma institui\u00e7\u00e3o. Possui tamb\u00e9m forma\u00e7\u00e3o avan\u00e7ada em Gest\u00e3o, nomeadamente Master Business Administration (MBA) pelo ISCTE &#8211; Instituto Universit\u00e1rio de Lisboa, Gest\u00e3o Banc\u00e1ria pela Visa Business School (Londres, Inglaterra) e Instituto de Forma\u00e7\u00e3o Banc\u00e1ria &#8211; IFB (Lisboa, Portugal). Foi certificado desde 2015 como Auditor Interno de Sistemas de Gest\u00e3o da Seguran\u00e7a da Informa\u00e7\u00e3o (Norma ISO 27001). Foi professor universit\u00e1rio nas Universidades de Cabo Verde\/Escola de Neg\u00f3cios e Governa\u00e7\u00e3o e Universidade Jean Piaget de Cabo Verde. Na qualidade de t\u00e9cnico e gestor, desempenhou v\u00e1rias fun\u00e7\u00f5es no setor p\u00fablico e privado, sendo de real\u00e7ar na SISP\/Rede 24, NOSi (Casa do Cidad\u00e3o), DGAPE bem como as de Administrador Executivo\/N\u00e3o Executivo em v\u00e1rias empresas (CECV, INCV, Inforpress, WeTrust, etc&#8230;). A n\u00edvel politico foi Deputado da Na\u00e7\u00e3o, eleito pelo circulo eleitoral do Fogo (2016-2020). Foi Presidente da JPAI &#8211; Juventude do PAICV (2009-2012). Foi Presidente da Assembleia Municipal de S\u00e3o Filipe (2008-2012). \u00c9 Vice-Presidente do PAICV.<\/p><p>.<\/p><\/div>\n\t\t\t\t\t\t\t<\/div>\n\t\t<\/div>\n\t\t\t\t<\/div>\n\t\t\t\t<\/div>\n\t\t\t\t\t<\/div>\n\t\t<\/div>\n\t\t\t\t\t\t\t<\/div>\n\t\t<\/section>\n\t\t\t\t<section class=\"elementor-section elementor-top-section elementor-element elementor-element-7033c61 elementor-section-boxed elementor-section-height-default elementor-section-height-default\" data-id=\"7033c61\" data-element_type=\"section\" data-settings=\"{&quot;jet_parallax_layout_list&quot;:[{&quot;jet_parallax_layout_image&quot;:{&quot;url&quot;:&quot;&quot;,&quot;id&quot;:&quot;&quot;},&quot;_id&quot;:&quot;4183e50&quot;,&quot;jet_parallax_layout_image_tablet&quot;:{&quot;url&quot;:&quot;&quot;,&quot;id&quot;:&quot;&quot;},&quot;jet_parallax_layout_image_mobile&quot;:{&quot;url&quot;:&quot;&quot;,&quot;id&quot;:&quot;&quot;},&quot;jet_parallax_layout_speed&quot;:{&quot;unit&quot;:&quot;%&quot;,&quot;size&quot;:50,&quot;sizes&quot;:[]},&quot;jet_parallax_layout_type&quot;:&quot;scroll&quot;,&quot;jet_parallax_layout_direction&quot;:null,&quot;jet_parallax_layout_fx_direction&quot;:null,&quot;jet_parallax_layout_z_index&quot;:&quot;&quot;,&quot;jet_parallax_layout_bg_x&quot;:50,&quot;jet_parallax_layout_bg_x_tablet&quot;:&quot;&quot;,&quot;jet_parallax_layout_bg_x_mobile&quot;:&quot;&quot;,&quot;jet_parallax_layout_bg_y&quot;:50,&quot;jet_parallax_layout_bg_y_tablet&quot;:&quot;&quot;,&quot;jet_parallax_layout_bg_y_mobile&quot;:&quot;&quot;,&quot;jet_parallax_layout_bg_size&quot;:&quot;auto&quot;,&quot;jet_parallax_layout_bg_size_tablet&quot;:&quot;&quot;,&quot;jet_parallax_layout_bg_size_mobile&quot;:&quot;&quot;,&quot;jet_parallax_layout_animation_prop&quot;:&quot;transform&quot;,&quot;jet_parallax_layout_on&quot;:[&quot;desktop&quot;,&quot;tablet&quot;]}],&quot;background_background&quot;:&quot;gradient&quot;}\">\n\t\t\t\t\t\t\t<div class=\"elementor-background-overlay\"><\/div>\n\t\t\t\t\t\t\t<div class=\"elementor-container elementor-column-gap-default\">\n\t\t\t\t\t<div class=\"elementor-column elementor-col-100 elementor-top-column elementor-element elementor-element-9a701c5\" data-id=\"9a701c5\" data-element_type=\"column\">\n\t\t\t<div class=\"elementor-widget-wrap elementor-element-populated\">\n\t\t\t\t\t\t\t\t<div class=\"elementor-element elementor-element-f37afc3 elementor-widget-divider--view-line_icon elementor-view-default elementor-widget-divider--element-align-center elementor-widget elementor-widget-divider\" data-id=\"f37afc3\" data-element_type=\"widget\" data-widget_type=\"divider.default\">\n\t\t\t\t<div class=\"elementor-widget-container\">\n\t\t\t\t\t<div class=\"elementor-divider\">\n\t\t\t<span class=\"elementor-divider-separator\">\n\t\t\t\t\t\t\t<div class=\"elementor-icon elementor-divider__element\">\n\t\t\t\t\t<i aria-hidden=\"true\" class=\"fas fa-star\"><\/i><\/div>\n\t\t\t\t\t\t<\/span>\n\t\t<\/div>\n\t\t\t\t<\/div>\n\t\t\t\t<\/div>\n\t\t\t\t<div class=\"elementor-element elementor-element-8067105 elementor-widget elementor-widget-heading\" data-id=\"8067105\" data-element_type=\"widget\" data-widget_type=\"heading.default\">\n\t\t\t\t<div class=\"elementor-widget-container\">\n\t\t\t<h2 class=\"elementor-heading-title elementor-size-default\">Antigos Presidentes da C\u00e2mara Municipal de S\u00e3o Filipe<\/h2>\t\t<\/div>\n\t\t\t\t<\/div>\n\t\t\t\t<div class=\"elementor-element elementor-element-e36ba39 elementor-widget elementor-widget-bdt-accordion\" data-id=\"e36ba39\" data-element_type=\"widget\" data-widget_type=\"bdt-accordion.default\">\n\t\t\t\t<div class=\"elementor-widget-container\">\n\t\t\t      <div class=\"bdt-accordion-container\">\r\n        <div id=\"bdt-accordion-e36ba39\" class=\"bdt-accordion\" data-bdt-accordion=\"{&quot;collapsible&quot;:true,&quot;multiple&quot;:false,&quot;transition&quot;:&quot;ease-in-out&quot;}\" data-settings=\"{&quot;id&quot;:&quot;bdt-accordion-e36ba39&quot;,&quot;activeHash&quot;:&quot;no&quot;,&quot;activeScrollspy&quot;:null,&quot;hashTopOffset&quot;:false,&quot;hashScrollspyTime&quot;:false}\">\r\n                      <div class=\"bdt-accordion-item\">\r\n            <div                class=\"bdt-accordion-title bdt-flex bdt-flex-middle bdt-flex-between\"                id=\"bdt-accordion-jorge-nogueira-2016-a-2020\"\r\n                data-accordion-index=\"0\"\r\n                data-title=\"jorge-nogueira-2016-a-2020\" role=\"heading\">\r\n\r\n                                    <span class=\"bdt-accordion-icon bdt-flex-align-right\"\r\n                        aria-hidden=\"true\">\r\n\r\n                                            <span class=\"bdt-accordion-icon-closed\">\r\n                        <i aria-hidden=\"true\" class=\"fa-fw fas fa-plus\"><\/i>                        <\/span>\r\n                    \r\n                                                <span class=\"bdt-accordion-icon-opened\">\r\n                            <i aria-hidden=\"true\" class=\"fa-fw fas fa-minus\"><\/i>                            <\/span>\r\n                        \r\n                    <\/span>\r\n                \r\n                <span class=\"bdt-title bdt-flex bdt-flex-middle\">\r\n\r\n                                        Jorge Nogueira (2016 a 2020)                <\/span>\r\n\r\n                <\/div>\r\n          <div class=\"bdt-accordion-content\">\r\n              <div style=\"text-align: justify;\"><p><img loading=\"lazy\" class=\"alignleft size-medium wp-image-8383\" src=\"https:\/\/cmsffogo.mobilecv.net\/wp-content\/uploads\/2020\/07\/jorge-nogueira-1-270x300.jpg\" alt=\"\" width=\"270\" height=\"300\" srcset=\"https:\/\/cmsf.cv\/wp-content\/uploads\/2020\/07\/jorge-nogueira-1-270x300.jpg 270w, https:\/\/cmsf.cv\/wp-content\/uploads\/2020\/07\/jorge-nogueira-1-300x333.jpg 300w, https:\/\/cmsf.cv\/wp-content\/uploads\/2020\/07\/jorge-nogueira-1.jpg 396w\" sizes=\"(max-width: 270px) 100vw, 270px\" \/>Em 2016, <strong>Jorge Nogueira <\/strong>chegou \u00e0 presid\u00eancia pela lista do Movimento para a Democracia (MpD).<\/p><p>Diplomado com o Curso de Investiga\u00e7\u00e3o Criminal em Lisboa, trabalhou na Procuradoria da Rep\u00fablica da Praia, foi professor do Ciclo Preparat\u00f3rio da Brava, Procurador da Rep\u00fablica da Comarca da Brava, Delegado do Governo e o primeiro presidente da C\u00e2mara Municipal da Brava, Delegado da EMPA na ilha do Fogo e Deputado Nacional eleito pelo c\u00edrculo eleitoral do Fogo de 2001 a 2016.<\/p><p>No Parlamento, foi membro da Comiss\u00e3o Especializada dos Assuntos Jur\u00eddicos, Direitos Humanos e Comunica\u00e7\u00e3o Social, Secret\u00e1rio Executivo Nacional do MpD e em 2016 desempenhava a fun\u00e7\u00e3o de Secret\u00e1rio da Mesa da Assembleia Nacional e vice-presidente do Conselho da Administra\u00e7\u00e3o da Assembleia Nacional.<\/p><p>\u00a0<\/p><\/div>          <\/div>\r\n        <\/div>\r\n                    <div class=\"bdt-accordion-item\">\r\n            <div                class=\"bdt-accordion-title bdt-flex bdt-flex-middle bdt-flex-between\"                id=\"bdt-accordion-lus-joaquim-gonalves-pires-2012-a-2016\"\r\n                data-accordion-index=\"1\"\r\n                data-title=\"lu-s-joaquim-gon-alves-pires-2012-a-2016\" role=\"heading\">\r\n\r\n                                    <span class=\"bdt-accordion-icon bdt-flex-align-right\"\r\n                        aria-hidden=\"true\">\r\n\r\n                                            <span class=\"bdt-accordion-icon-closed\">\r\n                        <i aria-hidden=\"true\" class=\"fa-fw fas fa-plus\"><\/i>                        <\/span>\r\n                    \r\n                                                <span class=\"bdt-accordion-icon-opened\">\r\n                            <i aria-hidden=\"true\" class=\"fa-fw fas fa-minus\"><\/i>                            <\/span>\r\n                        \r\n                    <\/span>\r\n                \r\n                <span class=\"bdt-title bdt-flex bdt-flex-middle\">\r\n\r\n                                        Lu\u00eds Joaquim Gon\u00e7alves Pires (2012 a 2016)                <\/span>\r\n\r\n                <\/div>\r\n          <div class=\"bdt-accordion-content\">\r\n              <div style=\"text-align: justify;\"><p><img loading=\"lazy\" class=\"alignleft size-medium wp-image-8349\" src=\"https:\/\/cmsffogo.mobilecv.net\/wp-content\/uploads\/2020\/07\/luis-pires-199x300.jpg\" alt=\"\" width=\"199\" height=\"300\" srcset=\"https:\/\/cmsf.cv\/wp-content\/uploads\/2020\/07\/luis-pires-199x300.jpg 199w, https:\/\/cmsf.cv\/wp-content\/uploads\/2020\/07\/luis-pires-399x600.jpg 399w, https:\/\/cmsf.cv\/wp-content\/uploads\/2020\/07\/luis-pires-372x560.jpg 372w, https:\/\/cmsf.cv\/wp-content\/uploads\/2020\/07\/luis-pires-300x451.jpg 300w, https:\/\/cmsf.cv\/wp-content\/uploads\/2020\/07\/luis-pires-600x903.jpg 600w, https:\/\/cmsf.cv\/wp-content\/uploads\/2020\/07\/luis-pires.jpg 638w\" sizes=\"(max-width: 199px) 100vw, 199px\" \/>Em 2012 a cadeira presidencial foi ocupada por Lu\u00eds Joaquim Gon\u00e7alves Pires, natural da cidade de S\u00e3o Filipe. Bacharel em Estudos Cabo-verdianos e Portugueses e Licenciado em Organiza\u00e7\u00e3o e Desenvolvimento Curricular, Lu\u00eds Pires \u00e9 professor, dirigente desportivo, ativista cultural e \u00e9 autor de v\u00e1rios textos de investiga\u00e7\u00e3o cultural, publicados em peri\u00f3dicos nacionais e estrangeiros.<\/p><p>Foi vereador durante quatro mandatos, diretor dos Servi\u00e7os de \u00c1gua, Energia e Saneamento, Presidente da Assembleia Municipal de S\u00e3o Filipe, Delegado do Minist\u00e9rio da Educa\u00e7\u00e3o e Ensino Superior. Presidiu a C\u00e2mara durante um mandato de quatro anos, 2012 \u2013 2016.<\/p><\/div>          <\/div>\r\n        <\/div>\r\n                    <div class=\"bdt-accordion-item\">\r\n            <div                class=\"bdt-accordion-title bdt-flex bdt-flex-middle bdt-flex-between\"                id=\"bdt-accordion-eugnio-miranda-da-veiga-1992-a-2012\"\r\n                data-accordion-index=\"2\"\r\n                data-title=\"eug-nio-miranda-da-veiga-1992-a-2012\" role=\"heading\">\r\n\r\n                                    <span class=\"bdt-accordion-icon bdt-flex-align-right\"\r\n                        aria-hidden=\"true\">\r\n\r\n                                            <span class=\"bdt-accordion-icon-closed\">\r\n                        <i aria-hidden=\"true\" class=\"fa-fw fas fa-plus\"><\/i>                        <\/span>\r\n                    \r\n                                                <span class=\"bdt-accordion-icon-opened\">\r\n                            <i aria-hidden=\"true\" class=\"fa-fw fas fa-minus\"><\/i>                            <\/span>\r\n                        \r\n                    <\/span>\r\n                \r\n                <span class=\"bdt-title bdt-flex bdt-flex-middle\">\r\n\r\n                                        Eug\u00e9nio Miranda da Veiga (1992 a 2012)                <\/span>\r\n\r\n                <\/div>\r\n          <div class=\"bdt-accordion-content\">\r\n              <div style=\"text-align: justify;\"><p><strong><img loading=\"lazy\" class=\"alignleft size-medium wp-image-8354\" src=\"https:\/\/cmsffogo.mobilecv.net\/wp-content\/uploads\/2020\/07\/eugenio-veiga-203x300.jpg\" alt=\"\" width=\"203\" height=\"300\" srcset=\"https:\/\/cmsf.cv\/wp-content\/uploads\/2020\/07\/eugenio-veiga-203x300.jpg 203w, https:\/\/cmsf.cv\/wp-content\/uploads\/2020\/07\/eugenio-veiga.jpg 243w\" sizes=\"(max-width: 203px) 100vw, 203px\" \/>Eug\u00e9nio Miranda da Veiga<\/strong>, natural de Relva, munic\u00edpio dos Mosteiros, licenciado em Rela\u00e7\u00f5es Econ\u00f3micas Internacionais, em Bucareste (Rom\u00e9nia), foi o primeiro presidente da C\u00e2mara do Fogo, depois de S\u00e3o Filipe com a cria\u00e7\u00e3o do munic\u00edpio dos Mosteiros em finais de 1991. De janeiro a mar\u00e7o de 1992, data da posse da Comiss\u00e3o Instaladora dos Mosteiros, foi Presidente de toda a ilha.<\/p><p>Antes de chegar \u00e0 presid\u00eancia da C\u00e2mara do Fogo\/S\u00e3o Filipe, exerceu as fun\u00e7\u00f5es de funcion\u00e1rio dos Servi\u00e7os das Finan\u00e7as, Contribui\u00e7\u00f5es e Impostos; Escritur\u00e1rio no Servi\u00e7o Nacional de Emprego (Lisboa \u2013 Portugal) e subdelegado do Procurador da Rep\u00fablica na Comarca de Santa Catarina de Santiago. Ap\u00f3s a forma\u00e7\u00e3o exerceu as fun\u00e7\u00f5es de quadro superior na ent\u00e3o Secretaria de Estado da Coopera\u00e7\u00e3o e do Plano, ocupando-se do sector das rela\u00e7\u00f5es de coopera\u00e7\u00e3o multilateral e foi diretor do gabinete do ent\u00e3o Primeiro-Ministro da Primeira Rep\u00fablica, Pedro Pires.<\/p><p>Eleito em 1992 como Primeiro presidente da C\u00e2mara Municipal do Fogo, mas com eleva\u00e7\u00e3o dos Mosteiros a categoria de Concelho, passou a presidir a C\u00e2mara de S\u00e3o Filipe. que inclu\u00eda o atual territ\u00f3rio de Santa Catarina do Fogo. Reeleito por quatro vezes: em 1996, 2000, 2004 (maioria absoluta) e 2008 (com maioria relativa), tendo presidido o munic\u00edpio durante 20 anos.<\/p><\/div>          <\/div>\r\n        <\/div>\r\n                <\/div>\r\n      <\/div>\r\n        \t\t<\/div>\n\t\t\t\t<\/div>\n\t\t\t\t\t<\/div>\n\t\t<\/div>\n\t\t\t\t\t\t\t<\/div>\n\t\t<\/section>\n\t\t\t\t<section class=\"elementor-section elementor-top-section elementor-element elementor-element-057dbd4 elementor-section-boxed elementor-section-height-default elementor-section-height-default\" data-id=\"057dbd4\" data-element_type=\"section\" data-settings=\"{&quot;jet_parallax_layout_list&quot;:[{&quot;jet_parallax_layout_image&quot;:{&quot;url&quot;:&quot;&quot;,&quot;id&quot;:&quot;&quot;},&quot;_id&quot;:&quot;4183e50&quot;,&quot;jet_parallax_layout_image_tablet&quot;:{&quot;url&quot;:&quot;&quot;,&quot;id&quot;:&quot;&quot;},&quot;jet_parallax_layout_image_mobile&quot;:{&quot;url&quot;:&quot;&quot;,&quot;id&quot;:&quot;&quot;},&quot;jet_parallax_layout_speed&quot;:{&quot;unit&quot;:&quot;%&quot;,&quot;size&quot;:50,&quot;sizes&quot;:[]},&quot;jet_parallax_layout_type&quot;:&quot;scroll&quot;,&quot;jet_parallax_layout_direction&quot;:null,&quot;jet_parallax_layout_fx_direction&quot;:null,&quot;jet_parallax_layout_z_index&quot;:&quot;&quot;,&quot;jet_parallax_layout_bg_x&quot;:50,&quot;jet_parallax_layout_bg_x_tablet&quot;:&quot;&quot;,&quot;jet_parallax_layout_bg_x_mobile&quot;:&quot;&quot;,&quot;jet_parallax_layout_bg_y&quot;:50,&quot;jet_parallax_layout_bg_y_tablet&quot;:&quot;&quot;,&quot;jet_parallax_layout_bg_y_mobile&quot;:&quot;&quot;,&quot;jet_parallax_layout_bg_size&quot;:&quot;auto&quot;,&quot;jet_parallax_layout_bg_size_tablet&quot;:&quot;&quot;,&quot;jet_parallax_layout_bg_size_mobile&quot;:&quot;&quot;,&quot;jet_parallax_layout_animation_prop&quot;:&quot;transform&quot;,&quot;jet_parallax_layout_on&quot;:[&quot;desktop&quot;,&quot;tablet&quot;]}],&quot;background_background&quot;:&quot;gradient&quot;}\">\n\t\t\t\t\t\t<div class=\"elementor-container elementor-column-gap-default\">\n\t\t\t\t\t<div class=\"elementor-column elementor-col-100 elementor-top-column elementor-element elementor-element-cceb9f1\" data-id=\"cceb9f1\" data-element_type=\"column\">\n\t\t\t<div class=\"elementor-widget-wrap elementor-element-populated\">\n\t\t\t\t\t\t\t\t<div class=\"elementor-element elementor-element-00943f8 elementor-widget-divider--view-line_icon elementor-view-default elementor-widget-divider--element-align-center elementor-widget elementor-widget-divider\" data-id=\"00943f8\" data-element_type=\"widget\" data-widget_type=\"divider.default\">\n\t\t\t\t<div class=\"elementor-widget-container\">\n\t\t\t\t\t<div class=\"elementor-divider\">\n\t\t\t<span class=\"elementor-divider-separator\">\n\t\t\t\t\t\t\t<div class=\"elementor-icon elementor-divider__element\">\n\t\t\t\t\t<i aria-hidden=\"true\" class=\"fas fa-star\"><\/i><\/div>\n\t\t\t\t\t\t<\/span>\n\t\t<\/div>\n\t\t\t\t<\/div>\n\t\t\t\t<\/div>\n\t\t\t\t<div class=\"elementor-element elementor-element-76c260e elementor-widget elementor-widget-heading\" data-id=\"76c260e\" data-element_type=\"widget\" data-widget_type=\"heading.default\">\n\t\t\t\t<div class=\"elementor-widget-container\">\n\t\t\t<h2 class=\"elementor-heading-title elementor-size-default\">S\u00edntese das elei\u00e7\u00f5es Aut\u00e1rquicas de S\u00e3o Filipe<\/h2>\t\t<\/div>\n\t\t\t\t<\/div>\n\t\t\t\t<div class=\"elementor-element elementor-element-46030b9 elementor-widget elementor-widget-text-editor\" data-id=\"46030b9\" data-element_type=\"widget\" data-widget_type=\"text-editor.default\">\n\t\t\t\t<div class=\"elementor-widget-container\">\n\t\t\t\t\t\t\t\t<p>Com o advento da Democracia e a implementa\u00e7\u00e3o do Estado de Direito, e com as elei\u00e7\u00f5es pluralistas de 13 de janeiro de 1991, a organiza\u00e7\u00e3o democr\u00e1tica do Estado passou a implicar a exist\u00eancia de autarquias locais, com os titulares dos \u00f3rg\u00e3os (C\u00e2maras e Assembleias) a serem escolhidos diretamente pelos cidad\u00e3os\/eleitores, para defender os seus interesses e promover o desenvolvimento.<\/p><p>Antes os munic\u00edpios\/ilhas eram administrados pelos chamados delegados de Governo (executivo) e o Conselho Deliberativo (deliberativo), que vieram substituir os administradores do concelho que imperava antes da Independ\u00eancia Nacional.<\/p><p>Assim em dezembro de 1991, realizaram-se as primeiras elei\u00e7\u00f5es aut\u00e1rquicas em Cabo Verde, culminando o ciclo iniciado em janeiro, com as legislativas e fevereiro com as presidenciais, mas a tomada de posse dos titulares dos \u00f3rg\u00e3os aut\u00e1rquicos aconteceu em janeiro de 1992.<\/p><p>Aquando das primeiras elei\u00e7\u00f5es aut\u00e1rquicas a ilha do Fogo representava um \u00fanico concelho e na altura os \u00f3rg\u00e3os aut\u00e1rquicos, executivo (C\u00e2mara Municipal) era constitu\u00eddo por nove elementos (presidente e oito vereadores) e o deliberativo (Assembleia Municipal) por 21 eleitos municipais. Com o surgimento dos munic\u00edpios dos Mosteiros, primeiro, e de Santa Catarina do Fogo, depois a C\u00e2mara de S\u00e3o Filipe passou a ter sete membros e a Assembleia 17 eleitos.<\/p><p>Para as primeiras elei\u00e7\u00f5es aut\u00e1rquicas, a n\u00edvel da ilha, concorreram o Partido Africano da Independ\u00eancia de Cabo Verde (PAICV) e o Grupo Independente Pa Frente Djarfogo (PFD), liderados, respetivamente por, Eug\u00e9nio Veiga e Jo\u00e3o do Ros\u00e1rio (C\u00e2mara).<\/p><p>Na altura a ilha toda contava com 16.058 eleitores inscritos nos cadernos eleitorais, tendo exercido o direito de votos 12.735 eleitores, mais de 79,3%. Destes registaram 183 votos brancos (1,4%) e 406 nulos (3,1%). O PAICV obteve 7.542 votos (59,2%) e PFD um total de 4.604 votos (36,1%), elegendo o PAICV o presidente e os oito vereadores.<\/p>\t\t\t\t\t\t<\/div>\n\t\t\t\t<\/div>\n\t\t\t\t\t<\/div>\n\t\t<\/div>\n\t\t\t\t\t\t\t<\/div>\n\t\t<\/section>\n\t\t\t\t\t\t<\/div>\n\t\t\t\t\t<\/div>\n\t\t","protected":false},"excerpt":{"rendered":"<p>Eng.\u00ba Nuias Mendes Barbosa da Silva (Presidente Atual) Biografia Biografia Depois das elei\u00e7\u00f5es aut\u00e1rquicas de finais do ano 2020 e com a tomada de posse no dia 19 de Novembro de 2020, a atual C\u00e2mara passou-se a ser Liderada pelo novo Presidente, o Eng.\u00ba Nu\u00edas Mendes Barbosa da Silva. \u00c9 licenciado em Engenharia e Gest\u00e3o [&hellip;]<\/p>\n","protected":false},"author":1,"featured_media":9543,"parent":0,"menu_order":103,"comment_status":"closed","ping_status":"closed","template":"","meta":[],"acf":[],"wpcf_dashboard":"<div class=\"woocommerce\"><div class=\"woocommerce-info\">Please log in first? <a class=\"wpneoShowLogin\" href=\"#\">Click here to login<\/a><\/div><div class=\"wpneo_login_form_div\" style=\"display: none;\">\n\t\t<form name=\"loginform\" id=\"loginform\" action=\"https:\/\/cmsf.cv\/wp-login.php\" method=\"post\">\n\t\t\t\n\t\t\t<p class=\"login-username\">\n\t\t\t\t<label for=\"user_login\">Nome de utilizador ou endere\u00e7o de email<\/label>\n\t\t\t\t<input type=\"text\" name=\"log\" id=\"user_login\" class=\"input\" value=\"\" size=\"20\" \/>\n\t\t\t<\/p>\n\t\t\t<p class=\"login-password\">\n\t\t\t\t<label for=\"user_pass\">Senha<\/label>\n\t\t\t\t<input type=\"password\" name=\"pwd\" id=\"user_pass\" class=\"input\" value=\"\" size=\"20\" \/>\n\t\t\t<\/p>\n\t\t\t\n\t\t\t<p class=\"login-remember\"><label><input name=\"rememberme\" type=\"checkbox\" id=\"rememberme\" value=\"forever\" \/> Lembrar-me<\/label><\/p>\n\t\t\t<p class=\"login-submit\">\n\t\t\t\t<input type=\"submit\" name=\"wp-submit\" id=\"wp-submit\" class=\"button button-primary\" value=\"Iniciar sess\u00e3o\" \/>\n\t\t\t\t<input type=\"hidden\" name=\"redirect_to\" value=\"https:\/\/cmsf.cv\/index.php\/wp-json\/wp\/v2\/pages\/7055\" \/>\n\t\t\t<\/p>\n\t\t\t\n\t\t<\/form><\/div><\/div>","_links":{"self":[{"href":"https:\/\/cmsf.cv\/index.php\/wp-json\/wp\/v2\/pages\/7055"}],"collection":[{"href":"https:\/\/cmsf.cv\/index.php\/wp-json\/wp\/v2\/pages"}],"about":[{"href":"https:\/\/cmsf.cv\/index.php\/wp-json\/wp\/v2\/types\/page"}],"author":[{"embeddable":true,"href":"https:\/\/cmsf.cv\/index.php\/wp-json\/wp\/v2\/users\/1"}],"replies":[{"embeddable":true,"href":"https:\/\/cmsf.cv\/index.php\/wp-json\/wp\/v2\/comments?post=7055"}],"version-history":[{"count":316,"href":"https:\/\/cmsf.cv\/index.php\/wp-json\/wp\/v2\/pages\/7055\/revisions"}],"predecessor-version":[{"id":17251,"href":"https:\/\/cmsf.cv\/index.php\/wp-json\/wp\/v2\/pages\/7055\/revisions\/17251"}],"wp:featuredmedia":[{"embeddable":true,"href":"https:\/\/cmsf.cv\/index.php\/wp-json\/wp\/v2\/media\/9543"}],"wp:attachment":[{"href":"https:\/\/cmsf.cv\/index.php\/wp-json\/wp\/v2\/media?parent=7055"}],"curies":[{"name":"wp","href":"https:\/\/api.w.org\/{rel}","templated":true}]}}