
{"id":7349,"date":"2021-07-02T13:09:15","date_gmt":"2021-07-02T14:09:15","guid":{"rendered":"https:\/\/cmsf.cv\/?page_id=7349"},"modified":"2022-08-31T16:59:42","modified_gmt":"2022-08-31T17:59:42","slug":"personalidades","status":"publish","type":"page","link":"https:\/\/cmsf.cv\/index.php\/personalidades\/","title":{"rendered":"Personalidades"},"content":{"rendered":"\t\t<div data-elementor-type=\"wp-page\" data-elementor-id=\"7349\" class=\"elementor elementor-7349\" data-elementor-settings=\"[]\">\n\t\t\t\t\t\t\t<div class=\"elementor-section-wrap\">\n\t\t\t\t\t\t\t<section class=\"elementor-section elementor-top-section elementor-element elementor-element-c33088e elementor-section-boxed elementor-section-height-default elementor-section-height-default\" data-id=\"c33088e\" data-element_type=\"section\" data-settings=\"{&quot;jet_parallax_layout_list&quot;:[{&quot;jet_parallax_layout_image&quot;:{&quot;url&quot;:&quot;&quot;,&quot;id&quot;:&quot;&quot;},&quot;_id&quot;:&quot;421f219&quot;,&quot;jet_parallax_layout_image_tablet&quot;:{&quot;url&quot;:&quot;&quot;,&quot;id&quot;:&quot;&quot;},&quot;jet_parallax_layout_image_mobile&quot;:{&quot;url&quot;:&quot;&quot;,&quot;id&quot;:&quot;&quot;},&quot;jet_parallax_layout_speed&quot;:{&quot;unit&quot;:&quot;%&quot;,&quot;size&quot;:50,&quot;sizes&quot;:[]},&quot;jet_parallax_layout_type&quot;:&quot;scroll&quot;,&quot;jet_parallax_layout_direction&quot;:null,&quot;jet_parallax_layout_fx_direction&quot;:null,&quot;jet_parallax_layout_z_index&quot;:&quot;&quot;,&quot;jet_parallax_layout_bg_x&quot;:50,&quot;jet_parallax_layout_bg_x_tablet&quot;:&quot;&quot;,&quot;jet_parallax_layout_bg_x_mobile&quot;:&quot;&quot;,&quot;jet_parallax_layout_bg_y&quot;:50,&quot;jet_parallax_layout_bg_y_tablet&quot;:&quot;&quot;,&quot;jet_parallax_layout_bg_y_mobile&quot;:&quot;&quot;,&quot;jet_parallax_layout_bg_size&quot;:&quot;auto&quot;,&quot;jet_parallax_layout_bg_size_tablet&quot;:&quot;&quot;,&quot;jet_parallax_layout_bg_size_mobile&quot;:&quot;&quot;,&quot;jet_parallax_layout_animation_prop&quot;:&quot;transform&quot;,&quot;jet_parallax_layout_on&quot;:[&quot;desktop&quot;,&quot;tablet&quot;]}],&quot;background_background&quot;:&quot;classic&quot;}\">\n\t\t\t\t\t\t<div class=\"elementor-container elementor-column-gap-default\">\n\t\t\t\t\t<div class=\"elementor-column elementor-col-100 elementor-top-column elementor-element elementor-element-af1200e\" data-id=\"af1200e\" data-element_type=\"column\">\n\t\t\t<div class=\"elementor-widget-wrap elementor-element-populated\">\n\t\t\t\t\t\t\t\t<div class=\"elementor-element elementor-element-61eee35 elementor-widget elementor-widget-text-editor\" data-id=\"61eee35\" data-element_type=\"widget\" data-widget_type=\"text-editor.default\">\n\t\t\t\t<div class=\"elementor-widget-container\">\n\t\t\t\t\t\t\t\t<!-- wp:paragraph --><!-- \/wp:paragraph --><!-- wp:paragraph --><!-- \/wp:paragraph --><!-- wp:paragraph --><!-- \/wp:paragraph --><!-- wp:paragraph --><!-- \/wp:paragraph --><!-- wp:paragraph --><!-- \/wp:paragraph --><!-- wp:paragraph --><!-- \/wp:paragraph --><!-- wp:paragraph -->\n<p style=\"text-align: justify;\"><b style=\"font-size: 12px; color: #b7b7b7;\">1939<\/b><br \/><b style=\"font-size: 25px;\">Gilda Marta de Vasconcelos Vicente Barbosa<\/b><br \/><img loading=\"lazy\" class=\"alignleft size-full wp-image-9228\" src=\"https:\/\/cmsf.cv\/wp-content\/uploads\/2020\/07\/gildabarbosa.jpg\" alt=\"\" width=\"182\" height=\"200\" \/>Nasceu no centro hist\u00f3rico da cidade a 10 de setembro de 1939.<br \/>Fez a instru\u00e7\u00e3o prim\u00e1ria em casa, no r\u00e9s-do-ch\u00e3o do sobrado, onde reside atualmente, com a m\u00e3e. Fez os estudos liceais em S.Vicente (Gil Eanes). Licenciada em ci\u00eancias matem\u00e1ticas e curso de ci\u00eancias pedag\u00f3gicas pela Universidade de Coimbra (Portugal). Lecionou no Liceu Gil Eanes (Portugu\u00eas e Franc\u00eas) e durante 5 anos no liceu Adriano Moreira (Praia). Depois de um curto interregno e porque n\u00e3o encontrou vaga no referido estabelecimento, o Bispo D. Jos\u00e9 Cola\u00e7o convidou-lhe para lecionar no semin\u00e1rio, sendo assim a 1\u00aa mulher a lecionar no semin\u00e1rio.<br \/>Em 1974 regressa ao Liceu, foi professora de figuras destacadas de Cabo Verde, como o ex- primeiro ministro, Carlos Veiga, o ex-ministro, Jos\u00e9 Tomas e do antigo presidente da C\u00e2mara de S\u00e3o Filipe, Eug\u00e9nio Veiga.<br \/>Em 1982 assumiu a presid\u00eancia, durante 15 anos, da C\u00e1ritas. Acompanhou Bispo em v\u00e1rias miss\u00f5es, foi respons\u00e1vel da comiss\u00e3o da coordena\u00e7\u00e3o que recebeu o Papa Jo\u00e3o Paulo II em 1990.<br \/>Visitou v\u00e1rias vezes a Roma e foi recebida pelo Papa, como membro do conselho pontif\u00edcio, justi\u00e7a e paz. \u00c9 colunista ass\u00eddua do jornal Terra Nova.<\/p>\n<!-- \/wp:paragraph --><!-- wp:paragraph -->\t\t\t\t\t\t<\/div>\n\t\t\t\t<\/div>\n\t\t\t\t\t<\/div>\n\t\t<\/div>\n\t\t\t\t\t\t\t<\/div>\n\t\t<\/section>\n\t\t\t\t<section class=\"elementor-section elementor-top-section elementor-element elementor-element-df6b0b8 elementor-section-boxed elementor-section-height-default elementor-section-height-default\" data-id=\"df6b0b8\" data-element_type=\"section\" data-settings=\"{&quot;jet_parallax_layout_list&quot;:[{&quot;jet_parallax_layout_image&quot;:{&quot;url&quot;:&quot;&quot;,&quot;id&quot;:&quot;&quot;},&quot;_id&quot;:&quot;421f219&quot;,&quot;jet_parallax_layout_image_tablet&quot;:{&quot;url&quot;:&quot;&quot;,&quot;id&quot;:&quot;&quot;},&quot;jet_parallax_layout_image_mobile&quot;:{&quot;url&quot;:&quot;&quot;,&quot;id&quot;:&quot;&quot;},&quot;jet_parallax_layout_speed&quot;:{&quot;unit&quot;:&quot;%&quot;,&quot;size&quot;:50,&quot;sizes&quot;:[]},&quot;jet_parallax_layout_type&quot;:&quot;scroll&quot;,&quot;jet_parallax_layout_direction&quot;:null,&quot;jet_parallax_layout_fx_direction&quot;:null,&quot;jet_parallax_layout_z_index&quot;:&quot;&quot;,&quot;jet_parallax_layout_bg_x&quot;:50,&quot;jet_parallax_layout_bg_x_tablet&quot;:&quot;&quot;,&quot;jet_parallax_layout_bg_x_mobile&quot;:&quot;&quot;,&quot;jet_parallax_layout_bg_y&quot;:50,&quot;jet_parallax_layout_bg_y_tablet&quot;:&quot;&quot;,&quot;jet_parallax_layout_bg_y_mobile&quot;:&quot;&quot;,&quot;jet_parallax_layout_bg_size&quot;:&quot;auto&quot;,&quot;jet_parallax_layout_bg_size_tablet&quot;:&quot;&quot;,&quot;jet_parallax_layout_bg_size_mobile&quot;:&quot;&quot;,&quot;jet_parallax_layout_animation_prop&quot;:&quot;transform&quot;,&quot;jet_parallax_layout_on&quot;:[&quot;desktop&quot;,&quot;tablet&quot;]}],&quot;background_background&quot;:&quot;classic&quot;}\">\n\t\t\t\t\t\t<div class=\"elementor-container elementor-column-gap-default\">\n\t\t\t\t\t<div class=\"elementor-column elementor-col-100 elementor-top-column elementor-element elementor-element-59a9c50\" data-id=\"59a9c50\" data-element_type=\"column\">\n\t\t\t<div class=\"elementor-widget-wrap elementor-element-populated\">\n\t\t\t\t\t\t\t\t<div class=\"elementor-element elementor-element-c0db822 elementor-widget elementor-widget-text-editor\" data-id=\"c0db822\" data-element_type=\"widget\" data-widget_type=\"text-editor.default\">\n\t\t\t\t<div class=\"elementor-widget-container\">\n\t\t\t\t\t\t\t\t<!-- wp:paragraph --><!-- \/wp:paragraph --><!-- wp:paragraph --><!-- \/wp:paragraph --><!-- wp:paragraph --><!-- \/wp:paragraph --><!-- wp:paragraph --><!-- \/wp:paragraph --><!-- wp:paragraph --><!-- \/wp:paragraph --><!-- wp:paragraph --><!-- \/wp:paragraph --><!-- wp:paragraph --><!-- \/wp:paragraph --><!-- wp:paragraph --><!-- \/wp:paragraph --><!-- wp:paragraph --><!-- \/wp:paragraph --><!-- wp:paragraph --><!-- \/wp:paragraph --><!-- wp:paragraph --><!-- \/wp:paragraph --><!-- wp:paragraph --><!-- \/wp:paragraph --><!-- wp:paragraph -->\n<p style=\"text-align: justify;\"><b style=\"font-size: 12px; color: #b7b7b7;\">1934<\/b><br \/><b style=\"font-size: 25px;\">Pedro Verona Rodrigues Pires<\/b><br \/><img loading=\"lazy\" class=\"alignleft size-full wp-image-9224\" src=\"https:\/\/cmsf.cv\/wp-content\/uploads\/2020\/07\/Pedro-Verona-Pires.jpg\" alt=\"\" width=\"183\" height=\"200\" \/>Pedro Pires foi Primeiro Ministro de Cabo Verde de 1975 a 1990 e Presidente da Rep\u00fablica de 22 de mar\u00e7o de 2001 a 9 de setembro de 2011.<br \/>Frequentou a Universidade de Lisboa e, foi l\u00e1 que encontrou os futuros l\u00edderes dos movimentos de liberta\u00e7\u00e3o que lutaram pela independ\u00eancia das col\u00f3nias portuguesas. Com o in\u00edcio da luta armada em Angola (1961), partiu de Portugal para a Guin\u00e9-Bissau, e ali ficou at\u00e9 \u00e0 Revolu\u00e7\u00e3o dos Cravos (25 de abril de 1974) na luta pela independ\u00eancia de Cabo Verde.<br \/>Depois do 25 de abril foi o representante de Cabo Verde nas negocia\u00e7\u00f5es com Portugal. Depois da Declara\u00e7\u00e3o de Independ\u00eancia de Cabo Verde em 5 de julho de 1975, Pedro Pires foi designado Primeiro Ministro do Primeiro Governo da Rep\u00fablica de Cabo Verde, ao lado do Presidente Aristides Pereira, que tinha fundado o Partido Africano para a Independ\u00eancia da Guin\u00e9 e Cabo Verde (PAIGC) com Am\u00edlcar Cabral. Pedro Pires manteve-se no cargo de Primeiro Ministro at\u00e9 1991. A 31 de janeiro de 1986, foi agraciado com o grau de Gr\u00e3-Cruz da Ordem Militar de Cristo, de Portugal. Em 2001 foi eleito Presidente da Rep\u00fablica de Cabo Verde sucedendo Ant\u00f3nio Mascarenhas Monteiro, na presid\u00eancia.<br \/>Foi agraciado com o Grande-Colar da Ordem do Infante D. Henrique de Portugal a 22 de abril de 2002, e com o t\u00edtulo de Doutor Honoris Causa pela Universidade Federal do Cear\u00e1, Brasil a 11 de outubro de 2006. Recebeu, tamb\u00e9m, o pr\u00e9mio de boa governan\u00e7a, Mo Ibraihim. Atualmente \u00e9 Presidente do Instituto Pedro Pires &#8211; IPP.<\/p>\n<!-- \/wp:paragraph --><!-- wp:paragraph -->\t\t\t\t\t\t<\/div>\n\t\t\t\t<\/div>\n\t\t\t\t\t<\/div>\n\t\t<\/div>\n\t\t\t\t\t\t\t<\/div>\n\t\t<\/section>\n\t\t\t\t<section class=\"elementor-section elementor-top-section elementor-element elementor-element-fe6c5bb elementor-section-boxed elementor-section-height-default elementor-section-height-default\" data-id=\"fe6c5bb\" data-element_type=\"section\" data-settings=\"{&quot;jet_parallax_layout_list&quot;:[{&quot;jet_parallax_layout_image&quot;:{&quot;url&quot;:&quot;&quot;,&quot;id&quot;:&quot;&quot;},&quot;_id&quot;:&quot;421f219&quot;,&quot;jet_parallax_layout_image_tablet&quot;:{&quot;url&quot;:&quot;&quot;,&quot;id&quot;:&quot;&quot;},&quot;jet_parallax_layout_image_mobile&quot;:{&quot;url&quot;:&quot;&quot;,&quot;id&quot;:&quot;&quot;},&quot;jet_parallax_layout_speed&quot;:{&quot;unit&quot;:&quot;%&quot;,&quot;size&quot;:50,&quot;sizes&quot;:[]},&quot;jet_parallax_layout_type&quot;:&quot;scroll&quot;,&quot;jet_parallax_layout_direction&quot;:null,&quot;jet_parallax_layout_fx_direction&quot;:null,&quot;jet_parallax_layout_z_index&quot;:&quot;&quot;,&quot;jet_parallax_layout_bg_x&quot;:50,&quot;jet_parallax_layout_bg_x_tablet&quot;:&quot;&quot;,&quot;jet_parallax_layout_bg_x_mobile&quot;:&quot;&quot;,&quot;jet_parallax_layout_bg_y&quot;:50,&quot;jet_parallax_layout_bg_y_tablet&quot;:&quot;&quot;,&quot;jet_parallax_layout_bg_y_mobile&quot;:&quot;&quot;,&quot;jet_parallax_layout_bg_size&quot;:&quot;auto&quot;,&quot;jet_parallax_layout_bg_size_tablet&quot;:&quot;&quot;,&quot;jet_parallax_layout_bg_size_mobile&quot;:&quot;&quot;,&quot;jet_parallax_layout_animation_prop&quot;:&quot;transform&quot;,&quot;jet_parallax_layout_on&quot;:[&quot;desktop&quot;,&quot;tablet&quot;]}],&quot;background_background&quot;:&quot;classic&quot;}\">\n\t\t\t\t\t\t<div class=\"elementor-container elementor-column-gap-default\">\n\t\t\t\t\t<div class=\"elementor-column elementor-col-100 elementor-top-column elementor-element elementor-element-eed6844\" data-id=\"eed6844\" data-element_type=\"column\">\n\t\t\t<div class=\"elementor-widget-wrap elementor-element-populated\">\n\t\t\t\t\t\t\t\t<div class=\"elementor-element elementor-element-cf855c1 elementor-widget elementor-widget-text-editor\" data-id=\"cf855c1\" data-element_type=\"widget\" data-widget_type=\"text-editor.default\">\n\t\t\t\t<div class=\"elementor-widget-container\">\n\t\t\t\t\t\t\t\t<!-- wp:paragraph --><!-- \/wp:paragraph --><!-- wp:paragraph --><!-- \/wp:paragraph --><!-- wp:paragraph --><!-- \/wp:paragraph --><!-- wp:paragraph --><!-- \/wp:paragraph --><!-- wp:paragraph --><!-- \/wp:paragraph --><!-- wp:paragraph --><!-- \/wp:paragraph --><!-- wp:paragraph --><!-- \/wp:paragraph --><!-- wp:paragraph --><!-- \/wp:paragraph --><!-- wp:paragraph --><!-- \/wp:paragraph --><!-- wp:paragraph --><!-- \/wp:paragraph --><!-- wp:paragraph --><!-- \/wp:paragraph --><!-- wp:paragraph --><!-- \/wp:paragraph --><!-- wp:paragraph --><!-- \/wp:paragraph --><!-- wp:paragraph -->\n<p style=\"text-align: justify;\"><b style=\"font-size: 12px; color: #b7b7b7;\">1929-2018<\/b><br \/><b style=\"font-size: 25px;\">Padre Camilo Torassa<\/b><br \/><img loading=\"lazy\" class=\"alignleft size-full wp-image-9228\" src=\"https:\/\/cmsf.cv\/wp-content\/uploads\/2020\/07\/padrecamilo.jpg\" alt=\"\" width=\"182\" height=\"200\" \/>Nasceu em It\u00e1lia a 17 de outubro de 1929, entrou para os Capuchinhos aos 18 anos (1947). A 21 de fevereiro de 1954 ordenou sacerdote e em dezembro do mesmo ano apresentou aos superiores o pedido para vir trabalhar em Cabo Verde. Faleceu na cidade de S\u00e3o Filipe a 10 de agosto de 2018, no lar Madre Tereza de Calcut\u00e1.<br \/>Passou mais tr\u00eas anos em It\u00e1lia como professor no semin\u00e1rio e dois anos em Portugal. A 30 de janeiro de 1960 desembarcou em S\u00e3o Vicente para depois rumar \u00e0 \u00a0ilha do Fogo. Passou dois anos em S\u00e3o Louren\u00e7o, antes de assumir a Par\u00f3quia de Nossa Senhora da Concei\u00e7\u00e3o, onde permaneceu durante 31 anos (setembro de 1961 a julho de 1992). Foi tmab\u00e9m p\u00e1roco de Santa Catarina. Al\u00e9m do trabalho espiritual, Padre Camilo realizou um conjunto de a\u00e7\u00f5es que contribu\u00edram para a forma\u00e7\u00e3o de v\u00e1rias gera\u00e7\u00f5es e das quais destacam-se a constru\u00e7\u00e3o da Escola ou Casa Materna (1966\/67), onde funcionou o primeiro jardim infantil, escola prim\u00e1ria e onde nasceu a primeira escola secund\u00e1ria da ilha, o centro catequ\u00e9tico Jo\u00e3o Paulo II, as capelas de Cabe\u00e7a Monte, Monte Largo, Ch\u00e3 das Caldeiras.<br \/>Depois do Fogo foi para S\u00e3o Vicente como p\u00e1roco (1992), Brava a partir de 2002, voltando para a ilha do Fogo para passar os \u00faltimos dias nas instala\u00e7\u00f5es do lar de idoso Madre Teresa de Calcut\u00e1.\u00a0<\/p>\n<!-- \/wp:paragraph --><!-- wp:paragraph -->\t\t\t\t\t\t<\/div>\n\t\t\t\t<\/div>\n\t\t\t\t\t<\/div>\n\t\t<\/div>\n\t\t\t\t\t\t\t<\/div>\n\t\t<\/section>\n\t\t\t\t<section class=\"elementor-section elementor-top-section elementor-element elementor-element-5d96257 elementor-section-boxed elementor-section-height-default elementor-section-height-default\" data-id=\"5d96257\" data-element_type=\"section\" data-settings=\"{&quot;jet_parallax_layout_list&quot;:[{&quot;jet_parallax_layout_image&quot;:{&quot;url&quot;:&quot;&quot;,&quot;id&quot;:&quot;&quot;},&quot;_id&quot;:&quot;421f219&quot;,&quot;jet_parallax_layout_image_tablet&quot;:{&quot;url&quot;:&quot;&quot;,&quot;id&quot;:&quot;&quot;},&quot;jet_parallax_layout_image_mobile&quot;:{&quot;url&quot;:&quot;&quot;,&quot;id&quot;:&quot;&quot;},&quot;jet_parallax_layout_speed&quot;:{&quot;unit&quot;:&quot;%&quot;,&quot;size&quot;:50,&quot;sizes&quot;:[]},&quot;jet_parallax_layout_type&quot;:&quot;scroll&quot;,&quot;jet_parallax_layout_direction&quot;:null,&quot;jet_parallax_layout_fx_direction&quot;:null,&quot;jet_parallax_layout_z_index&quot;:&quot;&quot;,&quot;jet_parallax_layout_bg_x&quot;:50,&quot;jet_parallax_layout_bg_x_tablet&quot;:&quot;&quot;,&quot;jet_parallax_layout_bg_x_mobile&quot;:&quot;&quot;,&quot;jet_parallax_layout_bg_y&quot;:50,&quot;jet_parallax_layout_bg_y_tablet&quot;:&quot;&quot;,&quot;jet_parallax_layout_bg_y_mobile&quot;:&quot;&quot;,&quot;jet_parallax_layout_bg_size&quot;:&quot;auto&quot;,&quot;jet_parallax_layout_bg_size_tablet&quot;:&quot;&quot;,&quot;jet_parallax_layout_bg_size_mobile&quot;:&quot;&quot;,&quot;jet_parallax_layout_animation_prop&quot;:&quot;transform&quot;,&quot;jet_parallax_layout_on&quot;:[&quot;desktop&quot;,&quot;tablet&quot;]}],&quot;background_background&quot;:&quot;classic&quot;}\">\n\t\t\t\t\t\t<div class=\"elementor-container elementor-column-gap-default\">\n\t\t\t\t\t<div class=\"elementor-column elementor-col-100 elementor-top-column elementor-element elementor-element-b79c985\" data-id=\"b79c985\" data-element_type=\"column\">\n\t\t\t<div class=\"elementor-widget-wrap elementor-element-populated\">\n\t\t\t\t\t\t\t\t<div class=\"elementor-element elementor-element-304be2d elementor-widget elementor-widget-text-editor\" data-id=\"304be2d\" data-element_type=\"widget\" data-widget_type=\"text-editor.default\">\n\t\t\t\t<div class=\"elementor-widget-container\">\n\t\t\t\t\t\t\t\t<!-- wp:paragraph --><!-- \/wp:paragraph --><!-- wp:paragraph --><!-- \/wp:paragraph --><!-- wp:paragraph --><!-- \/wp:paragraph --><!-- wp:paragraph --><!-- \/wp:paragraph --><!-- wp:paragraph --><!-- \/wp:paragraph --><!-- wp:paragraph --><!-- \/wp:paragraph --><!-- wp:paragraph --><!-- \/wp:paragraph --><!-- wp:paragraph --><!-- \/wp:paragraph --><!-- wp:paragraph --><!-- \/wp:paragraph --><!-- wp:paragraph --><!-- \/wp:paragraph --><!-- wp:paragraph --><!-- \/wp:paragraph --><!-- wp:paragraph --><!-- \/wp:paragraph --><!-- wp:paragraph --><!-- \/wp:paragraph --><!-- wp:paragraph --><!-- \/wp:paragraph --><!-- wp:paragraph --><!-- \/wp:paragraph --><!-- wp:paragraph --><!-- \/wp:paragraph --><!-- wp:paragraph -->\n<p style=\"text-align: justify;\"><b style=\"font-size: 12px; color: #b7b7b7;\">1926-2018<\/b><br \/><b style=\"font-size: 25px;\">Rolando Lima Barber \u201cSenhor Zuca\u201d<\/b><br \/><img loading=\"lazy\" class=\"alignleft size-full wp-image-9241\" src=\"https:\/\/cmsf.cv\/wp-content\/uploads\/2020\/07\/IMG_5970.jpg\" alt=\"\" width=\"182\" height=\"200\" \/>Natural da Cidade da Praia, Senhor Zuca como era tratado por todos, viveu em S\u00e3o Filipe, onde trabalhou no hospital durante mais de 40 anos. Simples na forma de relacionar, Senhor Zuca fez estudos prim\u00e1rios na Praia, Santa Catarina e liceu de S\u00e3o Vicente. Frequentou a escola de artes e of\u00edcios do Estado onde aprendeu a profiss\u00e3o de marceneiro\/carpinteiro e foi um dos carpinteiros que construiu a igreja do Nazareno da Praia. No ano de 1949 frequentou a escola de enfermagem da Praia, tendo, ap\u00f3s concluir a forma\u00e7\u00e3o, trabalhado no hospital da Praia, passando depois para S\u00e3o Nicolau, Boavista e por \u00faltimo, Fogo (1964). Gra\u00e7as a simpatia que granjeou durante os anos, aquando da Independ\u00eancia Nacional, foi escolhido como delegado do Governo, cargo que desempenhou durante 10 anos. A constru\u00e7\u00e3o de escola, jardim infantil, est\u00e1dio 5 de julho, pediatria, unidades sanit\u00e1rias de base, delega\u00e7\u00e3o do atual minist\u00e9rio da agricultura, hotel xaguate e aer\u00f3dromo, s\u00e3o algumas das marcas dele.<br \/>Foi deputado da na\u00e7\u00e3o, segundo secret\u00e1rio da Assembleia Nacional e chefiou uma delega\u00e7\u00e3o parlamentar que visitou a ent\u00e3o Uni\u00e3o Sovi\u00e9tica. Como delegado do governo visitou Alemanha, A\u00e7ores. Foi delegado da Empa.<\/p>\n<p style=\"text-align: justify;\">Como desportista representou as cores do Boavista, Nazarenos e Rapid (Praia). Foi fundador do Clube Ribeira Brava (S\u00e3o Nicolau), Sporting Club da Boavista e do Botafogo, que como treinador foi campe\u00e3o de Cabo Verde na \u00e9poca 79\/80.\u00a0<\/p>\n<!-- \/wp:paragraph -->\t\t\t\t\t\t<\/div>\n\t\t\t\t<\/div>\n\t\t\t\t\t<\/div>\n\t\t<\/div>\n\t\t\t\t\t\t\t<\/div>\n\t\t<\/section>\n\t\t\t\t<section class=\"elementor-section elementor-top-section elementor-element elementor-element-fe906cf elementor-section-boxed elementor-section-height-default elementor-section-height-default\" data-id=\"fe906cf\" data-element_type=\"section\" data-settings=\"{&quot;jet_parallax_layout_list&quot;:[{&quot;jet_parallax_layout_image&quot;:{&quot;url&quot;:&quot;&quot;,&quot;id&quot;:&quot;&quot;},&quot;_id&quot;:&quot;421f219&quot;,&quot;jet_parallax_layout_image_tablet&quot;:{&quot;url&quot;:&quot;&quot;,&quot;id&quot;:&quot;&quot;},&quot;jet_parallax_layout_image_mobile&quot;:{&quot;url&quot;:&quot;&quot;,&quot;id&quot;:&quot;&quot;},&quot;jet_parallax_layout_speed&quot;:{&quot;unit&quot;:&quot;%&quot;,&quot;size&quot;:50,&quot;sizes&quot;:[]},&quot;jet_parallax_layout_type&quot;:&quot;scroll&quot;,&quot;jet_parallax_layout_direction&quot;:null,&quot;jet_parallax_layout_fx_direction&quot;:null,&quot;jet_parallax_layout_z_index&quot;:&quot;&quot;,&quot;jet_parallax_layout_bg_x&quot;:50,&quot;jet_parallax_layout_bg_x_tablet&quot;:&quot;&quot;,&quot;jet_parallax_layout_bg_x_mobile&quot;:&quot;&quot;,&quot;jet_parallax_layout_bg_y&quot;:50,&quot;jet_parallax_layout_bg_y_tablet&quot;:&quot;&quot;,&quot;jet_parallax_layout_bg_y_mobile&quot;:&quot;&quot;,&quot;jet_parallax_layout_bg_size&quot;:&quot;auto&quot;,&quot;jet_parallax_layout_bg_size_tablet&quot;:&quot;&quot;,&quot;jet_parallax_layout_bg_size_mobile&quot;:&quot;&quot;,&quot;jet_parallax_layout_animation_prop&quot;:&quot;transform&quot;,&quot;jet_parallax_layout_on&quot;:[&quot;desktop&quot;,&quot;tablet&quot;]}],&quot;background_background&quot;:&quot;classic&quot;}\">\n\t\t\t\t\t\t<div class=\"elementor-container elementor-column-gap-default\">\n\t\t\t\t\t<div class=\"elementor-column elementor-col-100 elementor-top-column elementor-element elementor-element-3a2e389\" data-id=\"3a2e389\" data-element_type=\"column\">\n\t\t\t<div class=\"elementor-widget-wrap elementor-element-populated\">\n\t\t\t\t\t\t\t\t<div class=\"elementor-element elementor-element-b94709f elementor-widget elementor-widget-text-editor\" data-id=\"b94709f\" data-element_type=\"widget\" data-widget_type=\"text-editor.default\">\n\t\t\t\t<div class=\"elementor-widget-container\">\n\t\t\t\t\t\t\t\t<!-- wp:paragraph --><!-- \/wp:paragraph --><!-- wp:paragraph -->\n<p style=\"text-align: justify;\"><b style=\"font-size: 12px; color: #b7b7b7;\">1919-2005<\/b><br \/><b style=\"font-size: 25px;\">Henrique Teixeira de Sousa<\/b><br \/><img loading=\"lazy\" class=\"alignleft size-full wp-image-9228\" src=\"https:\/\/cmsf.cv\/wp-content\/uploads\/2020\/07\/teixeira_de_sousa.jpg\" alt=\"\" width=\"182\" height=\"200\" \/>M\u00e9dico e escritor que melhor retratou a sociedade Foguense, nasceu na localidade de Bernardo Gomes, no dia 6 de setembro do ano de 1919, na ilha do Fogo. Fez os estudos prim\u00e1rios n ailha do Fogo e estudos liceais em S\u00e3o Vicente. Em 1945 licenciou-se em medicina pela Universidade de Lisboa (Portugal) e diplomado com cursos do Instituto de Medicina Tropical e de Medicina Sanit\u00e1ria na Universidade de Porto. Quadro de Sa\u00fade, foi colocado em Timor e em 1948 foi colocado na sua ilha, onde desempenhou a fun\u00e7\u00e3o de Delegado de Sa\u00fade. Construiu a maternidade do hospital e fez o 1\u00ba recenseamento e tratamento dos doentes da lepra, que fez internar em local pr\u00f3prio, criando os alicerces da Gafaria, mais tarde Casa Bet\u00e2nia. De 1955-1956 frequentou o II curso de forma\u00e7\u00e3o de m\u00e9dicos nutricionistas para \u00c1frica a Sul do Sar\u00e1, em Marselha, Fran\u00e7a, com est\u00e1gio no hospital Bichat e no Instituto de Higiene de Paris.<br \/>Foi m\u00e9dico adjunto da miss\u00e3o permanente de estudo e combate de endemias de Cabo Verde e Presidente da Comiss\u00e3o de Nutri\u00e7\u00e3o do arquip\u00e9lago e os seus m\u00e9ritos foram reconhecidos a n\u00edvel internacional e a Societ\u00e9 Scientifque d\u00b4Higiene Alimentaire de Paris fez do m\u00e9dico e escritor seu membro titular.<br \/>De regresso a Cabo Verde, fixa-se em S\u00e3o Vicente, tendo sido Presidente da C\u00e2mara de 1959 a 1965.<br \/>Enquanto escritor, al\u00e9m de participar nas revistas e jornais da \u00e9poca, como Claridade e Boletim de Cabo Verde, Teixeira de Sousa foi autor de v\u00e1rios contos e romances, dos quais se destacam Contra Mar e Vento e Ilh\u00e9u de Contenda, esta \u00faltima obra adaptada para o cinema, pelo realizador Le\u00e3o Lopes. Contra Mar e Vento (conto 1972), Ilh\u00e9u de Contenda (1978), Capit\u00e3o de Mar e Terra (1984), Xaguate (1987), Djunga (1990), Na Ribeira de Deus (1992), Entre Duas Bandeiras (1994), Oh! Mar de T\u00farbidas Vagas (2005), isto sem contar com diversos textos e ensaios publicados em diferentes revistas e jornais.<br \/>Faleceu a 3 de Marco de 2005 em Portugal, v\u00edtima de acidente de via\u00e7\u00e3o.<\/p>\n<!-- \/wp:paragraph --><!-- wp:paragraph -->\t\t\t\t\t\t<\/div>\n\t\t\t\t<\/div>\n\t\t\t\t\t<\/div>\n\t\t<\/div>\n\t\t\t\t\t\t\t<\/div>\n\t\t<\/section>\n\t\t\t\t<section class=\"elementor-section elementor-top-section elementor-element elementor-element-e1cdb25 elementor-section-boxed elementor-section-height-default elementor-section-height-default\" data-id=\"e1cdb25\" data-element_type=\"section\" data-settings=\"{&quot;jet_parallax_layout_list&quot;:[{&quot;jet_parallax_layout_image&quot;:{&quot;url&quot;:&quot;&quot;,&quot;id&quot;:&quot;&quot;},&quot;_id&quot;:&quot;421f219&quot;,&quot;jet_parallax_layout_image_tablet&quot;:{&quot;url&quot;:&quot;&quot;,&quot;id&quot;:&quot;&quot;},&quot;jet_parallax_layout_image_mobile&quot;:{&quot;url&quot;:&quot;&quot;,&quot;id&quot;:&quot;&quot;},&quot;jet_parallax_layout_speed&quot;:{&quot;unit&quot;:&quot;%&quot;,&quot;size&quot;:50,&quot;sizes&quot;:[]},&quot;jet_parallax_layout_type&quot;:&quot;scroll&quot;,&quot;jet_parallax_layout_direction&quot;:null,&quot;jet_parallax_layout_fx_direction&quot;:null,&quot;jet_parallax_layout_z_index&quot;:&quot;&quot;,&quot;jet_parallax_layout_bg_x&quot;:50,&quot;jet_parallax_layout_bg_x_tablet&quot;:&quot;&quot;,&quot;jet_parallax_layout_bg_x_mobile&quot;:&quot;&quot;,&quot;jet_parallax_layout_bg_y&quot;:50,&quot;jet_parallax_layout_bg_y_tablet&quot;:&quot;&quot;,&quot;jet_parallax_layout_bg_y_mobile&quot;:&quot;&quot;,&quot;jet_parallax_layout_bg_size&quot;:&quot;auto&quot;,&quot;jet_parallax_layout_bg_size_tablet&quot;:&quot;&quot;,&quot;jet_parallax_layout_bg_size_mobile&quot;:&quot;&quot;,&quot;jet_parallax_layout_animation_prop&quot;:&quot;transform&quot;,&quot;jet_parallax_layout_on&quot;:[&quot;desktop&quot;,&quot;tablet&quot;]}],&quot;background_background&quot;:&quot;classic&quot;}\">\n\t\t\t\t\t\t<div class=\"elementor-container elementor-column-gap-default\">\n\t\t\t\t\t<div class=\"elementor-column elementor-col-100 elementor-top-column elementor-element elementor-element-8058d76\" data-id=\"8058d76\" data-element_type=\"column\">\n\t\t\t<div class=\"elementor-widget-wrap elementor-element-populated\">\n\t\t\t\t\t\t\t\t<div class=\"elementor-element elementor-element-78126b7 elementor-widget elementor-widget-text-editor\" data-id=\"78126b7\" data-element_type=\"widget\" data-widget_type=\"text-editor.default\">\n\t\t\t\t<div class=\"elementor-widget-container\">\n\t\t\t\t\t\t\t\t<!-- wp:paragraph --><!-- \/wp:paragraph --><!-- wp:paragraph --><!-- \/wp:paragraph --><!-- wp:paragraph --><!-- \/wp:paragraph --><!-- wp:paragraph --><!-- \/wp:paragraph --><!-- wp:paragraph --><!-- \/wp:paragraph --><!-- wp:paragraph --><!-- \/wp:paragraph --><!-- wp:paragraph --><!-- \/wp:paragraph --><!-- wp:paragraph --><!-- \/wp:paragraph --><!-- wp:paragraph --><!-- \/wp:paragraph --><!-- wp:paragraph -->\n<p style=\"text-align: justify;\"><b style=\"font-size: 12px; color: #b7b7b7;\">1916-2003<\/b><br \/><b style=\"font-size: 25px;\">Lu\u00eds Rendall<\/b><br \/><img loading=\"lazy\" class=\"alignleft size-full wp-image-9228\" src=\"https:\/\/cmsf.cv\/wp-content\/uploads\/2020\/07\/luisrendall.jpg\" alt=\"\" width=\"182\" height=\"200\" \/>Natural de S\u00e3o Vicente, onde nasceu em 1916, Lu\u00eds Rendall chegou ao Fogo em 1936\/37, na altura em que o administrador do concelho era Agnelo Adolfo Avelino Henriques. Casou-se com a filha do armador, Henrique Mendes, dono do palhabote Ernestina.<br \/>Desempenhou fun\u00e7\u00f5es de Presid\u00eancia da C\u00e2mara, Jurado Municipal, Saga (Servi\u00e7o de Abastecimento de G\u00e9neros Aliment\u00edcios), obras p\u00fablicas, setor florestal e agr\u00edcola, instru\u00e7\u00e3o e registo civil.<br \/>Dirigiu v\u00e1rias obras de infraestrutura\u00e7\u00e3o da Cidade e da Ilha, como apetrechamento da Central Elevat\u00f3ria de \u00e1gua de Praia Ladr\u00e3o, rede de distribui\u00e7\u00e3o de \u00e1gua, constru\u00e7\u00e3o de uma enfermaria nos Mosteiros, constru\u00e7\u00e3o do parque no Pres\u00eddio, de entre outras.<br \/>Na erup\u00e7\u00e3o de 1951, com esp\u00edrito de hero\u00edsmo, comandou a evacua\u00e7\u00e3o da popula\u00e7\u00e3o e mandou construir o bairro de Ro\u00e7adas, a 20 quil\u00f3metros de S\u00e3o Filipe, aproximadamente, que foi inaugurado pelo Governador de Cabo Verde, o major e m\u00e9dico Carlos Alberto Alves Ro\u00e7adas. Tamb\u00e9m inaugurou a maternidade do hospital de S\u00e3o Filipe, mandado construir pelo delegado de sa\u00fade de ent\u00e3o, o medico e escritor Henrique Teixeira de Sousa, compatriota de Lu\u00eds Rendall no Liceu Infante D. Henrique.<br \/>Em 1961 deixou o Fogo para S\u00e3o Vicente, onde exerceu a fun\u00e7\u00e3o de administrador do concelho e depois para Angola no posto de Intendente e mais tarde promovido ao posto de Inspetor Administrativo.<br \/>Foi o primeiro Presidente do Tribunal de Contas de Cabo Verde (1990), institui\u00e7\u00e3o que ajudou a montar.<br \/>Membro ativo do grupo Sokols \u2013 falc\u00f5es portugueses em Cabo Verde \u2013 organiza\u00e7\u00e3o c\u00edvica e desportiva fundada nos anos de 1930 por J\u00falio Bento de Oliveira.<br \/>Lu\u00eds Rendall destacou como desportista (futebolista) e era referenciado como um defesa de pontap\u00e9 vigoroso. Morreu v\u00edtima de acidente de via\u00e7\u00e3o na Cidade do Mindelo no ano de 2003.<\/p>\n<!-- \/wp:paragraph --><!-- wp:paragraph -->\t\t\t\t\t\t<\/div>\n\t\t\t\t<\/div>\n\t\t\t\t\t<\/div>\n\t\t<\/div>\n\t\t\t\t\t\t\t<\/div>\n\t\t<\/section>\n\t\t\t\t<section class=\"elementor-section elementor-top-section elementor-element elementor-element-f5b1cf4 elementor-section-boxed elementor-section-height-default elementor-section-height-default\" data-id=\"f5b1cf4\" data-element_type=\"section\" data-settings=\"{&quot;jet_parallax_layout_list&quot;:[{&quot;jet_parallax_layout_image&quot;:{&quot;url&quot;:&quot;&quot;,&quot;id&quot;:&quot;&quot;},&quot;_id&quot;:&quot;421f219&quot;,&quot;jet_parallax_layout_image_tablet&quot;:{&quot;url&quot;:&quot;&quot;,&quot;id&quot;:&quot;&quot;},&quot;jet_parallax_layout_image_mobile&quot;:{&quot;url&quot;:&quot;&quot;,&quot;id&quot;:&quot;&quot;},&quot;jet_parallax_layout_speed&quot;:{&quot;unit&quot;:&quot;%&quot;,&quot;size&quot;:50,&quot;sizes&quot;:[]},&quot;jet_parallax_layout_type&quot;:&quot;scroll&quot;,&quot;jet_parallax_layout_direction&quot;:null,&quot;jet_parallax_layout_fx_direction&quot;:null,&quot;jet_parallax_layout_z_index&quot;:&quot;&quot;,&quot;jet_parallax_layout_bg_x&quot;:50,&quot;jet_parallax_layout_bg_x_tablet&quot;:&quot;&quot;,&quot;jet_parallax_layout_bg_x_mobile&quot;:&quot;&quot;,&quot;jet_parallax_layout_bg_y&quot;:50,&quot;jet_parallax_layout_bg_y_tablet&quot;:&quot;&quot;,&quot;jet_parallax_layout_bg_y_mobile&quot;:&quot;&quot;,&quot;jet_parallax_layout_bg_size&quot;:&quot;auto&quot;,&quot;jet_parallax_layout_bg_size_tablet&quot;:&quot;&quot;,&quot;jet_parallax_layout_bg_size_mobile&quot;:&quot;&quot;,&quot;jet_parallax_layout_animation_prop&quot;:&quot;transform&quot;,&quot;jet_parallax_layout_on&quot;:[&quot;desktop&quot;,&quot;tablet&quot;]}],&quot;background_background&quot;:&quot;classic&quot;}\">\n\t\t\t\t\t\t<div class=\"elementor-container elementor-column-gap-default\">\n\t\t\t\t\t<div class=\"elementor-column elementor-col-100 elementor-top-column elementor-element elementor-element-93db613\" data-id=\"93db613\" data-element_type=\"column\">\n\t\t\t<div class=\"elementor-widget-wrap elementor-element-populated\">\n\t\t\t\t\t\t\t\t<div class=\"elementor-element elementor-element-3921fdd elementor-widget elementor-widget-text-editor\" data-id=\"3921fdd\" data-element_type=\"widget\" data-widget_type=\"text-editor.default\">\n\t\t\t\t<div class=\"elementor-widget-container\">\n\t\t\t\t\t\t\t\t<!-- wp:paragraph --><!-- \/wp:paragraph --><!-- wp:paragraph --><!-- \/wp:paragraph --><!-- wp:paragraph --><!-- \/wp:paragraph --><!-- wp:paragraph --><!-- \/wp:paragraph --><!-- wp:paragraph --><!-- \/wp:paragraph --><!-- wp:paragraph --><!-- \/wp:paragraph --><!-- wp:paragraph --><!-- \/wp:paragraph --><!-- wp:paragraph --><!-- \/wp:paragraph --><!-- wp:paragraph --><!-- \/wp:paragraph --><!-- wp:paragraph --><!-- \/wp:paragraph --><!-- wp:paragraph --><!-- \/wp:paragraph --><!-- wp:paragraph --><!-- \/wp:paragraph --><!-- wp:paragraph --><!-- \/wp:paragraph --><!-- wp:paragraph --><!-- \/wp:paragraph --><!-- wp:paragraph -->\n<p style=\"text-align: justify;\"><b style=\"font-size: 12px; color: #b7b7b7;\">1907-1981<\/b><br \/><b style=\"font-size: 25px;\">Ant\u00f3nio Jos\u00e9 do Ros\u00e1rio<\/b><br \/><img loading=\"lazy\" class=\"alignleft size-full wp-image-9228\" src=\"https:\/\/cmsf.cv\/wp-content\/uploads\/2020\/07\/antoniorosario.jpg\" alt=\"\" width=\"182\" height=\"200\" \/>Mais conhecido por Ntone Ros\u00e1rio, nasceu na Vila piscat\u00f3ria de Ribeira da Barca, Santa Catarina, a 20 de fevereiro de 1907 e faleceu a 14 de maio de 1981 na cidade de S\u00e3o Filipe.<br \/>At\u00e9 os 18 anos trabalhou em v\u00e1rios of\u00edcios e s\u00f3 frequentou a escola aos 18 anos, apoiado pelo Padre Miguel. Era dotado de uma grande intelig\u00eancia e em dois anos concluiu a instru\u00e7\u00e3o prim\u00e1ria, o que lhe permitiu integrar o quadro das Finan\u00e7as como fiscal adjunto de impostos. Em 1928 casou-se com In\u00eas Barros do Ros\u00e1rio da Silva, &#8220;Nh\u00e1 Mam\u00e1\u201d.<br \/>Trabalhou nas finan\u00e7as at\u00e9 1942, altura em que se dedicou ao com\u00e9rcio por conta pr\u00f3pria. Em 1952 vende parte da propriedade para custear as despesas com os estudos dos filhos, por considerar a educa\u00e7\u00e3o como fundamental para o desenvolvimento do ser humano.<br \/>Voltou a trabalhar na Fun\u00e7\u00e3o P\u00fablica como chefe de Brigada de Estradas at\u00e9 1975. Ajudou a montar os servi\u00e7os administrativos do antigo MDR e da delega\u00e7\u00e3o de Enacol em S\u00e3o Filipe.<br \/><br \/><\/p>\n<!-- \/wp:paragraph --><!-- wp:paragraph -->\t\t\t\t\t\t<\/div>\n\t\t\t\t<\/div>\n\t\t\t\t\t<\/div>\n\t\t<\/div>\n\t\t\t\t\t\t\t<\/div>\n\t\t<\/section>\n\t\t\t\t<section class=\"elementor-section elementor-top-section elementor-element elementor-element-88a13b6 elementor-section-boxed elementor-section-height-default elementor-section-height-default\" data-id=\"88a13b6\" data-element_type=\"section\" data-settings=\"{&quot;jet_parallax_layout_list&quot;:[{&quot;jet_parallax_layout_image&quot;:{&quot;url&quot;:&quot;&quot;,&quot;id&quot;:&quot;&quot;},&quot;_id&quot;:&quot;421f219&quot;,&quot;jet_parallax_layout_image_tablet&quot;:{&quot;url&quot;:&quot;&quot;,&quot;id&quot;:&quot;&quot;},&quot;jet_parallax_layout_image_mobile&quot;:{&quot;url&quot;:&quot;&quot;,&quot;id&quot;:&quot;&quot;},&quot;jet_parallax_layout_speed&quot;:{&quot;unit&quot;:&quot;%&quot;,&quot;size&quot;:50,&quot;sizes&quot;:[]},&quot;jet_parallax_layout_type&quot;:&quot;scroll&quot;,&quot;jet_parallax_layout_direction&quot;:null,&quot;jet_parallax_layout_fx_direction&quot;:null,&quot;jet_parallax_layout_z_index&quot;:&quot;&quot;,&quot;jet_parallax_layout_bg_x&quot;:50,&quot;jet_parallax_layout_bg_x_tablet&quot;:&quot;&quot;,&quot;jet_parallax_layout_bg_x_mobile&quot;:&quot;&quot;,&quot;jet_parallax_layout_bg_y&quot;:50,&quot;jet_parallax_layout_bg_y_tablet&quot;:&quot;&quot;,&quot;jet_parallax_layout_bg_y_mobile&quot;:&quot;&quot;,&quot;jet_parallax_layout_bg_size&quot;:&quot;auto&quot;,&quot;jet_parallax_layout_bg_size_tablet&quot;:&quot;&quot;,&quot;jet_parallax_layout_bg_size_mobile&quot;:&quot;&quot;,&quot;jet_parallax_layout_animation_prop&quot;:&quot;transform&quot;,&quot;jet_parallax_layout_on&quot;:[&quot;desktop&quot;,&quot;tablet&quot;]}],&quot;background_background&quot;:&quot;classic&quot;}\">\n\t\t\t\t\t\t<div class=\"elementor-container elementor-column-gap-default\">\n\t\t\t\t\t<div class=\"elementor-column elementor-col-100 elementor-top-column elementor-element elementor-element-1996298\" data-id=\"1996298\" data-element_type=\"column\">\n\t\t\t<div class=\"elementor-widget-wrap elementor-element-populated\">\n\t\t\t\t\t\t\t\t<div class=\"elementor-element elementor-element-c6e7284 elementor-widget elementor-widget-text-editor\" data-id=\"c6e7284\" data-element_type=\"widget\" data-widget_type=\"text-editor.default\">\n\t\t\t\t<div class=\"elementor-widget-container\">\n\t\t\t\t\t\t\t\t<!-- wp:paragraph --><!-- \/wp:paragraph --><!-- wp:paragraph --><!-- \/wp:paragraph --><!-- wp:paragraph --><!-- \/wp:paragraph --><!-- wp:paragraph --><!-- \/wp:paragraph --><!-- wp:paragraph -->\n<p style=\"text-align: justify;\"><b style=\"font-size: 12px; color: #b7b7b7;\">1905-1988<\/b><br \/><b style=\"font-size: 25px;\">Ant\u00f3nio Barbosa Carreira \u2013 Historiador e Etn\u00f3logo<\/b><\/p>\n<p style=\"text-align: justify;\"><img loading=\"lazy\" class=\"alignleft wp-image-12362\" src=\"https:\/\/cmsf.cv\/wp-content\/uploads\/2020\/07\/Antonio-Correia-300x225.jpeg\" alt=\"\" width=\"227\" height=\"170\" srcset=\"https:\/\/cmsf.cv\/wp-content\/uploads\/2020\/07\/Antonio-Correia-300x225.jpeg 300w, https:\/\/cmsf.cv\/wp-content\/uploads\/2020\/07\/Antonio-Correia-768x576.jpeg 768w, https:\/\/cmsf.cv\/wp-content\/uploads\/2020\/07\/Antonio-Correia-600x450.jpeg 600w, https:\/\/cmsf.cv\/wp-content\/uploads\/2020\/07\/Antonio-Correia-560x420.jpeg 560w, https:\/\/cmsf.cv\/wp-content\/uploads\/2020\/07\/Antonio-Correia.jpeg 1024w\" sizes=\"(max-width: 227px) 100vw, 227px\" \/><br \/>Nasceu a 28 de outubro de 1905, filho de Ant\u00f3nio Carreira e Isaura Barbosa. Faleceu em Portugal a 22 de abril de 1988. \u00d3rf\u00e3o de m\u00e3e, aos 2 anos, e de pai, aos 7 anos, passou a viver com os tios em Portugal e mais tarde em Bissau (Guin\u00e9-Bissau), como funcion\u00e1rio dos Correios e do quadro administrativo.<br \/>Etn\u00f3logo e autodidata, real\u00e7ou a hist\u00f3ria de Cabo Verde. Viajou para diferentes pa\u00edses recolhendo informa\u00e7\u00f5es para obras escritas sobre Cabo Verde e participou em reuni\u00f5es sobre antropologia cultural ou sociol\u00f3gica. Em 1962 integrou a equipa do Professor Jorge Dias no centro de estudos de antropologia cultural e de 1964 a 1973 realizou 11 viagens de estudos e prospe\u00e7\u00e3o de objetos destinados ao museu de etnologia.<br \/>Participou na confer\u00eancia dos Africanistas ocidentais, no 1\u00ba congresso nacional de Sertanismo (Brasil 1964) e na internacional sobre tr\u00e1fico negreiro em Port-au-prince (Haiti &#8211; 1978) a convite da Unesco. Bolseiro do governo Brasileiro, estagiou no departamento de antropologia da Universidade Federal da Bahia (Salvador) e Recife (1967).<br \/>Exerceu fun\u00e7\u00f5es de professor convidado na faculdade de ci\u00eancias sociais e humanas da universidade Nova de Lisboa (1976\/77 e 1977\/78) e nos anos 80 era um historiador consagrado em Portugal e no estrangeiro.<br \/>De entre as v\u00e1rias obras publicadas sobre Cabo Verde, destacam-se \u201cAs Crises em Cabo Verde nos s\u00e9culos XVI e XVII\u201d, \u201cA Guin\u00e9 e as ilhas de Cabo Verde, a sua unidade hist\u00f3rica e populacional\u201d, \u201cA Evolu\u00e7\u00e3o demogr\u00e1fica de Cabo Verde\u201d, \u201cCrioulo de Cabo Verde\u201d, \u201cdocumento para a hist\u00f3ria de Cabo Verde e dos rios da Guin\u00e9, \u201cForma\u00e7\u00e3o e extin\u00e7\u00e3o de uma sociedade escravocrata\u201d.<br \/>Em 1994, seis anos depois da sua morte, os restos mortais foram transladados para o cemit\u00e9rio da Cidade de S\u00e3o Filipe, por iniciativa do governo Cabo-verdiano que lhe ofereceu um lugar digno em sinal de reconhecimento pela sua contribui\u00e7\u00e3o para a hist\u00f3ria das ilhas.<\/p>\n<!-- \/wp:paragraph --><!-- wp:paragraph -->\t\t\t\t\t\t<\/div>\n\t\t\t\t<\/div>\n\t\t\t\t\t<\/div>\n\t\t<\/div>\n\t\t\t\t\t\t\t<\/div>\n\t\t<\/section>\n\t\t\t\t<section class=\"elementor-section elementor-top-section elementor-element elementor-element-68371fc elementor-section-boxed elementor-section-height-default elementor-section-height-default\" data-id=\"68371fc\" data-element_type=\"section\" data-settings=\"{&quot;jet_parallax_layout_list&quot;:[{&quot;jet_parallax_layout_image&quot;:{&quot;url&quot;:&quot;&quot;,&quot;id&quot;:&quot;&quot;},&quot;_id&quot;:&quot;421f219&quot;,&quot;jet_parallax_layout_image_tablet&quot;:{&quot;url&quot;:&quot;&quot;,&quot;id&quot;:&quot;&quot;},&quot;jet_parallax_layout_image_mobile&quot;:{&quot;url&quot;:&quot;&quot;,&quot;id&quot;:&quot;&quot;},&quot;jet_parallax_layout_speed&quot;:{&quot;unit&quot;:&quot;%&quot;,&quot;size&quot;:50,&quot;sizes&quot;:[]},&quot;jet_parallax_layout_type&quot;:&quot;scroll&quot;,&quot;jet_parallax_layout_direction&quot;:null,&quot;jet_parallax_layout_fx_direction&quot;:null,&quot;jet_parallax_layout_z_index&quot;:&quot;&quot;,&quot;jet_parallax_layout_bg_x&quot;:50,&quot;jet_parallax_layout_bg_x_tablet&quot;:&quot;&quot;,&quot;jet_parallax_layout_bg_x_mobile&quot;:&quot;&quot;,&quot;jet_parallax_layout_bg_y&quot;:50,&quot;jet_parallax_layout_bg_y_tablet&quot;:&quot;&quot;,&quot;jet_parallax_layout_bg_y_mobile&quot;:&quot;&quot;,&quot;jet_parallax_layout_bg_size&quot;:&quot;auto&quot;,&quot;jet_parallax_layout_bg_size_tablet&quot;:&quot;&quot;,&quot;jet_parallax_layout_bg_size_mobile&quot;:&quot;&quot;,&quot;jet_parallax_layout_animation_prop&quot;:&quot;transform&quot;,&quot;jet_parallax_layout_on&quot;:[&quot;desktop&quot;,&quot;tablet&quot;]}],&quot;background_background&quot;:&quot;classic&quot;}\">\n\t\t\t\t\t\t<div class=\"elementor-container elementor-column-gap-default\">\n\t\t\t\t\t<div class=\"elementor-column elementor-col-100 elementor-top-column elementor-element elementor-element-8ec7f0d\" data-id=\"8ec7f0d\" data-element_type=\"column\">\n\t\t\t<div class=\"elementor-widget-wrap elementor-element-populated\">\n\t\t\t\t\t\t\t\t<div class=\"elementor-element elementor-element-0052da8 elementor-widget elementor-widget-text-editor\" data-id=\"0052da8\" data-element_type=\"widget\" data-widget_type=\"text-editor.default\">\n\t\t\t\t<div class=\"elementor-widget-container\">\n\t\t\t\t\t\t\t\t<!-- wp:paragraph --><!-- \/wp:paragraph --><!-- wp:paragraph -->\n<p style=\"text-align: justify;\"><b style=\"font-size: 12px; color: #b7b7b7;\">1890-1942<\/b><br \/><b style=\"font-size: 25px;\">Pedro Monteiro Cardoso<\/b><br \/><img loading=\"lazy\" class=\"alignleft size-full wp-image-9228\" src=\"https:\/\/cmsf.cv\/wp-content\/uploads\/2020\/07\/pedro_m_cardoso.jpg\" alt=\"\" width=\"182\" height=\"200\" \/>Escritor Cabo-verdiano, nascido a 14 de setembro de 1890, na Ilha do Fogo, e falecido em 31 de outubro de 1942, na Cidade da Praia. Aluno do antigo Semin\u00e1rio Liceu de S\u00e3o Nicolau, foi funcion\u00e1rio das Alf\u00e2ndegas, professor do ensino prim\u00e1rio e do liceu, chefe de reda\u00e7\u00e3o do jornal A Voz de Cabo Verde e editor do jornal Manduco. Salientou-se no jornalismo ao defender os interesses sociais, pol\u00edticos e econ\u00f3micos de Cabo Verde.<br \/>Publicou\u00a0Folclore Cabo-Verdiano\u00a0(1933),\u00a0Pelos Direitos do Crioulo\u00a0(1933) e\u00a0Profiss\u00e3o de F\u00e9\u00a0(1934), uma s\u00e9rie de sonetos e redondilhas. Dirigiu o jornal\u00a0Manduco\u00a0e colaborou na\u00a0Voz de Cabo Verde onde publicou cerca de\u00a033 cr\u00f3nicas de interven\u00e7\u00e3o c\u00edvica e pol\u00edtica, publicadas em 37 n\u00fameros do jornal.<br \/>Foi fundador, propriet\u00e1rio, diretor e editor do jornal O Manduco (Fogo, 1923-1924) e, juntamente com Jo\u00e3o Lopes (S\u00e3o Nicolau, 1884-1979), foi respons\u00e1vel pelo jornal Socialista, tendo colaborado em v\u00e1rios outros jornais cabo-verdianos e portugueses.<br \/>Pedro Cardoso tem ainda publicado os seguintes livros: Prim\u00edcias (Lisboa, 1908); Caboverdeanas (Lisboa, 1915), Jardim das Hesp\u00e9rides (Vila Nova de Famalic\u00e3o, 1926), Duas Can\u00e7\u00f5es (Lisboa, 1927); Algas e Corais (Vila Nova de Famalic\u00e3o, 1928); Hesp\u00e9rides. Fragmentos de um poema perdido em triste e miserando naufr\u00e1gio (Vila Nova de Famalic\u00e3o, 1930); Folclore Caboverdeano (Porto, 1933); Confer\u00eancia no &#8220;Teatro Virg\u00ednia Vitorino&#8221; (Praia), em 30 de Dezembro 1933 (Porto, 1934); Cadernos Luso-Caboverdianos. 3 volumes: (1) E mi que \u00ea lha&#8217;r Fogo (Fogo, 1941), (2) Ritmos de Morna (Praia, 1942), (3) Sem Tom Nem Som (Praia, 1942); e L\u00edrios e Cravos (Ermesinde, 1951). Por Decreto Presidencial N.\u00ba 3\/95, de 2 de Fevereiro, Pedro Monteiro Cardoso foi agraciado, a t\u00edtulo p\u00f3stumo, com o Segundo Grau da Ordem do Dragoeiro.<\/p>\n<!-- \/wp:paragraph --><!-- wp:paragraph -->\t\t\t\t\t\t<\/div>\n\t\t\t\t<\/div>\n\t\t\t\t\t<\/div>\n\t\t<\/div>\n\t\t\t\t\t\t\t<\/div>\n\t\t<\/section>\n\t\t\t\t<section class=\"elementor-section elementor-top-section elementor-element elementor-element-621bac4 elementor-section-boxed elementor-section-height-default elementor-section-height-default\" data-id=\"621bac4\" data-element_type=\"section\" data-settings=\"{&quot;jet_parallax_layout_list&quot;:[{&quot;jet_parallax_layout_image&quot;:{&quot;url&quot;:&quot;&quot;,&quot;id&quot;:&quot;&quot;},&quot;_id&quot;:&quot;421f219&quot;,&quot;jet_parallax_layout_image_tablet&quot;:{&quot;url&quot;:&quot;&quot;,&quot;id&quot;:&quot;&quot;},&quot;jet_parallax_layout_image_mobile&quot;:{&quot;url&quot;:&quot;&quot;,&quot;id&quot;:&quot;&quot;},&quot;jet_parallax_layout_speed&quot;:{&quot;unit&quot;:&quot;%&quot;,&quot;size&quot;:50,&quot;sizes&quot;:[]},&quot;jet_parallax_layout_type&quot;:&quot;scroll&quot;,&quot;jet_parallax_layout_direction&quot;:null,&quot;jet_parallax_layout_fx_direction&quot;:null,&quot;jet_parallax_layout_z_index&quot;:&quot;&quot;,&quot;jet_parallax_layout_bg_x&quot;:50,&quot;jet_parallax_layout_bg_x_tablet&quot;:&quot;&quot;,&quot;jet_parallax_layout_bg_x_mobile&quot;:&quot;&quot;,&quot;jet_parallax_layout_bg_y&quot;:50,&quot;jet_parallax_layout_bg_y_tablet&quot;:&quot;&quot;,&quot;jet_parallax_layout_bg_y_mobile&quot;:&quot;&quot;,&quot;jet_parallax_layout_bg_size&quot;:&quot;auto&quot;,&quot;jet_parallax_layout_bg_size_tablet&quot;:&quot;&quot;,&quot;jet_parallax_layout_bg_size_mobile&quot;:&quot;&quot;,&quot;jet_parallax_layout_animation_prop&quot;:&quot;transform&quot;,&quot;jet_parallax_layout_on&quot;:[&quot;desktop&quot;,&quot;tablet&quot;]}],&quot;background_background&quot;:&quot;classic&quot;}\">\n\t\t\t\t\t\t<div class=\"elementor-container elementor-column-gap-default\">\n\t\t\t\t\t<div class=\"elementor-column elementor-col-100 elementor-top-column elementor-element elementor-element-fc95deb\" data-id=\"fc95deb\" data-element_type=\"column\">\n\t\t\t<div class=\"elementor-widget-wrap elementor-element-populated\">\n\t\t\t\t\t\t\t\t<div class=\"elementor-element elementor-element-6ea3171 elementor-widget elementor-widget-text-editor\" data-id=\"6ea3171\" data-element_type=\"widget\" data-widget_type=\"text-editor.default\">\n\t\t\t\t<div class=\"elementor-widget-container\">\n\t\t\t\t\t\t\t\t<!-- wp:paragraph --><!-- \/wp:paragraph --><!-- wp:paragraph -->\n<p style=\"text-align: justify;\"><b style=\"font-size: 12px; color: #b7b7b7;\">1890-1963<\/b><br \/><b style=\"font-size: 25px;\">Nh\u00f4 An\u00edbal<\/b><br \/><img loading=\"lazy\" class=\"alignleft size-full wp-image-9228\" src=\"https:\/\/cmsf.cv\/wp-content\/uploads\/2020\/07\/anibalavelino.jpg\" alt=\"\" width=\"182\" height=\"200\" \/>An\u00edbal Adolfo Avelino Henriques, nasceu em 1890 e faleceu a 17 de dezembro de 1963, aos 73 anos. Figura controversa, social e politicamente. Cr\u00edtico, sempre se posicionou contra os poderes constitu\u00eddos e a estratifica\u00e7\u00e3o social vigente, embora nunca se tenha abdicado do seu \u201cstatus\u201d.<br \/>Politicamente era antissalazarista e apoiou a lista dos Generais Norton de Matos e Humberto Delgado e manifestou-se uma vez que \u201cs\u00f3 n\u00e3o queria morrer sem assistir \u00e0 queda deste regime\u201d, o que n\u00e3o se concretizou.<br \/>Socialmente era revolucion\u00e1rio assumido em prol da aboli\u00e7\u00e3o dos preconceitos raciais.<br \/>Em 1917 funda o grupo de Sete Estrelos que desenterrou a bandeira de S\u00e3o Filipe e convidou populares e pessoas do interior a participarem das festas. Formou o grupo desportivo Luso, integrado por pessoas \u201cditas\u201d de 2\u00aa e 3\u00aa sociedades, rival de Onze Estrelas, formada por elite da Vila. Fundou o grupo feminino Bem-Acad\u00e9mica, advers\u00e1rio do grupo estilista feminina \u201cEstrelas Unidas\u201d.<br \/>Comerciante, propriet\u00e1rio, poeta e dramaturgo. Tinha duas caracter\u00edsticas, esp\u00edrito de humor e o seu g\u00e9nio irasc\u00edvel. Seus alvos eram autoridades oficiais, governadores e administradores. Escreveu v\u00e1rias composi\u00e7\u00f5es que ainda s\u00e3o c\u00e9lebres na ilha, como \u201cgrandeza di Djarfogo\u201d. Muitas pessoas da \u00e9poca insinuavam que Nh\u00f4 An\u00edbal era o autor dos versos cantados pelo trovador, Pr\u00edncipe de Ximento (Chimento). As pe\u00e7as teatrais e versos sarc\u00e1sticos escritos, levou o escritor Baltazar Lopes a apelidar-lhe de \u201cGil Vicente do Fogo\u201d.<\/p>\n<!-- \/wp:paragraph --><!-- wp:paragraph -->\t\t\t\t\t\t<\/div>\n\t\t\t\t<\/div>\n\t\t\t\t\t<\/div>\n\t\t<\/div>\n\t\t\t\t\t\t\t<\/div>\n\t\t<\/section>\n\t\t\t\t<section class=\"elementor-section elementor-top-section elementor-element elementor-element-5596949 elementor-section-boxed elementor-section-height-default elementor-section-height-default\" data-id=\"5596949\" data-element_type=\"section\" data-settings=\"{&quot;jet_parallax_layout_list&quot;:[{&quot;jet_parallax_layout_image&quot;:{&quot;url&quot;:&quot;&quot;,&quot;id&quot;:&quot;&quot;},&quot;_id&quot;:&quot;421f219&quot;,&quot;jet_parallax_layout_image_tablet&quot;:{&quot;url&quot;:&quot;&quot;,&quot;id&quot;:&quot;&quot;},&quot;jet_parallax_layout_image_mobile&quot;:{&quot;url&quot;:&quot;&quot;,&quot;id&quot;:&quot;&quot;},&quot;jet_parallax_layout_speed&quot;:{&quot;unit&quot;:&quot;%&quot;,&quot;size&quot;:50,&quot;sizes&quot;:[]},&quot;jet_parallax_layout_type&quot;:&quot;scroll&quot;,&quot;jet_parallax_layout_direction&quot;:null,&quot;jet_parallax_layout_fx_direction&quot;:null,&quot;jet_parallax_layout_z_index&quot;:&quot;&quot;,&quot;jet_parallax_layout_bg_x&quot;:50,&quot;jet_parallax_layout_bg_x_tablet&quot;:&quot;&quot;,&quot;jet_parallax_layout_bg_x_mobile&quot;:&quot;&quot;,&quot;jet_parallax_layout_bg_y&quot;:50,&quot;jet_parallax_layout_bg_y_tablet&quot;:&quot;&quot;,&quot;jet_parallax_layout_bg_y_mobile&quot;:&quot;&quot;,&quot;jet_parallax_layout_bg_size&quot;:&quot;auto&quot;,&quot;jet_parallax_layout_bg_size_tablet&quot;:&quot;&quot;,&quot;jet_parallax_layout_bg_size_mobile&quot;:&quot;&quot;,&quot;jet_parallax_layout_animation_prop&quot;:&quot;transform&quot;,&quot;jet_parallax_layout_on&quot;:[&quot;desktop&quot;,&quot;tablet&quot;]}],&quot;background_background&quot;:&quot;classic&quot;}\">\n\t\t\t\t\t\t<div class=\"elementor-container elementor-column-gap-default\">\n\t\t\t\t\t<div class=\"elementor-column elementor-col-100 elementor-top-column elementor-element elementor-element-526ac4f\" data-id=\"526ac4f\" data-element_type=\"column\">\n\t\t\t<div class=\"elementor-widget-wrap elementor-element-populated\">\n\t\t\t\t\t\t\t\t<div class=\"elementor-element elementor-element-c6d6312 elementor-widget elementor-widget-text-editor\" data-id=\"c6d6312\" data-element_type=\"widget\" data-widget_type=\"text-editor.default\">\n\t\t\t\t<div class=\"elementor-widget-container\">\n\t\t\t\t\t\t\t\t<!-- wp:paragraph --><!-- \/wp:paragraph -->\n\n<!-- wp:paragraph --><!-- \/wp:paragraph -->\n\n<!-- wp:paragraph --><!-- \/wp:paragraph -->\n\n<!-- wp:paragraph --><!-- \/wp:paragraph -->\n\n<!-- wp:paragraph --><!-- \/wp:paragraph -->\n\n<!-- wp:paragraph --><!-- \/wp:paragraph -->\n\n<!-- wp:paragraph --><!-- \/wp:paragraph -->\n\n<!-- wp:paragraph --><!-- \/wp:paragraph -->\n\n<!-- wp:paragraph --><!-- \/wp:paragraph -->\n\n<!-- wp:paragraph --><!-- \/wp:paragraph -->\n\n<!-- wp:paragraph --><!-- \/wp:paragraph -->\n\n<!-- wp:paragraph --><!-- \/wp:paragraph -->\n\n<!-- wp:paragraph --><!-- \/wp:paragraph -->\n\n<!-- wp:paragraph --><!-- \/wp:paragraph -->\n\n<!-- wp:paragraph --><!-- \/wp:paragraph -->\n\n<!-- wp:paragraph -->\n<p style=\"text-align: justify;\"><b style=\"font-size: 12px; color: #b7b7b7;\">1888-1975<\/b><br \/><b style=\"font-size: 25px;\">Fortunato Gomes de Pina \u201cNh\u00f4 Tuntum\u201d<\/b><br \/><img loading=\"lazy\" class=\"alignleft size-full wp-image-9228\" src=\"https:\/\/cmsf.cv\/wp-content\/uploads\/2020\/07\/fortunatotuntun.jpg\" alt=\"\" width=\"182\" height=\"200\" \/>Nasceu em 1888, casou-se com Maria Martina Avelino de Pina a 8 de janeiro de 1923. Aos 20 anos emigrou para os Estados Unidos da Am\u00e9rica e no regresso investiu a sua economia no com\u00e9rcio e na constru\u00e7\u00e3o do emblem\u00e1tico sobrado na zona de Bila Baxu, perto de mercado, no ano de 1925. Faleceu a 18 abril de 1975, ainda antes da Independ\u00eancia Nacional.<br \/>Como comerciante importava de Portugal, pa\u00eds para onde exportava, sobretudo sementes de purgueira e de r\u00edcino, usados no fabrico de sab\u00e3o. No ano de 1948 comprou Madalan, um iate de 375 toneladas constru\u00eddo na It\u00e1lia, no ano de 1928. Era um barco emblem\u00e1tico da \u00e9poca. Foi tamb\u00e9m um dos primeiros a adquirir viaturas a n\u00edvel da ilha, no ano de 1935.<\/p>\n<!-- \/wp:paragraph -->\n\n<!-- wp:paragraph -->\t\t\t\t\t\t<\/div>\n\t\t\t\t<\/div>\n\t\t\t\t\t<\/div>\n\t\t<\/div>\n\t\t\t\t\t\t\t<\/div>\n\t\t<\/section>\n\t\t\t\t<section class=\"elementor-section elementor-top-section elementor-element elementor-element-ac323c9 elementor-section-boxed elementor-section-height-default elementor-section-height-default\" data-id=\"ac323c9\" data-element_type=\"section\" data-settings=\"{&quot;jet_parallax_layout_list&quot;:[{&quot;jet_parallax_layout_image&quot;:{&quot;url&quot;:&quot;&quot;,&quot;id&quot;:&quot;&quot;},&quot;_id&quot;:&quot;421f219&quot;,&quot;jet_parallax_layout_image_tablet&quot;:{&quot;url&quot;:&quot;&quot;,&quot;id&quot;:&quot;&quot;},&quot;jet_parallax_layout_image_mobile&quot;:{&quot;url&quot;:&quot;&quot;,&quot;id&quot;:&quot;&quot;},&quot;jet_parallax_layout_speed&quot;:{&quot;unit&quot;:&quot;%&quot;,&quot;size&quot;:50,&quot;sizes&quot;:[]},&quot;jet_parallax_layout_type&quot;:&quot;scroll&quot;,&quot;jet_parallax_layout_direction&quot;:null,&quot;jet_parallax_layout_fx_direction&quot;:null,&quot;jet_parallax_layout_z_index&quot;:&quot;&quot;,&quot;jet_parallax_layout_bg_x&quot;:50,&quot;jet_parallax_layout_bg_x_tablet&quot;:&quot;&quot;,&quot;jet_parallax_layout_bg_x_mobile&quot;:&quot;&quot;,&quot;jet_parallax_layout_bg_y&quot;:50,&quot;jet_parallax_layout_bg_y_tablet&quot;:&quot;&quot;,&quot;jet_parallax_layout_bg_y_mobile&quot;:&quot;&quot;,&quot;jet_parallax_layout_bg_size&quot;:&quot;auto&quot;,&quot;jet_parallax_layout_bg_size_tablet&quot;:&quot;&quot;,&quot;jet_parallax_layout_bg_size_mobile&quot;:&quot;&quot;,&quot;jet_parallax_layout_animation_prop&quot;:&quot;transform&quot;,&quot;jet_parallax_layout_on&quot;:[&quot;desktop&quot;,&quot;tablet&quot;]}],&quot;background_background&quot;:&quot;classic&quot;}\">\n\t\t\t\t\t\t<div class=\"elementor-container elementor-column-gap-default\">\n\t\t\t\t\t<div class=\"elementor-column elementor-col-100 elementor-top-column elementor-element elementor-element-367f716\" data-id=\"367f716\" data-element_type=\"column\">\n\t\t\t<div class=\"elementor-widget-wrap elementor-element-populated\">\n\t\t\t\t\t\t\t\t<div class=\"elementor-element elementor-element-9b4f4d7 elementor-widget elementor-widget-text-editor\" data-id=\"9b4f4d7\" data-element_type=\"widget\" data-widget_type=\"text-editor.default\">\n\t\t\t\t<div class=\"elementor-widget-container\">\n\t\t\t\t\t\t\t\t<!-- wp:paragraph --><!-- \/wp:paragraph --><!-- wp:paragraph --><!-- \/wp:paragraph --><!-- wp:paragraph -->\n<p style=\"text-align: justify;\"><b style=\"font-size: 12px; color: #b7b7b7;\">1886-1965<\/b><br \/><b style=\"font-size: 25px;\">Ab\u00edlio Macedo<\/b><br \/><img loading=\"lazy\" class=\"alignleft size-full wp-image-9228\" src=\"https:\/\/cmsf.cv\/wp-content\/uploads\/2020\/07\/abiliomacedo.jpg\" alt=\"\" width=\"182\" height=\"200\" \/>Nasceu no dia 3 de abril do ano de 1886 na parte hist\u00f3rica da Cidade (Bila Baxu) na casa de Nh\u00e1 Candjana. Filho de Jo\u00e3o Monteiro de Macedo \u201cNen\u00e9 di Djoca\u201d e de D. Ana J\u00falia Barbosa de Macedo (Nica de Nen\u00e9), filha de Joaquim Vieira Botelho da Costa, natural de Lisboa e que foi administrador do concelho e diretor da alfandega de S\u00e3o Vicente.<br \/>O Pai era met\u00f3dico, nos trabalhos de lavoura e nas actividades comerciais. Foi um dos iniciadores da corrente de emigra\u00e7\u00e3o para o Novo Mundo (EUA) juntamente com o seu amigo, o benem\u00e9rito J\u00falio Jos\u00e9 Maria Feij\u00f3o da Ilha da Brava. Ab\u00edlio Macedo, formado na \u00e1rea comercial, foi um conhecedor profundo da realidade da ilha do Fogo e foi devido a sua influ\u00eancia politica que a 12 julho de 1922, a ent\u00e3o Vila (Bila) ascendeu \u00e0 categoria de Cidade. Foi administrador do Concelho da Praia, onde de entre v\u00e1rias obras emblem\u00e1ticas, mandou edificar durante a sua administra\u00e7\u00e3o o mercado municipal e a pra\u00e7a Alexandre Albuquerque.<br \/>Ab\u00edlio foi comerciante, propriet\u00e1rio agr\u00edcola, armador, industrial, fundador e propriet\u00e1rio do jornal \u201cA voz de Cabo Verde\u201d.<br \/>O m\u00e9dico e escritor Foguense Teixeira de Sousa descreveu Ab\u00edlio Macedo como um Cabo-verdiano empreendedor e amant\u00edssimo do seu pa\u00eds, que viveu per\u00edodos afortunados e catastr\u00f3ficos, mas que soube enfrentar com coragem e serenidade todas as dificuldades.<br \/>O administrador do ent\u00e3o Concelho do Fogo, Lu\u00eds Silva Rendall classificou Ab\u00edlio Macedo como homem extraordinariamente dotado, de intelig\u00eancia viva e l\u00facida, capacidade diversificada de iniciativa, de a\u00e7\u00e3o e trabalho, permitindo-lhe lutar com persist\u00eancia e superar s\u00e9rias dificuldades de que a sua longa vida foi f\u00e9rtil.<br \/>Ab\u00edlio Macedo que nos anos de crise em que muita gente morria de fome, denunciou, juntamente com Ant\u00f3nio Avelino Henriques e Manuel Ferreira, a situa\u00e7\u00e3o, pedindo a interven\u00e7\u00e3o dos Estados Unidos da Am\u00e9rica, foi condenado e chegou a estar preso na colonial penal de Tarrafal de Santiago.\u00a0<\/p>\n<!-- \/wp:paragraph --><!-- wp:paragraph -->\t\t\t\t\t\t<\/div>\n\t\t\t\t<\/div>\n\t\t\t\t\t<\/div>\n\t\t<\/div>\n\t\t\t\t\t\t\t<\/div>\n\t\t<\/section>\n\t\t\t\t<section class=\"elementor-section elementor-top-section elementor-element elementor-element-fd5edfd elementor-section-boxed elementor-section-height-default elementor-section-height-default\" data-id=\"fd5edfd\" data-element_type=\"section\" data-settings=\"{&quot;jet_parallax_layout_list&quot;:[{&quot;jet_parallax_layout_image&quot;:{&quot;url&quot;:&quot;&quot;,&quot;id&quot;:&quot;&quot;},&quot;_id&quot;:&quot;421f219&quot;,&quot;jet_parallax_layout_image_tablet&quot;:{&quot;url&quot;:&quot;&quot;,&quot;id&quot;:&quot;&quot;},&quot;jet_parallax_layout_image_mobile&quot;:{&quot;url&quot;:&quot;&quot;,&quot;id&quot;:&quot;&quot;},&quot;jet_parallax_layout_speed&quot;:{&quot;unit&quot;:&quot;%&quot;,&quot;size&quot;:50,&quot;sizes&quot;:[]},&quot;jet_parallax_layout_type&quot;:&quot;scroll&quot;,&quot;jet_parallax_layout_direction&quot;:null,&quot;jet_parallax_layout_fx_direction&quot;:null,&quot;jet_parallax_layout_z_index&quot;:&quot;&quot;,&quot;jet_parallax_layout_bg_x&quot;:50,&quot;jet_parallax_layout_bg_x_tablet&quot;:&quot;&quot;,&quot;jet_parallax_layout_bg_x_mobile&quot;:&quot;&quot;,&quot;jet_parallax_layout_bg_y&quot;:50,&quot;jet_parallax_layout_bg_y_tablet&quot;:&quot;&quot;,&quot;jet_parallax_layout_bg_y_mobile&quot;:&quot;&quot;,&quot;jet_parallax_layout_bg_size&quot;:&quot;auto&quot;,&quot;jet_parallax_layout_bg_size_tablet&quot;:&quot;&quot;,&quot;jet_parallax_layout_bg_size_mobile&quot;:&quot;&quot;,&quot;jet_parallax_layout_animation_prop&quot;:&quot;transform&quot;,&quot;jet_parallax_layout_on&quot;:[&quot;desktop&quot;,&quot;tablet&quot;]}],&quot;background_background&quot;:&quot;classic&quot;}\">\n\t\t\t\t\t\t<div class=\"elementor-container elementor-column-gap-default\">\n\t\t\t\t\t<div class=\"elementor-column elementor-col-100 elementor-top-column elementor-element elementor-element-a27cc58\" data-id=\"a27cc58\" data-element_type=\"column\">\n\t\t\t<div class=\"elementor-widget-wrap elementor-element-populated\">\n\t\t\t\t\t\t\t\t<div class=\"elementor-element elementor-element-b15a524 elementor-widget elementor-widget-text-editor\" data-id=\"b15a524\" data-element_type=\"widget\" data-widget_type=\"text-editor.default\">\n\t\t\t\t<div class=\"elementor-widget-container\">\n\t\t\t\t\t\t\t\t<!-- wp:paragraph --><!-- \/wp:paragraph --><!-- wp:paragraph --><!-- \/wp:paragraph --><!-- wp:paragraph --><!-- \/wp:paragraph --><!-- wp:paragraph -->\n<p style=\"text-align: justify;\"><b style=\"font-size: 12px; color: #b7b7b7;\">1886-1982<\/b><br \/><b style=\"font-size: 25px;\">Agnelo Adolfo Avelino Henriques<\/b><br \/><img loading=\"lazy\" class=\"alignleft size-full wp-image-9228\" src=\"https:\/\/cmsf.cv\/wp-content\/uploads\/2020\/07\/agnelohenriques.jpg\" alt=\"\" width=\"182\" height=\"200\" \/>Nasceu na cidade de S\u00e3o Filipe em 1886 e faleceu em junho de 1982 aos 96 anos.<br \/>Habilitado com o curso de ultramar, foi administrador do concelho de 1930 a 1937, sendo sucessor de Marino Barbosa Vicente. Foi o primeiro correspondente do Banco Nacional Ultramarino, BNU, que funcionava na sua resid\u00eancia.<br \/>Condenado pelo governo portugu\u00eas por ter solicitado apoio dos emigrantes nos Estados Unidos da Am\u00e9rica para fazer face ao per\u00edodo de fome, esteve preso em 1943 no Fortim D\u2019el-rei em S\u00e3o Vicente. O seu irm\u00e3o Ant\u00f3nio Avelino Henriques foi degredado para S\u00e3o Tom\u00e9 e Pr\u00edncipe e Ab\u00edlio Macedo foi enviado para Tarrafal.<br \/>Copropriet\u00e1rio do terreno de Monte Queimado, cujo caf\u00e9 (Moka) foi distinguido com medalha de ouro em 1934, depois de em 1932 ter participado na exposi\u00e7\u00e3o colonial no Porto.<br \/>Propriet\u00e1rio da casa comercial \u201cAgnus\u201d, do sobrado que deu origem a hotel Savana, foi tamb\u00e9m agente da Shell. Foi condecorado pelo governo portugu\u00eas pelo relevante trabalho prestado.<\/p>\n<!-- \/wp:paragraph --><!-- wp:paragraph -->\t\t\t\t\t\t<\/div>\n\t\t\t\t<\/div>\n\t\t\t\t\t<\/div>\n\t\t<\/div>\n\t\t\t\t\t\t\t<\/div>\n\t\t<\/section>\n\t\t\t\t<section class=\"elementor-section elementor-top-section elementor-element elementor-element-f9a798d elementor-section-boxed elementor-section-height-default elementor-section-height-default\" data-id=\"f9a798d\" data-element_type=\"section\" data-settings=\"{&quot;jet_parallax_layout_list&quot;:[{&quot;jet_parallax_layout_image&quot;:{&quot;url&quot;:&quot;&quot;,&quot;id&quot;:&quot;&quot;},&quot;_id&quot;:&quot;421f219&quot;,&quot;jet_parallax_layout_image_tablet&quot;:{&quot;url&quot;:&quot;&quot;,&quot;id&quot;:&quot;&quot;},&quot;jet_parallax_layout_image_mobile&quot;:{&quot;url&quot;:&quot;&quot;,&quot;id&quot;:&quot;&quot;},&quot;jet_parallax_layout_speed&quot;:{&quot;unit&quot;:&quot;%&quot;,&quot;size&quot;:50,&quot;sizes&quot;:[]},&quot;jet_parallax_layout_type&quot;:&quot;scroll&quot;,&quot;jet_parallax_layout_direction&quot;:null,&quot;jet_parallax_layout_fx_direction&quot;:null,&quot;jet_parallax_layout_z_index&quot;:&quot;&quot;,&quot;jet_parallax_layout_bg_x&quot;:50,&quot;jet_parallax_layout_bg_x_tablet&quot;:&quot;&quot;,&quot;jet_parallax_layout_bg_x_mobile&quot;:&quot;&quot;,&quot;jet_parallax_layout_bg_y&quot;:50,&quot;jet_parallax_layout_bg_y_tablet&quot;:&quot;&quot;,&quot;jet_parallax_layout_bg_y_mobile&quot;:&quot;&quot;,&quot;jet_parallax_layout_bg_size&quot;:&quot;auto&quot;,&quot;jet_parallax_layout_bg_size_tablet&quot;:&quot;&quot;,&quot;jet_parallax_layout_bg_size_mobile&quot;:&quot;&quot;,&quot;jet_parallax_layout_animation_prop&quot;:&quot;transform&quot;,&quot;jet_parallax_layout_on&quot;:[&quot;desktop&quot;,&quot;tablet&quot;]}],&quot;background_background&quot;:&quot;classic&quot;}\">\n\t\t\t\t\t\t<div class=\"elementor-container elementor-column-gap-default\">\n\t\t\t\t\t<div class=\"elementor-column elementor-col-100 elementor-top-column elementor-element elementor-element-668bbf1\" data-id=\"668bbf1\" data-element_type=\"column\">\n\t\t\t<div class=\"elementor-widget-wrap elementor-element-populated\">\n\t\t\t\t\t\t\t\t<div class=\"elementor-element elementor-element-16ebc08 elementor-widget elementor-widget-text-editor\" data-id=\"16ebc08\" data-element_type=\"widget\" data-widget_type=\"text-editor.default\">\n\t\t\t\t<div class=\"elementor-widget-container\">\n\t\t\t\t\t\t\t\t<!-- wp:paragraph --><!-- \/wp:paragraph --><!-- wp:paragraph --><!-- \/wp:paragraph --><!-- wp:paragraph --><!-- \/wp:paragraph --><!-- wp:paragraph --><!-- \/wp:paragraph --><!-- wp:paragraph --><!-- \/wp:paragraph --><!-- wp:paragraph --><!-- \/wp:paragraph --><!-- wp:paragraph --><!-- \/wp:paragraph --><!-- wp:paragraph --><!-- \/wp:paragraph --><!-- wp:paragraph --><!-- \/wp:paragraph --><!-- wp:paragraph --><!-- \/wp:paragraph --><!-- wp:paragraph --><!-- \/wp:paragraph --><!-- wp:paragraph -->\n<p style=\"text-align: justify;\"><b style=\"font-size: 12px; color: #b7b7b7;\">1880-1970<\/b><br \/><b style=\"font-size: 25px;\">Henrique Jos\u00e9 Mendes<\/b><br \/><img loading=\"lazy\" class=\"alignleft size-full wp-image-9224\" src=\"https:\/\/cmsf.cv\/wp-content\/uploads\/2020\/07\/mendes.jpg\" alt=\"\" width=\"183\" height=\"200\" \/>Nasceu no dia 20 de janeiro de 1880 e faleceu na ilha do Fogo a 09 de outubro de 1970, aos 90 anos, filho de Carlota Freitas Almeida e Jos\u00e9 Mendes, portugu\u00eas de origem algarvia. Aos 14 anos\u00a0 \u00a0emigrou para os Estados Unidos da Am\u00e9rica, num dos baleeiros. Foi um armador e marinheiro de excel\u00eancia (capit\u00e3o), dono do muito conhecido \u201cScooner\u201d Ernestina, que fazia carreira para a Am\u00e9rica. Um apaixonado pelo mar, foi propriet\u00e1rio de sete palhabotes, onde se destacam Ernestina e Arnaldo.<br \/>Como capit\u00e3o fez, por v\u00e1rias vezes, a travessia do oceano Atl\u00e2ntico, ligando as ilhas de Cabo Verde e os Estados Unidos da Am\u00e9rica. Muito conhecido nas ilhas do Fogo e da Brava, sobretudo nesta \u00faltima, Henrique Jos\u00e9 Mendes levou muitas pessoas das duas ilhas para os Estados Unidos da Am\u00e9rica.<br \/><br \/><\/p>\n<!-- \/wp:paragraph --><!-- wp:paragraph -->\t\t\t\t\t\t<\/div>\n\t\t\t\t<\/div>\n\t\t\t\t\t<\/div>\n\t\t<\/div>\n\t\t\t\t\t\t\t<\/div>\n\t\t<\/section>\n\t\t\t\t<section class=\"elementor-section elementor-top-section elementor-element elementor-element-dd8d4c3 elementor-section-boxed elementor-section-height-default elementor-section-height-default\" data-id=\"dd8d4c3\" data-element_type=\"section\" data-settings=\"{&quot;jet_parallax_layout_list&quot;:[{&quot;jet_parallax_layout_image&quot;:{&quot;url&quot;:&quot;&quot;,&quot;id&quot;:&quot;&quot;},&quot;_id&quot;:&quot;421f219&quot;,&quot;jet_parallax_layout_image_tablet&quot;:{&quot;url&quot;:&quot;&quot;,&quot;id&quot;:&quot;&quot;},&quot;jet_parallax_layout_image_mobile&quot;:{&quot;url&quot;:&quot;&quot;,&quot;id&quot;:&quot;&quot;},&quot;jet_parallax_layout_speed&quot;:{&quot;unit&quot;:&quot;%&quot;,&quot;size&quot;:50,&quot;sizes&quot;:[]},&quot;jet_parallax_layout_type&quot;:&quot;scroll&quot;,&quot;jet_parallax_layout_direction&quot;:null,&quot;jet_parallax_layout_fx_direction&quot;:null,&quot;jet_parallax_layout_z_index&quot;:&quot;&quot;,&quot;jet_parallax_layout_bg_x&quot;:50,&quot;jet_parallax_layout_bg_x_tablet&quot;:&quot;&quot;,&quot;jet_parallax_layout_bg_x_mobile&quot;:&quot;&quot;,&quot;jet_parallax_layout_bg_y&quot;:50,&quot;jet_parallax_layout_bg_y_tablet&quot;:&quot;&quot;,&quot;jet_parallax_layout_bg_y_mobile&quot;:&quot;&quot;,&quot;jet_parallax_layout_bg_size&quot;:&quot;auto&quot;,&quot;jet_parallax_layout_bg_size_tablet&quot;:&quot;&quot;,&quot;jet_parallax_layout_bg_size_mobile&quot;:&quot;&quot;,&quot;jet_parallax_layout_animation_prop&quot;:&quot;transform&quot;,&quot;jet_parallax_layout_on&quot;:[&quot;desktop&quot;,&quot;tablet&quot;]}],&quot;background_background&quot;:&quot;classic&quot;}\">\n\t\t\t\t\t\t<div class=\"elementor-container elementor-column-gap-default\">\n\t\t\t\t\t<div class=\"elementor-column elementor-col-100 elementor-top-column elementor-element elementor-element-a2a1134\" data-id=\"a2a1134\" data-element_type=\"column\">\n\t\t\t<div class=\"elementor-widget-wrap elementor-element-populated\">\n\t\t\t\t\t\t\t\t<div class=\"elementor-element elementor-element-e45a780 elementor-widget elementor-widget-text-editor\" data-id=\"e45a780\" data-element_type=\"widget\" data-widget_type=\"text-editor.default\">\n\t\t\t\t<div class=\"elementor-widget-container\">\n\t\t\t\t\t\t\t\t<!-- wp:paragraph --><!-- \/wp:paragraph --><!-- wp:paragraph --><!-- \/wp:paragraph --><!-- wp:paragraph --><!-- \/wp:paragraph --><!-- wp:paragraph --><!-- \/wp:paragraph --><!-- wp:paragraph --><!-- \/wp:paragraph --><!-- wp:paragraph --><!-- \/wp:paragraph --><!-- wp:paragraph --><!-- \/wp:paragraph --><!-- wp:paragraph -->\n<p style=\"text-align: justify;\"><b style=\"font-size: 12px; color: #b7b7b7;\">1874-1958<\/b><br \/><b style=\"font-size: 25px;\">Marino Barbosa Vicente<\/b><br \/><img loading=\"lazy\" class=\"alignleft size-full wp-image-9228\" src=\"https:\/\/cmsf.cv\/wp-content\/uploads\/2020\/07\/marino.jpg\" alt=\"\" width=\"182\" height=\"200\" \/>Nasceu na Cidade de S\u00e3o Filipe a 3 de mar\u00e7o de 1874, casou a 30 de junho de 1902 com Ana Maria Benedita Monteiro de Vasconcelos e faleceu a 10 de novembro de 1958.<br \/>Frequentou o Semin\u00e1rio Liceu de S\u00e3o Nicolau at\u00e9 meados de 1891, e aos 17 anos deslocou-se a Guin\u00e9-Bissau (Bolama), onde trabalhou no com\u00e9rcio com um tio. Teve uma ligeira passagem pela Casa Blanchard e depois, no ano de 1894 come\u00e7ou a atividade comercial por conta pr\u00f3pria em Bind\u00f4r e depois Bissau.<br \/>Foi nomeado administrador substituto do Concelho do Fogo em 31 de julho de 1924 e depois definitivo a 19 de setembro de 1929, tendo permanecido no cargo at\u00e9 16 de mar\u00e7o de 1930.<\/p>\n<!-- \/wp:paragraph --><!-- wp:paragraph -->\t\t\t\t\t\t<\/div>\n\t\t\t\t<\/div>\n\t\t\t\t\t<\/div>\n\t\t<\/div>\n\t\t\t\t\t\t\t<\/div>\n\t\t<\/section>\n\t\t\t\t<section class=\"elementor-section elementor-top-section elementor-element elementor-element-ad21aba elementor-section-boxed elementor-section-height-default elementor-section-height-default\" data-id=\"ad21aba\" data-element_type=\"section\" data-settings=\"{&quot;jet_parallax_layout_list&quot;:[{&quot;jet_parallax_layout_image&quot;:{&quot;url&quot;:&quot;&quot;,&quot;id&quot;:&quot;&quot;},&quot;_id&quot;:&quot;421f219&quot;,&quot;jet_parallax_layout_image_tablet&quot;:{&quot;url&quot;:&quot;&quot;,&quot;id&quot;:&quot;&quot;},&quot;jet_parallax_layout_image_mobile&quot;:{&quot;url&quot;:&quot;&quot;,&quot;id&quot;:&quot;&quot;},&quot;jet_parallax_layout_speed&quot;:{&quot;unit&quot;:&quot;%&quot;,&quot;size&quot;:50,&quot;sizes&quot;:[]},&quot;jet_parallax_layout_type&quot;:&quot;scroll&quot;,&quot;jet_parallax_layout_direction&quot;:null,&quot;jet_parallax_layout_fx_direction&quot;:null,&quot;jet_parallax_layout_z_index&quot;:&quot;&quot;,&quot;jet_parallax_layout_bg_x&quot;:50,&quot;jet_parallax_layout_bg_x_tablet&quot;:&quot;&quot;,&quot;jet_parallax_layout_bg_x_mobile&quot;:&quot;&quot;,&quot;jet_parallax_layout_bg_y&quot;:50,&quot;jet_parallax_layout_bg_y_tablet&quot;:&quot;&quot;,&quot;jet_parallax_layout_bg_y_mobile&quot;:&quot;&quot;,&quot;jet_parallax_layout_bg_size&quot;:&quot;auto&quot;,&quot;jet_parallax_layout_bg_size_tablet&quot;:&quot;&quot;,&quot;jet_parallax_layout_bg_size_mobile&quot;:&quot;&quot;,&quot;jet_parallax_layout_animation_prop&quot;:&quot;transform&quot;,&quot;jet_parallax_layout_on&quot;:[&quot;desktop&quot;,&quot;tablet&quot;]}],&quot;background_background&quot;:&quot;classic&quot;}\">\n\t\t\t\t\t\t<div class=\"elementor-container elementor-column-gap-default\">\n\t\t\t\t\t<div class=\"elementor-column elementor-col-100 elementor-top-column elementor-element elementor-element-9a6fddc\" data-id=\"9a6fddc\" data-element_type=\"column\">\n\t\t\t<div class=\"elementor-widget-wrap elementor-element-populated\">\n\t\t\t\t\t\t\t\t<div class=\"elementor-element elementor-element-c024628 elementor-widget elementor-widget-text-editor\" data-id=\"c024628\" data-element_type=\"widget\" data-widget_type=\"text-editor.default\">\n\t\t\t\t<div class=\"elementor-widget-container\">\n\t\t\t\t\t\t\t\t<!-- wp:paragraph --><!-- \/wp:paragraph --><!-- wp:paragraph -->\n<p style=\"text-align: justify;\"><b style=\"font-size: 12px; color: #b7b7b7;\">1866-1957<\/b><br \/><b style=\"font-size: 25px;\">ANA JOS\u00c9 RODRIGUES \u2013 Ana Proc\u00f3pio<\/b><br \/><img loading=\"lazy\" class=\"alignleft size-full wp-image-9232\" src=\"https:\/\/cmsf.cv\/wp-content\/uploads\/2020\/07\/IMG_5949.jpg\" alt=\"\" width=\"182\" height=\"200\" \/>Nasceu na ilha do Fogo a 22 de Abril de 1866 e faleceu aos 91 anos de idade, a 30 de Maio de 1957.<br \/>Ana Proc\u00f3pio \u00e9 uma das referencias culturais de destaque, n\u00e3o s\u00f3 do munic\u00edpio de S\u00e3o Filipe, como de toda a ilha do Fogo. Ela \u00e9 a mais afamada e conhecida cantadeira da historia da ilha do Fogo, no g\u00e9nero de kurkutisan ou rafodjo. Com grande capacidade de improvisar e de variar os ritmos das suas cantigas e dotada de uma habilidade criativa inigual\u00e1vel, fez de Ana Proc\u00f3pio a refer\u00eancia entre as cantadeiras da ilha. Apesar de ter falecida h\u00e1 mais de seis d\u00e9cadas os cantares de Ana Proc\u00f3pio continuam atuais, tornando-a uma lenda viva e uma figura sempre presente no dom\u00ednio cultural da ilha.<br \/>O jornalista F\u00e9lix Monteiro, que debru\u00e7ou sobre a cultura da ilha do Fogo, publicou, em Dezembro de 1960, na Revista Claridade, um artigo intitulado \u201cCantigas de Ana Proc\u00f3pio\u201d, sendo o registo mais completo que se conhece sobre a grande cantadeira da ilha do Fogo. Ana Proc\u00f3pio fez hist\u00f3ria, como expoente do Kurkutisan, um g\u00e9nero musical t\u00edpico do Fogo, tamb\u00e9m apelidado de Rafodjo ou Rodriga. S\u00e3o cantigas improvisadas em bailes populares.<br \/><br \/><\/p>\n<!-- \/wp:paragraph --><!-- wp:paragraph -->\t\t\t\t\t\t<\/div>\n\t\t\t\t<\/div>\n\t\t\t\t\t<\/div>\n\t\t<\/div>\n\t\t\t\t\t\t\t<\/div>\n\t\t<\/section>\n\t\t\t\t<section class=\"elementor-section elementor-top-section elementor-element elementor-element-286c694 elementor-section-boxed elementor-section-height-default elementor-section-height-default\" data-id=\"286c694\" data-element_type=\"section\" data-settings=\"{&quot;jet_parallax_layout_list&quot;:[{&quot;jet_parallax_layout_image&quot;:{&quot;url&quot;:&quot;&quot;,&quot;id&quot;:&quot;&quot;},&quot;_id&quot;:&quot;421f219&quot;,&quot;jet_parallax_layout_image_tablet&quot;:{&quot;url&quot;:&quot;&quot;,&quot;id&quot;:&quot;&quot;},&quot;jet_parallax_layout_image_mobile&quot;:{&quot;url&quot;:&quot;&quot;,&quot;id&quot;:&quot;&quot;},&quot;jet_parallax_layout_speed&quot;:{&quot;unit&quot;:&quot;%&quot;,&quot;size&quot;:50,&quot;sizes&quot;:[]},&quot;jet_parallax_layout_type&quot;:&quot;scroll&quot;,&quot;jet_parallax_layout_direction&quot;:null,&quot;jet_parallax_layout_fx_direction&quot;:null,&quot;jet_parallax_layout_z_index&quot;:&quot;&quot;,&quot;jet_parallax_layout_bg_x&quot;:50,&quot;jet_parallax_layout_bg_x_tablet&quot;:&quot;&quot;,&quot;jet_parallax_layout_bg_x_mobile&quot;:&quot;&quot;,&quot;jet_parallax_layout_bg_y&quot;:50,&quot;jet_parallax_layout_bg_y_tablet&quot;:&quot;&quot;,&quot;jet_parallax_layout_bg_y_mobile&quot;:&quot;&quot;,&quot;jet_parallax_layout_bg_size&quot;:&quot;auto&quot;,&quot;jet_parallax_layout_bg_size_tablet&quot;:&quot;&quot;,&quot;jet_parallax_layout_bg_size_mobile&quot;:&quot;&quot;,&quot;jet_parallax_layout_animation_prop&quot;:&quot;transform&quot;,&quot;jet_parallax_layout_on&quot;:[&quot;desktop&quot;,&quot;tablet&quot;]}],&quot;background_background&quot;:&quot;classic&quot;}\">\n\t\t\t\t\t\t<div class=\"elementor-container elementor-column-gap-default\">\n\t\t\t\t\t<div class=\"elementor-column elementor-col-100 elementor-top-column elementor-element elementor-element-15af7f5\" data-id=\"15af7f5\" data-element_type=\"column\">\n\t\t\t<div class=\"elementor-widget-wrap elementor-element-populated\">\n\t\t\t\t\t\t\t\t<div class=\"elementor-element elementor-element-9711841 elementor-widget elementor-widget-text-editor\" data-id=\"9711841\" data-element_type=\"widget\" data-widget_type=\"text-editor.default\">\n\t\t\t\t<div class=\"elementor-widget-container\">\n\t\t\t\t\t\t\t\t<!-- wp:paragraph --><!-- \/wp:paragraph -->\n\n<!-- wp:paragraph --><!-- \/wp:paragraph -->\n\n<!-- wp:paragraph --><!-- \/wp:paragraph -->\n\n<!-- wp:paragraph --><!-- \/wp:paragraph -->\n\n<!-- wp:paragraph --><!-- \/wp:paragraph -->\n\n<!-- wp:paragraph --><!-- \/wp:paragraph -->\n\n<!-- wp:paragraph --><!-- \/wp:paragraph -->\n\n<!-- wp:paragraph --><!-- \/wp:paragraph -->\n\n<!-- wp:paragraph -->\n<p style=\"text-align: justify;\"><b style=\"font-size: 12px; color: #b7b7b7;\">1842-1895<\/b><br \/><b style=\"font-size: 25px;\">Jo\u00e3o Baptista Vieira de Vasconcelos<\/b><br \/><img loading=\"lazy\" class=\"alignleft size-full wp-image-9228\" src=\"https:\/\/cmsf.cv\/wp-content\/uploads\/2020\/07\/joaovasconcelos.jpg\" alt=\"\" width=\"182\" height=\"200\" \/>Terceiro Administrador do Fogo, agraciado com o t\u00edtulo de Comendador.<br \/>Nasceu na Cidade de S\u00e3o Filipe no ano de 1842 e faleceu em 1895. Desempenhou as fun\u00e7\u00f5es do administrador do Concelho, por duas vezes. A primeira entre 1876 a 1889, substituindo o pai, Jos\u00e9 Joaquim Vieira de Vasconcelos e a segunda, de 1889 a 1895.<br \/>Vieira de Vasconcelos foi o terceiro administrador do Fogo e gra\u00e7as ao seu desempenho e contributo foi agraciado com o titulo de Comendador e a rua onde nasceu o historiador Ant\u00f3nio Carreira tinha o nome de Comendador Vieira de Vasconcelos.<br \/>No seu reinado foi constru\u00eddo, possivelmente, a Igreja de Nossa Senhora da Concei\u00e7\u00e3o e posto aduaneiro da Praia da Nossa Senhora. Casou pela primeira vez com Ana J\u00falia Gomes Barbosa e depois da morte da esposa, casou pela segunda vez com Maria Fidalga Sacramento Monteiro Vasconcelos.<\/p>\n<!-- \/wp:paragraph -->\n\n<!-- wp:paragraph -->\t\t\t\t\t\t<\/div>\n\t\t\t\t<\/div>\n\t\t\t\t\t<\/div>\n\t\t<\/div>\n\t\t\t\t\t\t\t<\/div>\n\t\t<\/section>\n\t\t\t\t<section class=\"elementor-section elementor-top-section elementor-element elementor-element-a08e854 elementor-section-boxed elementor-section-height-default elementor-section-height-default\" data-id=\"a08e854\" data-element_type=\"section\" data-settings=\"{&quot;jet_parallax_layout_list&quot;:[{&quot;jet_parallax_layout_image&quot;:{&quot;url&quot;:&quot;&quot;,&quot;id&quot;:&quot;&quot;},&quot;_id&quot;:&quot;421f219&quot;,&quot;jet_parallax_layout_image_tablet&quot;:{&quot;url&quot;:&quot;&quot;,&quot;id&quot;:&quot;&quot;},&quot;jet_parallax_layout_image_mobile&quot;:{&quot;url&quot;:&quot;&quot;,&quot;id&quot;:&quot;&quot;},&quot;jet_parallax_layout_speed&quot;:{&quot;unit&quot;:&quot;%&quot;,&quot;size&quot;:50,&quot;sizes&quot;:[]},&quot;jet_parallax_layout_type&quot;:&quot;scroll&quot;,&quot;jet_parallax_layout_direction&quot;:null,&quot;jet_parallax_layout_fx_direction&quot;:null,&quot;jet_parallax_layout_z_index&quot;:&quot;&quot;,&quot;jet_parallax_layout_bg_x&quot;:50,&quot;jet_parallax_layout_bg_x_tablet&quot;:&quot;&quot;,&quot;jet_parallax_layout_bg_x_mobile&quot;:&quot;&quot;,&quot;jet_parallax_layout_bg_y&quot;:50,&quot;jet_parallax_layout_bg_y_tablet&quot;:&quot;&quot;,&quot;jet_parallax_layout_bg_y_mobile&quot;:&quot;&quot;,&quot;jet_parallax_layout_bg_size&quot;:&quot;auto&quot;,&quot;jet_parallax_layout_bg_size_tablet&quot;:&quot;&quot;,&quot;jet_parallax_layout_bg_size_mobile&quot;:&quot;&quot;,&quot;jet_parallax_layout_animation_prop&quot;:&quot;transform&quot;,&quot;jet_parallax_layout_on&quot;:[&quot;desktop&quot;,&quot;tablet&quot;]}],&quot;background_background&quot;:&quot;classic&quot;}\">\n\t\t\t\t\t\t<div class=\"elementor-container elementor-column-gap-default\">\n\t\t\t\t\t<div class=\"elementor-column elementor-col-100 elementor-top-column elementor-element elementor-element-e1e6b56\" data-id=\"e1e6b56\" data-element_type=\"column\">\n\t\t\t<div class=\"elementor-widget-wrap elementor-element-populated\">\n\t\t\t\t\t\t\t\t<div class=\"elementor-element elementor-element-dca0695 elementor-widget elementor-widget-text-editor\" data-id=\"dca0695\" data-element_type=\"widget\" data-widget_type=\"text-editor.default\">\n\t\t\t\t<div class=\"elementor-widget-container\">\n\t\t\t\t\t\t\t\t<!-- wp:paragraph --><!-- \/wp:paragraph --><!-- wp:paragraph --><!-- \/wp:paragraph --><!-- wp:paragraph --><!-- \/wp:paragraph --><!-- wp:paragraph --><!-- \/wp:paragraph --><!-- wp:paragraph --><!-- \/wp:paragraph --><!-- wp:paragraph --><!-- \/wp:paragraph --><!-- wp:paragraph --><!-- \/wp:paragraph --><!-- wp:paragraph --><!-- \/wp:paragraph --><!-- wp:paragraph --><!-- \/wp:paragraph --><!-- wp:paragraph --><!-- \/wp:paragraph --><!-- wp:paragraph -->\n<p style=\"text-align: justify;\"><b style=\"font-size: 12px; color: #b7b7b7;\">1836-1900<\/b><br \/><b style=\"font-size: 25px;\">Armand Montrond<\/b><br \/><img loading=\"lazy\" class=\"alignleft size-full wp-image-9236\" src=\"https:\/\/cmsf.cv\/wp-content\/uploads\/2020\/07\/Arnando-Montrond.jpeg\" alt=\"\" width=\"182\" height=\"200\" \/>Origin\u00e1rio de uma fam\u00edlia aristocrata da regi\u00e3o de \u201cLyon\u201d (Fran\u00e7a), nascido por volta de 1836 e frequentou o terceiro ano de medicina.\u00a0 Chegou a Cabo Verde no ano de 1872 e faleceu no ano de 1900. Homem afortunado, culto e de boa fam\u00edlia, a sua vinda ao Fogo, foi rodeada de mist\u00e9rio. Para uns ter\u00e1 refugiado, depois de participar na revolu\u00e7\u00e3o de 1848, para outros, para fugir da justi\u00e7a Francesa.<br \/>Antes de Cabo Verde, Montrond passou por Lisboa, a preparar a viagem, e embarcou a bordo de um barco com destino a Am\u00e9rica do Sul, \u00c1frica do Sul. Os barcos das linhas inglesas escalaram o Porto Grande, em S\u00e3o Vicente, para reabastecer de \u00e1gua e de carv\u00e3o, ter\u00e1 ficado nesta ilha e depois deslocou-se \u00e0 ilha do Fogo, n\u00e3o se sabe ao certo por que raz\u00e3o. Armand Montrond comprou terras na parte central e montanhosa da ilha e cultivou, caf\u00e9, laranjas, vinha (desenvolveu o fabrico de vinho) e introduziu feij\u00e3o congo na ilha. Destacou-se na capta\u00e7\u00e3o de sistema de adu\u00e7\u00e3o de \u00e1gua na zona de Ribeira Ilh\u00e9u e com a sua forma\u00e7\u00e3o, mas sem equipamentos e medicamento curou muitas doen\u00e7as devido ao bom conhecimento das plantas medicinais.<\/p>\n<!-- \/wp:paragraph --><!-- wp:paragraph -->\t\t\t\t\t\t<\/div>\n\t\t\t\t<\/div>\n\t\t\t\t\t<\/div>\n\t\t<\/div>\n\t\t\t\t\t\t\t<\/div>\n\t\t<\/section>\n\t\t\t\t<section class=\"elementor-section elementor-top-section elementor-element elementor-element-96b9c2d elementor-section-boxed elementor-section-height-default elementor-section-height-default\" data-id=\"96b9c2d\" data-element_type=\"section\" data-settings=\"{&quot;jet_parallax_layout_list&quot;:[{&quot;jet_parallax_layout_image&quot;:{&quot;url&quot;:&quot;&quot;,&quot;id&quot;:&quot;&quot;},&quot;_id&quot;:&quot;421f219&quot;,&quot;jet_parallax_layout_image_tablet&quot;:{&quot;url&quot;:&quot;&quot;,&quot;id&quot;:&quot;&quot;},&quot;jet_parallax_layout_image_mobile&quot;:{&quot;url&quot;:&quot;&quot;,&quot;id&quot;:&quot;&quot;},&quot;jet_parallax_layout_speed&quot;:{&quot;unit&quot;:&quot;%&quot;,&quot;size&quot;:50,&quot;sizes&quot;:[]},&quot;jet_parallax_layout_type&quot;:&quot;scroll&quot;,&quot;jet_parallax_layout_direction&quot;:null,&quot;jet_parallax_layout_fx_direction&quot;:null,&quot;jet_parallax_layout_z_index&quot;:&quot;&quot;,&quot;jet_parallax_layout_bg_x&quot;:50,&quot;jet_parallax_layout_bg_x_tablet&quot;:&quot;&quot;,&quot;jet_parallax_layout_bg_x_mobile&quot;:&quot;&quot;,&quot;jet_parallax_layout_bg_y&quot;:50,&quot;jet_parallax_layout_bg_y_tablet&quot;:&quot;&quot;,&quot;jet_parallax_layout_bg_y_mobile&quot;:&quot;&quot;,&quot;jet_parallax_layout_bg_size&quot;:&quot;auto&quot;,&quot;jet_parallax_layout_bg_size_tablet&quot;:&quot;&quot;,&quot;jet_parallax_layout_bg_size_mobile&quot;:&quot;&quot;,&quot;jet_parallax_layout_animation_prop&quot;:&quot;transform&quot;,&quot;jet_parallax_layout_on&quot;:[&quot;desktop&quot;,&quot;tablet&quot;]}],&quot;background_background&quot;:&quot;classic&quot;}\">\n\t\t\t\t\t\t<div class=\"elementor-container elementor-column-gap-default\">\n\t\t\t\t\t<div class=\"elementor-column elementor-col-100 elementor-top-column elementor-element elementor-element-7e245a7\" data-id=\"7e245a7\" data-element_type=\"column\">\n\t\t\t<div class=\"elementor-widget-wrap elementor-element-populated\">\n\t\t\t\t\t\t\t\t<div class=\"elementor-element elementor-element-511ce71 elementor-widget elementor-widget-text-editor\" data-id=\"511ce71\" data-element_type=\"widget\" data-widget_type=\"text-editor.default\">\n\t\t\t\t<div class=\"elementor-widget-container\">\n\t\t\t\t\t\t\t\t<!-- wp:paragraph --><!-- \/wp:paragraph -->\n\n<!-- wp:paragraph --><!-- \/wp:paragraph -->\n\n<!-- wp:paragraph --><!-- \/wp:paragraph -->\n\n<!-- wp:paragraph --><!-- \/wp:paragraph -->\n\n<!-- wp:paragraph --><!-- \/wp:paragraph -->\n\n<!-- wp:paragraph -->\n<p style=\"text-align: justify;\"><b style=\"font-size: 12px; color: #b7b7b7;\">1804-1883<\/b><br \/><b style=\"font-size: 25px;\">Jos\u00e9 Joaquim Vieira de Vasconcelos<\/b><br \/><img loading=\"lazy\" class=\"alignleft size-full wp-image-9228\" src=\"https:\/\/cmsf.cv\/wp-content\/uploads\/2020\/07\/josevicente.jpg\" alt=\"\" width=\"182\" height=\"200\" \/>Nasceu em 1804 e faleceu no dia 12 de mar\u00e7o de 1883. Cavaleiro da Ordem da Nossa Senhora da Concei\u00e7\u00e3o da Vila Vi\u00e7osa e administrador do Concelho do Fogo (duas vezes, primeiro de 1843 a 1853 e o segundo de 16 de maio de 1869 a 20 de janeiro de 1876).<\/p>\n<!-- \/wp:paragraph -->\n\n<!-- wp:paragraph -->\t\t\t\t\t\t<\/div>\n\t\t\t\t<\/div>\n\t\t\t\t\t<\/div>\n\t\t<\/div>\n\t\t\t\t\t\t\t<\/div>\n\t\t<\/section>\n\t\t\t\t<section class=\"elementor-section elementor-top-section elementor-element elementor-element-68cd11e elementor-section-boxed elementor-section-height-default elementor-section-height-default\" data-id=\"68cd11e\" data-element_type=\"section\" data-settings=\"{&quot;jet_parallax_layout_list&quot;:[{&quot;jet_parallax_layout_image&quot;:{&quot;url&quot;:&quot;&quot;,&quot;id&quot;:&quot;&quot;},&quot;_id&quot;:&quot;421f219&quot;,&quot;jet_parallax_layout_image_tablet&quot;:{&quot;url&quot;:&quot;&quot;,&quot;id&quot;:&quot;&quot;},&quot;jet_parallax_layout_image_mobile&quot;:{&quot;url&quot;:&quot;&quot;,&quot;id&quot;:&quot;&quot;},&quot;jet_parallax_layout_speed&quot;:{&quot;unit&quot;:&quot;%&quot;,&quot;size&quot;:50,&quot;sizes&quot;:[]},&quot;jet_parallax_layout_type&quot;:&quot;scroll&quot;,&quot;jet_parallax_layout_direction&quot;:null,&quot;jet_parallax_layout_fx_direction&quot;:null,&quot;jet_parallax_layout_z_index&quot;:&quot;&quot;,&quot;jet_parallax_layout_bg_x&quot;:50,&quot;jet_parallax_layout_bg_x_tablet&quot;:&quot;&quot;,&quot;jet_parallax_layout_bg_x_mobile&quot;:&quot;&quot;,&quot;jet_parallax_layout_bg_y&quot;:50,&quot;jet_parallax_layout_bg_y_tablet&quot;:&quot;&quot;,&quot;jet_parallax_layout_bg_y_mobile&quot;:&quot;&quot;,&quot;jet_parallax_layout_bg_size&quot;:&quot;auto&quot;,&quot;jet_parallax_layout_bg_size_tablet&quot;:&quot;&quot;,&quot;jet_parallax_layout_bg_size_mobile&quot;:&quot;&quot;,&quot;jet_parallax_layout_animation_prop&quot;:&quot;transform&quot;,&quot;jet_parallax_layout_on&quot;:[&quot;desktop&quot;,&quot;tablet&quot;]}],&quot;background_background&quot;:&quot;gradient&quot;}\">\n\t\t\t\t\t\t<div class=\"elementor-container elementor-column-gap-default\">\n\t\t\t\t\t<div class=\"elementor-column elementor-col-100 elementor-top-column elementor-element elementor-element-61ac1e2d\" data-id=\"61ac1e2d\" data-element_type=\"column\">\n\t\t\t<div class=\"elementor-widget-wrap elementor-element-populated\">\n\t\t\t\t\t\t\t\t<div class=\"elementor-element elementor-element-6315d0bc elementor-widget elementor-widget-text-editor\" data-id=\"6315d0bc\" data-element_type=\"widget\" data-widget_type=\"text-editor.default\">\n\t\t\t\t<div class=\"elementor-widget-container\">\n\t\t\t\t\t\t\t\t<!-- wp:paragraph -->\n<p style=\"text-align: justify;\"><b style=\"font-size: 12px; color: #b7b7b7;\">1745-1822<\/b><br \/><b style=\"font-size: 25px;\">JOS\u00c9 LOUREN\u00c7O DA SILVA<\/b><br \/>Nasceu, por volta de 1745, em Portugal, casou com Maria do Monte Fortunata da Fonseca Mendes Rosado a 25 de fevereiro de 1787 em S\u00e3o Filipe, ilha do Fogo, Cabo Verde e faleceu na ilha do Fogo em 1822.<br \/>Patente militar: Sargento-Mor (1808) depois, Capit\u00e3o-Mor do Fogo (anterior a 1816) e por volta de 1816 tinha patente de Coronel. Foi eleito deputado \u00e0s Cortes, em mar\u00e7o de 1822, conforme o teor do parecer da Comiss\u00e3o de Poderes. \u201cO Sr. Rodrigo Ferreira leu o Parecer da Comiss\u00e3o de Poderes com que se aprovava e legalizara o Diploma do Sr. Deputado pelas illhas de Cabo Verde, o Coronel de Milicias, Jos\u00e9 Louren\u00e7o da Silva, remetendo-se ao Governo a devassa, a que procedeu o Ouvidor das mesmas illhas, por alguns disturbios ocorridos na elei\u00e7\u00e3o\u201d.<br \/>Jos\u00e9 Louren\u00e7o da Silva, segundo marido de Maria do Monte Fortunata da Fonseca Mendes Rosado, foi eleito deputado \u00e0s Cortes Constituintes pelo c\u00edrculo de Sotavento da prov\u00edncia de Cabo Verde. Fez a sua mais importante interven\u00e7\u00e3o na sess\u00e3o de 27 de mar\u00e7o de 1822, num tom contundente. Votou a primeira constitui\u00e7\u00e3o portuguesa, figurando a sua assinatura ao lado da de Manuel Ant\u00f3nio Martins, o outro deputado eleito pelo arquip\u00e9lago, e de alguns dos grandes nomes dos prim\u00f3rdios do liberalismo portugu\u00eas. Foi no Convento, depois, Pa\u00e7os das Necessidades (Lisboa), onde se reuniram \u00e0s Cortes Gerais e Constituintes em 1821 e 1822.\u00a0<\/p>\n<!-- \/wp:paragraph --><!-- wp:paragraph -->\t\t\t\t\t\t<\/div>\n\t\t\t\t<\/div>\n\t\t\t\t\t<\/div>\n\t\t<\/div>\n\t\t\t\t\t\t\t<\/div>\n\t\t<\/section>\n\t\t\t\t\t\t<\/div>\n\t\t\t\t\t<\/div>\n\t\t","protected":false},"excerpt":{"rendered":"<p>1745-1822JOS\u00c9 LOUREN\u00c7O DA SILVANasceu, por volta de 1745, em Portugal, casou com Maria do Monte Fortunata da Fonseca Mendes Rosado a 25 de fevereiro de 1787 em S\u00e3o Filipe, ilha do Fogo, Cabo Verde e faleceu na ilha do Fogo em 1822.Patente militar: Sargento-Mor (1808) depois, Capit\u00e3o-Mor do Fogo (anterior a 1816) e por volta [&hellip;]<\/p>\n","protected":false},"author":1,"featured_media":7513,"parent":0,"menu_order":69,"comment_status":"closed","ping_status":"closed","template":"elementor_header_footer","meta":[],"acf":[],"wpcf_dashboard":"<div class=\"woocommerce\"><div class=\"woocommerce-info\">Please log in first? <a class=\"wpneoShowLogin\" href=\"#\">Click here to login<\/a><\/div><div class=\"wpneo_login_form_div\" style=\"display: none;\">\n\t\t<form name=\"loginform\" id=\"loginform\" action=\"https:\/\/cmsf.cv\/wp-login.php\" method=\"post\">\n\t\t\t\n\t\t\t<p class=\"login-username\">\n\t\t\t\t<label for=\"user_login\">Nome de utilizador ou endere\u00e7o de email<\/label>\n\t\t\t\t<input type=\"text\" name=\"log\" id=\"user_login\" class=\"input\" value=\"\" size=\"20\" \/>\n\t\t\t<\/p>\n\t\t\t<p class=\"login-password\">\n\t\t\t\t<label for=\"user_pass\">Senha<\/label>\n\t\t\t\t<input type=\"password\" name=\"pwd\" id=\"user_pass\" class=\"input\" value=\"\" size=\"20\" \/>\n\t\t\t<\/p>\n\t\t\t\n\t\t\t<p class=\"login-remember\"><label><input name=\"rememberme\" type=\"checkbox\" id=\"rememberme\" value=\"forever\" \/> Lembrar-me<\/label><\/p>\n\t\t\t<p class=\"login-submit\">\n\t\t\t\t<input type=\"submit\" name=\"wp-submit\" id=\"wp-submit\" class=\"button button-primary\" value=\"Iniciar sess\u00e3o\" \/>\n\t\t\t\t<input type=\"hidden\" name=\"redirect_to\" value=\"https:\/\/cmsf.cv\/index.php\/wp-json\/wp\/v2\/pages\/7349\" \/>\n\t\t\t<\/p>\n\t\t\t\n\t\t<\/form><\/div><\/div>","_links":{"self":[{"href":"https:\/\/cmsf.cv\/index.php\/wp-json\/wp\/v2\/pages\/7349"}],"collection":[{"href":"https:\/\/cmsf.cv\/index.php\/wp-json\/wp\/v2\/pages"}],"about":[{"href":"https:\/\/cmsf.cv\/index.php\/wp-json\/wp\/v2\/types\/page"}],"author":[{"embeddable":true,"href":"https:\/\/cmsf.cv\/index.php\/wp-json\/wp\/v2\/users\/1"}],"replies":[{"embeddable":true,"href":"https:\/\/cmsf.cv\/index.php\/wp-json\/wp\/v2\/comments?post=7349"}],"version-history":[{"count":426,"href":"https:\/\/cmsf.cv\/index.php\/wp-json\/wp\/v2\/pages\/7349\/revisions"}],"predecessor-version":[{"id":16239,"href":"https:\/\/cmsf.cv\/index.php\/wp-json\/wp\/v2\/pages\/7349\/revisions\/16239"}],"wp:featuredmedia":[{"embeddable":true,"href":"https:\/\/cmsf.cv\/index.php\/wp-json\/wp\/v2\/media\/7513"}],"wp:attachment":[{"href":"https:\/\/cmsf.cv\/index.php\/wp-json\/wp\/v2\/media?parent=7349"}],"curies":[{"name":"wp","href":"https:\/\/api.w.org\/{rel}","templated":true}]}}