
{"id":7552,"date":"2021-07-02T13:09:15","date_gmt":"2021-07-02T14:09:15","guid":{"rendered":"https:\/\/cmsf.cv\/?page_id=7552"},"modified":"2022-09-01T08:38:12","modified_gmt":"2022-09-01T09:38:12","slug":"igrejas-5","status":"publish","type":"page","link":"https:\/\/cmsf.cv\/index.php\/igrejas-5\/","title":{"rendered":"Igrejas &#038; Capelas"},"content":{"rendered":"\t\t<div data-elementor-type=\"wp-page\" data-elementor-id=\"7552\" class=\"elementor elementor-7552\" data-elementor-settings=\"[]\">\n\t\t\t\t\t\t\t<div class=\"elementor-section-wrap\">\n\t\t\t\t\t\t\t<section class=\"elementor-section elementor-top-section elementor-element elementor-element-1c75c64 elementor-section-boxed elementor-section-height-default elementor-section-height-default\" data-id=\"1c75c64\" data-element_type=\"section\" data-settings=\"{&quot;jet_parallax_layout_list&quot;:[{&quot;jet_parallax_layout_image&quot;:{&quot;url&quot;:&quot;&quot;,&quot;id&quot;:&quot;&quot;,&quot;alt&quot;:&quot;&quot;,&quot;source&quot;:&quot;library&quot;},&quot;_id&quot;:&quot;de43191&quot;,&quot;jet_parallax_layout_image_tablet&quot;:{&quot;url&quot;:&quot;&quot;,&quot;id&quot;:&quot;&quot;},&quot;jet_parallax_layout_image_mobile&quot;:{&quot;url&quot;:&quot;&quot;,&quot;id&quot;:&quot;&quot;},&quot;jet_parallax_layout_speed&quot;:{&quot;unit&quot;:&quot;%&quot;,&quot;size&quot;:50,&quot;sizes&quot;:[]},&quot;jet_parallax_layout_type&quot;:&quot;scroll&quot;,&quot;jet_parallax_layout_direction&quot;:null,&quot;jet_parallax_layout_fx_direction&quot;:null,&quot;jet_parallax_layout_z_index&quot;:&quot;&quot;,&quot;jet_parallax_layout_bg_x&quot;:50,&quot;jet_parallax_layout_bg_x_tablet&quot;:&quot;&quot;,&quot;jet_parallax_layout_bg_x_mobile&quot;:&quot;&quot;,&quot;jet_parallax_layout_bg_y&quot;:50,&quot;jet_parallax_layout_bg_y_tablet&quot;:&quot;&quot;,&quot;jet_parallax_layout_bg_y_mobile&quot;:&quot;&quot;,&quot;jet_parallax_layout_bg_size&quot;:&quot;auto&quot;,&quot;jet_parallax_layout_bg_size_tablet&quot;:&quot;&quot;,&quot;jet_parallax_layout_bg_size_mobile&quot;:&quot;&quot;,&quot;jet_parallax_layout_animation_prop&quot;:&quot;transform&quot;,&quot;jet_parallax_layout_on&quot;:[&quot;desktop&quot;,&quot;tablet&quot;]}],&quot;background_background&quot;:&quot;classic&quot;}\">\n\t\t\t\t\t\t<div class=\"elementor-container elementor-column-gap-default\">\n\t\t\t\t\t<div class=\"elementor-column elementor-col-50 elementor-top-column elementor-element elementor-element-346c97e\" data-id=\"346c97e\" data-element_type=\"column\">\n\t\t\t<div class=\"elementor-widget-wrap elementor-element-populated\">\n\t\t\t\t\t\t\t\t<div class=\"elementor-element elementor-element-5451c3b elementor-widget elementor-widget-heading\" data-id=\"5451c3b\" data-element_type=\"widget\" data-widget_type=\"heading.default\">\n\t\t\t\t<div class=\"elementor-widget-container\">\n\t\t\t<h2 class=\"elementor-heading-title elementor-size-default\">Igreja Matriz Nossa Senhora da Concei\u00e7\u00e3o<\/h2>\t\t<\/div>\n\t\t\t\t<\/div>\n\t\t\t\t<div class=\"elementor-element elementor-element-b0fdd2c elementor-widget elementor-widget-text-editor\" data-id=\"b0fdd2c\" data-element_type=\"widget\" data-widget_type=\"text-editor.default\">\n\t\t\t\t<div class=\"elementor-widget-container\">\n\t\t\t\t\t\t\t\t<p>N\u00e3o existem dados hist\u00f3ricos e documentos comprovativos fi\u00e1veis do in\u00edcio da sua edifica\u00e7\u00e3o. Entre 1850 e 1858, o Bispo Dom Patr\u00edcio Xavier da Moura, de Set\u00fabal (Portugal) que estabeleceu a sua resid\u00eancia no Fogo, referia que a Igreja Paroquial da Vila estava em bom estado, embora fosse t\u00e9rrea, talvez numa refer\u00eancia \u00e0 igreja de Nossa Senhora da Concei\u00e7\u00e3o. Outros documentos apontam que a edifica\u00e7\u00e3o desse emblem\u00e1tico monumento do Centro Hist\u00f3rico, ter\u00e1 ocorrido entre 1870\/80, no reinado do Padre Figueira, antecessor do Padre Miguel, natural de Penha de Fran\u00e7a, Santo Ant\u00e3o.<\/p><p>A certid\u00e3o de casamento de Jo\u00e3o Baptista Vieira de Vasconcelos, datada de 29 de mar\u00e7o de 1880 d\u00e1 conta que o ato foi celebrado na capela de Miseric\u00f3rdia (que situava no largo onde foi constru\u00eddo o bairro novo nos anos 1980). Em 1950 o edif\u00edcio foi restaurado provavelmente pelo Padre Sim\u00f5es, em 1962\/63 foi objeto de uma interven\u00e7\u00e3o ligeira, pelos Padres Capuchinhos e de 2003 a 2007, uma remodela\u00e7\u00e3o profunda, assumida pela Diocese de Cabo Verde.<\/p><p>A igreja tem uma fachada cl\u00e1ssica e a estrutura assemelha-se a uma Cruz Romana, com duas torres e duas sacristias. Registado como pr\u00e9dio urbano de uso religioso \u00e9 coberto de telha. A capela-mor comunica com as duas sacristias. Tem um batist\u00e9rio (debaixo de uma das torres) onde se encontra a Pia Batismal feita de uma pedra \u00fanica. Escada em caracol d\u00e1 acesso ao coro. O rel\u00f3gio provavelmente veio da Am\u00e9rica e foi recuperado em 2007.<\/p><p>\u00a0<\/p>\t\t\t\t\t\t<\/div>\n\t\t\t\t<\/div>\n\t\t\t\t\t<\/div>\n\t\t<\/div>\n\t\t\t\t<div class=\"elementor-column elementor-col-50 elementor-top-column elementor-element elementor-element-15eb01f\" data-id=\"15eb01f\" data-element_type=\"column\">\n\t\t\t<div class=\"elementor-widget-wrap elementor-element-populated\">\n\t\t\t\t\t\t\t\t<div class=\"elementor-element elementor-element-a8f7386 elementor-widget elementor-widget-image\" data-id=\"a8f7386\" data-element_type=\"widget\" data-widget_type=\"image.default\">\n\t\t\t\t<div class=\"elementor-widget-container\">\n\t\t\t\t\t\t\t\t\t\t\t\t\t\t\t<img width=\"1024\" height=\"683\" src=\"https:\/\/cmsf.cv\/wp-content\/uploads\/2021\/11\/igreija-matriz-1024x683.jpg\" class=\"attachment-large size-large\" alt=\"\" loading=\"lazy\" srcset=\"https:\/\/cmsf.cv\/wp-content\/uploads\/2021\/11\/igreija-matriz-1024x683.jpg 1024w, https:\/\/cmsf.cv\/wp-content\/uploads\/2021\/11\/igreija-matriz-scaled-300x200.jpg 300w, https:\/\/cmsf.cv\/wp-content\/uploads\/2021\/11\/igreija-matriz-scaled-600x400.jpg 600w, https:\/\/cmsf.cv\/wp-content\/uploads\/2021\/11\/igreija-matriz-768x512.jpg 768w, https:\/\/cmsf.cv\/wp-content\/uploads\/2021\/11\/igreija-matriz-1536x1024.jpg 1536w, https:\/\/cmsf.cv\/wp-content\/uploads\/2021\/11\/igreija-matriz-2048x1365.jpg 2048w, https:\/\/cmsf.cv\/wp-content\/uploads\/2021\/11\/igreija-matriz-560x373.jpg 560w\" sizes=\"(max-width: 1024px) 100vw, 1024px\" \/>\t\t\t\t\t\t\t\t\t\t\t\t\t\t\t<\/div>\n\t\t\t\t<\/div>\n\t\t\t\t\t<\/div>\n\t\t<\/div>\n\t\t\t\t\t\t\t<\/div>\n\t\t<\/section>\n\t\t\t\t<section class=\"elementor-section elementor-top-section elementor-element elementor-element-85c73ed elementor-section-boxed elementor-section-height-default elementor-section-height-default\" data-id=\"85c73ed\" data-element_type=\"section\" data-settings=\"{&quot;jet_parallax_layout_list&quot;:[{&quot;jet_parallax_layout_image&quot;:{&quot;url&quot;:&quot;&quot;,&quot;id&quot;:&quot;&quot;},&quot;_id&quot;:&quot;de43191&quot;,&quot;jet_parallax_layout_image_tablet&quot;:{&quot;url&quot;:&quot;&quot;,&quot;id&quot;:&quot;&quot;},&quot;jet_parallax_layout_image_mobile&quot;:{&quot;url&quot;:&quot;&quot;,&quot;id&quot;:&quot;&quot;},&quot;jet_parallax_layout_speed&quot;:{&quot;unit&quot;:&quot;%&quot;,&quot;size&quot;:50,&quot;sizes&quot;:[]},&quot;jet_parallax_layout_type&quot;:&quot;scroll&quot;,&quot;jet_parallax_layout_direction&quot;:null,&quot;jet_parallax_layout_fx_direction&quot;:null,&quot;jet_parallax_layout_z_index&quot;:&quot;&quot;,&quot;jet_parallax_layout_bg_x&quot;:50,&quot;jet_parallax_layout_bg_x_tablet&quot;:&quot;&quot;,&quot;jet_parallax_layout_bg_x_mobile&quot;:&quot;&quot;,&quot;jet_parallax_layout_bg_y&quot;:50,&quot;jet_parallax_layout_bg_y_tablet&quot;:&quot;&quot;,&quot;jet_parallax_layout_bg_y_mobile&quot;:&quot;&quot;,&quot;jet_parallax_layout_bg_size&quot;:&quot;auto&quot;,&quot;jet_parallax_layout_bg_size_tablet&quot;:&quot;&quot;,&quot;jet_parallax_layout_bg_size_mobile&quot;:&quot;&quot;,&quot;jet_parallax_layout_animation_prop&quot;:&quot;transform&quot;,&quot;jet_parallax_layout_on&quot;:[&quot;desktop&quot;,&quot;tablet&quot;]}],&quot;background_background&quot;:&quot;classic&quot;}\">\n\t\t\t\t\t\t<div class=\"elementor-container elementor-column-gap-default\">\n\t\t\t\t\t<div class=\"elementor-column elementor-col-50 elementor-top-column elementor-element elementor-element-144ea94\" data-id=\"144ea94\" data-element_type=\"column\">\n\t\t\t<div class=\"elementor-widget-wrap elementor-element-populated\">\n\t\t\t\t\t\t\t\t<div class=\"elementor-element elementor-element-20ccaf6 elementor-widget elementor-widget-image\" data-id=\"20ccaf6\" data-element_type=\"widget\" data-widget_type=\"image.default\">\n\t\t\t\t<div class=\"elementor-widget-container\">\n\t\t\t\t\t\t\t\t\t\t\t\t\t\t\t<img width=\"832\" height=\"607\" src=\"https:\/\/cmsf.cv\/wp-content\/uploads\/2022\/02\/igreja-sao-lorenco-e1657112366979.jpg\" class=\"attachment-large size-large\" alt=\"\" loading=\"lazy\" srcset=\"https:\/\/cmsf.cv\/wp-content\/uploads\/2022\/02\/igreja-sao-lorenco-e1657112366979.jpg 832w, https:\/\/cmsf.cv\/wp-content\/uploads\/2022\/02\/igreja-sao-lorenco-e1657112366979-300x219.jpg 300w, https:\/\/cmsf.cv\/wp-content\/uploads\/2022\/02\/igreja-sao-lorenco-e1657112366979-768x560.jpg 768w, https:\/\/cmsf.cv\/wp-content\/uploads\/2022\/02\/igreja-sao-lorenco-e1657112366979-600x438.jpg 600w, https:\/\/cmsf.cv\/wp-content\/uploads\/2022\/02\/igreja-sao-lorenco-e1657112366979-560x409.jpg 560w\" sizes=\"(max-width: 832px) 100vw, 832px\" \/>\t\t\t\t\t\t\t\t\t\t\t\t\t\t\t<\/div>\n\t\t\t\t<\/div>\n\t\t\t\t\t<\/div>\n\t\t<\/div>\n\t\t\t\t<div class=\"elementor-column elementor-col-50 elementor-top-column elementor-element elementor-element-fc6bdf9\" data-id=\"fc6bdf9\" data-element_type=\"column\">\n\t\t\t<div class=\"elementor-widget-wrap elementor-element-populated\">\n\t\t\t\t\t\t\t\t<div class=\"elementor-element elementor-element-7765315 elementor-widget elementor-widget-heading\" data-id=\"7765315\" data-element_type=\"widget\" data-widget_type=\"heading.default\">\n\t\t\t\t<div class=\"elementor-widget-container\">\n\t\t\t<h2 class=\"elementor-heading-title elementor-size-default\">Igreja de S\u00e3o Louren\u00e7o<\/h2>\t\t<\/div>\n\t\t\t\t<\/div>\n\t\t\t\t<div class=\"elementor-element elementor-element-b460b67 elementor-widget elementor-widget-text-editor\" data-id=\"b460b67\" data-element_type=\"widget\" data-widget_type=\"text-editor.default\">\n\t\t\t\t<div class=\"elementor-widget-container\">\n\t\t\t\t\t\t\t\t<p>A Igreja matriz de S\u00e3o Louren\u00e7o \u00e9 a sede da paroquia da Freguesia de S\u00e3o Louren\u00e7o do Pico. Provavelmente \u00e9 a igreja mais antiga das em fun\u00e7\u00f5es e sofreu v\u00e1rias remodela\u00e7\u00f5es. A data da sua constru\u00e7\u00e3o, ao que tudo indica, \u00e9 anterior a 1700 e existiu antes de haver uma matriz que veio com a transforma\u00e7\u00e3o da ermida do Morgadio de Pombal, da qual se transferiu a lapide funer\u00e1ria do tumulo de Ana Serrana, vi\u00fava de Jo\u00e3o Fernandes, que faleceu em 1538.<\/p><p>Dados hist\u00f3ricos apontam que em 1534 S\u00e3o Filipe j\u00e1 tinha um p\u00e1roco, o padre Gil, e que a Paroquia de S\u00e3o Louren\u00e7o seria criada em 1556, mas n\u00e3o se sabe se a sede era no atual espa\u00e7o onde localiza-se a igreja de S\u00e3o Louren\u00e7o.<\/p><p>Desde 1949 que a paroquia est\u00e1 sob a responsabilidade dos capuchinhos, sendo S\u00e3o Louren\u00e7o a terceira fraternidade dos capuchinhos em Cabo Verde, depois de Mosteiros e Brava.<\/p><p>Em 1949, com a chegada de novos mission\u00e1rios como Frei Mauro Cismondi e Frei Francisco de Padula o Bispo confia aos Capuchinhos a cura pastoral desta benem\u00e9rita par\u00f3quia dedicada ao di\u00e1cono Romano, Louren\u00e7o.<\/p><p>Os primeiros frades a habitarem em S\u00e3o Louren\u00e7o foram os freis Fidelis, Pio e Francisco. Quando chegaram n\u00e3o tinham onde morar por isso arrendaram uma casa em Pedro Homem, depois em Curral Grande e s\u00f3 num terceiro momento em S\u00e3o Louren\u00e7o.<\/p>\t\t\t\t\t\t<\/div>\n\t\t\t\t<\/div>\n\t\t\t\t\t<\/div>\n\t\t<\/div>\n\t\t\t\t\t\t\t<\/div>\n\t\t<\/section>\n\t\t\t\t<section class=\"elementor-section elementor-top-section elementor-element elementor-element-30f162a elementor-section-boxed elementor-section-height-default elementor-section-height-default\" data-id=\"30f162a\" data-element_type=\"section\" data-settings=\"{&quot;jet_parallax_layout_list&quot;:[{&quot;jet_parallax_layout_image&quot;:{&quot;url&quot;:&quot;&quot;,&quot;id&quot;:&quot;&quot;},&quot;_id&quot;:&quot;de43191&quot;,&quot;jet_parallax_layout_image_tablet&quot;:{&quot;url&quot;:&quot;&quot;,&quot;id&quot;:&quot;&quot;},&quot;jet_parallax_layout_image_mobile&quot;:{&quot;url&quot;:&quot;&quot;,&quot;id&quot;:&quot;&quot;},&quot;jet_parallax_layout_speed&quot;:{&quot;unit&quot;:&quot;%&quot;,&quot;size&quot;:50,&quot;sizes&quot;:[]},&quot;jet_parallax_layout_type&quot;:&quot;scroll&quot;,&quot;jet_parallax_layout_direction&quot;:null,&quot;jet_parallax_layout_fx_direction&quot;:null,&quot;jet_parallax_layout_z_index&quot;:&quot;&quot;,&quot;jet_parallax_layout_bg_x&quot;:50,&quot;jet_parallax_layout_bg_x_tablet&quot;:&quot;&quot;,&quot;jet_parallax_layout_bg_x_mobile&quot;:&quot;&quot;,&quot;jet_parallax_layout_bg_y&quot;:50,&quot;jet_parallax_layout_bg_y_tablet&quot;:&quot;&quot;,&quot;jet_parallax_layout_bg_y_mobile&quot;:&quot;&quot;,&quot;jet_parallax_layout_bg_size&quot;:&quot;auto&quot;,&quot;jet_parallax_layout_bg_size_tablet&quot;:&quot;&quot;,&quot;jet_parallax_layout_bg_size_mobile&quot;:&quot;&quot;,&quot;jet_parallax_layout_animation_prop&quot;:&quot;transform&quot;,&quot;jet_parallax_layout_on&quot;:[&quot;desktop&quot;,&quot;tablet&quot;]}],&quot;background_background&quot;:&quot;classic&quot;}\">\n\t\t\t\t\t\t<div class=\"elementor-container elementor-column-gap-default\">\n\t\t\t\t\t<div class=\"elementor-column elementor-col-50 elementor-top-column elementor-element elementor-element-b75417c\" data-id=\"b75417c\" data-element_type=\"column\">\n\t\t\t<div class=\"elementor-widget-wrap elementor-element-populated\">\n\t\t\t\t\t\t\t\t<div class=\"elementor-element elementor-element-089b691 elementor-widget elementor-widget-heading\" data-id=\"089b691\" data-element_type=\"widget\" data-widget_type=\"heading.default\">\n\t\t\t\t<div class=\"elementor-widget-container\">\n\t\t\t<h2 class=\"elementor-heading-title elementor-size-default\">Igreja Nazareno<\/h2>\t\t<\/div>\n\t\t\t\t<\/div>\n\t\t\t\t<div class=\"elementor-element elementor-element-11b1005 elementor-widget elementor-widget-text-editor\" data-id=\"11b1005\" data-element_type=\"widget\" data-widget_type=\"text-editor.default\">\n\t\t\t\t<div class=\"elementor-widget-container\">\n\t\t\t\t\t\t\t\t<p>A igreja do Nazareno em S\u00e3o Filipe fogo, foi estabelecida no ano de 1937.\u00a0<\/p><p>O templo foi inaugurado em Maio de 1970. A igreja tem mais de 10 congrega\u00e7\u00f5es em toda a ilha.\u00a0<\/p><p>\u00a0<\/p>\t\t\t\t\t\t<\/div>\n\t\t\t\t<\/div>\n\t\t\t\t<div class=\"elementor-element elementor-element-b9c34a0 elementor-widget elementor-widget-text-editor\" data-id=\"b9c34a0\" data-element_type=\"widget\" data-widget_type=\"text-editor.default\">\n\t\t\t\t<div class=\"elementor-widget-container\">\n\t\t\t\t\t\t\t\t\t\t\t\t\t\t<\/div>\n\t\t\t\t<\/div>\n\t\t\t\t\t<\/div>\n\t\t<\/div>\n\t\t\t\t<div class=\"elementor-column elementor-col-50 elementor-top-column elementor-element elementor-element-8157c26\" data-id=\"8157c26\" data-element_type=\"column\">\n\t\t\t<div class=\"elementor-widget-wrap elementor-element-populated\">\n\t\t\t\t\t\t\t\t<div class=\"elementor-element elementor-element-b8acff0 elementor-widget elementor-widget-image\" data-id=\"b8acff0\" data-element_type=\"widget\" data-widget_type=\"image.default\">\n\t\t\t\t<div class=\"elementor-widget-container\">\n\t\t\t\t\t\t\t\t\t\t\t\t\t\t\t<img width=\"1024\" height=\"683\" src=\"https:\/\/cmsf.cv\/wp-content\/uploads\/2022\/07\/IMG_2982-1024x683.jpg\" class=\"attachment-large size-large\" alt=\"\" loading=\"lazy\" srcset=\"https:\/\/cmsf.cv\/wp-content\/uploads\/2022\/07\/IMG_2982-1024x683.jpg 1024w, https:\/\/cmsf.cv\/wp-content\/uploads\/2022\/07\/IMG_2982-300x200.jpg 300w, https:\/\/cmsf.cv\/wp-content\/uploads\/2022\/07\/IMG_2982-768x512.jpg 768w, https:\/\/cmsf.cv\/wp-content\/uploads\/2022\/07\/IMG_2982-1536x1024.jpg 1536w, https:\/\/cmsf.cv\/wp-content\/uploads\/2022\/07\/IMG_2982-2048x1365.jpg 2048w, https:\/\/cmsf.cv\/wp-content\/uploads\/2022\/07\/IMG_2982-600x400.jpg 600w, https:\/\/cmsf.cv\/wp-content\/uploads\/2022\/07\/IMG_2982-560x373.jpg 560w\" sizes=\"(max-width: 1024px) 100vw, 1024px\" \/>\t\t\t\t\t\t\t\t\t\t\t\t\t\t\t<\/div>\n\t\t\t\t<\/div>\n\t\t\t\t\t<\/div>\n\t\t<\/div>\n\t\t\t\t\t\t\t<\/div>\n\t\t<\/section>\n\t\t\t\t<section class=\"elementor-section elementor-top-section elementor-element elementor-element-409f34b elementor-section-boxed elementor-section-height-default elementor-section-height-default\" data-id=\"409f34b\" data-element_type=\"section\" data-settings=\"{&quot;jet_parallax_layout_list&quot;:[{&quot;jet_parallax_layout_image&quot;:{&quot;url&quot;:&quot;&quot;,&quot;id&quot;:&quot;&quot;},&quot;_id&quot;:&quot;de43191&quot;,&quot;jet_parallax_layout_image_tablet&quot;:{&quot;url&quot;:&quot;&quot;,&quot;id&quot;:&quot;&quot;},&quot;jet_parallax_layout_image_mobile&quot;:{&quot;url&quot;:&quot;&quot;,&quot;id&quot;:&quot;&quot;},&quot;jet_parallax_layout_speed&quot;:{&quot;unit&quot;:&quot;%&quot;,&quot;size&quot;:50,&quot;sizes&quot;:[]},&quot;jet_parallax_layout_type&quot;:&quot;scroll&quot;,&quot;jet_parallax_layout_direction&quot;:null,&quot;jet_parallax_layout_fx_direction&quot;:null,&quot;jet_parallax_layout_z_index&quot;:&quot;&quot;,&quot;jet_parallax_layout_bg_x&quot;:50,&quot;jet_parallax_layout_bg_x_tablet&quot;:&quot;&quot;,&quot;jet_parallax_layout_bg_x_mobile&quot;:&quot;&quot;,&quot;jet_parallax_layout_bg_y&quot;:50,&quot;jet_parallax_layout_bg_y_tablet&quot;:&quot;&quot;,&quot;jet_parallax_layout_bg_y_mobile&quot;:&quot;&quot;,&quot;jet_parallax_layout_bg_size&quot;:&quot;auto&quot;,&quot;jet_parallax_layout_bg_size_tablet&quot;:&quot;&quot;,&quot;jet_parallax_layout_bg_size_mobile&quot;:&quot;&quot;,&quot;jet_parallax_layout_animation_prop&quot;:&quot;transform&quot;,&quot;jet_parallax_layout_on&quot;:[&quot;desktop&quot;,&quot;tablet&quot;]}],&quot;background_background&quot;:&quot;classic&quot;}\">\n\t\t\t\t\t\t<div class=\"elementor-container elementor-column-gap-default\">\n\t\t\t\t\t<div class=\"elementor-column elementor-col-50 elementor-top-column elementor-element elementor-element-a748f6e\" data-id=\"a748f6e\" data-element_type=\"column\">\n\t\t\t<div class=\"elementor-widget-wrap elementor-element-populated\">\n\t\t\t\t\t\t\t\t<div class=\"elementor-element elementor-element-c871c65 elementor-widget elementor-widget-heading\" data-id=\"c871c65\" data-element_type=\"widget\" data-widget_type=\"heading.default\">\n\t\t\t\t<div class=\"elementor-widget-container\">\n\t\t\t<h2 class=\"elementor-heading-title elementor-size-default\">Testemunhas de Jeov\u00e1<\/h2>\t\t<\/div>\n\t\t\t\t<\/div>\n\t\t\t\t<div class=\"elementor-element elementor-element-99234be elementor-widget elementor-widget-text-editor\" data-id=\"99234be\" data-element_type=\"widget\" data-widget_type=\"text-editor.default\">\n\t\t\t\t<div class=\"elementor-widget-container\">\n\t\t\t\t\t\t\t\t<p>&#8220;As Testemunhas de Jeov\u00e1 est\u00e3o presentes na cidade de S\u00e3o Filipe desde 1976.<br \/>O Sal\u00e3o do Reino das Testemunhas de Jeov\u00e1, o seu lugar de reuni\u00f5es, foi constru\u00eddo nesta cidade em 1999. Para saber mais sobre as Testemunhas de Jeov\u00e1 por favor visite o seu site oficial <a href=\"https:\/\/eur02.safelinks.protection.outlook.com\/?url=http%3A%2F%2Fwww.jw.org%2F&amp;data=05%7C01%7Cmagno.tavares%40cmsf.cv%7Ca355aec89ca84bc68fda08da681cb051%7C7b5cbde4267f45f99ef28e96f55b5ad1%7C0%7C0%7C637936769685821379%7CUnknown%7CTWFpbGZsb3d8eyJWIjoiMC4wLjAwMDAiLCJQIjoiV2luMzIiLCJBTiI6Ik1haWwiLCJXVCI6Mn0%3D%7C3000%7C%7C%7C&amp;sdata=ZJXvGUsrTIs1d%2BXj2yPk4dkD9klHnsWMcvIahruWmo4%3D&amp;reserved=0\">www.jw.org<\/a>&#8220;.<\/p>\t\t\t\t\t\t<\/div>\n\t\t\t\t<\/div>\n\t\t\t\t<div class=\"elementor-element elementor-element-6016786 elementor-widget elementor-widget-text-editor\" data-id=\"6016786\" data-element_type=\"widget\" data-widget_type=\"text-editor.default\">\n\t\t\t\t<div class=\"elementor-widget-container\">\n\t\t\t\t\t\t\t\t\t\t\t\t\t\t<\/div>\n\t\t\t\t<\/div>\n\t\t\t\t\t<\/div>\n\t\t<\/div>\n\t\t\t\t<div class=\"elementor-column elementor-col-50 elementor-top-column elementor-element elementor-element-aefd12a\" data-id=\"aefd12a\" data-element_type=\"column\">\n\t\t\t<div class=\"elementor-widget-wrap elementor-element-populated\">\n\t\t\t\t\t\t\t\t<div class=\"elementor-element elementor-element-3721cbf elementor-widget elementor-widget-image\" data-id=\"3721cbf\" data-element_type=\"widget\" data-widget_type=\"image.default\">\n\t\t\t\t<div class=\"elementor-widget-container\">\n\t\t\t\t\t\t\t\t\t\t\t\t\t\t\t<img width=\"1024\" height=\"683\" src=\"https:\/\/cmsf.cv\/wp-content\/uploads\/2022\/07\/IMG_5452-1024x683.jpg\" class=\"attachment-large size-large\" alt=\"\" loading=\"lazy\" srcset=\"https:\/\/cmsf.cv\/wp-content\/uploads\/2022\/07\/IMG_5452-1024x683.jpg 1024w, https:\/\/cmsf.cv\/wp-content\/uploads\/2022\/07\/IMG_5452-300x200.jpg 300w, https:\/\/cmsf.cv\/wp-content\/uploads\/2022\/07\/IMG_5452-768x512.jpg 768w, https:\/\/cmsf.cv\/wp-content\/uploads\/2022\/07\/IMG_5452-1536x1024.jpg 1536w, https:\/\/cmsf.cv\/wp-content\/uploads\/2022\/07\/IMG_5452-2048x1365.jpg 2048w, https:\/\/cmsf.cv\/wp-content\/uploads\/2022\/07\/IMG_5452-600x400.jpg 600w, https:\/\/cmsf.cv\/wp-content\/uploads\/2022\/07\/IMG_5452-560x373.jpg 560w\" sizes=\"(max-width: 1024px) 100vw, 1024px\" \/>\t\t\t\t\t\t\t\t\t\t\t\t\t\t\t<\/div>\n\t\t\t\t<\/div>\n\t\t\t\t\t<\/div>\n\t\t<\/div>\n\t\t\t\t\t\t\t<\/div>\n\t\t<\/section>\n\t\t\t\t<section class=\"elementor-section elementor-top-section elementor-element elementor-element-d93ffe9 elementor-section-boxed elementor-section-height-default elementor-section-height-default\" data-id=\"d93ffe9\" data-element_type=\"section\" data-settings=\"{&quot;jet_parallax_layout_list&quot;:[{&quot;jet_parallax_layout_image&quot;:{&quot;url&quot;:&quot;&quot;,&quot;id&quot;:&quot;&quot;},&quot;_id&quot;:&quot;de43191&quot;,&quot;jet_parallax_layout_image_tablet&quot;:{&quot;url&quot;:&quot;&quot;,&quot;id&quot;:&quot;&quot;},&quot;jet_parallax_layout_image_mobile&quot;:{&quot;url&quot;:&quot;&quot;,&quot;id&quot;:&quot;&quot;},&quot;jet_parallax_layout_speed&quot;:{&quot;unit&quot;:&quot;%&quot;,&quot;size&quot;:50,&quot;sizes&quot;:[]},&quot;jet_parallax_layout_type&quot;:&quot;scroll&quot;,&quot;jet_parallax_layout_direction&quot;:null,&quot;jet_parallax_layout_fx_direction&quot;:null,&quot;jet_parallax_layout_z_index&quot;:&quot;&quot;,&quot;jet_parallax_layout_bg_x&quot;:50,&quot;jet_parallax_layout_bg_x_tablet&quot;:&quot;&quot;,&quot;jet_parallax_layout_bg_x_mobile&quot;:&quot;&quot;,&quot;jet_parallax_layout_bg_y&quot;:50,&quot;jet_parallax_layout_bg_y_tablet&quot;:&quot;&quot;,&quot;jet_parallax_layout_bg_y_mobile&quot;:&quot;&quot;,&quot;jet_parallax_layout_bg_size&quot;:&quot;auto&quot;,&quot;jet_parallax_layout_bg_size_tablet&quot;:&quot;&quot;,&quot;jet_parallax_layout_bg_size_mobile&quot;:&quot;&quot;,&quot;jet_parallax_layout_animation_prop&quot;:&quot;transform&quot;,&quot;jet_parallax_layout_on&quot;:[&quot;desktop&quot;,&quot;tablet&quot;]}],&quot;background_background&quot;:&quot;classic&quot;}\">\n\t\t\t\t\t\t<div class=\"elementor-container elementor-column-gap-default\">\n\t\t\t\t\t<div class=\"elementor-column elementor-col-50 elementor-top-column elementor-element elementor-element-cfa3836\" data-id=\"cfa3836\" data-element_type=\"column\">\n\t\t\t<div class=\"elementor-widget-wrap elementor-element-populated\">\n\t\t\t\t\t\t\t\t<div class=\"elementor-element elementor-element-480315b elementor-widget elementor-widget-image\" data-id=\"480315b\" data-element_type=\"widget\" data-widget_type=\"image.default\">\n\t\t\t\t<div class=\"elementor-widget-container\">\n\t\t\t\t\t\t\t\t\t\t\t\t\t\t\t<img width=\"1024\" height=\"683\" src=\"https:\/\/cmsf.cv\/wp-content\/uploads\/2022\/07\/igreja-nova-postolica-1024x683.jpg\" class=\"attachment-large size-large\" alt=\"\" loading=\"lazy\" srcset=\"https:\/\/cmsf.cv\/wp-content\/uploads\/2022\/07\/igreja-nova-postolica-scaled-e1657112238382.jpg 1024w, https:\/\/cmsf.cv\/wp-content\/uploads\/2022\/07\/igreja-nova-postolica-300x200.jpg 300w, https:\/\/cmsf.cv\/wp-content\/uploads\/2022\/07\/igreja-nova-postolica-768x512.jpg 768w, https:\/\/cmsf.cv\/wp-content\/uploads\/2022\/07\/igreja-nova-postolica-1536x1024.jpg 1536w, https:\/\/cmsf.cv\/wp-content\/uploads\/2022\/07\/igreja-nova-postolica-2048x1365.jpg 2048w, https:\/\/cmsf.cv\/wp-content\/uploads\/2022\/07\/igreja-nova-postolica-600x400.jpg 600w, https:\/\/cmsf.cv\/wp-content\/uploads\/2022\/07\/igreja-nova-postolica-560x373.jpg 560w\" sizes=\"(max-width: 1024px) 100vw, 1024px\" \/>\t\t\t\t\t\t\t\t\t\t\t\t\t\t\t<\/div>\n\t\t\t\t<\/div>\n\t\t\t\t\t<\/div>\n\t\t<\/div>\n\t\t\t\t<div class=\"elementor-column elementor-col-50 elementor-top-column elementor-element elementor-element-311ee30\" data-id=\"311ee30\" data-element_type=\"column\">\n\t\t\t<div class=\"elementor-widget-wrap elementor-element-populated\">\n\t\t\t\t\t\t\t\t<div class=\"elementor-element elementor-element-c9bb71c elementor-widget elementor-widget-heading\" data-id=\"c9bb71c\" data-element_type=\"widget\" data-widget_type=\"heading.default\">\n\t\t\t\t<div class=\"elementor-widget-container\">\n\t\t\t<h2 class=\"elementor-heading-title elementor-size-default\">Igreja Nova Apost\u00f3lica<\/h2>\t\t<\/div>\n\t\t\t\t<\/div>\n\t\t\t\t<div class=\"elementor-element elementor-element-1580acf elementor-widget elementor-widget-text-editor\" data-id=\"1580acf\" data-element_type=\"widget\" data-widget_type=\"text-editor.default\">\n\t\t\t\t<div class=\"elementor-widget-container\">\n\t\t\t\t\t\t\t\t<p>No dia 12 de maio de 1982 chegaram os primeiros mission\u00e1rios a ilha do Fogo. O Ap\u00f3stolo Hermann Magnay e o Evangelista Augusto Ludvier.<\/p><p>A primeira comunidade surgiu na aldeia da Ribeira do Ilheu, um casal idoso converteram na f\u00e9 Nova apost\u00f3lica. Em 20 e 27 do m\u00eas de julho surgiram as comunidades de S\u00e3o Filipe. Os of\u00edcios divinos eram realizados na antiga casa cinema \u201cCasa Sr. Zuca&#8221;. Com tempo a doutrina foi espalhada para Luzia Nunes, Patim, Corvo, Relva, Achada Grande e Tinteira.<\/p><p>No 26 de abril de 1988 foi inaugurada a primeira Igreja em S\u00e3o Filipe. Hoje a Igreja tem sete Igrejas constru\u00eddo e mas de oitocentos membros na regi\u00e3o do Fogo.<\/p>\t\t\t\t\t\t<\/div>\n\t\t\t\t<\/div>\n\t\t\t\t<div class=\"elementor-element elementor-element-16d23b1 elementor-widget elementor-widget-text-editor\" data-id=\"16d23b1\" data-element_type=\"widget\" data-widget_type=\"text-editor.default\">\n\t\t\t\t<div class=\"elementor-widget-container\">\n\t\t\t\t\t\t\t\t\t\t\t\t\t\t<\/div>\n\t\t\t\t<\/div>\n\t\t\t\t\t<\/div>\n\t\t<\/div>\n\t\t\t\t\t\t\t<\/div>\n\t\t<\/section>\n\t\t\t\t<section class=\"elementor-section elementor-top-section elementor-element elementor-element-d19ae59 elementor-section-boxed elementor-section-height-default elementor-section-height-default\" data-id=\"d19ae59\" data-element_type=\"section\" data-settings=\"{&quot;jet_parallax_layout_list&quot;:[{&quot;jet_parallax_layout_image&quot;:{&quot;url&quot;:&quot;&quot;,&quot;id&quot;:&quot;&quot;},&quot;_id&quot;:&quot;de43191&quot;,&quot;jet_parallax_layout_image_tablet&quot;:{&quot;url&quot;:&quot;&quot;,&quot;id&quot;:&quot;&quot;},&quot;jet_parallax_layout_image_mobile&quot;:{&quot;url&quot;:&quot;&quot;,&quot;id&quot;:&quot;&quot;},&quot;jet_parallax_layout_speed&quot;:{&quot;unit&quot;:&quot;%&quot;,&quot;size&quot;:50,&quot;sizes&quot;:[]},&quot;jet_parallax_layout_type&quot;:&quot;scroll&quot;,&quot;jet_parallax_layout_direction&quot;:null,&quot;jet_parallax_layout_fx_direction&quot;:null,&quot;jet_parallax_layout_z_index&quot;:&quot;&quot;,&quot;jet_parallax_layout_bg_x&quot;:50,&quot;jet_parallax_layout_bg_x_tablet&quot;:&quot;&quot;,&quot;jet_parallax_layout_bg_x_mobile&quot;:&quot;&quot;,&quot;jet_parallax_layout_bg_y&quot;:50,&quot;jet_parallax_layout_bg_y_tablet&quot;:&quot;&quot;,&quot;jet_parallax_layout_bg_y_mobile&quot;:&quot;&quot;,&quot;jet_parallax_layout_bg_size&quot;:&quot;auto&quot;,&quot;jet_parallax_layout_bg_size_tablet&quot;:&quot;&quot;,&quot;jet_parallax_layout_bg_size_mobile&quot;:&quot;&quot;,&quot;jet_parallax_layout_animation_prop&quot;:&quot;transform&quot;,&quot;jet_parallax_layout_on&quot;:[&quot;desktop&quot;,&quot;tablet&quot;]}],&quot;background_background&quot;:&quot;classic&quot;}\">\n\t\t\t\t\t\t<div class=\"elementor-container elementor-column-gap-default\">\n\t\t\t\t\t<div class=\"elementor-column elementor-col-50 elementor-top-column elementor-element elementor-element-67f2098\" data-id=\"67f2098\" data-element_type=\"column\">\n\t\t\t<div class=\"elementor-widget-wrap elementor-element-populated\">\n\t\t\t\t\t\t\t\t<div class=\"elementor-element elementor-element-6929f6e elementor-widget elementor-widget-heading\" data-id=\"6929f6e\" data-element_type=\"widget\" data-widget_type=\"heading.default\">\n\t\t\t\t<div class=\"elementor-widget-container\">\n\t\t\t<h2 class=\"elementor-heading-title elementor-size-default\">Igreja Adventista\n\n\n<\/h2>\t\t<\/div>\n\t\t\t\t<\/div>\n\t\t\t\t<div class=\"elementor-element elementor-element-cc29d28 elementor-widget elementor-widget-text-editor\" data-id=\"cc29d28\" data-element_type=\"widget\" data-widget_type=\"text-editor.default\">\n\t\t\t\t<div class=\"elementor-widget-container\">\n\t\t\t\t\t\t\t\t\t\t\t\t\t\t<\/div>\n\t\t\t\t<\/div>\n\t\t\t\t<div class=\"elementor-element elementor-element-3d8d057 elementor-widget elementor-widget-text-editor\" data-id=\"3d8d057\" data-element_type=\"widget\" data-widget_type=\"text-editor.default\">\n\t\t\t\t<div class=\"elementor-widget-container\">\n\t\t\t\t\t\t\t\t<p>A Igreja Adventista do S\u00e9timo Dia \u2013 IASD chegou \u00e0 ilha do Fogo em finais de 1941, no tempo do pastor Alberto Raposo.<\/p><p>Contudo, a Sede da Miss\u00e3o da IASD, foi instalada em S\u00e3o Filipe, a quando da fixa\u00e7\u00e3o do pastor Jo\u00e3o A. Esteves nesta cidade.<\/p><p>O trabalho da evangeliza\u00e7\u00e3o feito na ilha do Fogo desde ent\u00e3o, foi progredindo com a presen\u00e7a de dirigentes, di\u00e1conos, anci\u00e3os e pastores, permitindo o crescimento significativo de membros, bem como a constru\u00e7\u00e3o de v\u00e1rias igrejas em localidades como Cutelo, Curral Grande, Lagari\u00e7a, Ponta Verde, entre outras.<\/p><p>Na cidade de S\u00e3o Filipe, a igreja fica situada em Cruz dos Passos e em Congresso perto do polivalente III Congresso.<\/p>\t\t\t\t\t\t<\/div>\n\t\t\t\t<\/div>\n\t\t\t\t\t<\/div>\n\t\t<\/div>\n\t\t\t\t<div class=\"elementor-column elementor-col-50 elementor-top-column elementor-element elementor-element-12460fc\" data-id=\"12460fc\" data-element_type=\"column\">\n\t\t\t<div class=\"elementor-widget-wrap elementor-element-populated\">\n\t\t\t\t\t\t\t\t<div class=\"elementor-element elementor-element-085655d elementor-widget elementor-widget-image\" data-id=\"085655d\" data-element_type=\"widget\" data-widget_type=\"image.default\">\n\t\t\t\t<div class=\"elementor-widget-container\">\n\t\t\t\t\t\t\t\t\t\t\t\t\t\t\t<img width=\"1024\" height=\"683\" src=\"https:\/\/cmsf.cv\/wp-content\/uploads\/2022\/07\/IMG_3593-1024x683.jpg\" class=\"attachment-large size-large\" alt=\"\" loading=\"lazy\" srcset=\"https:\/\/cmsf.cv\/wp-content\/uploads\/2022\/07\/IMG_3593-1024x683.jpg 1024w, https:\/\/cmsf.cv\/wp-content\/uploads\/2022\/07\/IMG_3593-1536x1024.jpg 1536w, https:\/\/cmsf.cv\/wp-content\/uploads\/2022\/07\/IMG_3593-2048x1365.jpg 2048w\" sizes=\"(max-width: 1024px) 100vw, 1024px\" \/>\t\t\t\t\t\t\t\t\t\t\t\t\t\t\t<\/div>\n\t\t\t\t<\/div>\n\t\t\t\t\t<\/div>\n\t\t<\/div>\n\t\t\t\t\t\t\t<\/div>\n\t\t<\/section>\n\t\t\t\t<section class=\"elementor-section elementor-top-section elementor-element elementor-element-c96e944 elementor-section-boxed elementor-section-height-default elementor-section-height-default\" data-id=\"c96e944\" data-element_type=\"section\" data-settings=\"{&quot;jet_parallax_layout_list&quot;:[{&quot;jet_parallax_layout_image&quot;:{&quot;url&quot;:&quot;&quot;,&quot;id&quot;:&quot;&quot;},&quot;_id&quot;:&quot;de43191&quot;,&quot;jet_parallax_layout_image_tablet&quot;:{&quot;url&quot;:&quot;&quot;,&quot;id&quot;:&quot;&quot;},&quot;jet_parallax_layout_image_mobile&quot;:{&quot;url&quot;:&quot;&quot;,&quot;id&quot;:&quot;&quot;},&quot;jet_parallax_layout_speed&quot;:{&quot;unit&quot;:&quot;%&quot;,&quot;size&quot;:50,&quot;sizes&quot;:[]},&quot;jet_parallax_layout_type&quot;:&quot;scroll&quot;,&quot;jet_parallax_layout_direction&quot;:null,&quot;jet_parallax_layout_fx_direction&quot;:null,&quot;jet_parallax_layout_z_index&quot;:&quot;&quot;,&quot;jet_parallax_layout_bg_x&quot;:50,&quot;jet_parallax_layout_bg_x_tablet&quot;:&quot;&quot;,&quot;jet_parallax_layout_bg_x_mobile&quot;:&quot;&quot;,&quot;jet_parallax_layout_bg_y&quot;:50,&quot;jet_parallax_layout_bg_y_tablet&quot;:&quot;&quot;,&quot;jet_parallax_layout_bg_y_mobile&quot;:&quot;&quot;,&quot;jet_parallax_layout_bg_size&quot;:&quot;auto&quot;,&quot;jet_parallax_layout_bg_size_tablet&quot;:&quot;&quot;,&quot;jet_parallax_layout_bg_size_mobile&quot;:&quot;&quot;,&quot;jet_parallax_layout_animation_prop&quot;:&quot;transform&quot;,&quot;jet_parallax_layout_on&quot;:[&quot;desktop&quot;,&quot;tablet&quot;]}],&quot;background_background&quot;:&quot;classic&quot;}\">\n\t\t\t\t\t\t<div class=\"elementor-container elementor-column-gap-default\">\n\t\t\t\t\t<div class=\"elementor-column elementor-col-50 elementor-top-column elementor-element elementor-element-790ee5d\" data-id=\"790ee5d\" data-element_type=\"column\">\n\t\t\t<div class=\"elementor-widget-wrap elementor-element-populated\">\n\t\t\t\t\t\t\t\t<div class=\"elementor-element elementor-element-907e937 elementor-widget elementor-widget-heading\" data-id=\"907e937\" data-element_type=\"widget\" data-widget_type=\"heading.default\">\n\t\t\t\t<div class=\"elementor-widget-container\">\n\t\t\t<h2 class=\"elementor-heading-title elementor-size-default\">A Igreja de Jesus Crsito Dos Santos dos \u00daltimos Dias<\/h2>\t\t<\/div>\n\t\t\t\t<\/div>\n\t\t\t\t<div class=\"elementor-element elementor-element-0846440 elementor-widget elementor-widget-text-editor\" data-id=\"0846440\" data-element_type=\"widget\" data-widget_type=\"text-editor.default\">\n\t\t\t\t<div class=\"elementor-widget-container\">\n\t\t\t\t\t\t\t\t\t\t\t\t\t\t<\/div>\n\t\t\t\t<\/div>\n\t\t\t\t<div class=\"elementor-element elementor-element-121c92b elementor-widget elementor-widget-text-editor\" data-id=\"121c92b\" data-element_type=\"widget\" data-widget_type=\"text-editor.default\">\n\t\t\t\t<div class=\"elementor-widget-container\">\n\t\t\t\t\t\t\t\t<p>A Igreja chegou\u00a0\u00e0 ilha do Fogo nos anos 1991, na cidade de S\u00e3o Filipe, pelos jovens mission\u00e1rios mais conhecidos\u00a0como Elderes e Sisteres.<\/p><p>Depois de estar no espa\u00e7o arrendado perto do Bar Tereza por algum tempo, em meadas de 1997, foi constru\u00edda a primeira capela situada perto da Aguadinha. A igreja conheceu algum crescimento, por isso, foi constru\u00edda uma segunda capela situada em Congresso, tamb\u00e9m na cidade de S\u00e3o Filipe, no final do ano 2021.\u00a0<\/p><p>Atualmente, a igreja tem tr\u00eas unidades que se re\u00fanem nessas capelas, lideradas pelos bispos chamados e designados para presidi-las.<\/p>\t\t\t\t\t\t<\/div>\n\t\t\t\t<\/div>\n\t\t\t\t\t<\/div>\n\t\t<\/div>\n\t\t\t\t<div class=\"elementor-column elementor-col-50 elementor-top-column elementor-element elementor-element-2ad4393\" data-id=\"2ad4393\" data-element_type=\"column\">\n\t\t\t<div class=\"elementor-widget-wrap elementor-element-populated\">\n\t\t\t\t\t\t\t\t<div class=\"elementor-element elementor-element-268a2ca elementor-widget elementor-widget-image\" data-id=\"268a2ca\" data-element_type=\"widget\" data-widget_type=\"image.default\">\n\t\t\t\t<div class=\"elementor-widget-container\">\n\t\t\t\t\t\t\t\t\t\t\t\t\t\t\t<img width=\"1024\" height=\"575\" src=\"https:\/\/cmsf.cv\/wp-content\/uploads\/2022\/07\/igreja-helder-1024x575.jpg\" class=\"attachment-large size-large\" alt=\"\" loading=\"lazy\" srcset=\"https:\/\/cmsf.cv\/wp-content\/uploads\/2022\/07\/igreja-helder-1024x575.jpg 1024w, https:\/\/cmsf.cv\/wp-content\/uploads\/2022\/07\/igreja-helder-1536x863.jpg 1536w, https:\/\/cmsf.cv\/wp-content\/uploads\/2022\/07\/igreja-helder-2048x1150.jpg 2048w\" sizes=\"(max-width: 1024px) 100vw, 1024px\" \/>\t\t\t\t\t\t\t\t\t\t\t\t\t\t\t<\/div>\n\t\t\t\t<\/div>\n\t\t\t\t\t<\/div>\n\t\t<\/div>\n\t\t\t\t\t\t\t<\/div>\n\t\t<\/section>\n\t\t\t\t<section class=\"elementor-section elementor-top-section elementor-element elementor-element-e0580b3 elementor-section-boxed elementor-section-height-default elementor-section-height-default\" data-id=\"e0580b3\" data-element_type=\"section\" data-settings=\"{&quot;jet_parallax_layout_list&quot;:[{&quot;jet_parallax_layout_image&quot;:{&quot;url&quot;:&quot;&quot;,&quot;id&quot;:&quot;&quot;},&quot;_id&quot;:&quot;de43191&quot;,&quot;jet_parallax_layout_image_tablet&quot;:{&quot;url&quot;:&quot;&quot;,&quot;id&quot;:&quot;&quot;},&quot;jet_parallax_layout_image_mobile&quot;:{&quot;url&quot;:&quot;&quot;,&quot;id&quot;:&quot;&quot;},&quot;jet_parallax_layout_speed&quot;:{&quot;unit&quot;:&quot;%&quot;,&quot;size&quot;:50,&quot;sizes&quot;:[]},&quot;jet_parallax_layout_type&quot;:&quot;scroll&quot;,&quot;jet_parallax_layout_direction&quot;:null,&quot;jet_parallax_layout_fx_direction&quot;:null,&quot;jet_parallax_layout_z_index&quot;:&quot;&quot;,&quot;jet_parallax_layout_bg_x&quot;:50,&quot;jet_parallax_layout_bg_x_tablet&quot;:&quot;&quot;,&quot;jet_parallax_layout_bg_x_mobile&quot;:&quot;&quot;,&quot;jet_parallax_layout_bg_y&quot;:50,&quot;jet_parallax_layout_bg_y_tablet&quot;:&quot;&quot;,&quot;jet_parallax_layout_bg_y_mobile&quot;:&quot;&quot;,&quot;jet_parallax_layout_bg_size&quot;:&quot;auto&quot;,&quot;jet_parallax_layout_bg_size_tablet&quot;:&quot;&quot;,&quot;jet_parallax_layout_bg_size_mobile&quot;:&quot;&quot;,&quot;jet_parallax_layout_animation_prop&quot;:&quot;transform&quot;,&quot;jet_parallax_layout_on&quot;:[&quot;desktop&quot;,&quot;tablet&quot;]}],&quot;background_background&quot;:&quot;classic&quot;}\">\n\t\t\t\t\t\t<div class=\"elementor-container elementor-column-gap-default\">\n\t\t\t\t\t<div class=\"elementor-column elementor-col-50 elementor-top-column elementor-element elementor-element-80d87a2\" data-id=\"80d87a2\" data-element_type=\"column\">\n\t\t\t<div class=\"elementor-widget-wrap elementor-element-populated\">\n\t\t\t\t\t\t\t\t<div class=\"elementor-element elementor-element-a631f18 elementor-widget elementor-widget-heading\" data-id=\"a631f18\" data-element_type=\"widget\" data-widget_type=\"heading.default\">\n\t\t\t\t<div class=\"elementor-widget-container\">\n\t\t\t<h2 class=\"elementor-heading-title elementor-size-default\">Templo Restaura\u00e7\u00e3o <\/h2>\t\t<\/div>\n\t\t\t\t<\/div>\n\t\t\t\t<div class=\"elementor-element elementor-element-0b9c5d2 elementor-widget elementor-widget-text-editor\" data-id=\"0b9c5d2\" data-element_type=\"widget\" data-widget_type=\"text-editor.default\">\n\t\t\t\t<div class=\"elementor-widget-container\">\n\t\t\t\t\t\t\t\t<p>Templo da Restaura\u00e7\u00e3o foi fundado na ilha do fogo no ano 2010 pelo Pastor Ubaldo Vieira, a igreja est\u00e1 localizada na rua Dol Di Fogo.<\/p>\t\t\t\t\t\t<\/div>\n\t\t\t\t<\/div>\n\t\t\t\t<div class=\"elementor-element elementor-element-25d2780 elementor-widget elementor-widget-text-editor\" data-id=\"25d2780\" data-element_type=\"widget\" data-widget_type=\"text-editor.default\">\n\t\t\t\t<div class=\"elementor-widget-container\">\n\t\t\t\t\t\t\t\t\t\t\t\t\t\t<\/div>\n\t\t\t\t<\/div>\n\t\t\t\t\t<\/div>\n\t\t<\/div>\n\t\t\t\t<div class=\"elementor-column elementor-col-50 elementor-top-column elementor-element elementor-element-4bb94b9\" data-id=\"4bb94b9\" data-element_type=\"column\">\n\t\t\t<div class=\"elementor-widget-wrap elementor-element-populated\">\n\t\t\t\t\t\t\t\t<div class=\"elementor-element elementor-element-30f462b elementor-widget elementor-widget-image\" data-id=\"30f462b\" data-element_type=\"widget\" data-widget_type=\"image.default\">\n\t\t\t\t<div class=\"elementor-widget-container\">\n\t\t\t\t\t\t\t\t\t\t\t\t\t\t\t<img width=\"1024\" height=\"683\" src=\"https:\/\/cmsf.cv\/wp-content\/uploads\/2022\/07\/Templo-Restauracao-1024x683.jpg\" class=\"attachment-large size-large\" alt=\"\" loading=\"lazy\" srcset=\"https:\/\/cmsf.cv\/wp-content\/uploads\/2022\/07\/Templo-Restauracao-1024x683.jpg 1024w, https:\/\/cmsf.cv\/wp-content\/uploads\/2022\/07\/Templo-Restauracao-300x200.jpg 300w, https:\/\/cmsf.cv\/wp-content\/uploads\/2022\/07\/Templo-Restauracao-768x512.jpg 768w, https:\/\/cmsf.cv\/wp-content\/uploads\/2022\/07\/Templo-Restauracao-1536x1024.jpg 1536w, https:\/\/cmsf.cv\/wp-content\/uploads\/2022\/07\/Templo-Restauracao-2048x1365.jpg 2048w, https:\/\/cmsf.cv\/wp-content\/uploads\/2022\/07\/Templo-Restauracao-600x400.jpg 600w, https:\/\/cmsf.cv\/wp-content\/uploads\/2022\/07\/Templo-Restauracao-560x373.jpg 560w\" sizes=\"(max-width: 1024px) 100vw, 1024px\" \/>\t\t\t\t\t\t\t\t\t\t\t\t\t\t\t<\/div>\n\t\t\t\t<\/div>\n\t\t\t\t\t<\/div>\n\t\t<\/div>\n\t\t\t\t\t\t\t<\/div>\n\t\t<\/section>\n\t\t\t\t<section class=\"elementor-section elementor-top-section elementor-element elementor-element-0b6ec0b elementor-section-boxed elementor-section-height-default elementor-section-height-default\" data-id=\"0b6ec0b\" data-element_type=\"section\" data-settings=\"{&quot;jet_parallax_layout_list&quot;:[{&quot;jet_parallax_layout_image&quot;:{&quot;url&quot;:&quot;&quot;,&quot;id&quot;:&quot;&quot;},&quot;_id&quot;:&quot;de43191&quot;,&quot;jet_parallax_layout_image_tablet&quot;:{&quot;url&quot;:&quot;&quot;,&quot;id&quot;:&quot;&quot;},&quot;jet_parallax_layout_image_mobile&quot;:{&quot;url&quot;:&quot;&quot;,&quot;id&quot;:&quot;&quot;},&quot;jet_parallax_layout_speed&quot;:{&quot;unit&quot;:&quot;%&quot;,&quot;size&quot;:50,&quot;sizes&quot;:[]},&quot;jet_parallax_layout_type&quot;:&quot;scroll&quot;,&quot;jet_parallax_layout_direction&quot;:null,&quot;jet_parallax_layout_fx_direction&quot;:null,&quot;jet_parallax_layout_z_index&quot;:&quot;&quot;,&quot;jet_parallax_layout_bg_x&quot;:50,&quot;jet_parallax_layout_bg_x_tablet&quot;:&quot;&quot;,&quot;jet_parallax_layout_bg_x_mobile&quot;:&quot;&quot;,&quot;jet_parallax_layout_bg_y&quot;:50,&quot;jet_parallax_layout_bg_y_tablet&quot;:&quot;&quot;,&quot;jet_parallax_layout_bg_y_mobile&quot;:&quot;&quot;,&quot;jet_parallax_layout_bg_size&quot;:&quot;auto&quot;,&quot;jet_parallax_layout_bg_size_tablet&quot;:&quot;&quot;,&quot;jet_parallax_layout_bg_size_mobile&quot;:&quot;&quot;,&quot;jet_parallax_layout_animation_prop&quot;:&quot;transform&quot;,&quot;jet_parallax_layout_on&quot;:[&quot;desktop&quot;,&quot;tablet&quot;]}],&quot;background_background&quot;:&quot;classic&quot;}\">\n\t\t\t\t\t\t<div class=\"elementor-container elementor-column-gap-default\">\n\t\t\t\t\t<div class=\"elementor-column elementor-col-50 elementor-top-column elementor-element elementor-element-2c2dd03\" data-id=\"2c2dd03\" data-element_type=\"column\">\n\t\t\t<div class=\"elementor-widget-wrap elementor-element-populated\">\n\t\t\t\t\t\t\t\t<div class=\"elementor-element elementor-element-1910ab9 elementor-widget elementor-widget-heading\" data-id=\"1910ab9\" data-element_type=\"widget\" data-widget_type=\"heading.default\">\n\t\t\t\t<div class=\"elementor-widget-container\">\n\t\t\t<h2 class=\"elementor-heading-title elementor-size-default\">Santu\u00e1rio da Nossa Senhora Socorro<\/h2>\t\t<\/div>\n\t\t\t\t<\/div>\n\t\t\t\t<div class=\"elementor-element elementor-element-ac120bc elementor-widget elementor-widget-text-editor\" data-id=\"ac120bc\" data-element_type=\"widget\" data-widget_type=\"text-editor.default\">\n\t\t\t\t<div class=\"elementor-widget-container\">\n\t\t\t\t\t\t\t\t<p>A capela, hoje santu\u00e1rio, Nossa Senhora do Socorro, localizada perto do povoado de Luzia Nunes e do per\u00edmetro irrigado de Monte Genebra, foi constru\u00edda pelo Padre Amaro Monteiro Pereira Rebelo, nos meados do s\u00e9culo XVIII e, sempre foi uma capela particular, \u00e0 semelhan\u00e7a de v\u00e1rias outras que existiram e existem em v\u00e1rios pontos do munic\u00edpio e da ilha.<\/p><p>A capela de Nossa Senhora do Socorro \u00e9 mais antiga que a de Nossa Senhora da Gra\u00e7a de Pico Pires.<\/p><p>Na data da constru\u00e7\u00e3o da capela, reza a hist\u00f3ria, n\u00e3o havia material de constru\u00e7\u00e3o civil (madeira) na ilha, mas que foram encontradas, numa pequena praia, pr\u00f3xima do local onde se veio a erguer a capela, pranchas de madeiras que foram usadas na sua constru\u00e7\u00e3o, fato que as pessoas consideraram, na altura, como milagre da Nossa Senhora do Socorro.<\/p><p>Em 1999, com a morte da \u00faltima propriet\u00e1ria da capela, Ana Gisela, o seu filho residente nos Estados Unidos da Am\u00e9rica vendeu o santu\u00e1rio aos amigos da fam\u00edlia, os Capuchinhos.<\/p><p>Al\u00e9m do dia 5 de agosto, dedicado \u00e0 Nossa Senhora Socorro, doravante, semanalmente (s\u00e1bados) os capuchinhos celebram missa nesta capela\/santu\u00e1ria que \u00e9 muito visitada, sobretudo por emigrantes quando regressam \u00e0 terra, seja em f\u00e9rias como para fixarem a resid\u00eancia.<\/p>\t\t\t\t\t\t<\/div>\n\t\t\t\t<\/div>\n\t\t\t\t\t<\/div>\n\t\t<\/div>\n\t\t\t\t<div class=\"elementor-column elementor-col-50 elementor-top-column elementor-element elementor-element-534605f\" data-id=\"534605f\" data-element_type=\"column\">\n\t\t\t<div class=\"elementor-widget-wrap elementor-element-populated\">\n\t\t\t\t\t\t\t\t<div class=\"elementor-element elementor-element-8358ed4 elementor-widget elementor-widget-image\" data-id=\"8358ed4\" data-element_type=\"widget\" data-widget_type=\"image.default\">\n\t\t\t\t<div class=\"elementor-widget-container\">\n\t\t\t\t\t\t\t\t\t\t\t\t\t\t\t<img width=\"1024\" height=\"590\" src=\"https:\/\/cmsf.cv\/wp-content\/uploads\/2022\/08\/IMG_5065-1-1024x590.jpg\" class=\"attachment-large size-large\" alt=\"\" loading=\"lazy\" srcset=\"https:\/\/cmsf.cv\/wp-content\/uploads\/2022\/08\/IMG_5065-1-1024x590.jpg 1024w, https:\/\/cmsf.cv\/wp-content\/uploads\/2022\/08\/IMG_5065-1-300x173.jpg 300w, https:\/\/cmsf.cv\/wp-content\/uploads\/2022\/08\/IMG_5065-1-768x443.jpg 768w, https:\/\/cmsf.cv\/wp-content\/uploads\/2022\/08\/IMG_5065-1-1536x885.jpg 1536w, https:\/\/cmsf.cv\/wp-content\/uploads\/2022\/08\/IMG_5065-1-2048x1180.jpg 2048w, https:\/\/cmsf.cv\/wp-content\/uploads\/2022\/08\/IMG_5065-1-600x346.jpg 600w, https:\/\/cmsf.cv\/wp-content\/uploads\/2022\/08\/IMG_5065-1-560x323.jpg 560w\" sizes=\"(max-width: 1024px) 100vw, 1024px\" \/>\t\t\t\t\t\t\t\t\t\t\t\t\t\t\t<\/div>\n\t\t\t\t<\/div>\n\t\t\t\t\t<\/div>\n\t\t<\/div>\n\t\t\t\t\t\t\t<\/div>\n\t\t<\/section>\n\t\t\t\t<section class=\"elementor-section elementor-top-section elementor-element elementor-element-c414a85 elementor-section-boxed elementor-section-height-default elementor-section-height-default\" data-id=\"c414a85\" data-element_type=\"section\" data-settings=\"{&quot;jet_parallax_layout_list&quot;:[{&quot;jet_parallax_layout_image&quot;:{&quot;url&quot;:&quot;&quot;,&quot;id&quot;:&quot;&quot;},&quot;_id&quot;:&quot;de43191&quot;,&quot;jet_parallax_layout_image_tablet&quot;:{&quot;url&quot;:&quot;&quot;,&quot;id&quot;:&quot;&quot;},&quot;jet_parallax_layout_image_mobile&quot;:{&quot;url&quot;:&quot;&quot;,&quot;id&quot;:&quot;&quot;},&quot;jet_parallax_layout_speed&quot;:{&quot;unit&quot;:&quot;%&quot;,&quot;size&quot;:50,&quot;sizes&quot;:[]},&quot;jet_parallax_layout_type&quot;:&quot;scroll&quot;,&quot;jet_parallax_layout_direction&quot;:null,&quot;jet_parallax_layout_fx_direction&quot;:null,&quot;jet_parallax_layout_z_index&quot;:&quot;&quot;,&quot;jet_parallax_layout_bg_x&quot;:50,&quot;jet_parallax_layout_bg_x_tablet&quot;:&quot;&quot;,&quot;jet_parallax_layout_bg_x_mobile&quot;:&quot;&quot;,&quot;jet_parallax_layout_bg_y&quot;:50,&quot;jet_parallax_layout_bg_y_tablet&quot;:&quot;&quot;,&quot;jet_parallax_layout_bg_y_mobile&quot;:&quot;&quot;,&quot;jet_parallax_layout_bg_size&quot;:&quot;auto&quot;,&quot;jet_parallax_layout_bg_size_tablet&quot;:&quot;&quot;,&quot;jet_parallax_layout_bg_size_mobile&quot;:&quot;&quot;,&quot;jet_parallax_layout_animation_prop&quot;:&quot;transform&quot;,&quot;jet_parallax_layout_on&quot;:[&quot;desktop&quot;,&quot;tablet&quot;]}],&quot;background_background&quot;:&quot;classic&quot;}\">\n\t\t\t\t\t\t<div class=\"elementor-container elementor-column-gap-default\">\n\t\t\t\t\t<div class=\"elementor-column elementor-col-50 elementor-top-column elementor-element elementor-element-06f781c\" data-id=\"06f781c\" data-element_type=\"column\">\n\t\t\t<div class=\"elementor-widget-wrap elementor-element-populated\">\n\t\t\t\t\t\t\t\t<div class=\"elementor-element elementor-element-0d99cd1 elementor-widget elementor-widget-image\" data-id=\"0d99cd1\" data-element_type=\"widget\" data-widget_type=\"image.default\">\n\t\t\t\t<div class=\"elementor-widget-container\">\n\t\t\t\t\t\t\t\t\t\t\t\t\t\t\t<img width=\"1024\" height=\"576\" src=\"https:\/\/cmsf.cv\/wp-content\/uploads\/2022\/03\/picopires-1024x576.jpg\" class=\"attachment-large size-large\" alt=\"\" loading=\"lazy\" srcset=\"https:\/\/cmsf.cv\/wp-content\/uploads\/2022\/03\/picopires-1024x576.jpg 1024w, https:\/\/cmsf.cv\/wp-content\/uploads\/2022\/03\/picopires-300x169.jpg 300w, https:\/\/cmsf.cv\/wp-content\/uploads\/2022\/03\/picopires-768x432.jpg 768w, https:\/\/cmsf.cv\/wp-content\/uploads\/2022\/03\/picopires-1536x864.jpg 1536w, https:\/\/cmsf.cv\/wp-content\/uploads\/2022\/03\/picopires-600x338.jpg 600w, https:\/\/cmsf.cv\/wp-content\/uploads\/2022\/03\/picopires-560x315.jpg 560w, https:\/\/cmsf.cv\/wp-content\/uploads\/2022\/03\/picopires.jpg 1600w\" sizes=\"(max-width: 1024px) 100vw, 1024px\" \/>\t\t\t\t\t\t\t\t\t\t\t\t\t\t\t<\/div>\n\t\t\t\t<\/div>\n\t\t\t\t\t<\/div>\n\t\t<\/div>\n\t\t\t\t<div class=\"elementor-column elementor-col-50 elementor-top-column elementor-element elementor-element-20d29de\" data-id=\"20d29de\" data-element_type=\"column\">\n\t\t\t<div class=\"elementor-widget-wrap elementor-element-populated\">\n\t\t\t\t\t\t\t\t<div class=\"elementor-element elementor-element-751f0b6 elementor-widget elementor-widget-heading\" data-id=\"751f0b6\" data-element_type=\"widget\" data-widget_type=\"heading.default\">\n\t\t\t\t<div class=\"elementor-widget-container\">\n\t\t\t<h2 class=\"elementor-heading-title elementor-size-default\">Capela de Nossa Senhora da Gra\u00e7a (Pico Pires)<\/h2>\t\t<\/div>\n\t\t\t\t<\/div>\n\t\t\t\t<div class=\"elementor-element elementor-element-a5c57fa elementor-widget elementor-widget-text-editor\" data-id=\"a5c57fa\" data-element_type=\"widget\" data-widget_type=\"text-editor.default\">\n\t\t\t\t<div class=\"elementor-widget-container\">\n\t\t\t\t\t\t\t\t<p>A capela de Nossa Senhora da Gra\u00e7a, do Morgadio de Pico Pires, dever\u00e1 ter sido constru\u00edda, por volta de 1835, tendo servido de capela particular, com um Capel\u00e3o e eucaristias dominicais, durante v\u00e1rios anos, sendo a festa da padroeira celebrada a 15 de agosto \u2013 Assun\u00e7\u00e3o de Nossa Senhora.<\/p><p>Foi mandado a construir pela fam\u00edlia Monteiro e ligado \u00e0 casa de Pico Pires, por volta de 1835, h\u00e1 quase 200 anos. A eucaristia do dia da padroeira era celebrada por um padre residente na paroquia de S\u00e3o Louren\u00e7o, situado a uma curta distancia, e, havia prociss\u00e3o com tr\u00eas voltas \u00e0 capela.<\/p>\t\t\t\t\t\t<\/div>\n\t\t\t\t<\/div>\n\t\t\t\t\t<\/div>\n\t\t<\/div>\n\t\t\t\t\t\t\t<\/div>\n\t\t<\/section>\n\t\t\t\t<section class=\"elementor-section elementor-top-section elementor-element elementor-element-5689f6c elementor-section-boxed elementor-section-height-default elementor-section-height-default\" data-id=\"5689f6c\" data-element_type=\"section\" data-settings=\"{&quot;jet_parallax_layout_list&quot;:[{&quot;jet_parallax_layout_image&quot;:{&quot;url&quot;:&quot;&quot;,&quot;id&quot;:&quot;&quot;},&quot;_id&quot;:&quot;de43191&quot;,&quot;jet_parallax_layout_image_tablet&quot;:{&quot;url&quot;:&quot;&quot;,&quot;id&quot;:&quot;&quot;},&quot;jet_parallax_layout_image_mobile&quot;:{&quot;url&quot;:&quot;&quot;,&quot;id&quot;:&quot;&quot;},&quot;jet_parallax_layout_speed&quot;:{&quot;unit&quot;:&quot;%&quot;,&quot;size&quot;:50,&quot;sizes&quot;:[]},&quot;jet_parallax_layout_type&quot;:&quot;scroll&quot;,&quot;jet_parallax_layout_direction&quot;:null,&quot;jet_parallax_layout_fx_direction&quot;:null,&quot;jet_parallax_layout_z_index&quot;:&quot;&quot;,&quot;jet_parallax_layout_bg_x&quot;:50,&quot;jet_parallax_layout_bg_x_tablet&quot;:&quot;&quot;,&quot;jet_parallax_layout_bg_x_mobile&quot;:&quot;&quot;,&quot;jet_parallax_layout_bg_y&quot;:50,&quot;jet_parallax_layout_bg_y_tablet&quot;:&quot;&quot;,&quot;jet_parallax_layout_bg_y_mobile&quot;:&quot;&quot;,&quot;jet_parallax_layout_bg_size&quot;:&quot;auto&quot;,&quot;jet_parallax_layout_bg_size_tablet&quot;:&quot;&quot;,&quot;jet_parallax_layout_bg_size_mobile&quot;:&quot;&quot;,&quot;jet_parallax_layout_animation_prop&quot;:&quot;transform&quot;,&quot;jet_parallax_layout_on&quot;:[&quot;desktop&quot;,&quot;tablet&quot;]}],&quot;background_background&quot;:&quot;classic&quot;}\">\n\t\t\t\t\t\t<div class=\"elementor-container elementor-column-gap-default\">\n\t\t\t\t\t<div class=\"elementor-column elementor-col-50 elementor-top-column elementor-element elementor-element-4460bc7\" data-id=\"4460bc7\" data-element_type=\"column\">\n\t\t\t<div class=\"elementor-widget-wrap elementor-element-populated\">\n\t\t\t\t\t\t\t\t<div class=\"elementor-element elementor-element-ffe7a54 elementor-widget elementor-widget-heading\" data-id=\"ffe7a54\" data-element_type=\"widget\" data-widget_type=\"heading.default\">\n\t\t\t\t<div class=\"elementor-widget-container\">\n\t\t\t<h2 class=\"elementor-heading-title elementor-size-default\">Capela de Nossa Senhora da Encarna\u00e7\u00e3o<\/h2>\t\t<\/div>\n\t\t\t\t<\/div>\n\t\t\t\t<div class=\"elementor-element elementor-element-7d3e609 elementor-widget elementor-widget-text-editor\" data-id=\"7d3e609\" data-element_type=\"widget\" data-widget_type=\"text-editor.default\">\n\t\t\t\t<div class=\"elementor-widget-container\">\n\t\t\t\t\t\t\t\t<p>N\u00e3o existem dados fi\u00e1veis em rela\u00e7\u00e3o a esta capela situada nas proximidades da Praia de Nossa Senhora da Encarna\u00e7\u00e3o. \u00c0 semelhan\u00e7a das demais capelas existentes, a de Encarna\u00e7\u00e3o pertencia a uma familia da ilha do Fogo.<\/p><p>Foi construida, provavelmente no s\u00e9culo XVIII e ocorreu muito antes da constru\u00e7\u00e3o da igreja matriz da Nossa Senhora da Concei\u00e7\u00e3o, depois de 1850.<\/p>\t\t\t\t\t\t<\/div>\n\t\t\t\t<\/div>\n\t\t\t\t\t<\/div>\n\t\t<\/div>\n\t\t\t\t<div class=\"elementor-column elementor-col-50 elementor-top-column elementor-element elementor-element-e09e14c\" data-id=\"e09e14c\" data-element_type=\"column\">\n\t\t\t<div class=\"elementor-widget-wrap elementor-element-populated\">\n\t\t\t\t\t\t\t\t<div class=\"elementor-element elementor-element-9b46d16 elementor-widget elementor-widget-image\" data-id=\"9b46d16\" data-element_type=\"widget\" data-widget_type=\"image.default\">\n\t\t\t\t<div class=\"elementor-widget-container\">\n\t\t\t\t\t\t\t\t\t\t\t\t\t\t\t<img width=\"1024\" height=\"576\" src=\"https:\/\/cmsf.cv\/wp-content\/uploads\/2022\/03\/encarnacao-1024x576.jpg\" class=\"attachment-large size-large\" alt=\"\" loading=\"lazy\" srcset=\"https:\/\/cmsf.cv\/wp-content\/uploads\/2022\/03\/encarnacao-1024x576.jpg 1024w, https:\/\/cmsf.cv\/wp-content\/uploads\/2022\/03\/encarnacao-300x169.jpg 300w, https:\/\/cmsf.cv\/wp-content\/uploads\/2022\/03\/encarnacao-768x432.jpg 768w, https:\/\/cmsf.cv\/wp-content\/uploads\/2022\/03\/encarnacao-1536x864.jpg 1536w, https:\/\/cmsf.cv\/wp-content\/uploads\/2022\/03\/encarnacao-600x338.jpg 600w, https:\/\/cmsf.cv\/wp-content\/uploads\/2022\/03\/encarnacao-560x315.jpg 560w, https:\/\/cmsf.cv\/wp-content\/uploads\/2022\/03\/encarnacao.jpg 1600w\" sizes=\"(max-width: 1024px) 100vw, 1024px\" \/>\t\t\t\t\t\t\t\t\t\t\t\t\t\t\t<\/div>\n\t\t\t\t<\/div>\n\t\t\t\t\t<\/div>\n\t\t<\/div>\n\t\t\t\t\t\t\t<\/div>\n\t\t<\/section>\n\t\t\t\t<section class=\"elementor-section elementor-top-section elementor-element elementor-element-12a542c elementor-section-boxed elementor-section-height-default elementor-section-height-default\" data-id=\"12a542c\" data-element_type=\"section\" data-settings=\"{&quot;jet_parallax_layout_list&quot;:[{&quot;jet_parallax_layout_image&quot;:{&quot;url&quot;:&quot;&quot;,&quot;id&quot;:&quot;&quot;},&quot;_id&quot;:&quot;de43191&quot;,&quot;jet_parallax_layout_image_tablet&quot;:{&quot;url&quot;:&quot;&quot;,&quot;id&quot;:&quot;&quot;},&quot;jet_parallax_layout_image_mobile&quot;:{&quot;url&quot;:&quot;&quot;,&quot;id&quot;:&quot;&quot;},&quot;jet_parallax_layout_speed&quot;:{&quot;unit&quot;:&quot;%&quot;,&quot;size&quot;:50,&quot;sizes&quot;:[]},&quot;jet_parallax_layout_type&quot;:&quot;scroll&quot;,&quot;jet_parallax_layout_direction&quot;:null,&quot;jet_parallax_layout_fx_direction&quot;:null,&quot;jet_parallax_layout_z_index&quot;:&quot;&quot;,&quot;jet_parallax_layout_bg_x&quot;:50,&quot;jet_parallax_layout_bg_x_tablet&quot;:&quot;&quot;,&quot;jet_parallax_layout_bg_x_mobile&quot;:&quot;&quot;,&quot;jet_parallax_layout_bg_y&quot;:50,&quot;jet_parallax_layout_bg_y_tablet&quot;:&quot;&quot;,&quot;jet_parallax_layout_bg_y_mobile&quot;:&quot;&quot;,&quot;jet_parallax_layout_bg_size&quot;:&quot;auto&quot;,&quot;jet_parallax_layout_bg_size_tablet&quot;:&quot;&quot;,&quot;jet_parallax_layout_bg_size_mobile&quot;:&quot;&quot;,&quot;jet_parallax_layout_animation_prop&quot;:&quot;transform&quot;,&quot;jet_parallax_layout_on&quot;:[&quot;desktop&quot;,&quot;tablet&quot;]}],&quot;background_background&quot;:&quot;classic&quot;}\">\n\t\t\t\t\t\t<div class=\"elementor-container elementor-column-gap-default\">\n\t\t\t\t\t<div class=\"elementor-column elementor-col-50 elementor-top-column elementor-element elementor-element-faa2032\" data-id=\"faa2032\" data-element_type=\"column\">\n\t\t\t<div class=\"elementor-widget-wrap elementor-element-populated\">\n\t\t\t\t\t\t\t\t<div class=\"elementor-element elementor-element-e81c900 elementor-widget elementor-widget-image\" data-id=\"e81c900\" data-element_type=\"widget\" data-widget_type=\"image.default\">\n\t\t\t\t<div class=\"elementor-widget-container\">\n\t\t\t\t\t\t\t\t\t\t\t\t\t\t\t<img width=\"1024\" height=\"576\" src=\"https:\/\/cmsf.cv\/wp-content\/uploads\/2022\/03\/fatima-1024x576.jpg\" class=\"attachment-large size-large\" alt=\"\" loading=\"lazy\" srcset=\"https:\/\/cmsf.cv\/wp-content\/uploads\/2022\/03\/fatima-1024x576.jpg 1024w, https:\/\/cmsf.cv\/wp-content\/uploads\/2022\/03\/fatima-300x169.jpg 300w, https:\/\/cmsf.cv\/wp-content\/uploads\/2022\/03\/fatima-768x432.jpg 768w, https:\/\/cmsf.cv\/wp-content\/uploads\/2022\/03\/fatima-1536x864.jpg 1536w, https:\/\/cmsf.cv\/wp-content\/uploads\/2022\/03\/fatima-600x338.jpg 600w, https:\/\/cmsf.cv\/wp-content\/uploads\/2022\/03\/fatima-560x315.jpg 560w, https:\/\/cmsf.cv\/wp-content\/uploads\/2022\/03\/fatima.jpg 1600w\" sizes=\"(max-width: 1024px) 100vw, 1024px\" \/>\t\t\t\t\t\t\t\t\t\t\t\t\t\t\t<\/div>\n\t\t\t\t<\/div>\n\t\t\t\t\t<\/div>\n\t\t<\/div>\n\t\t\t\t<div class=\"elementor-column elementor-col-50 elementor-top-column elementor-element elementor-element-a926137\" data-id=\"a926137\" data-element_type=\"column\">\n\t\t\t<div class=\"elementor-widget-wrap elementor-element-populated\">\n\t\t\t\t\t\t\t\t<div class=\"elementor-element elementor-element-e20f7d4 elementor-widget elementor-widget-heading\" data-id=\"e20f7d4\" data-element_type=\"widget\" data-widget_type=\"heading.default\">\n\t\t\t\t<div class=\"elementor-widget-container\">\n\t\t\t<h2 class=\"elementor-heading-title elementor-size-default\">Capela de Nossa Senhora de F\u00e1tima<\/h2>\t\t<\/div>\n\t\t\t\t<\/div>\n\t\t\t\t<div class=\"elementor-element elementor-element-266ad4d elementor-widget elementor-widget-text-editor\" data-id=\"266ad4d\" data-element_type=\"widget\" data-widget_type=\"text-editor.default\">\n\t\t\t\t<div class=\"elementor-widget-container\">\n\t\t\t\t\t\t\t\t<p>Foi mandado a construir por An\u00edbal \u00c1lvaro Avelino Henriques, na sua casa de campo de Brand\u00e3o, a cerca de cinco quil\u00f3metros da cidade de S\u00e3o Filipe.<\/p><p>A casa de Brand\u00e3o servia de ponto de repouso da fam\u00edlia no trajeto S\u00e3o Filipe\/Maria Chaves, outra propriedade de An\u00edbal Henriques. Provavelmente ter\u00e1 sido constru\u00eddo antes de 1936, ano em que o propriet\u00e1rio solicitou a celebra\u00e7\u00e3o da primeira missa, no dia 13 de Maio de 1936, porque havia alguma cren\u00e7a de que a igreja levava sete anos para ser constru\u00eddo.<\/p><p>\u00a0<\/p>\t\t\t\t\t\t<\/div>\n\t\t\t\t<\/div>\n\t\t\t\t\t<\/div>\n\t\t<\/div>\n\t\t\t\t\t\t\t<\/div>\n\t\t<\/section>\n\t\t\t\t<section class=\"elementor-section elementor-top-section elementor-element elementor-element-40ce078 elementor-section-boxed elementor-section-height-default elementor-section-height-default\" data-id=\"40ce078\" data-element_type=\"section\" data-settings=\"{&quot;jet_parallax_layout_list&quot;:[{&quot;jet_parallax_layout_image&quot;:{&quot;url&quot;:&quot;&quot;,&quot;id&quot;:&quot;&quot;},&quot;_id&quot;:&quot;d6e03c4&quot;,&quot;jet_parallax_layout_image_tablet&quot;:{&quot;url&quot;:&quot;&quot;,&quot;id&quot;:&quot;&quot;},&quot;jet_parallax_layout_image_mobile&quot;:{&quot;url&quot;:&quot;&quot;,&quot;id&quot;:&quot;&quot;},&quot;jet_parallax_layout_speed&quot;:{&quot;unit&quot;:&quot;%&quot;,&quot;size&quot;:50,&quot;sizes&quot;:[]},&quot;jet_parallax_layout_type&quot;:&quot;scroll&quot;,&quot;jet_parallax_layout_direction&quot;:null,&quot;jet_parallax_layout_fx_direction&quot;:null,&quot;jet_parallax_layout_z_index&quot;:&quot;&quot;,&quot;jet_parallax_layout_bg_x&quot;:50,&quot;jet_parallax_layout_bg_x_tablet&quot;:&quot;&quot;,&quot;jet_parallax_layout_bg_x_mobile&quot;:&quot;&quot;,&quot;jet_parallax_layout_bg_y&quot;:50,&quot;jet_parallax_layout_bg_y_tablet&quot;:&quot;&quot;,&quot;jet_parallax_layout_bg_y_mobile&quot;:&quot;&quot;,&quot;jet_parallax_layout_bg_size&quot;:&quot;auto&quot;,&quot;jet_parallax_layout_bg_size_tablet&quot;:&quot;&quot;,&quot;jet_parallax_layout_bg_size_mobile&quot;:&quot;&quot;,&quot;jet_parallax_layout_animation_prop&quot;:&quot;transform&quot;,&quot;jet_parallax_layout_on&quot;:[&quot;desktop&quot;,&quot;tablet&quot;]}]}\">\n\t\t\t\t\t\t<div class=\"elementor-container elementor-column-gap-default\">\n\t\t\t\t\t<div class=\"elementor-column elementor-col-100 elementor-top-column elementor-element elementor-element-107c390\" data-id=\"107c390\" data-element_type=\"column\">\n\t\t\t<div class=\"elementor-widget-wrap\">\n\t\t\t\t\t\t\t\t\t<\/div>\n\t\t<\/div>\n\t\t\t\t\t\t\t<\/div>\n\t\t<\/section>\n\t\t\t\t\t\t<\/div>\n\t\t\t\t\t<\/div>\n\t\t","protected":false},"excerpt":{"rendered":"<p>Igreja Matriz Nossa Senhora da Concei\u00e7\u00e3o N\u00e3o existem dados hist\u00f3ricos e documentos comprovativos fi\u00e1veis do in\u00edcio da sua edifica\u00e7\u00e3o. Entre 1850 e 1858, o Bispo Dom Patr\u00edcio Xavier da Moura, de Set\u00fabal (Portugal) que estabeleceu a sua resid\u00eancia no Fogo, referia que a Igreja Paroquial da Vila estava em bom estado, embora fosse t\u00e9rrea, talvez [&hellip;]<\/p>\n","protected":false},"author":1,"featured_media":7324,"parent":0,"menu_order":73,"comment_status":"closed","ping_status":"closed","template":"elementor_header_footer","meta":[],"acf":[],"wpcf_dashboard":"<div class=\"woocommerce\"><div class=\"woocommerce-info\">Please log in first? <a class=\"wpneoShowLogin\" href=\"#\">Click here to login<\/a><\/div><div class=\"wpneo_login_form_div\" style=\"display: none;\">\n\t\t<form name=\"loginform\" id=\"loginform\" action=\"https:\/\/cmsf.cv\/wp-login.php\" method=\"post\">\n\t\t\t\n\t\t\t<p class=\"login-username\">\n\t\t\t\t<label for=\"user_login\">Nome de utilizador ou endere\u00e7o de email<\/label>\n\t\t\t\t<input type=\"text\" name=\"log\" id=\"user_login\" class=\"input\" value=\"\" size=\"20\" \/>\n\t\t\t<\/p>\n\t\t\t<p class=\"login-password\">\n\t\t\t\t<label for=\"user_pass\">Senha<\/label>\n\t\t\t\t<input type=\"password\" name=\"pwd\" id=\"user_pass\" class=\"input\" value=\"\" size=\"20\" \/>\n\t\t\t<\/p>\n\t\t\t\n\t\t\t<p class=\"login-remember\"><label><input name=\"rememberme\" type=\"checkbox\" id=\"rememberme\" value=\"forever\" \/> Lembrar-me<\/label><\/p>\n\t\t\t<p class=\"login-submit\">\n\t\t\t\t<input type=\"submit\" name=\"wp-submit\" id=\"wp-submit\" class=\"button button-primary\" value=\"Iniciar sess\u00e3o\" \/>\n\t\t\t\t<input type=\"hidden\" name=\"redirect_to\" value=\"https:\/\/cmsf.cv\/index.php\/wp-json\/wp\/v2\/pages\/7552\" \/>\n\t\t\t<\/p>\n\t\t\t\n\t\t<\/form><\/div><\/div>","_links":{"self":[{"href":"https:\/\/cmsf.cv\/index.php\/wp-json\/wp\/v2\/pages\/7552"}],"collection":[{"href":"https:\/\/cmsf.cv\/index.php\/wp-json\/wp\/v2\/pages"}],"about":[{"href":"https:\/\/cmsf.cv\/index.php\/wp-json\/wp\/v2\/types\/page"}],"author":[{"embeddable":true,"href":"https:\/\/cmsf.cv\/index.php\/wp-json\/wp\/v2\/users\/1"}],"replies":[{"embeddable":true,"href":"https:\/\/cmsf.cv\/index.php\/wp-json\/wp\/v2\/comments?post=7552"}],"version-history":[{"count":208,"href":"https:\/\/cmsf.cv\/index.php\/wp-json\/wp\/v2\/pages\/7552\/revisions"}],"predecessor-version":[{"id":13467,"href":"https:\/\/cmsf.cv\/index.php\/wp-json\/wp\/v2\/pages\/7552\/revisions\/13467"}],"wp:featuredmedia":[{"embeddable":true,"href":"https:\/\/cmsf.cv\/index.php\/wp-json\/wp\/v2\/media\/7324"}],"wp:attachment":[{"href":"https:\/\/cmsf.cv\/index.php\/wp-json\/wp\/v2\/media?parent=7552"}],"curies":[{"name":"wp","href":"https:\/\/api.w.org\/{rel}","templated":true}]}}