
{"id":8994,"date":"2021-07-02T13:09:15","date_gmt":"2021-07-02T14:09:15","guid":{"rendered":"https:\/\/cmsf.cv\/?page_id=8994"},"modified":"2022-08-30T22:31:14","modified_gmt":"2022-08-30T23:31:14","slug":"gdr","status":"publish","type":"page","link":"https:\/\/cmsf.cv\/index.php\/gdr\/","title":{"rendered":"Associativismo Intermunicipal"},"content":{"rendered":"\t\t<div data-elementor-type=\"wp-page\" data-elementor-id=\"8994\" class=\"elementor elementor-8994\" data-elementor-settings=\"[]\">\n\t\t\t\t\t\t\t<div class=\"elementor-section-wrap\">\n\t\t\t\t\t\t\t<section class=\"elementor-section elementor-top-section elementor-element elementor-element-1c75c64 elementor-section-boxed elementor-section-height-default elementor-section-height-default\" data-id=\"1c75c64\" data-element_type=\"section\" data-settings=\"{&quot;jet_parallax_layout_list&quot;:[{&quot;jet_parallax_layout_image&quot;:{&quot;url&quot;:&quot;&quot;,&quot;id&quot;:&quot;&quot;,&quot;alt&quot;:&quot;&quot;,&quot;source&quot;:&quot;library&quot;},&quot;_id&quot;:&quot;de43191&quot;,&quot;jet_parallax_layout_image_tablet&quot;:{&quot;url&quot;:&quot;&quot;,&quot;id&quot;:&quot;&quot;},&quot;jet_parallax_layout_image_mobile&quot;:{&quot;url&quot;:&quot;&quot;,&quot;id&quot;:&quot;&quot;},&quot;jet_parallax_layout_speed&quot;:{&quot;unit&quot;:&quot;%&quot;,&quot;size&quot;:50,&quot;sizes&quot;:[]},&quot;jet_parallax_layout_type&quot;:&quot;scroll&quot;,&quot;jet_parallax_layout_direction&quot;:null,&quot;jet_parallax_layout_fx_direction&quot;:null,&quot;jet_parallax_layout_z_index&quot;:&quot;&quot;,&quot;jet_parallax_layout_bg_x&quot;:50,&quot;jet_parallax_layout_bg_x_tablet&quot;:&quot;&quot;,&quot;jet_parallax_layout_bg_x_mobile&quot;:&quot;&quot;,&quot;jet_parallax_layout_bg_y&quot;:50,&quot;jet_parallax_layout_bg_y_tablet&quot;:&quot;&quot;,&quot;jet_parallax_layout_bg_y_mobile&quot;:&quot;&quot;,&quot;jet_parallax_layout_bg_size&quot;:&quot;auto&quot;,&quot;jet_parallax_layout_bg_size_tablet&quot;:&quot;&quot;,&quot;jet_parallax_layout_bg_size_mobile&quot;:&quot;&quot;,&quot;jet_parallax_layout_animation_prop&quot;:&quot;transform&quot;,&quot;jet_parallax_layout_on&quot;:[&quot;desktop&quot;,&quot;tablet&quot;]}],&quot;background_background&quot;:&quot;classic&quot;}\">\n\t\t\t\t\t\t<div class=\"elementor-container elementor-column-gap-default\">\n\t\t\t\t\t<div class=\"elementor-column elementor-col-100 elementor-top-column elementor-element elementor-element-346c97e\" data-id=\"346c97e\" data-element_type=\"column\">\n\t\t\t<div class=\"elementor-widget-wrap elementor-element-populated\">\n\t\t\t\t\t\t\t\t<div class=\"elementor-element elementor-element-0137b17 elementor-widget elementor-widget-ova_heading\" data-id=\"0137b17\" data-element_type=\"widget\" data-widget_type=\"ova_heading.default\">\n\t\t\t\t<div class=\"elementor-widget-container\">\n\t\t\t\t\t<div class=\"ova-heading\">\n\t\t\t\n\t\t\t\t\t\t\t<h3 class=\"title second_font\">ASSOCIA\u00c7\u00c3O DOS MUNIC\u00cdPIOS DO FOGO E BRAVA <\/h3>\n\t\t\t\n\t\t\t\t\t\t\t<p class=\"sub-title \">Ag\u00eancia de Desenvolvimento Regional Fogo e Brava<\/p>\n\t\t\t\n\t\t<\/div>\n\t\t\t\t<\/div>\n\t\t\t\t<\/div>\n\t\t\t\t<div class=\"elementor-element elementor-element-b0fdd2c elementor-widget elementor-widget-text-editor\" data-id=\"b0fdd2c\" data-element_type=\"widget\" data-widget_type=\"text-editor.default\">\n\t\t\t\t<div class=\"elementor-widget-container\">\n\t\t\t\t\t\t\t\t<p>O Gabinete de Desenvolvimento Regional, era um servi\u00e7o intermunicipal, encarregado da realiza\u00e7\u00e3o de estudos, reflex\u00e3o estrat\u00e9gica, conce\u00e7\u00e3o e planeamento de pol\u00edticas p\u00fablicas de incid\u00eancia econ\u00f3mica e social conducentes a integra\u00e7\u00e3o e desenvolvimento regionais dos Munic\u00edpios do Fogo e da Brava.<\/p><p>Foi criada em 1997 servindo de contrapartida ao Projeto Medidas de Desenvolvimento Comunal Fogo \/ Brava, existente na altura e financiado pela Coopera\u00e7\u00e3o Alem\u00e3, que financiava milh\u00f5es de d\u00f3lares anuais cobrindo necessidades prementes na luta contra a pobreza, designadamente, abastecimento de \u00e1gua, habita\u00e7\u00e3o social, educa\u00e7\u00e3o, sa\u00fade, desenvolvimento comunit\u00e1rio, social, econ\u00f3mico e cultural, para al\u00e9m de gera\u00e7\u00e3o de rendimentos para as fam\u00edlias.<\/p><p>O GDR passou a funcionar como um servi\u00e7o integrado da Associa\u00e7\u00e3o dos Munic\u00edpios do Fogo e da Brava e dependente diretamente do respetivo Presidente. A referida associa\u00e7\u00e3o, foi constitu\u00edda em janeiro de 1999, cujos Estatutos foi publicitada no B.O N\u00ba 08 II S\u00e9rie de 22 de fevereiro de 1999, com o objetivo de promover a defesa, a dignifica\u00e7\u00e3o e representa\u00e7\u00e3o do poder local dos munic\u00edpios da regi\u00e3o, bem como a defesa dos interesses comuns e a integra\u00e7\u00e3o das pol\u00edticas econ\u00f3micas e sociais dos seus membros.<\/p><p>Recentemente foi transformado numa Ag\u00eancia com atribui\u00e7\u00f5es, no Dom\u00ednio da Integra\u00e7\u00e3o Regional, para a promo\u00e7\u00e3o do turismo na regi\u00e3o, a mobiliza\u00e7\u00e3o e atra\u00e7\u00e3o de investidores estrangeiros, particularmente os investidores emigrantes, potencializando o desenvolvimento econ\u00f3mico local da regi\u00e3o, atrav\u00e9s do refor\u00e7o das capacidades das, micro, pequenas e m\u00e9dias empresas locais, mobiliza\u00e7\u00e3o de recursos para o desenvolvimento, moderniza\u00e7\u00e3o do sector de agricultura, pecu\u00e1ria, turismo e cultura.<\/p><p>No dom\u00ednio de Estudos e Planeamento apoiar os Munic\u00edpios Associados no planeamento dos centros urbanos, na urbaniza\u00e7\u00e3o e desenvolvimento de novas centralidades de desenvolvimento, colaborar com os munic\u00edpios associados, no refor\u00e7o da coes\u00e3o social atrav\u00e9s da requalifica\u00e7\u00e3o dos bairros degradados, assim como apoia-los na disponibiliza\u00e7\u00e3o de servi\u00e7os de qualidade ao sector privado local, nacional e internacional, facilitando a implementa\u00e7\u00e3o dos seus projetos.<\/p><p>No que diz respeito ao dom\u00ednio da Assist\u00eancia T\u00e9cnica colaborar com Assist\u00eancia T\u00e9cnica e Tecnol\u00f3gica aos munic\u00edpios da regi\u00e3o, bem como apoia-los na transi\u00e7\u00e3o para a governa\u00e7\u00e3o eletr\u00f3nica, para a desmaterializa\u00e7\u00e3o dos seus servi\u00e7os, trabalhar a e-cidadania para a eleva\u00e7\u00e3o da consci\u00eancia individual e coletiva, e colaborar com instrumentos tecnol\u00f3gicos que maximize a participa\u00e7\u00e3o cidad\u00e3 na governa\u00e7\u00e3o dos munic\u00edpios da Regi\u00e3o.<\/p>\t\t\t\t\t\t<\/div>\n\t\t\t\t<\/div>\n\t\t\t\t\t<\/div>\n\t\t<\/div>\n\t\t\t\t\t\t\t<\/div>\n\t\t<\/section>\n\t\t\t\t<section class=\"elementor-section elementor-top-section elementor-element elementor-element-a6f290b elementor-section-boxed elementor-section-height-default elementor-section-height-default\" data-id=\"a6f290b\" data-element_type=\"section\" data-settings=\"{&quot;jet_parallax_layout_list&quot;:[{&quot;jet_parallax_layout_image&quot;:{&quot;url&quot;:&quot;&quot;,&quot;id&quot;:&quot;&quot;},&quot;_id&quot;:&quot;ff0115c&quot;,&quot;jet_parallax_layout_image_tablet&quot;:{&quot;url&quot;:&quot;&quot;,&quot;id&quot;:&quot;&quot;},&quot;jet_parallax_layout_image_mobile&quot;:{&quot;url&quot;:&quot;&quot;,&quot;id&quot;:&quot;&quot;},&quot;jet_parallax_layout_speed&quot;:{&quot;unit&quot;:&quot;%&quot;,&quot;size&quot;:50,&quot;sizes&quot;:[]},&quot;jet_parallax_layout_type&quot;:&quot;scroll&quot;,&quot;jet_parallax_layout_direction&quot;:null,&quot;jet_parallax_layout_fx_direction&quot;:null,&quot;jet_parallax_layout_z_index&quot;:&quot;&quot;,&quot;jet_parallax_layout_bg_x&quot;:50,&quot;jet_parallax_layout_bg_x_tablet&quot;:&quot;&quot;,&quot;jet_parallax_layout_bg_x_mobile&quot;:&quot;&quot;,&quot;jet_parallax_layout_bg_y&quot;:50,&quot;jet_parallax_layout_bg_y_tablet&quot;:&quot;&quot;,&quot;jet_parallax_layout_bg_y_mobile&quot;:&quot;&quot;,&quot;jet_parallax_layout_bg_size&quot;:&quot;auto&quot;,&quot;jet_parallax_layout_bg_size_tablet&quot;:&quot;&quot;,&quot;jet_parallax_layout_bg_size_mobile&quot;:&quot;&quot;,&quot;jet_parallax_layout_animation_prop&quot;:&quot;transform&quot;,&quot;jet_parallax_layout_on&quot;:[&quot;desktop&quot;,&quot;tablet&quot;]}]}\">\n\t\t\t\t\t\t<div class=\"elementor-container elementor-column-gap-default\">\n\t\t\t\t\t<div class=\"elementor-column elementor-col-50 elementor-top-column elementor-element elementor-element-15c27a2\" data-id=\"15c27a2\" data-element_type=\"column\">\n\t\t\t<div class=\"elementor-widget-wrap elementor-element-populated\">\n\t\t\t\t\t\t\t\t<div class=\"elementor-element elementor-element-cf74058 elementor-position-top elementor-vertical-align-top elementor-widget elementor-widget-image-box\" data-id=\"cf74058\" data-element_type=\"widget\" data-widget_type=\"image-box.default\">\n\t\t\t\t<div class=\"elementor-widget-container\">\n\t\t\t<div class=\"elementor-image-box-wrapper\"><figure class=\"elementor-image-box-img\"><img src=\"https:\/\/cmsf.cv\/wp-content\/uploads\/elementor\/thumbs\/Nuias-Silva-pb16o94hbs1g2lqf49nlozih393p9gh7s3owhf9078.jpg\" title=\"Nuias-Silva\" alt=\"Nuias-Silva\" \/><\/figure><div class=\"elementor-image-box-content\"><h3 class=\"elementor-image-box-title\">Eng.\u00ba  Nuias Silva<\/h3><p class=\"elementor-image-box-description\"> Presidente da Associa\u00e7\u00e3o<\/p><\/div><\/div>\t\t<\/div>\n\t\t\t\t<\/div>\n\t\t\t\t\t<\/div>\n\t\t<\/div>\n\t\t\t\t<div class=\"elementor-column elementor-col-50 elementor-top-column elementor-element elementor-element-3989356\" data-id=\"3989356\" data-element_type=\"column\">\n\t\t\t<div class=\"elementor-widget-wrap elementor-element-populated\">\n\t\t\t\t\t\t\t\t<div class=\"elementor-element elementor-element-95a9fda elementor-position-top elementor-vertical-align-top elementor-widget elementor-widget-image-box\" data-id=\"95a9fda\" data-element_type=\"widget\" data-widget_type=\"image-box.default\">\n\t\t\t\t<div class=\"elementor-widget-container\">\n\t\t\t<div class=\"elementor-image-box-wrapper\"><figure class=\"elementor-image-box-img\"><img src=\"https:\/\/cmsf.cv\/wp-content\/uploads\/elementor\/thumbs\/joaodomingos-pts3habazfwr5ux5v6ozqrjl6nwq0qffh25xad16is.jpg\" title=\"joaodomingos\" alt=\"joaodomingos\" \/><\/figure><div class=\"elementor-image-box-content\"><h3 class=\"elementor-image-box-title\">Dr. Jo\u00e3o Domingos Barbosa<\/h3><p class=\"elementor-image-box-description\"> Coordenador\/Delegado da Ag\u00eancia<\/p><\/div><\/div>\t\t<\/div>\n\t\t\t\t<\/div>\n\t\t\t\t\t<\/div>\n\t\t<\/div>\n\t\t\t\t\t\t\t<\/div>\n\t\t<\/section>\n\t\t\t\t<section class=\"elementor-section elementor-top-section elementor-element elementor-element-8b8388a elementor-section-boxed elementor-section-height-default elementor-section-height-default\" data-id=\"8b8388a\" data-element_type=\"section\" data-settings=\"{&quot;jet_parallax_layout_list&quot;:[{&quot;jet_parallax_layout_image&quot;:{&quot;url&quot;:&quot;&quot;,&quot;id&quot;:&quot;&quot;},&quot;_id&quot;:&quot;e005e44&quot;,&quot;jet_parallax_layout_image_tablet&quot;:{&quot;url&quot;:&quot;&quot;,&quot;id&quot;:&quot;&quot;},&quot;jet_parallax_layout_image_mobile&quot;:{&quot;url&quot;:&quot;&quot;,&quot;id&quot;:&quot;&quot;},&quot;jet_parallax_layout_speed&quot;:{&quot;unit&quot;:&quot;%&quot;,&quot;size&quot;:50,&quot;sizes&quot;:[]},&quot;jet_parallax_layout_type&quot;:&quot;scroll&quot;,&quot;jet_parallax_layout_direction&quot;:null,&quot;jet_parallax_layout_fx_direction&quot;:null,&quot;jet_parallax_layout_z_index&quot;:&quot;&quot;,&quot;jet_parallax_layout_bg_x&quot;:50,&quot;jet_parallax_layout_bg_x_tablet&quot;:&quot;&quot;,&quot;jet_parallax_layout_bg_x_mobile&quot;:&quot;&quot;,&quot;jet_parallax_layout_bg_y&quot;:50,&quot;jet_parallax_layout_bg_y_tablet&quot;:&quot;&quot;,&quot;jet_parallax_layout_bg_y_mobile&quot;:&quot;&quot;,&quot;jet_parallax_layout_bg_size&quot;:&quot;auto&quot;,&quot;jet_parallax_layout_bg_size_tablet&quot;:&quot;&quot;,&quot;jet_parallax_layout_bg_size_mobile&quot;:&quot;&quot;,&quot;jet_parallax_layout_animation_prop&quot;:&quot;transform&quot;,&quot;jet_parallax_layout_on&quot;:[&quot;desktop&quot;,&quot;tablet&quot;]}]}\">\n\t\t\t\t\t\t<div class=\"elementor-container elementor-column-gap-default\">\n\t\t\t\t\t<div class=\"elementor-column elementor-col-100 elementor-top-column elementor-element elementor-element-79bbfb9\" data-id=\"79bbfb9\" data-element_type=\"column\">\n\t\t\t<div class=\"elementor-widget-wrap elementor-element-populated\">\n\t\t\t\t\t\t\t\t<div class=\"elementor-element elementor-element-2acade5 elementor-widget-divider--view-line_text elementor-widget-divider--element-align-center elementor-widget elementor-widget-divider\" data-id=\"2acade5\" data-element_type=\"widget\" data-widget_type=\"divider.default\">\n\t\t\t\t<div class=\"elementor-widget-container\">\n\t\t\t\t\t<div class=\"elementor-divider\">\n\t\t\t<span class=\"elementor-divider-separator\">\n\t\t\t\t\t\t\t<h1 class=\"elementor-divider__text elementor-divider__element\">Corpo Diretivo<\/h1>\n\t\t\t\t\t\t<\/span>\n\t\t<\/div>\n\t\t\t\t<\/div>\n\t\t\t\t<\/div>\n\t\t\t\t\t<\/div>\n\t\t<\/div>\n\t\t\t\t\t\t\t<\/div>\n\t\t<\/section>\n\t\t\t\t<section class=\"elementor-section elementor-top-section elementor-element elementor-element-e55a247 elementor-section-boxed elementor-section-height-default elementor-section-height-default\" data-id=\"e55a247\" data-element_type=\"section\" data-settings=\"{&quot;jet_parallax_layout_list&quot;:[{&quot;jet_parallax_layout_image&quot;:{&quot;url&quot;:&quot;&quot;,&quot;id&quot;:&quot;&quot;},&quot;_id&quot;:&quot;6745af5&quot;,&quot;jet_parallax_layout_image_tablet&quot;:{&quot;url&quot;:&quot;&quot;,&quot;id&quot;:&quot;&quot;},&quot;jet_parallax_layout_image_mobile&quot;:{&quot;url&quot;:&quot;&quot;,&quot;id&quot;:&quot;&quot;},&quot;jet_parallax_layout_speed&quot;:{&quot;unit&quot;:&quot;%&quot;,&quot;size&quot;:50,&quot;sizes&quot;:[]},&quot;jet_parallax_layout_type&quot;:&quot;scroll&quot;,&quot;jet_parallax_layout_direction&quot;:null,&quot;jet_parallax_layout_fx_direction&quot;:null,&quot;jet_parallax_layout_z_index&quot;:&quot;&quot;,&quot;jet_parallax_layout_bg_x&quot;:50,&quot;jet_parallax_layout_bg_x_tablet&quot;:&quot;&quot;,&quot;jet_parallax_layout_bg_x_mobile&quot;:&quot;&quot;,&quot;jet_parallax_layout_bg_y&quot;:50,&quot;jet_parallax_layout_bg_y_tablet&quot;:&quot;&quot;,&quot;jet_parallax_layout_bg_y_mobile&quot;:&quot;&quot;,&quot;jet_parallax_layout_bg_size&quot;:&quot;auto&quot;,&quot;jet_parallax_layout_bg_size_tablet&quot;:&quot;&quot;,&quot;jet_parallax_layout_bg_size_mobile&quot;:&quot;&quot;,&quot;jet_parallax_layout_animation_prop&quot;:&quot;transform&quot;,&quot;jet_parallax_layout_on&quot;:[&quot;desktop&quot;,&quot;tablet&quot;]}]}\">\n\t\t\t\t\t\t<div class=\"elementor-container elementor-column-gap-default\">\n\t\t\t\t\t<div class=\"elementor-column elementor-col-25 elementor-top-column elementor-element elementor-element-445970f\" data-id=\"445970f\" data-element_type=\"column\">\n\t\t\t<div class=\"elementor-widget-wrap elementor-element-populated\">\n\t\t\t\t\t\t\t\t<div class=\"elementor-element elementor-element-ea01b33 elementor-position-top elementor-vertical-align-top elementor-widget elementor-widget-image-box\" data-id=\"ea01b33\" data-element_type=\"widget\" data-widget_type=\"image-box.default\">\n\t\t\t\t<div class=\"elementor-widget-container\">\n\t\t\t<div class=\"elementor-image-box-wrapper\"><figure class=\"elementor-image-box-img\"><img src=\"https:\/\/cmsf.cv\/wp-content\/uploads\/elementor\/thumbs\/Nuias-Silva-pb16o94gpun89lnjwt80my3akkzvxkvcu7ebeq0e6o.jpg\" title=\"Nuias-Silva\" alt=\"Nuias-Silva\" \/><\/figure><div class=\"elementor-image-box-content\"><h3 class=\"elementor-image-box-title\">Eng.\u00ba  Nuias Silva<\/h3><\/div><\/div>\t\t<\/div>\n\t\t\t\t<\/div>\n\t\t\t\t\t<\/div>\n\t\t<\/div>\n\t\t\t\t<div class=\"elementor-column elementor-col-25 elementor-top-column elementor-element elementor-element-ab14a14\" data-id=\"ab14a14\" data-element_type=\"column\">\n\t\t\t<div class=\"elementor-widget-wrap elementor-element-populated\">\n\t\t\t\t\t\t\t\t<div class=\"elementor-element elementor-element-ef589c9 elementor-position-top elementor-vertical-align-top elementor-widget elementor-widget-image-box\" data-id=\"ef589c9\" data-element_type=\"widget\" data-widget_type=\"image-box.default\">\n\t\t\t\t<div class=\"elementor-widget-container\">\n\t\t\t<div class=\"elementor-image-box-wrapper\"><figure class=\"elementor-image-box-img\"><img src=\"https:\/\/cmsf.cv\/wp-content\/uploads\/elementor\/thumbs\/Altertonunes-pts3fqut6aembv2unkaf3m47m9e92ppenjdowc2spc.jpg\" title=\"Altertonunes\" alt=\"Altertonunes\" \/><\/figure><div class=\"elementor-image-box-content\"><h3 class=\"elementor-image-box-title\">Dr. Alberto Nunes<\/h3><\/div><\/div>\t\t<\/div>\n\t\t\t\t<\/div>\n\t\t\t\t\t<\/div>\n\t\t<\/div>\n\t\t\t\t<div class=\"elementor-column elementor-col-25 elementor-top-column elementor-element elementor-element-dd7c530\" data-id=\"dd7c530\" data-element_type=\"column\">\n\t\t\t<div class=\"elementor-widget-wrap elementor-element-populated\">\n\t\t\t\t\t\t\t\t<div class=\"elementor-element elementor-element-f335f28 elementor-position-top elementor-vertical-align-top elementor-widget elementor-widget-image-box\" data-id=\"f335f28\" data-element_type=\"widget\" data-widget_type=\"image-box.default\">\n\t\t\t\t<div class=\"elementor-widget-container\">\n\t\t\t<div class=\"elementor-image-box-wrapper\"><figure class=\"elementor-image-box-img\"><img src=\"https:\/\/cmsf.cv\/wp-content\/uploads\/elementor\/thumbs\/tim.php_-pl6hdll1pu94pcxaeisswpk2ujq4d0ofg3xix9j4cw.jpg\" title=\"tim.php\" alt=\"tim.php\" \/><\/figure><div class=\"elementor-image-box-content\"><h3 class=\"elementor-image-box-title\">Dr. F\u00e1bio Vieira<\/h3><\/div><\/div>\t\t<\/div>\n\t\t\t\t<\/div>\n\t\t\t\t\t<\/div>\n\t\t<\/div>\n\t\t\t\t<div class=\"elementor-column elementor-col-25 elementor-top-column elementor-element elementor-element-0d58019\" data-id=\"0d58019\" data-element_type=\"column\">\n\t\t\t<div class=\"elementor-widget-wrap elementor-element-populated\">\n\t\t\t\t\t\t\t\t<div class=\"elementor-element elementor-element-6155ee9 elementor-position-top elementor-vertical-align-top elementor-widget elementor-widget-image-box\" data-id=\"6155ee9\" data-element_type=\"widget\" data-widget_type=\"image-box.default\">\n\t\t\t\t<div class=\"elementor-widget-container\">\n\t\t\t<div class=\"elementor-image-box-wrapper\"><figure class=\"elementor-image-box-img\"><img src=\"https:\/\/cmsf.cv\/wp-content\/uploads\/elementor\/thumbs\/Franciscotavares-pts3gqkodzril1myuzq8qd3q6wi777n7gg654ulu4w.jpg\" title=\"Franciscotavares\" alt=\"Franciscotavares\" \/><\/figure><div class=\"elementor-image-box-content\"><h3 class=\"elementor-image-box-title\">Dr. Francisco Tavares<\/h3><\/div><\/div>\t\t<\/div>\n\t\t\t\t<\/div>\n\t\t\t\t\t<\/div>\n\t\t<\/div>\n\t\t\t\t\t\t\t<\/div>\n\t\t<\/section>\n\t\t\t\t<section class=\"elementor-section elementor-top-section elementor-element elementor-element-445b269 elementor-section-boxed elementor-section-height-default elementor-section-height-default\" data-id=\"445b269\" data-element_type=\"section\" data-settings=\"{&quot;jet_parallax_layout_list&quot;:[{&quot;jet_parallax_layout_image&quot;:{&quot;url&quot;:&quot;&quot;,&quot;id&quot;:&quot;&quot;},&quot;_id&quot;:&quot;3dbfb7d&quot;,&quot;jet_parallax_layout_image_tablet&quot;:{&quot;url&quot;:&quot;&quot;,&quot;id&quot;:&quot;&quot;},&quot;jet_parallax_layout_image_mobile&quot;:{&quot;url&quot;:&quot;&quot;,&quot;id&quot;:&quot;&quot;},&quot;jet_parallax_layout_speed&quot;:{&quot;unit&quot;:&quot;%&quot;,&quot;size&quot;:50,&quot;sizes&quot;:[]},&quot;jet_parallax_layout_type&quot;:&quot;scroll&quot;,&quot;jet_parallax_layout_direction&quot;:null,&quot;jet_parallax_layout_fx_direction&quot;:null,&quot;jet_parallax_layout_z_index&quot;:&quot;&quot;,&quot;jet_parallax_layout_bg_x&quot;:50,&quot;jet_parallax_layout_bg_x_tablet&quot;:&quot;&quot;,&quot;jet_parallax_layout_bg_x_mobile&quot;:&quot;&quot;,&quot;jet_parallax_layout_bg_y&quot;:50,&quot;jet_parallax_layout_bg_y_tablet&quot;:&quot;&quot;,&quot;jet_parallax_layout_bg_y_mobile&quot;:&quot;&quot;,&quot;jet_parallax_layout_bg_size&quot;:&quot;auto&quot;,&quot;jet_parallax_layout_bg_size_tablet&quot;:&quot;&quot;,&quot;jet_parallax_layout_bg_size_mobile&quot;:&quot;&quot;,&quot;jet_parallax_layout_animation_prop&quot;:&quot;transform&quot;,&quot;jet_parallax_layout_on&quot;:[&quot;desktop&quot;,&quot;tablet&quot;]}]}\">\n\t\t\t\t\t\t<div class=\"elementor-container elementor-column-gap-default\">\n\t\t\t\t\t<div class=\"elementor-column elementor-col-100 elementor-top-column elementor-element elementor-element-43d8d55\" data-id=\"43d8d55\" data-element_type=\"column\">\n\t\t\t<div class=\"elementor-widget-wrap elementor-element-populated\">\n\t\t\t\t\t\t\t\t<div class=\"elementor-element elementor-element-d6b8b5a elementor-widget elementor-widget-text-editor\" data-id=\"d6b8b5a\" data-element_type=\"widget\" data-widget_type=\"text-editor.default\">\n\t\t\t\t<div class=\"elementor-widget-container\">\n\t\t\t\t\t\t\t\t<p>O Corpo diretivo \u00e9 composto pelos 4 Presidentes das c\u00e2maras Municipais da Regi\u00e3o (S\u00e3o Filipe, Santa Catarina, Mosteiros e Brava).<\/p>\t\t\t\t\t\t<\/div>\n\t\t\t\t<\/div>\n\t\t\t\t<div class=\"elementor-element elementor-element-5c0b06f elementor-widget elementor-widget-spacer\" data-id=\"5c0b06f\" data-element_type=\"widget\" data-widget_type=\"spacer.default\">\n\t\t\t\t<div class=\"elementor-widget-container\">\n\t\t\t\t\t<div class=\"elementor-spacer\">\n\t\t\t<div class=\"elementor-spacer-inner\"><\/div>\n\t\t<\/div>\n\t\t\t\t<\/div>\n\t\t\t\t<\/div>\n\t\t\t\t\t<\/div>\n\t\t<\/div>\n\t\t\t\t\t\t\t<\/div>\n\t\t<\/section>\n\t\t\t\t\t\t<\/div>\n\t\t\t\t\t<\/div>\n\t\t","protected":false},"excerpt":{"rendered":"<p>ASSOCIA\u00c7\u00c3O DOS MUNIC\u00cdPIOS DO FOGO E BRAVA Ag\u00eancia de Desenvolvimento Regional Fogo e Brava O Gabinete de Desenvolvimento Regional, era um servi\u00e7o intermunicipal, encarregado da realiza\u00e7\u00e3o de estudos, reflex\u00e3o estrat\u00e9gica, conce\u00e7\u00e3o e planeamento de pol\u00edticas p\u00fablicas de incid\u00eancia econ\u00f3mica e social conducentes a integra\u00e7\u00e3o e desenvolvimento regionais dos Munic\u00edpios do Fogo e da Brava. Foi [&hellip;]<\/p>\n","protected":false},"author":1,"featured_media":9246,"parent":0,"menu_order":76,"comment_status":"closed","ping_status":"closed","template":"elementor_header_footer","meta":[],"acf":[],"wpcf_dashboard":"<div class=\"woocommerce\"><div class=\"woocommerce-info\">Please log in first? <a class=\"wpneoShowLogin\" href=\"#\">Click here to login<\/a><\/div><div class=\"wpneo_login_form_div\" style=\"display: none;\">\n\t\t<form name=\"loginform\" id=\"loginform\" action=\"https:\/\/cmsf.cv\/wp-login.php\" method=\"post\">\n\t\t\t\n\t\t\t<p class=\"login-username\">\n\t\t\t\t<label for=\"user_login\">Nome de utilizador ou endere\u00e7o de email<\/label>\n\t\t\t\t<input type=\"text\" name=\"log\" id=\"user_login\" class=\"input\" value=\"\" size=\"20\" \/>\n\t\t\t<\/p>\n\t\t\t<p class=\"login-password\">\n\t\t\t\t<label for=\"user_pass\">Senha<\/label>\n\t\t\t\t<input type=\"password\" name=\"pwd\" id=\"user_pass\" class=\"input\" value=\"\" size=\"20\" \/>\n\t\t\t<\/p>\n\t\t\t\n\t\t\t<p class=\"login-remember\"><label><input name=\"rememberme\" type=\"checkbox\" id=\"rememberme\" value=\"forever\" \/> Lembrar-me<\/label><\/p>\n\t\t\t<p class=\"login-submit\">\n\t\t\t\t<input type=\"submit\" name=\"wp-submit\" id=\"wp-submit\" class=\"button button-primary\" value=\"Iniciar sess\u00e3o\" \/>\n\t\t\t\t<input type=\"hidden\" name=\"redirect_to\" value=\"https:\/\/cmsf.cv\/index.php\/wp-json\/wp\/v2\/pages\/8994\" \/>\n\t\t\t<\/p>\n\t\t\t\n\t\t<\/form><\/div><\/div>","_links":{"self":[{"href":"https:\/\/cmsf.cv\/index.php\/wp-json\/wp\/v2\/pages\/8994"}],"collection":[{"href":"https:\/\/cmsf.cv\/index.php\/wp-json\/wp\/v2\/pages"}],"about":[{"href":"https:\/\/cmsf.cv\/index.php\/wp-json\/wp\/v2\/types\/page"}],"author":[{"embeddable":true,"href":"https:\/\/cmsf.cv\/index.php\/wp-json\/wp\/v2\/users\/1"}],"replies":[{"embeddable":true,"href":"https:\/\/cmsf.cv\/index.php\/wp-json\/wp\/v2\/comments?post=8994"}],"version-history":[{"count":83,"href":"https:\/\/cmsf.cv\/index.php\/wp-json\/wp\/v2\/pages\/8994\/revisions"}],"predecessor-version":[{"id":13117,"href":"https:\/\/cmsf.cv\/index.php\/wp-json\/wp\/v2\/pages\/8994\/revisions\/13117"}],"wp:featuredmedia":[{"embeddable":true,"href":"https:\/\/cmsf.cv\/index.php\/wp-json\/wp\/v2\/media\/9246"}],"wp:attachment":[{"href":"https:\/\/cmsf.cv\/index.php\/wp-json\/wp\/v2\/media?parent=8994"}],"curies":[{"name":"wp","href":"https:\/\/api.w.org\/{rel}","templated":true}]}}