
{"id":10967,"date":"2022-05-12T15:45:35","date_gmt":"2022-05-12T16:45:35","guid":{"rendered":"https:\/\/cmsf.cv\/?post_type=product&#038;p=10967"},"modified":"2022-09-01T16:28:45","modified_gmt":"2022-09-01T17:28:45","slug":"pacov-programa-de-apoio-a-criancas-orfaos-e-vulneraveis","status":"publish","type":"product","link":"https:\/\/cmsf.cv\/index.php\/produto\/pacov-programa-de-apoio-a-criancas-orfaos-e-vulneraveis\/","title":{"rendered":"PACOV- Programa de apoio \u00e0 crian\u00e7as \u00d3rf\u00e3os e vulner\u00e1veis"},"content":{"rendered":"<table width=\"687\">\n<tbody>\n<tr>\n<td colspan=\"2\" width=\"195\">1.T\u00edtulo<\/td>\n<td colspan=\"5\" width=\"491\">PACOV- Programa de apoio \u00e0 crian\u00e7as \u00d3rf\u00e3os e vulner\u00e1veis<\/td>\n<\/tr>\n<tr>\n<td colspan=\"2\" width=\"195\">2. Execu\u00e7\u00e3o<\/td>\n<td colspan=\"5\" width=\"491\">C\u00e2mara Municipal S\u00e3o Filipe<\/td>\n<\/tr>\n<tr>\n<td colspan=\"2\" width=\"195\">Contatos<\/p>\n<p>281 13 13\/ 598 54 68<\/td>\n<td colspan=\"5\" width=\"491\">Pto Focal: Vereadora A\u00e7\u00e3o Social, Sa\u00fade e Habita\u00e7\u00e3o- Vanilda Correia<\/p>\n<p>E-mail: vanilda.correia@cmsf.cv<\/td>\n<\/tr>\n<tr>\n<td colspan=\"7\" width=\"687\">4. Benefici\u00e1rios<\/td>\n<\/tr>\n<tr>\n<td colspan=\"4\" width=\"204\">Directos<\/td>\n<td colspan=\"3\" width=\"483\">Crian\u00e7as \u00f3rf\u00e3os e vulner\u00e1veis<\/td>\n<\/tr>\n<tr>\n<td colspan=\"4\" width=\"204\">Indirectos<\/td>\n<td colspan=\"3\" width=\"483\">\u00b7 Agregados familiares vulner\u00e1veis, monoparentais e chefiadas por mulheres;<\/p>\n<p>\u00b7 Agregados com menores \u00f3rf\u00e3os e vulner\u00e1veis em idade escolar;<\/p>\n<p>\u00b7 Agregados com menores \u00f3rf\u00e3os e vulner\u00e1veis, v\u00edtimas de VBG;<\/p>\n<p>\u00b7 Agregados com menores \u00f3rf\u00e3os e vulner\u00e1veis, v\u00edtimas de viol\u00eancia sexual;<\/p>\n<p>\u00b7 Agregados sem atividade geradora de rendimentos.<\/td>\n<\/tr>\n<tr>\n<td colspan=\"7\" width=\"687\"><strong>5. Dura\u00e7\u00e3o <\/strong><\/td>\n<\/tr>\n<tr>\n<td colspan=\"7\" width=\"687\">2022-2024<\/td>\n<\/tr>\n<tr>\n<td width=\"140\">Data do in\u00edcio<\/td>\n<td colspan=\"4\" width=\"159\">Maio 2022<\/td>\n<td width=\"142\">Data do fim<\/td>\n<td width=\"246\">Dezembro 2024<\/td>\n<\/tr>\n<tr>\n<td colspan=\"7\" width=\"687\">6. Lugares das actividades a serem desenvolvidas<\/td>\n<\/tr>\n<tr>\n<td colspan=\"7\" width=\"687\">Concelho de S\u00e3o Filipe- Ilha do Fogo<\/td>\n<\/tr>\n<tr>\n<td colspan=\"7\" width=\"687\">7. Objectivos<\/td>\n<\/tr>\n<tr>\n<td colspan=\"3\" width=\"198\">Objectivo geral ou global<\/p>\n<p>&nbsp;<\/td>\n<td colspan=\"4\" width=\"489\">\u00b7 Garantir apoio psicossocial \u00e0s crian\u00e7as \u00f3rf\u00e3os e vulner\u00e1veis do concelho de S\u00e3o Filipe, a partir de programa de apadrinhamento.<\/td>\n<\/tr>\n<tr>\n<td colspan=\"3\" width=\"198\">&nbsp;<\/p>\n<p>&nbsp;<\/p>\n<p>Objetivos espec\u00edficos<\/p>\n<p>&nbsp;<\/p>\n<p>&nbsp;<\/p>\n<p>&nbsp;<\/p>\n<p>&nbsp;<\/p>\n<p>&nbsp;<\/p>\n<p>&nbsp;<\/td>\n<td colspan=\"4\" width=\"489\">\u00b7 Lan\u00e7amento de uma campanha de apadrinhamento nacional e na di\u00e1spora;<\/p>\n<p>\u00b7 Cria\u00e7\u00e3o do regulamento municipal de apoio a crian\u00e7as \u00f3rf\u00e3os e vulner\u00e1veis<\/p>\n<p>\u00b7 Criar o cadastro de crian\u00e7as \u00f3rf\u00e3os e vulner\u00e1veis de S\u00e3o Filipe;<\/p>\n<p>\u00b7 Criar o cadastro de padrinhos nacional e na di\u00e1spora;<\/p>\n<p>\u00b7 Criar do fundo\/conta municipal solid\u00e1rio de apoio \u00e0s crian\u00e7as \u00f3rf\u00e3o e vulner\u00e1veis;<\/p>\n<p>\u00b7 Cria\u00e7\u00e3o de plataforma digital para cadastro e donativos;<\/p>\n<p>\u00b7 Redu\u00e7\u00e3o dos impactos psicol\u00f3gicos a partir da presta\u00e7\u00e3o do apoio e orienta\u00e7\u00e3o psicossocial \u00e0s crian\u00e7as e fam\u00edlias (fam\u00edlia acolhimento) nos primeiros seis meses;<\/p>\n<p>\u00b7 Garantir assist\u00eancia educa\u00e7\u00e3o, sa\u00fade e alimenta\u00e7\u00e3o (kits escolares, medicamentos e cestas b\u00e1sicas)<\/td>\n<\/tr>\n<tr>\n<td colspan=\"3\" width=\"198\"><strong>8. Justifica\u00e7\u00e3o do projecto<\/strong><\/td>\n<td colspan=\"4\" width=\"489\">Aqueles que perdem os pais ainda crian\u00e7as ou enfrentam in\u00fameras dificuldades, sejam priva\u00e7\u00f5es financeiras ou quest\u00f5es emocionais e, portanto, s\u00e3o merecedores de todo o apoio que o Estado e a sociedade possa oferecer por meio de seus programas sociais e solidariedade social respetivamente.<\/p>\n<p>Em raz\u00e3o da vulnerabilidade que enfrentam em face da orfandade ou das condi\u00e7\u00f5es sociais dos seus pais ou encarregados de educa\u00e7\u00e3o; da crise sanit\u00e1ria enfrenta pela pandemia de covid-19; do agravamento dos sucessivos maus anos agr\u00edcolas; do n\u00famero consider\u00e1vel de \u00f3rf\u00e3os e vulner\u00e1veis que procuram os servi\u00e7os socias da CMSF; da inexist\u00eancia de uma legisla\u00e7\u00e3o nacional que assegure a assist\u00eancia social espec\u00edfica e acess\u00edvel a crian\u00e7as \u00f3rf\u00e3os e vulner\u00e1veis; ainda de acordo com o estatuto dos munic\u00edpios Artigo 35\u00ba, compete ao munic\u00edpio promo\u00e7\u00e3o de a\u00e7\u00f5es, campanhas e programas de prote\u00e7\u00e3o e apoio aos grupos mais vulner\u00e1veis; portanto justifica a cria\u00e7\u00e3o do <strong>Programa de Apoio a Crian\u00e7as \u00d3rf\u00e3os e vulner\u00e1veis \u2013PACOV, <\/strong>por forma a dar amparo a essas crian\u00e7as em um momento de extrema vulnerabilidade. Para tal contamos com importante apoio da comunidade cabo-verdiana e estrangeiros amigos, residentes no pa\u00eds e na di\u00e1spora.<\/td>\n<\/tr>\n<tr>\n<td colspan=\"3\" width=\"198\"><strong>9.Metodologia <\/strong><\/td>\n<td colspan=\"4\" width=\"489\">Inicialmente faremos o lan\u00e7amento da campanha, no pa\u00eds e na di\u00e1spora, paralelamente inicia-se o cadastro dos padrinhos e as doa\u00e7\u00f5es para o fundo\/conta municipal solid\u00e1rio de apoio a crian\u00e7as \u00f3rf\u00e3os e vulner\u00e1veis.<\/p>\n<p>Relativamente aos benefici\u00e1rios (\u00f3rf\u00e3os e vulner\u00e1veis) temos o cadastro, que vai ser alimentado com novas inscri\u00e7\u00f5es, o numero de benefici\u00e1rio depender\u00e1 do numero de padrinhos e valor dos donativos\/verba dispon\u00edvel.<\/p>\n<p>Os crit\u00e9rios de sele\u00e7\u00e3o e atribui\u00e7\u00e3o do apoio constam do regulamento em anexo.<\/td>\n<\/tr>\n<tr>\n<td colspan=\"7\" width=\"687\"><strong>10. Actividades e Calendariza\u00e7\u00e3o<\/strong><\/td>\n<\/tr>\n<tr>\n<td colspan=\"7\" width=\"687\">\n<table>\n<tbody>\n<tr>\n<td width=\"224\">Atividade<\/td>\n<td width=\"263\">Per\u00edodo execu\u00e7\u00e3o<\/td>\n<td width=\"184\">Respons\u00e1vel execu\u00e7\u00e3o<\/td>\n<\/tr>\n<tr>\n<td width=\"224\">Elabora\u00e7\u00e3o do projeto<\/td>\n<td width=\"263\">1\u00ba trimestre 2022<\/td>\n<td width=\"184\">Gabinete verea\u00e7\u00e3o social<\/td>\n<\/tr>\n<tr>\n<td width=\"224\">Lan\u00e7amento de uma campanha de apadrinhamento nacional e na di\u00e1spora;<\/td>\n<td width=\"263\">Maio 2022 (por ocasi\u00e3o do dia da fam\u00edlia\/15 maio )<\/td>\n<td width=\"184\"><\/td>\n<\/tr>\n<tr>\n<td width=\"224\">Cria\u00e7\u00e3o do regulamento municipal de apoio a crian\u00e7as \u00f3rf\u00e3os e vulner\u00e1veis<\/td>\n<td width=\"263\">1\u00ba trimestre 2022<\/td>\n<td width=\"184\">Gabinete verea\u00e7\u00e3o social<\/td>\n<\/tr>\n<tr>\n<td width=\"224\">Cadastro de crian\u00e7as \u00f3rf\u00e3os e vulner\u00e1veis de S\u00e3o Filipe;<\/td>\n<td width=\"263\">2\u00ba trimestre 2022 (inscri\u00e7\u00e3o continuo )<\/td>\n<td width=\"184\">CMSF- GISDH e via plataforma digital<\/td>\n<\/tr>\n<tr>\n<td width=\"224\">Cadastro de padrinhos nacional e na di\u00e1spora;<\/td>\n<td width=\"263\">2\u00ba trimestre 2022 (inscri\u00e7\u00e3o continuo )<\/td>\n<td width=\"184\"><\/td>\n<\/tr>\n<tr>\n<td width=\"224\">Cria\u00e7\u00e3o do fundo\/conta municipal solid\u00e1rio de apoio \u00e0s crian\u00e7as \u00f3rf\u00e3o e vulner\u00e1veis;<\/td>\n<td width=\"263\">2\u00ba trimestre 2022<\/td>\n<td width=\"184\">CMSF- pelouro administra\u00e7\u00e3o e DAF<\/td>\n<\/tr>\n<tr>\n<td width=\"224\">Cria\u00e7\u00e3o das fichas de inscri\u00e7\u00e3o\/cadastro e de plataforma digital para cadastro e donativos;<\/td>\n<td width=\"263\">1\u00ba trimestre 2022<\/td>\n<td width=\"184\">Gabinete verea\u00e7\u00e3o social<\/td>\n<\/tr>\n<tr>\n<td width=\"224\">Redu\u00e7\u00e3o dos impactos psicol\u00f3gicos a partir da presta\u00e7\u00e3o do apoio e orienta\u00e7\u00e3o psicossocial \u00e0s crian\u00e7as e fam\u00edlias (fam\u00edlia acolhimento);<\/td>\n<td width=\"263\">2022-2024<\/td>\n<td width=\"184\">CMSF a partir do GISDH e parceiros (ICCA e ICIEG)<\/td>\n<\/tr>\n<tr>\n<td width=\"224\">Garantir assist\u00eancia educa\u00e7\u00e3o, sa\u00fade e alimenta\u00e7\u00e3o (atribui\u00e7\u00e3o de kits escolares, medicamentos e cestas b\u00e1sicas)<\/td>\n<td width=\"263\">2022-2024<\/td>\n<td width=\"184\">CMSF &#8211; GISDH<\/td>\n<\/tr>\n<tr>\n<td width=\"224\">Seguimento e avalia\u00e7\u00e3o do programa<\/td>\n<td width=\"263\">Novembro de 2024<\/td>\n<td width=\"184\">CMSF<\/td>\n<\/tr>\n<tr>\n<td width=\"224\">Apresenta\u00e7\u00e3o relat\u00f3rio de execu\u00e7\u00e3o do programa<\/td>\n<td width=\"263\">Dezembro de 2024<\/td>\n<td width=\"184\">CMSF- Gabinete verea\u00e7\u00e3o e DAF<\/td>\n<\/tr>\n<\/tbody>\n<\/table>\n<\/td>\n<\/tr>\n<tr>\n<td colspan=\"7\" width=\"687\"><strong>11. Parceiro<\/strong><\/td>\n<\/tr>\n<tr>\n<td colspan=\"7\" width=\"687\">\u00b7 Padrinhos Cabo-Verdianos<\/p>\n<p>\u00b7 Minist\u00e9rio Educa\u00e7\u00e3o<\/p>\n<p>\u00b7 Minist\u00e9rio sa\u00fade<\/p>\n<p>\u00b7 Minist\u00e9rio da Agricultura e Ambiente<\/p>\n<p>\u00b7 ICCA<\/p>\n<p>\u00b7 Aldeias SOS<\/p>\n<p>\u00b7 ICIEG<\/p>\n<p>\u00b7 OMCV<\/p>\n<p>\u00b7 Institui\u00e7\u00f5es religiosas<\/p>\n<p>\u00b7 Outros<\/td>\n<\/tr>\n<tr>\n<td colspan=\"7\" width=\"687\"><strong>12. Or\u00e7amento<\/strong><\/td>\n<\/tr>\n<tr>\n<td colspan=\"7\" width=\"687\">O programa n\u00e3o prev\u00ea or\u00e7amento inicial, o funcionamento do mesmo depender\u00e1 dos donativos dos padrinhos e equipa t\u00e9cnica da CMSF.<\/td>\n<\/tr>\n<\/tbody>\n<\/table>\n","protected":false},"excerpt":{"rendered":"<p>Garantir apoio psicossocial \u00e0s crian\u00e7as \u00f3rf\u00e3os e vulner\u00e1veis do concelho de S\u00e3o Filipe, a partir de programa de apadrinhamento.<\/p>\n","protected":false},"featured_media":11499,"comment_status":"closed","ping_status":"closed","template":"","meta":[],"product_cat":[149],"product_tag":[],"acf":[],"column":"3","wpcf_product":{"display_name":"C\u00e2mara Municipal S\u00e3o Filipe ","location":"Concelho de S\u00e3o Filipe- Ilha do Fogo","funding_goal":"","total_raised":"2050","raised_percent":"0%","desc":"\r\n\r\n\r\n1.T\u00edtulo\r\nPACOV- Programa de apoio \u00e0 crian\u00e7as \u00d3rf\u00e3os e vulner\u00e1veis\r\n\r\n\r\n2. Execu\u00e7\u00e3o\r\nC\u00e2mara Municipal S\u00e3o Filipe\r\n\r\n\r\nContatos\r\n\r\n281 13 13\/ 598 54 68\r\nPto Focal: Vereadora A\u00e7\u00e3o Social, Sa\u00fade e Habita\u00e7\u00e3o- Vanilda Correia\r\n\r\nE-mail: vanilda.corr","days_remaining":0,"product_thumb":"<img width=\"300\" height=\"200\" src=\"https:\/\/cmsf.cv\/wp-content\/uploads\/2022\/05\/IMG_9147-300x200.jpg\" class=\"attachment-woocommerce_thumbnail size-woocommerce_thumbnail\" alt=\"\" loading=\"lazy\" srcset=\"https:\/\/cmsf.cv\/wp-content\/uploads\/2022\/05\/IMG_9147-300x200.jpg 300w, https:\/\/cmsf.cv\/wp-content\/uploads\/2022\/05\/IMG_9147-1024x683.jpg 1024w, https:\/\/cmsf.cv\/wp-content\/uploads\/2022\/05\/IMG_9147-768x512.jpg 768w, https:\/\/cmsf.cv\/wp-content\/uploads\/2022\/05\/IMG_9147-1536x1024.jpg 1536w, https:\/\/cmsf.cv\/wp-content\/uploads\/2022\/05\/IMG_9147-2048x1365.jpg 2048w, https:\/\/cmsf.cv\/wp-content\/uploads\/2022\/05\/IMG_9147-600x400.jpg 600w, https:\/\/cmsf.cv\/wp-content\/uploads\/2022\/05\/IMG_9147-560x373.jpg 560w\" sizes=\"(max-width: 300px) 100vw, 300px\" \/>"},"wpcf_dashboard":"<div class=\"woocommerce\"><div class=\"woocommerce-info\">Please log in first? <a class=\"wpneoShowLogin\" href=\"#\">Click here to login<\/a><\/div><div class=\"wpneo_login_form_div\" style=\"display: none;\">\n\t\t<form name=\"loginform\" id=\"loginform\" action=\"https:\/\/cmsf.cv\/wp-login.php\" method=\"post\">\n\t\t\t\n\t\t\t<p class=\"login-username\">\n\t\t\t\t<label for=\"user_login\">Nome de utilizador ou endere\u00e7o de email<\/label>\n\t\t\t\t<input type=\"text\" name=\"log\" id=\"user_login\" class=\"input\" value=\"\" size=\"20\" \/>\n\t\t\t<\/p>\n\t\t\t<p class=\"login-password\">\n\t\t\t\t<label for=\"user_pass\">Senha<\/label>\n\t\t\t\t<input type=\"password\" name=\"pwd\" id=\"user_pass\" class=\"input\" value=\"\" size=\"20\" \/>\n\t\t\t<\/p>\n\t\t\t\n\t\t\t<p class=\"login-remember\"><label><input name=\"rememberme\" type=\"checkbox\" id=\"rememberme\" value=\"forever\" \/> Lembrar-me<\/label><\/p>\n\t\t\t<p class=\"login-submit\">\n\t\t\t\t<input type=\"submit\" name=\"wp-submit\" id=\"wp-submit\" class=\"button button-primary\" value=\"Iniciar sess\u00e3o\" \/>\n\t\t\t\t<input type=\"hidden\" name=\"redirect_to\" value=\"https:\/\/cmsf.cv\/index.php\/wp-json\/wp\/v2\/product\/10967\" \/>\n\t\t\t<\/p>\n\t\t\t\n\t\t<\/form><\/div><\/div>","wpcf_single_campaign":"\n<div class=\"wpneo-wrapper\">\n    <div class=\"wpneocf-container\">\n        <div id=\"primary\" class=\"content-area\">\n            <div id=\"content\" class=\"site-content\" role=\"main\">\n                <div class=\"wpneo-list-details\">\n\n\t\t\t\t\t                    <div itemscope itemtype=\"http:\/\/schema.org\/ItemList\" id=\"campaign-10967\" class=\"post-10967 product type-product status-publish has-post-thumbnail hentry product_cat-doacao\">\n\t\t\t\t\t\t<div class=\"wpneo-campaign-single-left-info\">\n            <div class=\"woocommerce-product-gallery woocommerce-product-gallery--with-images woocommerce-product-gallery--columns-4 images\" data-columns=\"4\" style=\"opacity: 0; transition: opacity .25s ease-in-out;\">\n            <figure class=\"woocommerce-product-gallery__wrapper\">\n                <div class=\"woocommerce-product-gallery__image\"><a href=\"https:\/\/cmsf.cv\/wp-content\/uploads\/2022\/05\/IMG_9147-1024x683.jpg\" data-gal=\"prettyPhoto[gal]\"><img src=\"https:\/\/cmsf.cv\/wp-content\/uploads\/2022\/05\/IMG_9147-1024x683.jpg\" alt=\"IMG_9147\"><\/a><\/div>            <\/figure>\n        <\/div>\n        <div style=\"clear: both\"><\/div>\n<div class=\"wpneo-single-short-description\">\n    <h2>Short Story<\/h2>\n    <div itemprop=\"description\">\n        <p>Garantir apoio psicossocial \u00e0s crian\u00e7as \u00f3rf\u00e3os e vulner\u00e1veis do concelho de S\u00e3o Filipe, a partir de programa de apadrinhamento.<\/p>\n    <\/div>\n<\/div>\n<\/div>                        <div class=\"wpneo-campaign-summary\">\n                            <div class=\"wpneo-campaign-summary-inner\" itemscope itemtype=\"http:\/\/schema.org\/DonateAction\">\n\t\t\t\t\t\t\t\t<h2 class=\"wpneo-campaign-title\">PACOV- Programa de apoio \u00e0 crian\u00e7as \u00d3rf\u00e3os e vulner\u00e1veis<\/h2><p class=\"wpneo-author-info\">\n    by    <a href=\"javascript:;\" data-author=\"1\" class=\"wpneo-fund-modal-btn\">C\u00e2mara Municipal S\u00e3o Filipe <\/a>\n<\/p><div class=\"woocommerce\"><\/div>\n<div class=\"campaign-funding-info\">\n    <ul>\n        <li>\n            <p class=\"funding-amount\">\n                Not Set            <\/p>\n            <span class=\"info-text\">Funding Goal<\/span>\n        <\/li>\n        <li>\n            <p class=\"funding-amount\"><span class=\"woocommerce-Price-amount amount\"><bdi>2.050<span class=\"woocommerce-Price-currencySymbol\">&#36;<\/span><\/bdi><\/span><\/p>\n            <span class=\"info-text\">Funds Raised<\/span>\n        <\/li>\n                    <li>\n                                    <p class=\"funding-amount\">0<\/p>\n                    <span class=\"info-text\">Days to go<\/span>\n                            <\/li>\n        \n        <li>\n            <p class=\"funding-amount\">\n                Target Date            <\/p>\n            <span class=\"info-text\">Campaign End Method<\/span>\n        <\/li>\n    <\/ul>\n<\/div><div class=\"wpneo-raised-percent\">\n    <div class=\"wpneo-meta-name\">Raised Percent :<\/div>\n    <div class=\"wpneo-meta-desc\" >0%<\/div>\n<\/div>\n<div class=\"wpneo-raised-bar\">\n    <div id=\"neo-progressbar\">\n                <div style=\"width: 0%\"><\/div>\n    <\/div>\n<\/div><div class=\"wpneo-single-sidebar ASA\">\n\tThe campaign is successful.<\/div>    <div class=\"wpneo-location-wrapper\">\n        <i class=\"wpneo-icon wpneo-icon-location\"><\/i>\n        <span>Concelho de S\u00e3o Filipe- Ilha do Fogo, Cabo Verde<\/span>\n    <\/div>\n\n<div class=\"wpneo-campaign-creator-info-wrapper\">\n    <div class=\"wpneo-campaign-creator-avatar\">\n                                    <img alt='' src='https:\/\/secure.gravatar.com\/avatar\/2f74764c4ef3d578efcbf6c319007893?s=80&#038;d=mm&#038;r=g' srcset='https:\/\/secure.gravatar.com\/avatar\/2f74764c4ef3d578efcbf6c319007893?s=160&#038;d=mm&#038;r=g 2x' class='avatar avatar-80 photo' height='80' width='80' loading='lazy'\/>                        <\/div>\n    <div class=\"wpneo-campaign-creator-details\">\n        <p><a href=\"javascript:;\" data-author=\"1\" class=\"wpneo-fund-modal-btn\" >C\u00e2mara Municipal S\u00e3o Filipe <\/a> <\/p>\n        <p>1 Campaigns | 0 Loved campaigns <\/p>\n                <p><a href=\"javascript:;\" data-author=\"1\" class=\"wpneo-fund-modal-btn wpneo-link-style1\"><strong>See full bio<\/strong><\/a><\/p>\n    <\/div>\n<\/div>                            <\/div><!-- .wpneo-campaign-summary-inner -->\n                        <\/div><!-- .wpneo-campaign-summary -->\n\t\t\t\t\t\t\n    <div class=\"wpneo-tabs\">\n        <ul class=\"wpneo-tabs-menu\">\n                            <li class=\"wpneo-current description_tab\">\n                    <a href=\"#wpneo-tab-description\">Campaign Story<\/a>\n                <\/li>\n                            <li class=\" baker_list_tab\">\n                    <a href=\"#wpneo-tab-baker_list\">Backer List<\/a>\n                <\/li>\n                    <\/ul>\n        <div class=\"wpneo-tab\">\n                            <div id=\"wpneo-tab-description\" class=\"wpneo-tab-content\">\n                    \n    <div class=\"tab-description tab_col_9 tab-campaign-story-left\">\n        <h2>Campaign Story<\/h2>\n        <table width=\"687\">\n<tbody>\n<tr>\n<td colspan=\"2\" width=\"195\">1.T\u00edtulo<\/td>\n<td colspan=\"5\" width=\"491\">PACOV- Programa de apoio \u00e0 crian\u00e7as \u00d3rf\u00e3os e vulner\u00e1veis<\/td>\n<\/tr>\n<tr>\n<td colspan=\"2\" width=\"195\">2. Execu\u00e7\u00e3o<\/td>\n<td colspan=\"5\" width=\"491\">C\u00e2mara Municipal S\u00e3o Filipe<\/td>\n<\/tr>\n<tr>\n<td colspan=\"2\" width=\"195\">Contatos<\/p>\n<p>281 13 13\/ 598 54 68<\/td>\n<td colspan=\"5\" width=\"491\">Pto Focal: Vereadora A\u00e7\u00e3o Social, Sa\u00fade e Habita\u00e7\u00e3o- Vanilda Correia<\/p>\n<p>E-mail: vanilda.correia@cmsf.cv<\/td>\n<\/tr>\n<tr>\n<td colspan=\"7\" width=\"687\">4. Benefici\u00e1rios<\/td>\n<\/tr>\n<tr>\n<td colspan=\"4\" width=\"204\">Directos<\/td>\n<td colspan=\"3\" width=\"483\">Crian\u00e7as \u00f3rf\u00e3os e vulner\u00e1veis<\/td>\n<\/tr>\n<tr>\n<td colspan=\"4\" width=\"204\">Indirectos<\/td>\n<td colspan=\"3\" width=\"483\">\u00b7 Agregados familiares vulner\u00e1veis, monoparentais e chefiadas por mulheres;<\/p>\n<p>\u00b7 Agregados com menores \u00f3rf\u00e3os e vulner\u00e1veis em idade escolar;<\/p>\n<p>\u00b7 Agregados com menores \u00f3rf\u00e3os e vulner\u00e1veis, v\u00edtimas de VBG;<\/p>\n<p>\u00b7 Agregados com menores \u00f3rf\u00e3os e vulner\u00e1veis, v\u00edtimas de viol\u00eancia sexual;<\/p>\n<p>\u00b7 Agregados sem atividade geradora de rendimentos.<\/td>\n<\/tr>\n<tr>\n<td colspan=\"7\" width=\"687\"><strong>5. Dura\u00e7\u00e3o <\/strong><\/td>\n<\/tr>\n<tr>\n<td colspan=\"7\" width=\"687\">2022-2024<\/td>\n<\/tr>\n<tr>\n<td width=\"140\">Data do in\u00edcio<\/td>\n<td colspan=\"4\" width=\"159\">Maio 2022<\/td>\n<td width=\"142\">Data do fim<\/td>\n<td width=\"246\">Dezembro 2024<\/td>\n<\/tr>\n<tr>\n<td colspan=\"7\" width=\"687\">6. Lugares das actividades a serem desenvolvidas<\/td>\n<\/tr>\n<tr>\n<td colspan=\"7\" width=\"687\">Concelho de S\u00e3o Filipe- Ilha do Fogo<\/td>\n<\/tr>\n<tr>\n<td colspan=\"7\" width=\"687\">7. Objectivos<\/td>\n<\/tr>\n<tr>\n<td colspan=\"3\" width=\"198\">Objectivo geral ou global<\/p>\n<p>&nbsp;<\/td>\n<td colspan=\"4\" width=\"489\">\u00b7 Garantir apoio psicossocial \u00e0s crian\u00e7as \u00f3rf\u00e3os e vulner\u00e1veis do concelho de S\u00e3o Filipe, a partir de programa de apadrinhamento.<\/td>\n<\/tr>\n<tr>\n<td colspan=\"3\" width=\"198\">&nbsp;<\/p>\n<p>&nbsp;<\/p>\n<p>Objetivos espec\u00edficos<\/p>\n<p>&nbsp;<\/p>\n<p>&nbsp;<\/p>\n<p>&nbsp;<\/p>\n<p>&nbsp;<\/p>\n<p>&nbsp;<\/p>\n<p>&nbsp;<\/td>\n<td colspan=\"4\" width=\"489\">\u00b7 Lan\u00e7amento de uma campanha de apadrinhamento nacional e na di\u00e1spora;<\/p>\n<p>\u00b7 Cria\u00e7\u00e3o do regulamento municipal de apoio a crian\u00e7as \u00f3rf\u00e3os e vulner\u00e1veis<\/p>\n<p>\u00b7 Criar o cadastro de crian\u00e7as \u00f3rf\u00e3os e vulner\u00e1veis de S\u00e3o Filipe;<\/p>\n<p>\u00b7 Criar o cadastro de padrinhos nacional e na di\u00e1spora;<\/p>\n<p>\u00b7 Criar do fundo\/conta municipal solid\u00e1rio de apoio \u00e0s crian\u00e7as \u00f3rf\u00e3o e vulner\u00e1veis;<\/p>\n<p>\u00b7 Cria\u00e7\u00e3o de plataforma digital para cadastro e donativos;<\/p>\n<p>\u00b7 Redu\u00e7\u00e3o dos impactos psicol\u00f3gicos a partir da presta\u00e7\u00e3o do apoio e orienta\u00e7\u00e3o psicossocial \u00e0s crian\u00e7as e fam\u00edlias (fam\u00edlia acolhimento) nos primeiros seis meses;<\/p>\n<p>\u00b7 Garantir assist\u00eancia educa\u00e7\u00e3o, sa\u00fade e alimenta\u00e7\u00e3o (kits escolares, medicamentos e cestas b\u00e1sicas)<\/td>\n<\/tr>\n<tr>\n<td colspan=\"3\" width=\"198\"><strong>8. Justifica\u00e7\u00e3o do projecto<\/strong><\/td>\n<td colspan=\"4\" width=\"489\">Aqueles que perdem os pais ainda crian\u00e7as ou enfrentam in\u00fameras dificuldades, sejam priva\u00e7\u00f5es financeiras ou quest\u00f5es emocionais e, portanto, s\u00e3o merecedores de todo o apoio que o Estado e a sociedade possa oferecer por meio de seus programas sociais e solidariedade social respetivamente.<\/p>\n<p>Em raz\u00e3o da vulnerabilidade que enfrentam em face da orfandade ou das condi\u00e7\u00f5es sociais dos seus pais ou encarregados de educa\u00e7\u00e3o; da crise sanit\u00e1ria enfrenta pela pandemia de covid-19; do agravamento dos sucessivos maus anos agr\u00edcolas; do n\u00famero consider\u00e1vel de \u00f3rf\u00e3os e vulner\u00e1veis que procuram os servi\u00e7os socias da CMSF; da inexist\u00eancia de uma legisla\u00e7\u00e3o nacional que assegure a assist\u00eancia social espec\u00edfica e acess\u00edvel a crian\u00e7as \u00f3rf\u00e3os e vulner\u00e1veis; ainda de acordo com o estatuto dos munic\u00edpios Artigo 35\u00ba, compete ao munic\u00edpio promo\u00e7\u00e3o de a\u00e7\u00f5es, campanhas e programas de prote\u00e7\u00e3o e apoio aos grupos mais vulner\u00e1veis; portanto justifica a cria\u00e7\u00e3o do <strong>Programa de Apoio a Crian\u00e7as \u00d3rf\u00e3os e vulner\u00e1veis \u2013PACOV, <\/strong>por forma a dar amparo a essas crian\u00e7as em um momento de extrema vulnerabilidade. Para tal contamos com importante apoio da comunidade cabo-verdiana e estrangeiros amigos, residentes no pa\u00eds e na di\u00e1spora.<\/td>\n<\/tr>\n<tr>\n<td colspan=\"3\" width=\"198\"><strong>9.Metodologia <\/strong><\/td>\n<td colspan=\"4\" width=\"489\">Inicialmente faremos o lan\u00e7amento da campanha, no pa\u00eds e na di\u00e1spora, paralelamente inicia-se o cadastro dos padrinhos e as doa\u00e7\u00f5es para o fundo\/conta municipal solid\u00e1rio de apoio a crian\u00e7as \u00f3rf\u00e3os e vulner\u00e1veis.<\/p>\n<p>Relativamente aos benefici\u00e1rios (\u00f3rf\u00e3os e vulner\u00e1veis) temos o cadastro, que vai ser alimentado com novas inscri\u00e7\u00f5es, o numero de benefici\u00e1rio depender\u00e1 do numero de padrinhos e valor dos donativos\/verba dispon\u00edvel.<\/p>\n<p>Os crit\u00e9rios de sele\u00e7\u00e3o e atribui\u00e7\u00e3o do apoio constam do regulamento em anexo.<\/td>\n<\/tr>\n<tr>\n<td colspan=\"7\" width=\"687\"><strong>10. Actividades e Calendariza\u00e7\u00e3o<\/strong><\/td>\n<\/tr>\n<tr>\n<td colspan=\"7\" width=\"687\">\n<table>\n<tbody>\n<tr>\n<td width=\"224\">Atividade<\/td>\n<td width=\"263\">Per\u00edodo execu\u00e7\u00e3o<\/td>\n<td width=\"184\">Respons\u00e1vel execu\u00e7\u00e3o<\/td>\n<\/tr>\n<tr>\n<td width=\"224\">Elabora\u00e7\u00e3o do projeto<\/td>\n<td width=\"263\">1\u00ba trimestre 2022<\/td>\n<td width=\"184\">Gabinete verea\u00e7\u00e3o social<\/td>\n<\/tr>\n<tr>\n<td width=\"224\">Lan\u00e7amento de uma campanha de apadrinhamento nacional e na di\u00e1spora;<\/td>\n<td width=\"263\">Maio 2022 (por ocasi\u00e3o do dia da fam\u00edlia\/15 maio )<\/td>\n<td width=\"184\"><\/td>\n<\/tr>\n<tr>\n<td width=\"224\">Cria\u00e7\u00e3o do regulamento municipal de apoio a crian\u00e7as \u00f3rf\u00e3os e vulner\u00e1veis<\/td>\n<td width=\"263\">1\u00ba trimestre 2022<\/td>\n<td width=\"184\">Gabinete verea\u00e7\u00e3o social<\/td>\n<\/tr>\n<tr>\n<td width=\"224\">Cadastro de crian\u00e7as \u00f3rf\u00e3os e vulner\u00e1veis de S\u00e3o Filipe;<\/td>\n<td width=\"263\">2\u00ba trimestre 2022 (inscri\u00e7\u00e3o continuo )<\/td>\n<td width=\"184\">CMSF- GISDH e via plataforma digital<\/td>\n<\/tr>\n<tr>\n<td width=\"224\">Cadastro de padrinhos nacional e na di\u00e1spora;<\/td>\n<td width=\"263\">2\u00ba trimestre 2022 (inscri\u00e7\u00e3o continuo )<\/td>\n<td width=\"184\"><\/td>\n<\/tr>\n<tr>\n<td width=\"224\">Cria\u00e7\u00e3o do fundo\/conta municipal solid\u00e1rio de apoio \u00e0s crian\u00e7as \u00f3rf\u00e3o e vulner\u00e1veis;<\/td>\n<td width=\"263\">2\u00ba trimestre 2022<\/td>\n<td width=\"184\">CMSF- pelouro administra\u00e7\u00e3o e DAF<\/td>\n<\/tr>\n<tr>\n<td width=\"224\">Cria\u00e7\u00e3o das fichas de inscri\u00e7\u00e3o\/cadastro e de plataforma digital para cadastro e donativos;<\/td>\n<td width=\"263\">1\u00ba trimestre 2022<\/td>\n<td width=\"184\">Gabinete verea\u00e7\u00e3o social<\/td>\n<\/tr>\n<tr>\n<td width=\"224\">Redu\u00e7\u00e3o dos impactos psicol\u00f3gicos a partir da presta\u00e7\u00e3o do apoio e orienta\u00e7\u00e3o psicossocial \u00e0s crian\u00e7as e fam\u00edlias (fam\u00edlia acolhimento);<\/td>\n<td width=\"263\">2022-2024<\/td>\n<td width=\"184\">CMSF a partir do GISDH e parceiros (ICCA e ICIEG)<\/td>\n<\/tr>\n<tr>\n<td width=\"224\">Garantir assist\u00eancia educa\u00e7\u00e3o, sa\u00fade e alimenta\u00e7\u00e3o (atribui\u00e7\u00e3o de kits escolares, medicamentos e cestas b\u00e1sicas)<\/td>\n<td width=\"263\">2022-2024<\/td>\n<td width=\"184\">CMSF &#8211; GISDH<\/td>\n<\/tr>\n<tr>\n<td width=\"224\">Seguimento e avalia\u00e7\u00e3o do programa<\/td>\n<td width=\"263\">Novembro de 2024<\/td>\n<td width=\"184\">CMSF<\/td>\n<\/tr>\n<tr>\n<td width=\"224\">Apresenta\u00e7\u00e3o relat\u00f3rio de execu\u00e7\u00e3o do programa<\/td>\n<td width=\"263\">Dezembro de 2024<\/td>\n<td width=\"184\">CMSF- Gabinete verea\u00e7\u00e3o e DAF<\/td>\n<\/tr>\n<\/tbody>\n<\/table>\n<\/td>\n<\/tr>\n<tr>\n<td colspan=\"7\" width=\"687\"><strong>11. Parceiro<\/strong><\/td>\n<\/tr>\n<tr>\n<td colspan=\"7\" width=\"687\">\u00b7 Padrinhos Cabo-Verdianos<\/p>\n<p>\u00b7 Minist\u00e9rio Educa\u00e7\u00e3o<\/p>\n<p>\u00b7 Minist\u00e9rio sa\u00fade<\/p>\n<p>\u00b7 Minist\u00e9rio da Agricultura e Ambiente<\/p>\n<p>\u00b7 ICCA<\/p>\n<p>\u00b7 Aldeias SOS<\/p>\n<p>\u00b7 ICIEG<\/p>\n<p>\u00b7 OMCV<\/p>\n<p>\u00b7 Institui\u00e7\u00f5es religiosas<\/p>\n<p>\u00b7 Outros<\/td>\n<\/tr>\n<tr>\n<td colspan=\"7\" width=\"687\"><strong>12. Or\u00e7amento<\/strong><\/td>\n<\/tr>\n<tr>\n<td colspan=\"7\" width=\"687\">O programa n\u00e3o prev\u00ea or\u00e7amento inicial, o funcionamento do mesmo depender\u00e1 dos donativos dos padrinhos e equipa t\u00e9cnica da CMSF.<\/td>\n<\/tr>\n<\/tbody>\n<\/table>\n    <\/div>\n\n<div class=\"tab-rewards tab_col_3 tab-campaign-story-right\">\n    <div style=\"clear: both\"><\/div>\t<div style=\"clear: both\"><\/div>\n<\/div>                <\/div>\n                            <div id=\"wpneo-tab-baker_list\" class=\"wpneo-tab-content\">\n                    <table>\n    <tr>\n        <th>Name<\/th>\n        <th>Donate Amount<\/th>\n        <th>Date<\/th>\n    <\/tr>\n\n                <tr>\n                <td>\n                    Joao J Mendes                 <\/td>\n                <td>\n                    <span class=\"woocommerce-Price-amount amount\"><bdi>2.000<span class=\"woocommerce-Price-currencySymbol\">&#36;<\/span><\/bdi><\/span>                <\/td>\n                <td>September 05, 2022<\/td>\n            <\/tr>\n                        <tr>\n                <td>\n                    Magno Tavares                 <\/td>\n                <td>\n                    <span class=\"woocommerce-Price-amount amount\"><bdi>50<span class=\"woocommerce-Price-currencySymbol\">&#36;<\/span><\/bdi><\/span>                <\/td>\n                <td>September 01, 2022<\/td>\n            <\/tr>\n            <\/table>\n                <\/div>\n                    <\/div>\n        <div class=\"clear-float\"><\/div>\n    <\/div>\n\n                        <meta itemprop=\"url\" content=\"https:\/\/cmsf.cv\/index.php\/produto\/pacov-programa-de-apoio-a-criancas-orfaos-e-vulneraveis\/\" \/>\n                    <\/div><!-- #campaign-10967 -->\n\t\t\t\t\t\t\t\t\t\t\n                <\/div>\n            <\/div><!-- #content -->\n        <\/div><!-- #primary -->\n    <\/div>\n\n<\/div>\n","wpcf_popular_campaign":[{"ID":10967,"post_author":"1","post_date":"2022-05-12 15:45:35","post_date_gmt":"2022-05-12 16:45:35","post_content":"<table width=\"687\">\r\n<tbody>\r\n<tr>\r\n<td colspan=\"2\" width=\"195\">1.T\u00edtulo<\/td>\r\n<td colspan=\"5\" width=\"491\">PACOV- Programa de apoio \u00e0 crian\u00e7as \u00d3rf\u00e3os e vulner\u00e1veis<\/td>\r\n<\/tr>\r\n<tr>\r\n<td colspan=\"2\" width=\"195\">2. Execu\u00e7\u00e3o<\/td>\r\n<td colspan=\"5\" width=\"491\">C\u00e2mara Municipal S\u00e3o Filipe<\/td>\r\n<\/tr>\r\n<tr>\r\n<td colspan=\"2\" width=\"195\">Contatos\r\n\r\n281 13 13\/ 598 54 68<\/td>\r\n<td colspan=\"5\" width=\"491\">Pto Focal: Vereadora A\u00e7\u00e3o Social, Sa\u00fade e Habita\u00e7\u00e3o- Vanilda Correia\r\n\r\nE-mail: vanilda.correia@cmsf.cv<\/td>\r\n<\/tr>\r\n<tr>\r\n<td colspan=\"7\" width=\"687\">4. Benefici\u00e1rios<\/td>\r\n<\/tr>\r\n<tr>\r\n<td colspan=\"4\" width=\"204\">Directos<\/td>\r\n<td colspan=\"3\" width=\"483\">Crian\u00e7as \u00f3rf\u00e3os e vulner\u00e1veis<\/td>\r\n<\/tr>\r\n<tr>\r\n<td colspan=\"4\" width=\"204\">Indirectos<\/td>\r\n<td colspan=\"3\" width=\"483\">\u00b7 Agregados familiares vulner\u00e1veis, monoparentais e chefiadas por mulheres;\r\n\r\n\u00b7 Agregados com menores \u00f3rf\u00e3os e vulner\u00e1veis em idade escolar;\r\n\r\n\u00b7 Agregados com menores \u00f3rf\u00e3os e vulner\u00e1veis, v\u00edtimas de VBG;\r\n\r\n\u00b7 Agregados com menores \u00f3rf\u00e3os e vulner\u00e1veis, v\u00edtimas de viol\u00eancia sexual;\r\n\r\n\u00b7 Agregados sem atividade geradora de rendimentos.<\/td>\r\n<\/tr>\r\n<tr>\r\n<td colspan=\"7\" width=\"687\"><strong>5. Dura\u00e7\u00e3o <\/strong><\/td>\r\n<\/tr>\r\n<tr>\r\n<td colspan=\"7\" width=\"687\">2022-2024<\/td>\r\n<\/tr>\r\n<tr>\r\n<td width=\"140\">Data do in\u00edcio<\/td>\r\n<td colspan=\"4\" width=\"159\">Maio 2022<\/td>\r\n<td width=\"142\">Data do fim<\/td>\r\n<td width=\"246\">Dezembro 2024<\/td>\r\n<\/tr>\r\n<tr>\r\n<td colspan=\"7\" width=\"687\">6. Lugares das actividades a serem desenvolvidas<\/td>\r\n<\/tr>\r\n<tr>\r\n<td colspan=\"7\" width=\"687\">Concelho de S\u00e3o Filipe- Ilha do Fogo<\/td>\r\n<\/tr>\r\n<tr>\r\n<td colspan=\"7\" width=\"687\">7. Objectivos<\/td>\r\n<\/tr>\r\n<tr>\r\n<td colspan=\"3\" width=\"198\">Objectivo geral ou global\r\n\r\n&nbsp;<\/td>\r\n<td colspan=\"4\" width=\"489\">\u00b7 Garantir apoio psicossocial \u00e0s crian\u00e7as \u00f3rf\u00e3os e vulner\u00e1veis do concelho de S\u00e3o Filipe, a partir de programa de apadrinhamento.<\/td>\r\n<\/tr>\r\n<tr>\r\n<td colspan=\"3\" width=\"198\">&nbsp;\r\n\r\n&nbsp;\r\n\r\nObjetivos espec\u00edficos\r\n\r\n&nbsp;\r\n\r\n&nbsp;\r\n\r\n&nbsp;\r\n\r\n&nbsp;\r\n\r\n&nbsp;\r\n\r\n&nbsp;<\/td>\r\n<td colspan=\"4\" width=\"489\">\u00b7 Lan\u00e7amento de uma campanha de apadrinhamento nacional e na di\u00e1spora;\r\n\r\n\u00b7 Cria\u00e7\u00e3o do regulamento municipal de apoio a crian\u00e7as \u00f3rf\u00e3os e vulner\u00e1veis\r\n\r\n\u00b7 Criar o cadastro de crian\u00e7as \u00f3rf\u00e3os e vulner\u00e1veis de S\u00e3o Filipe;\r\n\r\n\u00b7 Criar o cadastro de padrinhos nacional e na di\u00e1spora;\r\n\r\n\u00b7 Criar do fundo\/conta municipal solid\u00e1rio de apoio \u00e0s crian\u00e7as \u00f3rf\u00e3o e vulner\u00e1veis;\r\n\r\n\u00b7 Cria\u00e7\u00e3o de plataforma digital para cadastro e donativos;\r\n\r\n\u00b7 Redu\u00e7\u00e3o dos impactos psicol\u00f3gicos a partir da presta\u00e7\u00e3o do apoio e orienta\u00e7\u00e3o psicossocial \u00e0s crian\u00e7as e fam\u00edlias (fam\u00edlia acolhimento) nos primeiros seis meses;\r\n\r\n\u00b7 Garantir assist\u00eancia educa\u00e7\u00e3o, sa\u00fade e alimenta\u00e7\u00e3o (kits escolares, medicamentos e cestas b\u00e1sicas)<\/td>\r\n<\/tr>\r\n<tr>\r\n<td colspan=\"3\" width=\"198\"><strong>8. Justifica\u00e7\u00e3o do projecto<\/strong><\/td>\r\n<td colspan=\"4\" width=\"489\">Aqueles que perdem os pais ainda crian\u00e7as ou enfrentam in\u00fameras dificuldades, sejam priva\u00e7\u00f5es financeiras ou quest\u00f5es emocionais e, portanto, s\u00e3o merecedores de todo o apoio que o Estado e a sociedade possa oferecer por meio de seus programas sociais e solidariedade social respetivamente.\r\n\r\nEm raz\u00e3o da vulnerabilidade que enfrentam em face da orfandade ou das condi\u00e7\u00f5es sociais dos seus pais ou encarregados de educa\u00e7\u00e3o; da crise sanit\u00e1ria enfrenta pela pandemia de covid-19; do agravamento dos sucessivos maus anos agr\u00edcolas; do n\u00famero consider\u00e1vel de \u00f3rf\u00e3os e vulner\u00e1veis que procuram os servi\u00e7os socias da CMSF; da inexist\u00eancia de uma legisla\u00e7\u00e3o nacional que assegure a assist\u00eancia social espec\u00edfica e acess\u00edvel a crian\u00e7as \u00f3rf\u00e3os e vulner\u00e1veis; ainda de acordo com o estatuto dos munic\u00edpios Artigo 35\u00ba, compete ao munic\u00edpio promo\u00e7\u00e3o de a\u00e7\u00f5es, campanhas e programas de prote\u00e7\u00e3o e apoio aos grupos mais vulner\u00e1veis; portanto justifica a cria\u00e7\u00e3o do <strong>Programa de Apoio a Crian\u00e7as \u00d3rf\u00e3os e vulner\u00e1veis \u2013PACOV, <\/strong>por forma a dar amparo a essas crian\u00e7as em um momento de extrema vulnerabilidade. Para tal contamos com importante apoio da comunidade cabo-verdiana e estrangeiros amigos, residentes no pa\u00eds e na di\u00e1spora.<\/td>\r\n<\/tr>\r\n<tr>\r\n<td colspan=\"3\" width=\"198\"><strong>9.Metodologia <\/strong><\/td>\r\n<td colspan=\"4\" width=\"489\">Inicialmente faremos o lan\u00e7amento da campanha, no pa\u00eds e na di\u00e1spora, paralelamente inicia-se o cadastro dos padrinhos e as doa\u00e7\u00f5es para o fundo\/conta municipal solid\u00e1rio de apoio a crian\u00e7as \u00f3rf\u00e3os e vulner\u00e1veis.\r\n\r\nRelativamente aos benefici\u00e1rios (\u00f3rf\u00e3os e vulner\u00e1veis) temos o cadastro, que vai ser alimentado com novas inscri\u00e7\u00f5es, o numero de benefici\u00e1rio depender\u00e1 do numero de padrinhos e valor dos donativos\/verba dispon\u00edvel.\r\n\r\nOs crit\u00e9rios de sele\u00e7\u00e3o e atribui\u00e7\u00e3o do apoio constam do regulamento em anexo.<\/td>\r\n<\/tr>\r\n<tr>\r\n<td colspan=\"7\" width=\"687\"><strong>10. Actividades e Calendariza\u00e7\u00e3o<\/strong><\/td>\r\n<\/tr>\r\n<tr>\r\n<td colspan=\"7\" width=\"687\">\r\n<table>\r\n<tbody>\r\n<tr>\r\n<td width=\"224\">Atividade<\/td>\r\n<td width=\"263\">Per\u00edodo execu\u00e7\u00e3o<\/td>\r\n<td width=\"184\">Respons\u00e1vel execu\u00e7\u00e3o<\/td>\r\n<\/tr>\r\n<tr>\r\n<td width=\"224\">Elabora\u00e7\u00e3o do projeto<\/td>\r\n<td width=\"263\">1\u00ba trimestre 2022<\/td>\r\n<td width=\"184\">Gabinete verea\u00e7\u00e3o social<\/td>\r\n<\/tr>\r\n<tr>\r\n<td width=\"224\">Lan\u00e7amento de uma campanha de apadrinhamento nacional e na di\u00e1spora;<\/td>\r\n<td width=\"263\">Maio 2022 (por ocasi\u00e3o do dia da fam\u00edlia\/15 maio )<\/td>\r\n<td width=\"184\"><\/td>\r\n<\/tr>\r\n<tr>\r\n<td width=\"224\">Cria\u00e7\u00e3o do regulamento municipal de apoio a crian\u00e7as \u00f3rf\u00e3os e vulner\u00e1veis<\/td>\r\n<td width=\"263\">1\u00ba trimestre 2022<\/td>\r\n<td width=\"184\">Gabinete verea\u00e7\u00e3o social<\/td>\r\n<\/tr>\r\n<tr>\r\n<td width=\"224\">Cadastro de crian\u00e7as \u00f3rf\u00e3os e vulner\u00e1veis de S\u00e3o Filipe;<\/td>\r\n<td width=\"263\">2\u00ba trimestre 2022 (inscri\u00e7\u00e3o continuo )<\/td>\r\n<td width=\"184\">CMSF- GISDH e via plataforma digital<\/td>\r\n<\/tr>\r\n<tr>\r\n<td width=\"224\">Cadastro de padrinhos nacional e na di\u00e1spora;<\/td>\r\n<td width=\"263\">2\u00ba trimestre 2022 (inscri\u00e7\u00e3o continuo )<\/td>\r\n<td width=\"184\"><\/td>\r\n<\/tr>\r\n<tr>\r\n<td width=\"224\">Cria\u00e7\u00e3o do fundo\/conta municipal solid\u00e1rio de apoio \u00e0s crian\u00e7as \u00f3rf\u00e3o e vulner\u00e1veis;<\/td>\r\n<td width=\"263\">2\u00ba trimestre 2022<\/td>\r\n<td width=\"184\">CMSF- pelouro administra\u00e7\u00e3o e DAF<\/td>\r\n<\/tr>\r\n<tr>\r\n<td width=\"224\">Cria\u00e7\u00e3o das fichas de inscri\u00e7\u00e3o\/cadastro e de plataforma digital para cadastro e donativos;<\/td>\r\n<td width=\"263\">1\u00ba trimestre 2022<\/td>\r\n<td width=\"184\">Gabinete verea\u00e7\u00e3o social<\/td>\r\n<\/tr>\r\n<tr>\r\n<td width=\"224\">Redu\u00e7\u00e3o dos impactos psicol\u00f3gicos a partir da presta\u00e7\u00e3o do apoio e orienta\u00e7\u00e3o psicossocial \u00e0s crian\u00e7as e fam\u00edlias (fam\u00edlia acolhimento);<\/td>\r\n<td width=\"263\">2022-2024<\/td>\r\n<td width=\"184\">CMSF a partir do GISDH e parceiros (ICCA e ICIEG)<\/td>\r\n<\/tr>\r\n<tr>\r\n<td width=\"224\">Garantir assist\u00eancia educa\u00e7\u00e3o, sa\u00fade e alimenta\u00e7\u00e3o (atribui\u00e7\u00e3o de kits escolares, medicamentos e cestas b\u00e1sicas)<\/td>\r\n<td width=\"263\">2022-2024<\/td>\r\n<td width=\"184\">CMSF - GISDH<\/td>\r\n<\/tr>\r\n<tr>\r\n<td width=\"224\">Seguimento e avalia\u00e7\u00e3o do programa<\/td>\r\n<td width=\"263\">Novembro de 2024<\/td>\r\n<td width=\"184\">CMSF<\/td>\r\n<\/tr>\r\n<tr>\r\n<td width=\"224\">Apresenta\u00e7\u00e3o relat\u00f3rio de execu\u00e7\u00e3o do programa<\/td>\r\n<td width=\"263\">Dezembro de 2024<\/td>\r\n<td width=\"184\">CMSF- Gabinete verea\u00e7\u00e3o e DAF<\/td>\r\n<\/tr>\r\n<\/tbody>\r\n<\/table>\r\n<\/td>\r\n<\/tr>\r\n<tr>\r\n<td colspan=\"7\" width=\"687\"><strong>11. Parceiro<\/strong><\/td>\r\n<\/tr>\r\n<tr>\r\n<td colspan=\"7\" width=\"687\">\u00b7 Padrinhos Cabo-Verdianos\r\n\r\n\u00b7 Minist\u00e9rio Educa\u00e7\u00e3o\r\n\r\n\u00b7 Minist\u00e9rio sa\u00fade\r\n\r\n\u00b7 Minist\u00e9rio da Agricultura e Ambiente\r\n\r\n\u00b7 ICCA\r\n\r\n\u00b7 Aldeias SOS\r\n\r\n\u00b7 ICIEG\r\n\r\n\u00b7 OMCV\r\n\r\n\u00b7 Institui\u00e7\u00f5es religiosas\r\n\r\n\u00b7 Outros<\/td>\r\n<\/tr>\r\n<tr>\r\n<td colspan=\"7\" width=\"687\"><strong>12. Or\u00e7amento<\/strong><\/td>\r\n<\/tr>\r\n<tr>\r\n<td colspan=\"7\" width=\"687\">O programa n\u00e3o prev\u00ea or\u00e7amento inicial, o funcionamento do mesmo depender\u00e1 dos donativos dos padrinhos e equipa t\u00e9cnica da CMSF.<\/td>\r\n<\/tr>\r\n<\/tbody>\r\n<\/table>","post_title":"PACOV- Programa de apoio \u00e0 crian\u00e7as \u00d3rf\u00e3os e vulner\u00e1veis","post_excerpt":"Garantir apoio psicossocial \u00e0s crian\u00e7as \u00f3rf\u00e3os e vulner\u00e1veis do concelho de S\u00e3o Filipe, a partir de programa de apadrinhamento.","post_status":"publish","comment_status":"closed","ping_status":"closed","post_password":"","post_name":"pacov-programa-de-apoio-a-criancas-orfaos-e-vulneraveis","to_ping":"","pinged":"","post_modified":"2022-09-01 16:28:45","post_modified_gmt":"2022-09-01 17:28:45","post_content_filtered":"","post_parent":0,"guid":"https:\/\/cmsf.cv\/?post_type=product&#038;p=10967","menu_order":0,"post_type":"product","post_mime_type":"","comment_count":"0","filter":"raw"}],"wpcf_project_listing":[{"ID":10967,"post_author":"1","post_date":"2022-05-12 15:45:35","post_date_gmt":"2022-05-12 16:45:35","post_content":"<table width=\"687\">\r\n<tbody>\r\n<tr>\r\n<td colspan=\"2\" width=\"195\">1.T\u00edtulo<\/td>\r\n<td colspan=\"5\" width=\"491\">PACOV- Programa de apoio \u00e0 crian\u00e7as \u00d3rf\u00e3os e vulner\u00e1veis<\/td>\r\n<\/tr>\r\n<tr>\r\n<td colspan=\"2\" width=\"195\">2. Execu\u00e7\u00e3o<\/td>\r\n<td colspan=\"5\" width=\"491\">C\u00e2mara Municipal S\u00e3o Filipe<\/td>\r\n<\/tr>\r\n<tr>\r\n<td colspan=\"2\" width=\"195\">Contatos\r\n\r\n281 13 13\/ 598 54 68<\/td>\r\n<td colspan=\"5\" width=\"491\">Pto Focal: Vereadora A\u00e7\u00e3o Social, Sa\u00fade e Habita\u00e7\u00e3o- Vanilda Correia\r\n\r\nE-mail: vanilda.correia@cmsf.cv<\/td>\r\n<\/tr>\r\n<tr>\r\n<td colspan=\"7\" width=\"687\">4. Benefici\u00e1rios<\/td>\r\n<\/tr>\r\n<tr>\r\n<td colspan=\"4\" width=\"204\">Directos<\/td>\r\n<td colspan=\"3\" width=\"483\">Crian\u00e7as \u00f3rf\u00e3os e vulner\u00e1veis<\/td>\r\n<\/tr>\r\n<tr>\r\n<td colspan=\"4\" width=\"204\">Indirectos<\/td>\r\n<td colspan=\"3\" width=\"483\">\u00b7 Agregados familiares vulner\u00e1veis, monoparentais e chefiadas por mulheres;\r\n\r\n\u00b7 Agregados com menores \u00f3rf\u00e3os e vulner\u00e1veis em idade escolar;\r\n\r\n\u00b7 Agregados com menores \u00f3rf\u00e3os e vulner\u00e1veis, v\u00edtimas de VBG;\r\n\r\n\u00b7 Agregados com menores \u00f3rf\u00e3os e vulner\u00e1veis, v\u00edtimas de viol\u00eancia sexual;\r\n\r\n\u00b7 Agregados sem atividade geradora de rendimentos.<\/td>\r\n<\/tr>\r\n<tr>\r\n<td colspan=\"7\" width=\"687\"><strong>5. Dura\u00e7\u00e3o <\/strong><\/td>\r\n<\/tr>\r\n<tr>\r\n<td colspan=\"7\" width=\"687\">2022-2024<\/td>\r\n<\/tr>\r\n<tr>\r\n<td width=\"140\">Data do in\u00edcio<\/td>\r\n<td colspan=\"4\" width=\"159\">Maio 2022<\/td>\r\n<td width=\"142\">Data do fim<\/td>\r\n<td width=\"246\">Dezembro 2024<\/td>\r\n<\/tr>\r\n<tr>\r\n<td colspan=\"7\" width=\"687\">6. Lugares das actividades a serem desenvolvidas<\/td>\r\n<\/tr>\r\n<tr>\r\n<td colspan=\"7\" width=\"687\">Concelho de S\u00e3o Filipe- Ilha do Fogo<\/td>\r\n<\/tr>\r\n<tr>\r\n<td colspan=\"7\" width=\"687\">7. Objectivos<\/td>\r\n<\/tr>\r\n<tr>\r\n<td colspan=\"3\" width=\"198\">Objectivo geral ou global\r\n\r\n&nbsp;<\/td>\r\n<td colspan=\"4\" width=\"489\">\u00b7 Garantir apoio psicossocial \u00e0s crian\u00e7as \u00f3rf\u00e3os e vulner\u00e1veis do concelho de S\u00e3o Filipe, a partir de programa de apadrinhamento.<\/td>\r\n<\/tr>\r\n<tr>\r\n<td colspan=\"3\" width=\"198\">&nbsp;\r\n\r\n&nbsp;\r\n\r\nObjetivos espec\u00edficos\r\n\r\n&nbsp;\r\n\r\n&nbsp;\r\n\r\n&nbsp;\r\n\r\n&nbsp;\r\n\r\n&nbsp;\r\n\r\n&nbsp;<\/td>\r\n<td colspan=\"4\" width=\"489\">\u00b7 Lan\u00e7amento de uma campanha de apadrinhamento nacional e na di\u00e1spora;\r\n\r\n\u00b7 Cria\u00e7\u00e3o do regulamento municipal de apoio a crian\u00e7as \u00f3rf\u00e3os e vulner\u00e1veis\r\n\r\n\u00b7 Criar o cadastro de crian\u00e7as \u00f3rf\u00e3os e vulner\u00e1veis de S\u00e3o Filipe;\r\n\r\n\u00b7 Criar o cadastro de padrinhos nacional e na di\u00e1spora;\r\n\r\n\u00b7 Criar do fundo\/conta municipal solid\u00e1rio de apoio \u00e0s crian\u00e7as \u00f3rf\u00e3o e vulner\u00e1veis;\r\n\r\n\u00b7 Cria\u00e7\u00e3o de plataforma digital para cadastro e donativos;\r\n\r\n\u00b7 Redu\u00e7\u00e3o dos impactos psicol\u00f3gicos a partir da presta\u00e7\u00e3o do apoio e orienta\u00e7\u00e3o psicossocial \u00e0s crian\u00e7as e fam\u00edlias (fam\u00edlia acolhimento) nos primeiros seis meses;\r\n\r\n\u00b7 Garantir assist\u00eancia educa\u00e7\u00e3o, sa\u00fade e alimenta\u00e7\u00e3o (kits escolares, medicamentos e cestas b\u00e1sicas)<\/td>\r\n<\/tr>\r\n<tr>\r\n<td colspan=\"3\" width=\"198\"><strong>8. Justifica\u00e7\u00e3o do projecto<\/strong><\/td>\r\n<td colspan=\"4\" width=\"489\">Aqueles que perdem os pais ainda crian\u00e7as ou enfrentam in\u00fameras dificuldades, sejam priva\u00e7\u00f5es financeiras ou quest\u00f5es emocionais e, portanto, s\u00e3o merecedores de todo o apoio que o Estado e a sociedade possa oferecer por meio de seus programas sociais e solidariedade social respetivamente.\r\n\r\nEm raz\u00e3o da vulnerabilidade que enfrentam em face da orfandade ou das condi\u00e7\u00f5es sociais dos seus pais ou encarregados de educa\u00e7\u00e3o; da crise sanit\u00e1ria enfrenta pela pandemia de covid-19; do agravamento dos sucessivos maus anos agr\u00edcolas; do n\u00famero consider\u00e1vel de \u00f3rf\u00e3os e vulner\u00e1veis que procuram os servi\u00e7os socias da CMSF; da inexist\u00eancia de uma legisla\u00e7\u00e3o nacional que assegure a assist\u00eancia social espec\u00edfica e acess\u00edvel a crian\u00e7as \u00f3rf\u00e3os e vulner\u00e1veis; ainda de acordo com o estatuto dos munic\u00edpios Artigo 35\u00ba, compete ao munic\u00edpio promo\u00e7\u00e3o de a\u00e7\u00f5es, campanhas e programas de prote\u00e7\u00e3o e apoio aos grupos mais vulner\u00e1veis; portanto justifica a cria\u00e7\u00e3o do <strong>Programa de Apoio a Crian\u00e7as \u00d3rf\u00e3os e vulner\u00e1veis \u2013PACOV, <\/strong>por forma a dar amparo a essas crian\u00e7as em um momento de extrema vulnerabilidade. Para tal contamos com importante apoio da comunidade cabo-verdiana e estrangeiros amigos, residentes no pa\u00eds e na di\u00e1spora.<\/td>\r\n<\/tr>\r\n<tr>\r\n<td colspan=\"3\" width=\"198\"><strong>9.Metodologia <\/strong><\/td>\r\n<td colspan=\"4\" width=\"489\">Inicialmente faremos o lan\u00e7amento da campanha, no pa\u00eds e na di\u00e1spora, paralelamente inicia-se o cadastro dos padrinhos e as doa\u00e7\u00f5es para o fundo\/conta municipal solid\u00e1rio de apoio a crian\u00e7as \u00f3rf\u00e3os e vulner\u00e1veis.\r\n\r\nRelativamente aos benefici\u00e1rios (\u00f3rf\u00e3os e vulner\u00e1veis) temos o cadastro, que vai ser alimentado com novas inscri\u00e7\u00f5es, o numero de benefici\u00e1rio depender\u00e1 do numero de padrinhos e valor dos donativos\/verba dispon\u00edvel.\r\n\r\nOs crit\u00e9rios de sele\u00e7\u00e3o e atribui\u00e7\u00e3o do apoio constam do regulamento em anexo.<\/td>\r\n<\/tr>\r\n<tr>\r\n<td colspan=\"7\" width=\"687\"><strong>10. Actividades e Calendariza\u00e7\u00e3o<\/strong><\/td>\r\n<\/tr>\r\n<tr>\r\n<td colspan=\"7\" width=\"687\">\r\n<table>\r\n<tbody>\r\n<tr>\r\n<td width=\"224\">Atividade<\/td>\r\n<td width=\"263\">Per\u00edodo execu\u00e7\u00e3o<\/td>\r\n<td width=\"184\">Respons\u00e1vel execu\u00e7\u00e3o<\/td>\r\n<\/tr>\r\n<tr>\r\n<td width=\"224\">Elabora\u00e7\u00e3o do projeto<\/td>\r\n<td width=\"263\">1\u00ba trimestre 2022<\/td>\r\n<td width=\"184\">Gabinete verea\u00e7\u00e3o social<\/td>\r\n<\/tr>\r\n<tr>\r\n<td width=\"224\">Lan\u00e7amento de uma campanha de apadrinhamento nacional e na di\u00e1spora;<\/td>\r\n<td width=\"263\">Maio 2022 (por ocasi\u00e3o do dia da fam\u00edlia\/15 maio )<\/td>\r\n<td width=\"184\"><\/td>\r\n<\/tr>\r\n<tr>\r\n<td width=\"224\">Cria\u00e7\u00e3o do regulamento municipal de apoio a crian\u00e7as \u00f3rf\u00e3os e vulner\u00e1veis<\/td>\r\n<td width=\"263\">1\u00ba trimestre 2022<\/td>\r\n<td width=\"184\">Gabinete verea\u00e7\u00e3o social<\/td>\r\n<\/tr>\r\n<tr>\r\n<td width=\"224\">Cadastro de crian\u00e7as \u00f3rf\u00e3os e vulner\u00e1veis de S\u00e3o Filipe;<\/td>\r\n<td width=\"263\">2\u00ba trimestre 2022 (inscri\u00e7\u00e3o continuo )<\/td>\r\n<td width=\"184\">CMSF- GISDH e via plataforma digital<\/td>\r\n<\/tr>\r\n<tr>\r\n<td width=\"224\">Cadastro de padrinhos nacional e na di\u00e1spora;<\/td>\r\n<td width=\"263\">2\u00ba trimestre 2022 (inscri\u00e7\u00e3o continuo )<\/td>\r\n<td width=\"184\"><\/td>\r\n<\/tr>\r\n<tr>\r\n<td width=\"224\">Cria\u00e7\u00e3o do fundo\/conta municipal solid\u00e1rio de apoio \u00e0s crian\u00e7as \u00f3rf\u00e3o e vulner\u00e1veis;<\/td>\r\n<td width=\"263\">2\u00ba trimestre 2022<\/td>\r\n<td width=\"184\">CMSF- pelouro administra\u00e7\u00e3o e DAF<\/td>\r\n<\/tr>\r\n<tr>\r\n<td width=\"224\">Cria\u00e7\u00e3o das fichas de inscri\u00e7\u00e3o\/cadastro e de plataforma digital para cadastro e donativos;<\/td>\r\n<td width=\"263\">1\u00ba trimestre 2022<\/td>\r\n<td width=\"184\">Gabinete verea\u00e7\u00e3o social<\/td>\r\n<\/tr>\r\n<tr>\r\n<td width=\"224\">Redu\u00e7\u00e3o dos impactos psicol\u00f3gicos a partir da presta\u00e7\u00e3o do apoio e orienta\u00e7\u00e3o psicossocial \u00e0s crian\u00e7as e fam\u00edlias (fam\u00edlia acolhimento);<\/td>\r\n<td width=\"263\">2022-2024<\/td>\r\n<td width=\"184\">CMSF a partir do GISDH e parceiros (ICCA e ICIEG)<\/td>\r\n<\/tr>\r\n<tr>\r\n<td width=\"224\">Garantir assist\u00eancia educa\u00e7\u00e3o, sa\u00fade e alimenta\u00e7\u00e3o (atribui\u00e7\u00e3o de kits escolares, medicamentos e cestas b\u00e1sicas)<\/td>\r\n<td width=\"263\">2022-2024<\/td>\r\n<td width=\"184\">CMSF - GISDH<\/td>\r\n<\/tr>\r\n<tr>\r\n<td width=\"224\">Seguimento e avalia\u00e7\u00e3o do programa<\/td>\r\n<td width=\"263\">Novembro de 2024<\/td>\r\n<td width=\"184\">CMSF<\/td>\r\n<\/tr>\r\n<tr>\r\n<td width=\"224\">Apresenta\u00e7\u00e3o relat\u00f3rio de execu\u00e7\u00e3o do programa<\/td>\r\n<td width=\"263\">Dezembro de 2024<\/td>\r\n<td width=\"184\">CMSF- Gabinete verea\u00e7\u00e3o e DAF<\/td>\r\n<\/tr>\r\n<\/tbody>\r\n<\/table>\r\n<\/td>\r\n<\/tr>\r\n<tr>\r\n<td colspan=\"7\" width=\"687\"><strong>11. Parceiro<\/strong><\/td>\r\n<\/tr>\r\n<tr>\r\n<td colspan=\"7\" width=\"687\">\u00b7 Padrinhos Cabo-Verdianos\r\n\r\n\u00b7 Minist\u00e9rio Educa\u00e7\u00e3o\r\n\r\n\u00b7 Minist\u00e9rio sa\u00fade\r\n\r\n\u00b7 Minist\u00e9rio da Agricultura e Ambiente\r\n\r\n\u00b7 ICCA\r\n\r\n\u00b7 Aldeias SOS\r\n\r\n\u00b7 ICIEG\r\n\r\n\u00b7 OMCV\r\n\r\n\u00b7 Institui\u00e7\u00f5es religiosas\r\n\r\n\u00b7 Outros<\/td>\r\n<\/tr>\r\n<tr>\r\n<td colspan=\"7\" width=\"687\"><strong>12. Or\u00e7amento<\/strong><\/td>\r\n<\/tr>\r\n<tr>\r\n<td colspan=\"7\" width=\"687\">O programa n\u00e3o prev\u00ea or\u00e7amento inicial, o funcionamento do mesmo depender\u00e1 dos donativos dos padrinhos e equipa t\u00e9cnica da CMSF.<\/td>\r\n<\/tr>\r\n<\/tbody>\r\n<\/table>","post_title":"PACOV- Programa de apoio \u00e0 crian\u00e7as \u00d3rf\u00e3os e vulner\u00e1veis","post_excerpt":"Garantir apoio psicossocial \u00e0s crian\u00e7as \u00f3rf\u00e3os e vulner\u00e1veis do concelho de S\u00e3o Filipe, a partir de programa de apadrinhamento.","post_status":"publish","comment_status":"closed","ping_status":"closed","post_password":"","post_name":"pacov-programa-de-apoio-a-criancas-orfaos-e-vulneraveis","to_ping":"","pinged":"","post_modified":"2022-09-01 16:28:45","post_modified_gmt":"2022-09-01 17:28:45","post_content_filtered":"","post_parent":0,"guid":"https:\/\/cmsf.cv\/?post_type=product&#038;p=10967","menu_order":0,"post_type":"product","post_mime_type":"","comment_count":"0","filter":"raw"}],"_links":{"self":[{"href":"https:\/\/cmsf.cv\/index.php\/wp-json\/wp\/v2\/product\/10967"}],"collection":[{"href":"https:\/\/cmsf.cv\/index.php\/wp-json\/wp\/v2\/product"}],"about":[{"href":"https:\/\/cmsf.cv\/index.php\/wp-json\/wp\/v2\/types\/product"}],"replies":[{"embeddable":true,"href":"https:\/\/cmsf.cv\/index.php\/wp-json\/wp\/v2\/comments?post=10967"}],"version-history":[{"count":4,"href":"https:\/\/cmsf.cv\/index.php\/wp-json\/wp\/v2\/product\/10967\/revisions"}],"predecessor-version":[{"id":10969,"href":"https:\/\/cmsf.cv\/index.php\/wp-json\/wp\/v2\/product\/10967\/revisions\/10969"}],"wp:featuredmedia":[{"embeddable":true,"href":"https:\/\/cmsf.cv\/index.php\/wp-json\/wp\/v2\/media\/11499"}],"wp:attachment":[{"href":"https:\/\/cmsf.cv\/index.php\/wp-json\/wp\/v2\/media?parent=10967"}],"wp:term":[{"taxonomy":"product_cat","embeddable":true,"href":"https:\/\/cmsf.cv\/index.php\/wp-json\/wp\/v2\/product_cat?post=10967"},{"taxonomy":"product_tag","embeddable":true,"href":"https:\/\/cmsf.cv\/index.php\/wp-json\/wp\/v2\/product_tag?post=10967"}],"curies":[{"name":"wp","href":"https:\/\/api.w.org\/{rel}","templated":true}]}}